{"id":8598,"date":"2023-04-28T15:25:12","date_gmt":"2023-04-28T13:25:12","guid":{"rendered":"https:\/\/www.lang-und-heyne.de\/caliber\/calibre-iv\/"},"modified":"2025-04-16T08:15:32","modified_gmt":"2025-04-16T06:15:32","slug":"calibre-iv","status":"publish","type":"caliber","link":"https:\/\/www.lang-und-heyne.de\/es\/caliber\/calibre-iv\/","title":{"rendered":"Calibre IV"},"content":{"rendered":"\n<hr class=\"wp-block-separator has-alpha-channel-opacity\"\/>\n","protected":false},"featured_media":0,"parent":0,"menu_order":34,"template":"","class_list":["post-8598","caliber","type-caliber","status-publish","hentry"],"acf":{"bild":{"ID":8599,"id":8599,"title":"LH_Caliber_IV","filename":"LH_Caliber_IV.jpg","filesize":407515,"url":"https:\/\/www.lang-und-heyne.de\/dateien\/2023\/04\/LH_Caliber_IV.jpg","link":"https:\/\/www.lang-und-heyne.de\/es\/caliber\/calibre-iv\/lh_caliber_iv-2\/","alt":"","author":"2","description":"","caption":"","name":"lh_caliber_iv-2","status":"inherit","uploaded_to":8598,"date":"2023-05-04 09:49:44","modified":"2023-05-04 09:49:44","menu_order":0,"mime_type":"image\/jpeg","type":"image","subtype":"jpeg","icon":"https:\/\/www.lang-und-heyne.de\/wp-includes\/images\/media\/default.png","width":1000,"height":960,"sizes":{"thumbnail":"https:\/\/www.lang-und-heyne.de\/dateien\/2023\/04\/LH_Caliber_IV-150x150.jpg","thumbnail-width":150,"thumbnail-height":150,"medium":"https:\/\/www.lang-und-heyne.de\/dateien\/2023\/04\/LH_Caliber_IV-300x288.jpg","medium-width":300,"medium-height":288,"medium_large":"https:\/\/www.lang-und-heyne.de\/dateien\/2023\/04\/LH_Caliber_IV-768x737.jpg","medium_large-width":768,"medium_large-height":737,"large":"https:\/\/www.lang-und-heyne.de\/dateien\/2023\/04\/LH_Caliber_IV.jpg","large-width":1000,"large-height":960,"1536x1536":"https:\/\/www.lang-und-heyne.de\/dateien\/2023\/04\/LH_Caliber_IV.jpg","1536x1536-width":1000,"1536x1536-height":960,"2048x2048":"https:\/\/www.lang-und-heyne.de\/dateien\/2023\/04\/LH_Caliber_IV.jpg","2048x2048-width":1000,"2048x2048-height":960,"post-thumbnail":"https:\/\/www.lang-und-heyne.de\/dateien\/2023\/04\/LH_Caliber_IV-150x150.jpg","post-thumbnail-width":150,"post-thumbnail-height":150,"wide":"https:\/\/www.lang-und-heyne.de\/dateien\/2023\/04\/LH_Caliber_IV.jpg","wide-width":1000,"wide-height":960}},"info":"Beim Blick durch das Bodenglas wird das atemberaubende Spiel der Hebel und Federn des Schaltrad-Chronographen in seiner ganzen \u00c4sthetik sichtbar. H\u00f6chster technischer Anspruch paart sich hier wiederum mit dem feinen handwerklichen Finish der Uhrenteile. Gro\u00dfe Kupplungsr\u00e4der in Gold sorgen mit ihren zweihundert Z\u00e4hnen f\u00fcr ein perfektes Einklinken beim Starten und einen ruhigen Zeigerlauf. Grazile Hebel und Federn schwingen in zarter Eleganz, in ihrer Bewegung dem Programm des Schaltrades folgend.<br \/>\r\nDies bietet Uhrenenthusiasten ein Hochgef\u00fchl dank technischer Raffinesse.<br \/>\r\n","exploded":{"ID":8600,"id":8600,"title":"LH_Caliber_IV_Explosionszeichnung","filename":"LH_Caliber_IV_Explosionszeichnung.jpg","filesize":242433,"url":"https:\/\/www.lang-und-heyne.de\/dateien\/2023\/04\/LH_Caliber_IV_Explosionszeichnung.jpg","link":"https:\/\/www.lang-und-heyne.de\/es\/caliber\/calibre-iv\/lh_caliber_iv_explosionszeichnung-2\/","alt":"","author":"2","description":"","caption":"","name":"lh_caliber_iv_explosionszeichnung-2","status":"inherit","uploaded_to":8598,"date":"2023-05-04 09:49:56","modified":"2023-05-04 09:49:56","menu_order":0,"mime_type":"image\/jpeg","type":"image","subtype":"jpeg","icon":"https:\/\/www.lang-und-heyne.de\/wp-includes\/images\/media\/default.png","width":768,"height":1920,"sizes":{"thumbnail":"https:\/\/www.lang-und-heyne.de\/dateien\/2023\/04\/LH_Caliber_IV_Explosionszeichnung-150x150.jpg","thumbnail-width":150,"thumbnail-height":150,"medium":"https:\/\/www.lang-und-heyne.de\/dateien\/2023\/04\/LH_Caliber_IV_Explosionszeichnung-120x300.jpg","medium-width":120,"medium-height":300,"medium_large":"https:\/\/www.lang-und-heyne.de\/dateien\/2023\/04\/LH_Caliber_IV_Explosionszeichnung.jpg","medium_large-width":768,"medium_large-height":1920,"large":"https:\/\/www.lang-und-heyne.de\/dateien\/2023\/04\/LH_Caliber_IV_Explosionszeichnung-410x1024.jpg","large-width":410,"large-height":1024,"1536x1536":"https:\/\/www.lang-und-heyne.de\/dateien\/2023\/04\/LH_Caliber_IV_Explosionszeichnung-614x1536.jpg","1536x1536-width":614,"1536x1536-height":1536,"2048x2048":"https:\/\/www.lang-und-heyne.de\/dateien\/2023\/04\/LH_Caliber_IV_Explosionszeichnung.jpg","2048x2048-width":768,"2048x2048-height":1920,"post-thumbnail":"https:\/\/www.lang-und-heyne.de\/dateien\/2023\/04\/LH_Caliber_IV_Explosionszeichnung-150x150.jpg","post-thumbnail-width":150,"post-thumbnail-height":150,"wide":"https:\/\/www.lang-und-heyne.de\/dateien\/2023\/04\/LH_Caliber_IV_Explosionszeichnung.jpg","wide-width":768,"wide-height":1920}},"details":{"size":"Di\u00e1metro 16 \u00bc l\u00edneas (36,6 mm)<br \/>\nAltura 7,0 mm","frequency":"18.000 A\/h (2,5 Hz)<br \/>\nTiempo de funcionamiento 46 horas","parts":"151 piezas<br \/>\n22 rub\u00edes, 1 diamante talla brillante<br \/>\n","functions":"Segundero descentralizado a las 6,<br \/>\nCronosegundos y crono-minuto<br \/>\nen el centro,<br \/>\nMecanismo de cron\u00f3grafo<br \/>\ncon funcionamiento trif\u00e1sico,<br \/>\nPuesta en marcha-parada-reinicio mediante el pulsador de la corona"},"extrainfo":{"header":"","text":"","bild":false,"bildposition":true,"linktext":"","target":""}},"wpml_current_locale":"es_ES","wpml_translations":{"en_US":{"locale":"en_US","id":3638,"slug":"caliber-iv","post_title":"Caliber IV","href":"https:\/\/www.lang-und-heyne.de\/en\/caliber\/caliber-iv\/"},"de_DE":{"locale":"de_DE","id":1438,"slug":"caliber-iv","post_title":"Caliber IV","href":"https:\/\/www.lang-und-heyne.de\/caliber\/caliber-iv\/"},"fr_FR":{"locale":"fr_FR","id":8557,"slug":"caliber-iv-2","post_title":"Caliber IV","href":"https:\/\/www.lang-und-heyne.de\/fr\/caliber\/caliber-iv-2\/"},"ja":{"locale":"ja","id":3177,"slug":"caliber-iv","post_title":"\u30ad\u30e3\u30ea\u30d0\u30fcIV","href":"https:\/\/www.lang-und-heyne.de\/ja\/caliber\/caliber-iv\/"},"zh_CN":{"locale":"zh_CN","id":4228,"slug":"caliber-iv","post_title":"Caliber IV","href":"https:\/\/www.lang-und-heyne.de\/zh-hans\/caliber\/caliber-iv\/"}},"_links":{"self":[{"href":"https:\/\/www.lang-und-heyne.de\/es\/wp-json\/wp\/v2\/caliber\/8598","targetHints":{"allow":["GET"]}}],"collection":[{"href":"https:\/\/www.lang-und-heyne.de\/es\/wp-json\/wp\/v2\/caliber"}],"about":[{"href":"https:\/\/www.lang-und-heyne.de\/es\/wp-json\/wp\/v2\/types\/caliber"}],"version-history":[{"count":1,"href":"https:\/\/www.lang-und-heyne.de\/es\/wp-json\/wp\/v2\/caliber\/8598\/revisions"}],"predecessor-version":[{"id":8601,"href":"https:\/\/www.lang-und-heyne.de\/es\/wp-json\/wp\/v2\/caliber\/8598\/revisions\/8601"}],"wp:attachment":[{"href":"https:\/\/www.lang-und-heyne.de\/es\/wp-json\/wp\/v2\/media?parent=8598"}],"curies":[{"name":"wp","href":"https:\/\/api.w.org\/{rel}","templated":true}]}}