{"id":7163,"date":"2023-05-11T11:24:37","date_gmt":"2023-05-11T09:24:37","guid":{"rendered":"https:\/\/www.lang-und-heyne.de\/homenaje-al-reloj-de-la-iglesia-largo\/"},"modified":"2023-05-11T11:24:37","modified_gmt":"2023-05-11T09:24:37","slug":"homenaje-al-reloj-de-la-iglesia-largo","status":"publish","type":"page","link":"https:\/\/www.lang-und-heyne.de\/es\/homenaje-al-reloj-de-la-iglesia-largo\/","title":{"rendered":"Homenaje al reloj de la iglesia &#8211; Largo"},"content":{"rendered":"","protected":false},"excerpt":{"rendered":"","protected":false},"author":2,"featured_media":0,"parent":0,"menu_order":103,"comment_status":"closed","ping_status":"closed","template":"","meta":{"_acf_changed":false,"footnotes":""},"class_list":["post-7163","page","type-page","status-publish","hentry"],"acf":{"start":[{"acf_fc_layout":"textbild","header":"Un homenaje al reloj de torre de Glash\u00fctte","anchor":false,"order":false,"bigtext":false,"bild":{"ID":8313,"id":8313,"title":"LH_Hommage_Turmuhr","filename":"LH_Hommage_Turmuhr.jpg","filesize":286458,"url":"https:\/\/www.lang-und-heyne.de\/dateien\/2023\/05\/LH_Hommage_Turmuhr.jpg","link":"https:\/\/www.lang-und-heyne.de\/es\/modelle\/reloj-de-torre-homenaje-glashuette\/lh_hommage_turmuhr-2\/","alt":"","author":"2","description":"","caption":"","name":"lh_hommage_turmuhr-2","status":"inherit","uploaded_to":8307,"date":"2023-05-05 13:40:33","modified":"2023-05-05 13:40:33","menu_order":0,"mime_type":"image\/jpeg","type":"image","subtype":"jpeg","icon":"https:\/\/www.lang-und-heyne.de\/wp-includes\/images\/media\/default.png","width":1000,"height":705,"sizes":{"thumbnail":"https:\/\/www.lang-und-heyne.de\/dateien\/2023\/05\/LH_Hommage_Turmuhr-150x150.jpg","thumbnail-width":150,"thumbnail-height":150,"medium":"https:\/\/www.lang-und-heyne.de\/dateien\/2023\/05\/LH_Hommage_Turmuhr-300x212.jpg","medium-width":300,"medium-height":212,"medium_large":"https:\/\/www.lang-und-heyne.de\/dateien\/2023\/05\/LH_Hommage_Turmuhr-768x541.jpg","medium_large-width":768,"medium_large-height":541,"large":"https:\/\/www.lang-und-heyne.de\/dateien\/2023\/05\/LH_Hommage_Turmuhr.jpg","large-width":1000,"large-height":705,"1536x1536":"https:\/\/www.lang-und-heyne.de\/dateien\/2023\/05\/LH_Hommage_Turmuhr.jpg","1536x1536-width":1000,"1536x1536-height":705,"2048x2048":"https:\/\/www.lang-und-heyne.de\/dateien\/2023\/05\/LH_Hommage_Turmuhr.jpg","2048x2048-width":1000,"2048x2048-height":705,"post-thumbnail":"https:\/\/www.lang-und-heyne.de\/dateien\/2023\/05\/LH_Hommage_Turmuhr-150x150.jpg","post-thumbnail-width":150,"post-thumbnail-height":150,"wide":"https:\/\/www.lang-und-heyne.de\/dateien\/2023\/05\/LH_Hommage_Turmuhr.jpg","wide-width":1000,"wide-height":705}},"sub":"","text":"La iglesia municipal protestante de San Wolfgang Glash\u00fctte (construida entre 1520 y 1535) alberga dos obras maestras de la artesan\u00eda: Un \u00f3rgano de Johann Christian Kayser (1750 a 1813, organero saj\u00f3n) y un reloj de torre de 1936, obra de Bernhard Zachari\u00e4, Turmuhrenfabrik Leipzig (fundada en 1808, la empresa m\u00e1s antigua de su clase que sigue existiendo), con una hist\u00f3rica esfera de madera de 1840. Como homenaje a este reloj \u00fanico, producimos una edici\u00f3n limitada de cinco piezas basadas en el Calibre VI de Lang & Heyne. ","link":"","target":"","zusatzbild":false,"bild2":false,"ausrichtung":false,"sub2":""},{"acf_fc_layout":"textbild","header":"","anchor":false,"order":true,"bigtext":false,"bild":{"ID":7165,"id":7165,"title":"LH_Hommage_Holzzifferblatt_vs_Emaille","filename":"LH_Hommage_Holzzifferblatt_vs_Emaille.jpg","filesize":209532,"url":"https:\/\/www.lang-und-heyne.de\/dateien\/2023\/05\/LH_Hommage_Holzzifferblatt_vs_Emaille.jpg","link":"https:\/\/www.lang-und-heyne.de\/es\/homenaje-al-reloj-de-la-iglesia-largo\/lh_hommage_holzzifferblatt_vs_emaille-2\/","alt":"","author":"2","description":"","caption":"","name":"lh_hommage_holzzifferblatt_vs_emaille-2","status":"inherit","uploaded_to":7163,"date":"2023-05-11 11:40:01","modified":"2023-05-11 11:40:01","menu_order":0,"mime_type":"image\/jpeg","type":"image","subtype":"jpeg","icon":"https:\/\/www.lang-und-heyne.de\/wp-includes\/images\/media\/default.png","width":1000,"height":705,"sizes":{"thumbnail":"https:\/\/www.lang-und-heyne.de\/dateien\/2023\/05\/LH_Hommage_Holzzifferblatt_vs_Emaille-150x150.jpg","thumbnail-width":150,"thumbnail-height":150,"medium":"https:\/\/www.lang-und-heyne.de\/dateien\/2023\/05\/LH_Hommage_Holzzifferblatt_vs_Emaille-300x212.jpg","medium-width":300,"medium-height":212,"medium_large":"https:\/\/www.lang-und-heyne.de\/dateien\/2023\/05\/LH_Hommage_Holzzifferblatt_vs_Emaille-768x541.jpg","medium_large-width":768,"medium_large-height":541,"large":"https:\/\/www.lang-und-heyne.de\/dateien\/2023\/05\/LH_Hommage_Holzzifferblatt_vs_Emaille.jpg","large-width":1000,"large-height":705,"1536x1536":"https:\/\/www.lang-und-heyne.de\/dateien\/2023\/05\/LH_Hommage_Holzzifferblatt_vs_Emaille.jpg","1536x1536-width":1000,"1536x1536-height":705,"2048x2048":"https:\/\/www.lang-und-heyne.de\/dateien\/2023\/05\/LH_Hommage_Holzzifferblatt_vs_Emaille.jpg","2048x2048-width":1000,"2048x2048-height":705,"post-thumbnail":"https:\/\/www.lang-und-heyne.de\/dateien\/2023\/05\/LH_Hommage_Holzzifferblatt_vs_Emaille-150x150.jpg","post-thumbnail-width":150,"post-thumbnail-height":150,"wide":"https:\/\/www.lang-und-heyne.de\/dateien\/2023\/05\/LH_Hommage_Holzzifferblatt_vs_Emaille.jpg","wide-width":1000,"wide-height":705}},"sub":"Esfera de madera original de 1840 comparada con la edici\u00f3n especial","text":"Sin embargo, el dise\u00f1o de un reloj en una esfera tan peque\u00f1a es muy diferente al de una torre de iglesia, por lo que no pudimos copiar exactamente el exterior del reloj de Glash\u00fctte. Por ello, tomamos el bello dise\u00f1o de la esfera original del reloj de madera y lo combinamos con un color azul m\u00e1s intenso. El resultado es una esfera de oro rosa realizada con la t\u00e9cnica de esmaltado Champlev\u00e9. En este proceso, las cavidades trabajadas en el oro se cubren con polvo de esmalte azul. Este proceso requiere mucha habilidad y una mano firme; el relleno y la cocci\u00f3n se llevan a cabo en alternancia repetida. Por \u00faltimo, se pule la hoja. Tras varios procesos de decapado y esmaltado, toda la esfera se pule en plano.        <br \/>\n<br \/>\nLas manecillas de oro acabadas a mano son otro elemento destacado. Est\u00e1n formadas por una manecilla y un arbusto y tienen un efecto muy tridimensional gracias al perfilado grabado a mano. Esta esfera especial est\u00e1 enmarcada por una caja tripartita a juego de oro rosa de 18 quilates con los tres cuernos t\u00edpicos de Lang & Heyne y la pr\u00e1ctica corona de cebolla.   <br \/>\n","link":"A la edici\u00f3n especial \"Homenaje\"","target":"https:\/\/www.lang-und-heyne.de\/es\/modelle\/reloj-de-torre-homenaje-glashuette\/","zusatzbild":false,"bild2":{"ID":8314,"id":8314,"title":"LH_FIIITurmuhrBlauII_Soldat","filename":"LH_FIIITurmuhrBlauII_Soldat.png","filesize":340676,"url":"https:\/\/www.lang-und-heyne.de\/dateien\/2023\/05\/LH_FIIITurmuhrBlauII_Soldat.png","link":"https:\/\/www.lang-und-heyne.de\/es\/modelle\/reloj-de-torre-homenaje-glashuette\/lh_fiiiturmuhrblauii_soldat-2\/","alt":"","author":"2","description":"","caption":"","name":"lh_fiiiturmuhrblauii_soldat-2","status":"inherit","uploaded_to":8307,"date":"2023-05-05 14:21:13","modified":"2023-05-05 14:21:13","menu_order":0,"mime_type":"image\/png","type":"image","subtype":"png","icon":"https:\/\/www.lang-und-heyne.de\/wp-includes\/images\/media\/default.png","width":850,"height":1400,"sizes":{"thumbnail":"https:\/\/www.lang-und-heyne.de\/dateien\/2023\/05\/LH_FIIITurmuhrBlauII_Soldat-150x150.png","thumbnail-width":150,"thumbnail-height":150,"medium":"https:\/\/www.lang-und-heyne.de\/dateien\/2023\/05\/LH_FIIITurmuhrBlauII_Soldat-182x300.png","medium-width":182,"medium-height":300,"medium_large":"https:\/\/www.lang-und-heyne.de\/dateien\/2023\/05\/LH_FIIITurmuhrBlauII_Soldat-768x1265.png","medium_large-width":768,"medium_large-height":1265,"large":"https:\/\/www.lang-und-heyne.de\/dateien\/2023\/05\/LH_FIIITurmuhrBlauII_Soldat-622x1024.png","large-width":622,"large-height":1024,"1536x1536":"https:\/\/www.lang-und-heyne.de\/dateien\/2023\/05\/LH_FIIITurmuhrBlauII_Soldat.png","1536x1536-width":850,"1536x1536-height":1400,"2048x2048":"https:\/\/www.lang-und-heyne.de\/dateien\/2023\/05\/LH_FIIITurmuhrBlauII_Soldat.png","2048x2048-width":850,"2048x2048-height":1400,"post-thumbnail":"https:\/\/www.lang-und-heyne.de\/dateien\/2023\/05\/LH_FIIITurmuhrBlauII_Soldat-150x150.png","post-thumbnail-width":150,"post-thumbnail-height":150,"wide":"https:\/\/www.lang-und-heyne.de\/dateien\/2023\/05\/LH_FIIITurmuhrBlauII_Soldat.png","wide-width":850,"wide-height":1400}},"ausrichtung":true,"sub2":""},{"acf_fc_layout":"galerie","galerie":[{"bild":{"ID":7172,"id":7172,"title":"LH_Hommage_Detail_Skizzen","filename":"LH_Hommage_Detail_Skizzen.jpg","filesize":253261,"url":"https:\/\/www.lang-und-heyne.de\/dateien\/2023\/05\/LH_Hommage_Detail_Skizzen.jpg","link":"https:\/\/www.lang-und-heyne.de\/es\/homenaje-al-reloj-de-la-iglesia-largo\/lh_hommage_detail_skizzen-2\/","alt":"","author":"2","description":"","caption":"","name":"lh_hommage_detail_skizzen-2","status":"inherit","uploaded_to":7163,"date":"2023-05-11 12:17:20","modified":"2023-05-11 12:17:20","menu_order":0,"mime_type":"image\/jpeg","type":"image","subtype":"jpeg","icon":"https:\/\/www.lang-und-heyne.de\/wp-includes\/images\/media\/default.png","width":1500,"height":960,"sizes":{"thumbnail":"https:\/\/www.lang-und-heyne.de\/dateien\/2023\/05\/LH_Hommage_Detail_Skizzen-150x150.jpg","thumbnail-width":150,"thumbnail-height":150,"medium":"https:\/\/www.lang-und-heyne.de\/dateien\/2023\/05\/LH_Hommage_Detail_Skizzen-300x192.jpg","medium-width":300,"medium-height":192,"medium_large":"https:\/\/www.lang-und-heyne.de\/dateien\/2023\/05\/LH_Hommage_Detail_Skizzen-768x492.jpg","medium_large-width":768,"medium_large-height":492,"large":"https:\/\/www.lang-und-heyne.de\/dateien\/2023\/05\/LH_Hommage_Detail_Skizzen-1024x655.jpg","large-width":1024,"large-height":655,"1536x1536":"https:\/\/www.lang-und-heyne.de\/dateien\/2023\/05\/LH_Hommage_Detail_Skizzen.jpg","1536x1536-width":1500,"1536x1536-height":960,"2048x2048":"https:\/\/www.lang-und-heyne.de\/dateien\/2023\/05\/LH_Hommage_Detail_Skizzen.jpg","2048x2048-width":1500,"2048x2048-height":960,"post-thumbnail":"https:\/\/www.lang-und-heyne.de\/dateien\/2023\/05\/LH_Hommage_Detail_Skizzen-150x150.jpg","post-thumbnail-width":150,"post-thumbnail-height":150,"wide":"https:\/\/www.lang-und-heyne.de\/dateien\/2023\/05\/LH_Hommage_Detail_Skizzen-1400x896.jpg","wide-width":1400,"wide-height":896}},"titel":"","beschreibung":"El Sr. Schneider esboza a mano los detalles del dise\u00f1o de la esfera"},{"bild":{"ID":7170,"id":7170,"title":"LH_Hommage_Detail_Rohzifferblatt","filename":"LH_Hommage_Detail_Rohzifferblatt.jpg","filesize":259844,"url":"https:\/\/www.lang-und-heyne.de\/dateien\/2023\/05\/LH_Hommage_Detail_Rohzifferblatt.jpg","link":"https:\/\/www.lang-und-heyne.de\/es\/homenaje-al-reloj-de-la-iglesia-largo\/lh_hommage_detail_rohzifferblatt-2\/","alt":"","author":"2","description":"","caption":"","name":"lh_hommage_detail_rohzifferblatt-2","status":"inherit","uploaded_to":7163,"date":"2023-05-11 11:49:31","modified":"2023-05-11 11:49:31","menu_order":0,"mime_type":"image\/jpeg","type":"image","subtype":"jpeg","icon":"https:\/\/www.lang-und-heyne.de\/wp-includes\/images\/media\/default.png","width":1500,"height":960,"sizes":{"thumbnail":"https:\/\/www.lang-und-heyne.de\/dateien\/2023\/05\/LH_Hommage_Detail_Rohzifferblatt-150x150.jpg","thumbnail-width":150,"thumbnail-height":150,"medium":"https:\/\/www.lang-und-heyne.de\/dateien\/2023\/05\/LH_Hommage_Detail_Rohzifferblatt-300x192.jpg","medium-width":300,"medium-height":192,"medium_large":"https:\/\/www.lang-und-heyne.de\/dateien\/2023\/05\/LH_Hommage_Detail_Rohzifferblatt-768x492.jpg","medium_large-width":768,"medium_large-height":492,"large":"https:\/\/www.lang-und-heyne.de\/dateien\/2023\/05\/LH_Hommage_Detail_Rohzifferblatt-1024x655.jpg","large-width":1024,"large-height":655,"1536x1536":"https:\/\/www.lang-und-heyne.de\/dateien\/2023\/05\/LH_Hommage_Detail_Rohzifferblatt.jpg","1536x1536-width":1500,"1536x1536-height":960,"2048x2048":"https:\/\/www.lang-und-heyne.de\/dateien\/2023\/05\/LH_Hommage_Detail_Rohzifferblatt.jpg","2048x2048-width":1500,"2048x2048-height":960,"post-thumbnail":"https:\/\/www.lang-und-heyne.de\/dateien\/2023\/05\/LH_Hommage_Detail_Rohzifferblatt-150x150.jpg","post-thumbnail-width":150,"post-thumbnail-height":150,"wide":"https:\/\/www.lang-und-heyne.de\/dateien\/2023\/05\/LH_Hommage_Detail_Rohzifferblatt-1400x896.jpg","wide-width":1400,"wide-height":896}},"titel":"","beschreibung":"La esfera en bruto est\u00e1 fresada en oro y cocida dos veces"},{"bild":{"ID":7167,"id":7167,"title":"LH_Hommage_Detail_Emaillepulver","filename":"LH_Hommage_Detail_Emaillepulver.jpg","filesize":305078,"url":"https:\/\/www.lang-und-heyne.de\/dateien\/2023\/05\/LH_Hommage_Detail_Emaillepulver.jpg","link":"https:\/\/www.lang-und-heyne.de\/es\/homenaje-al-reloj-de-la-iglesia-largo\/lh_hommage_detail_emaillepulver-2\/","alt":"","author":"2","description":"","caption":"","name":"lh_hommage_detail_emaillepulver-2","status":"inherit","uploaded_to":7163,"date":"2023-05-11 11:49:26","modified":"2023-05-11 11:49:26","menu_order":0,"mime_type":"image\/jpeg","type":"image","subtype":"jpeg","icon":"https:\/\/www.lang-und-heyne.de\/wp-includes\/images\/media\/default.png","width":1500,"height":960,"sizes":{"thumbnail":"https:\/\/www.lang-und-heyne.de\/dateien\/2023\/05\/LH_Hommage_Detail_Emaillepulver-150x150.jpg","thumbnail-width":150,"thumbnail-height":150,"medium":"https:\/\/www.lang-und-heyne.de\/dateien\/2023\/05\/LH_Hommage_Detail_Emaillepulver-300x192.jpg","medium-width":300,"medium-height":192,"medium_large":"https:\/\/www.lang-und-heyne.de\/dateien\/2023\/05\/LH_Hommage_Detail_Emaillepulver-768x492.jpg","medium_large-width":768,"medium_large-height":492,"large":"https:\/\/www.lang-und-heyne.de\/dateien\/2023\/05\/LH_Hommage_Detail_Emaillepulver-1024x655.jpg","large-width":1024,"large-height":655,"1536x1536":"https:\/\/www.lang-und-heyne.de\/dateien\/2023\/05\/LH_Hommage_Detail_Emaillepulver.jpg","1536x1536-width":1500,"1536x1536-height":960,"2048x2048":"https:\/\/www.lang-und-heyne.de\/dateien\/2023\/05\/LH_Hommage_Detail_Emaillepulver.jpg","2048x2048-width":1500,"2048x2048-height":960,"post-thumbnail":"https:\/\/www.lang-und-heyne.de\/dateien\/2023\/05\/LH_Hommage_Detail_Emaillepulver-150x150.jpg","post-thumbnail-width":150,"post-thumbnail-height":150,"wide":"https:\/\/www.lang-und-heyne.de\/dateien\/2023\/05\/LH_Hommage_Detail_Emaillepulver-1400x896.jpg","wide-width":1400,"wide-height":896}},"titel":"","beschreibung":"El esmalte en bruto se muele a mano hasta obtener un polvo fino"},{"bild":{"ID":7169,"id":7169,"title":"LH_Hommage_Detail_Emaille-verteilen2","filename":"LH_Hommage_Detail_Emaille-verteilen2.jpg","filesize":251595,"url":"https:\/\/www.lang-und-heyne.de\/dateien\/2023\/05\/LH_Hommage_Detail_Emaille-verteilen2.jpg","link":"https:\/\/www.lang-und-heyne.de\/es\/homenaje-al-reloj-de-la-iglesia-largo\/lh_hommage_detail_emaille-verteilen2-2\/","alt":"","author":"2","description":"","caption":"","name":"lh_hommage_detail_emaille-verteilen2-2","status":"inherit","uploaded_to":7163,"date":"2023-05-11 11:49:30","modified":"2023-05-11 11:49:30","menu_order":0,"mime_type":"image\/jpeg","type":"image","subtype":"jpeg","icon":"https:\/\/www.lang-und-heyne.de\/wp-includes\/images\/media\/default.png","width":1500,"height":960,"sizes":{"thumbnail":"https:\/\/www.lang-und-heyne.de\/dateien\/2023\/05\/LH_Hommage_Detail_Emaille-verteilen2-150x150.jpg","thumbnail-width":150,"thumbnail-height":150,"medium":"https:\/\/www.lang-und-heyne.de\/dateien\/2023\/05\/LH_Hommage_Detail_Emaille-verteilen2-300x192.jpg","medium-width":300,"medium-height":192,"medium_large":"https:\/\/www.lang-und-heyne.de\/dateien\/2023\/05\/LH_Hommage_Detail_Emaille-verteilen2-768x492.jpg","medium_large-width":768,"medium_large-height":492,"large":"https:\/\/www.lang-und-heyne.de\/dateien\/2023\/05\/LH_Hommage_Detail_Emaille-verteilen2-1024x655.jpg","large-width":1024,"large-height":655,"1536x1536":"https:\/\/www.lang-und-heyne.de\/dateien\/2023\/05\/LH_Hommage_Detail_Emaille-verteilen2.jpg","1536x1536-width":1500,"1536x1536-height":960,"2048x2048":"https:\/\/www.lang-und-heyne.de\/dateien\/2023\/05\/LH_Hommage_Detail_Emaille-verteilen2.jpg","2048x2048-width":1500,"2048x2048-height":960,"post-thumbnail":"https:\/\/www.lang-und-heyne.de\/dateien\/2023\/05\/LH_Hommage_Detail_Emaille-verteilen2-150x150.jpg","post-thumbnail-width":150,"post-thumbnail-height":150,"wide":"https:\/\/www.lang-und-heyne.de\/dateien\/2023\/05\/LH_Hommage_Detail_Emaille-verteilen2-1400x896.jpg","wide-width":1400,"wide-height":896}},"titel":"","beschreibung":"Todos los huecos est\u00e1n cuidadosamente revestidos con vidrio"},{"bild":{"ID":7166,"id":7166,"title":"LH_Hommage_Detail_Brennen","filename":"LH_Hommage_Detail_Brennen.jpg","filesize":238196,"url":"https:\/\/www.lang-und-heyne.de\/dateien\/2023\/05\/LH_Hommage_Detail_Brennen.jpg","link":"https:\/\/www.lang-und-heyne.de\/es\/homenaje-al-reloj-de-la-iglesia-largo\/lh_hommage_detail_brennen-2\/","alt":"","author":"2","description":"","caption":"","name":"lh_hommage_detail_brennen-2","status":"inherit","uploaded_to":7163,"date":"2023-05-11 11:49:24","modified":"2023-05-11 11:49:24","menu_order":0,"mime_type":"image\/jpeg","type":"image","subtype":"jpeg","icon":"https:\/\/www.lang-und-heyne.de\/wp-includes\/images\/media\/default.png","width":1500,"height":960,"sizes":{"thumbnail":"https:\/\/www.lang-und-heyne.de\/dateien\/2023\/05\/LH_Hommage_Detail_Brennen-150x150.jpg","thumbnail-width":150,"thumbnail-height":150,"medium":"https:\/\/www.lang-und-heyne.de\/dateien\/2023\/05\/LH_Hommage_Detail_Brennen-300x192.jpg","medium-width":300,"medium-height":192,"medium_large":"https:\/\/www.lang-und-heyne.de\/dateien\/2023\/05\/LH_Hommage_Detail_Brennen-768x492.jpg","medium_large-width":768,"medium_large-height":492,"large":"https:\/\/www.lang-und-heyne.de\/dateien\/2023\/05\/LH_Hommage_Detail_Brennen-1024x655.jpg","large-width":1024,"large-height":655,"1536x1536":"https:\/\/www.lang-und-heyne.de\/dateien\/2023\/05\/LH_Hommage_Detail_Brennen.jpg","1536x1536-width":1500,"1536x1536-height":960,"2048x2048":"https:\/\/www.lang-und-heyne.de\/dateien\/2023\/05\/LH_Hommage_Detail_Brennen.jpg","2048x2048-width":1500,"2048x2048-height":960,"post-thumbnail":"https:\/\/www.lang-und-heyne.de\/dateien\/2023\/05\/LH_Hommage_Detail_Brennen-150x150.jpg","post-thumbnail-width":150,"post-thumbnail-height":150,"wide":"https:\/\/www.lang-und-heyne.de\/dateien\/2023\/05\/LH_Hommage_Detail_Brennen-1400x896.jpg","wide-width":1400,"wide-height":896}},"titel":"","beschreibung":"Los cuerpos de vidrio se funden para formar una superficie brillante"},{"bild":{"ID":7171,"id":7171,"title":"LH_Hommage_Detail_Fertiges-Zifferblatt","filename":"LH_Hommage_Detail_Fertiges-Zifferblatt.jpg","filesize":380480,"url":"https:\/\/www.lang-und-heyne.de\/dateien\/2023\/05\/LH_Hommage_Detail_Fertiges-Zifferblatt.jpg","link":"https:\/\/www.lang-und-heyne.de\/es\/homenaje-al-reloj-de-la-iglesia-largo\/lh_hommage_detail_fertiges-zifferblatt-2\/","alt":"","author":"2","description":"","caption":"","name":"lh_hommage_detail_fertiges-zifferblatt-2","status":"inherit","uploaded_to":7163,"date":"2023-05-11 11:54:02","modified":"2023-05-11 11:54:02","menu_order":0,"mime_type":"image\/jpeg","type":"image","subtype":"jpeg","icon":"https:\/\/www.lang-und-heyne.de\/wp-includes\/images\/media\/default.png","width":1500,"height":960,"sizes":{"thumbnail":"https:\/\/www.lang-und-heyne.de\/dateien\/2023\/05\/LH_Hommage_Detail_Fertiges-Zifferblatt-150x150.jpg","thumbnail-width":150,"thumbnail-height":150,"medium":"https:\/\/www.lang-und-heyne.de\/dateien\/2023\/05\/LH_Hommage_Detail_Fertiges-Zifferblatt-300x192.jpg","medium-width":300,"medium-height":192,"medium_large":"https:\/\/www.lang-und-heyne.de\/dateien\/2023\/05\/LH_Hommage_Detail_Fertiges-Zifferblatt-768x492.jpg","medium_large-width":768,"medium_large-height":492,"large":"https:\/\/www.lang-und-heyne.de\/dateien\/2023\/05\/LH_Hommage_Detail_Fertiges-Zifferblatt-1024x655.jpg","large-width":1024,"large-height":655,"1536x1536":"https:\/\/www.lang-und-heyne.de\/dateien\/2023\/05\/LH_Hommage_Detail_Fertiges-Zifferblatt.jpg","1536x1536-width":1500,"1536x1536-height":960,"2048x2048":"https:\/\/www.lang-und-heyne.de\/dateien\/2023\/05\/LH_Hommage_Detail_Fertiges-Zifferblatt.jpg","2048x2048-width":1500,"2048x2048-height":960,"post-thumbnail":"https:\/\/www.lang-und-heyne.de\/dateien\/2023\/05\/LH_Hommage_Detail_Fertiges-Zifferblatt-150x150.jpg","post-thumbnail-width":150,"post-thumbnail-height":150,"wide":"https:\/\/www.lang-und-heyne.de\/dateien\/2023\/05\/LH_Hommage_Detail_Fertiges-Zifferblatt-1400x896.jpg","wide-width":1400,"wide-height":896}},"titel":"","beschreibung":"Esfera acabada tras cocci\u00f3n y pulido repetidos"}],"smallwidth":true}],"slide":false},"wpml_current_locale":"es_ES","wpml_translations":{"en_US":{"locale":"en_US","id":5981,"slug":"homage-to-the-tower-clock","post_title":"Homage to the Tower Clock","href":"https:\/\/www.lang-und-heyne.de\/en\/homage-to-the-tower-clock\/"},"de_DE":{"locale":"de_DE","id":2325,"slug":"hommage-an-die-kirchturmuhr","post_title":"Hommage an die Kirchturmuhr - Lang","href":"https:\/\/www.lang-und-heyne.de\/hommage-an-die-kirchturmuhr\/"},"fr_FR":{"locale":"fr_FR","id":7153,"slug":"hommage-a-lhorloge-du-clocher-lang","post_title":"Hommage \u00e0 l'horloge du clocher - Lang","href":"https:\/\/www.lang-und-heyne.de\/fr\/hommage-a-lhorloge-du-clocher-lang\/"},"ja":{"locale":"ja","id":6242,"slug":"homage-to-the-tower-clock","post_title":"\u6559\u4f1a\u5854\u6642\u8a08\u3078\u306e\u30aa\u30de\u30fc\u30b8\u30e5","href":"https:\/\/www.lang-und-heyne.de\/ja\/homage-to-the-tower-clock\/"},"zh_CN":{"locale":"zh_CN","id":6241,"slug":"homage-to-the-tower-clock","post_title":"\u5411\u6559\u5802\u949f\u8868\u81f4\u656c","href":"https:\/\/www.lang-und-heyne.de\/zh-hans\/homage-to-the-tower-clock\/"}},"_links":{"self":[{"href":"https:\/\/www.lang-und-heyne.de\/es\/wp-json\/wp\/v2\/pages\/7163","targetHints":{"allow":["GET"]}}],"collection":[{"href":"https:\/\/www.lang-und-heyne.de\/es\/wp-json\/wp\/v2\/pages"}],"about":[{"href":"https:\/\/www.lang-und-heyne.de\/es\/wp-json\/wp\/v2\/types\/page"}],"author":[{"embeddable":true,"href":"https:\/\/www.lang-und-heyne.de\/es\/wp-json\/wp\/v2\/users\/2"}],"replies":[{"embeddable":true,"href":"https:\/\/www.lang-und-heyne.de\/es\/wp-json\/wp\/v2\/comments?post=7163"}],"version-history":[{"count":0,"href":"https:\/\/www.lang-und-heyne.de\/es\/wp-json\/wp\/v2\/pages\/7163\/revisions"}],"wp:attachment":[{"href":"https:\/\/www.lang-und-heyne.de\/es\/wp-json\/wp\/v2\/media?parent=7163"}],"curies":[{"name":"wp","href":"https:\/\/api.w.org\/{rel}","templated":true}]}}