{"id":7739,"date":"2023-06-01T09:25:09","date_gmt":"2023-06-01T07:25:09","guid":{"rendered":"https:\/\/www.lang-und-heyne.de\/artesania\/chapado-en-plata\/"},"modified":"2025-06-02T12:31:49","modified_gmt":"2025-06-02T10:31:49","slug":"chapado-en-plata","status":"publish","type":"page","link":"https:\/\/www.lang-und-heyne.de\/es\/artesania\/chapado-en-plata\/","title":{"rendered":"Chapado en plata"},"content":{"rendered":"","protected":false},"excerpt":{"rendered":"","protected":false},"author":2,"featured_media":0,"parent":7552,"menu_order":69,"comment_status":"closed","ping_status":"closed","template":"","meta":{"_acf_changed":false,"footnotes":""},"class_list":["post-7739","page","type-page","status-publish","hentry"],"acf":{"start":[{"acf_fc_layout":"textbild","header":"","anchor":false,"order":false,"bigtext":false,"bild":{"ID":7785,"id":7785,"title":"LH_Kachel-Anreibeversilbern-Neu","filename":"LH_Kachel-Anreibeversilbern-Neu.jpg","filesize":715660,"url":"https:\/\/www.lang-und-heyne.de\/dateien\/2023\/10\/LH_Kachel-Anreibeversilbern-Neu.jpg","link":"https:\/\/www.lang-und-heyne.de\/es\/artesania\/refinamiento-magistral\/lh_kachel-anreibeversilbern-neu-2\/","alt":"","author":"5","description":"","caption":"","name":"lh_kachel-anreibeversilbern-neu-2","status":"inherit","uploaded_to":7783,"date":"2023-10-20 07:33:57","modified":"2023-10-20 07:33:57","menu_order":0,"mime_type":"image\/jpeg","type":"image","subtype":"jpeg","icon":"https:\/\/www.lang-und-heyne.de\/wp-includes\/images\/media\/default.png","width":1000,"height":640,"sizes":{"thumbnail":"https:\/\/www.lang-und-heyne.de\/dateien\/2023\/10\/LH_Kachel-Anreibeversilbern-Neu-150x150.jpg","thumbnail-width":150,"thumbnail-height":150,"medium":"https:\/\/www.lang-und-heyne.de\/dateien\/2023\/10\/LH_Kachel-Anreibeversilbern-Neu-300x192.jpg","medium-width":300,"medium-height":192,"medium_large":"https:\/\/www.lang-und-heyne.de\/dateien\/2023\/10\/LH_Kachel-Anreibeversilbern-Neu-768x492.jpg","medium_large-width":768,"medium_large-height":492,"large":"https:\/\/www.lang-und-heyne.de\/dateien\/2023\/10\/LH_Kachel-Anreibeversilbern-Neu.jpg","large-width":1000,"large-height":640,"1536x1536":"https:\/\/www.lang-und-heyne.de\/dateien\/2023\/10\/LH_Kachel-Anreibeversilbern-Neu.jpg","1536x1536-width":1000,"1536x1536-height":640,"2048x2048":"https:\/\/www.lang-und-heyne.de\/dateien\/2023\/10\/LH_Kachel-Anreibeversilbern-Neu.jpg","2048x2048-width":1000,"2048x2048-height":640,"post-thumbnail":"https:\/\/www.lang-und-heyne.de\/dateien\/2023\/10\/LH_Kachel-Anreibeversilbern-Neu-150x150.jpg","post-thumbnail-width":150,"post-thumbnail-height":150,"wide":"https:\/\/www.lang-und-heyne.de\/dateien\/2023\/10\/LH_Kachel-Anreibeversilbern-Neu.jpg","wide-width":1000,"wide-height":640}},"sub":"Estructura granulada t\u00edpica de cada planta L&H","text":"El arte de la relojer\u00eda es un campo fascinante que revive la belleza del pasado y la elegancia atemporal. Una t\u00e9cnica que personifica esto es el plateado. Este m\u00e9todo tradicional, que ya se utilizaba en los siglos XVIII y XIX, confiere a los componentes de los movimientos un aspecto noble y sin igual.    ","link":"","target":"","zusatzbild":false,"bild2":false,"ausrichtung":false,"sub2":""},{"acf_fc_layout":"testimonial","bild_links":{"ID":7710,"id":7710,"title":"LH_Volker-Hagen","filename":"LH_Volker-Hagen-1.jpg","filesize":416345,"url":"https:\/\/www.lang-und-heyne.de\/dateien\/2023\/07\/LH_Volker-Hagen-1.jpg","link":"https:\/\/www.lang-und-heyne.de\/es\/artesania\/recocido\/lh_volker-hagen-2-2\/","alt":"","author":"5","description":"","caption":"","name":"lh_volker-hagen-2-2","status":"inherit","uploaded_to":7707,"date":"2023-07-24 11:40:14","modified":"2023-07-24 11:40:14","menu_order":0,"mime_type":"image\/jpeg","type":"image","subtype":"jpeg","icon":"https:\/\/www.lang-und-heyne.de\/wp-includes\/images\/media\/default.png","width":860,"height":1000,"sizes":{"thumbnail":"https:\/\/www.lang-und-heyne.de\/dateien\/2023\/07\/LH_Volker-Hagen-1-150x150.jpg","thumbnail-width":150,"thumbnail-height":150,"medium":"https:\/\/www.lang-und-heyne.de\/dateien\/2023\/07\/LH_Volker-Hagen-1-258x300.jpg","medium-width":258,"medium-height":300,"medium_large":"https:\/\/www.lang-und-heyne.de\/dateien\/2023\/07\/LH_Volker-Hagen-1-768x893.jpg","medium_large-width":768,"medium_large-height":893,"large":"https:\/\/www.lang-und-heyne.de\/dateien\/2023\/07\/LH_Volker-Hagen-1.jpg","large-width":860,"large-height":1000,"1536x1536":"https:\/\/www.lang-und-heyne.de\/dateien\/2023\/07\/LH_Volker-Hagen-1.jpg","1536x1536-width":860,"1536x1536-height":1000,"2048x2048":"https:\/\/www.lang-und-heyne.de\/dateien\/2023\/07\/LH_Volker-Hagen-1.jpg","2048x2048-width":860,"2048x2048-height":1000,"post-thumbnail":"https:\/\/www.lang-und-heyne.de\/dateien\/2023\/07\/LH_Volker-Hagen-1-150x150.jpg","post-thumbnail-width":150,"post-thumbnail-height":150,"wide":"https:\/\/www.lang-und-heyne.de\/dateien\/2023\/07\/LH_Volker-Hagen-1.jpg","wide-width":860,"wide-height":1000}},"zitat":"La belleza suele esconderse en los peque\u00f1os detalles, y el ba\u00f1o de plata por frotamiento es un arte que permite que brillen precisamente esos detalles.","autor":"Volker Hagen, financiero","seitenverkehrt":false,"smalltext":false,"bild_oder_animiertes_gif":false,"bild_rechts":false,"bild_rechts_gif":{"ID":7752,"id":7752,"title":"LH_Kachel_Anreibeversilbern","filename":"LH_Kachel_Anreibeversilbern.mp4","filesize":1390994,"url":"https:\/\/www.lang-und-heyne.de\/dateien\/2024\/02\/LH_Kachel_Anreibeversilbern.mp4","link":"https:\/\/www.lang-und-heyne.de\/es\/artesania\/chapado-en-plata\/lh_kachel_anreibeversilbern-2\/","alt":"","author":"5","description":"","caption":"","name":"lh_kachel_anreibeversilbern-2","status":"inherit","uploaded_to":7739,"date":"2024-02-28 08:41:44","modified":"2024-02-28 08:41:44","menu_order":0,"mime_type":"video\/mp4","type":"video","subtype":"mp4","icon":"https:\/\/www.lang-und-heyne.de\/wp-includes\/images\/media\/video.png","width":850,"height":600},"extrabild":false,"detail":false,"additionalinfo":false,"zusatzinfo":{"text":"","link":null,"linktext":""}},{"acf_fc_layout":"textbild","header":"Preparaci\u00f3n","anchor":false,"order":false,"bigtext":false,"bild":{"ID":7741,"id":7741,"title":"LH_Anreibeversilbern_Detail2_Sandstrahlen","filename":"LH_Anreibeversilbern_Detail2_Sandstrahlen.jpg","filesize":411557,"url":"https:\/\/www.lang-und-heyne.de\/dateien\/2023\/06\/LH_Anreibeversilbern_Detail2_Sandstrahlen.jpg","link":"https:\/\/www.lang-und-heyne.de\/es\/artesania\/chapado-en-plata\/lh_anreibeversilbern_detail2_sandstrahlen-2\/","alt":"","author":"2","description":"","caption":"","name":"lh_anreibeversilbern_detail2_sandstrahlen-2","status":"inherit","uploaded_to":7739,"date":"2023-06-01 07:52:55","modified":"2023-06-01 07:52:55","menu_order":0,"mime_type":"image\/jpeg","type":"image","subtype":"jpeg","icon":"https:\/\/www.lang-und-heyne.de\/wp-includes\/images\/media\/default.png","width":1000,"height":640,"sizes":{"thumbnail":"https:\/\/www.lang-und-heyne.de\/dateien\/2023\/06\/LH_Anreibeversilbern_Detail2_Sandstrahlen-150x150.jpg","thumbnail-width":150,"thumbnail-height":150,"medium":"https:\/\/www.lang-und-heyne.de\/dateien\/2023\/06\/LH_Anreibeversilbern_Detail2_Sandstrahlen-300x192.jpg","medium-width":300,"medium-height":192,"medium_large":"https:\/\/www.lang-und-heyne.de\/dateien\/2023\/06\/LH_Anreibeversilbern_Detail2_Sandstrahlen-768x492.jpg","medium_large-width":768,"medium_large-height":492,"large":"https:\/\/www.lang-und-heyne.de\/dateien\/2023\/06\/LH_Anreibeversilbern_Detail2_Sandstrahlen.jpg","large-width":1000,"large-height":640,"1536x1536":"https:\/\/www.lang-und-heyne.de\/dateien\/2023\/06\/LH_Anreibeversilbern_Detail2_Sandstrahlen.jpg","1536x1536-width":1000,"1536x1536-height":640,"2048x2048":"https:\/\/www.lang-und-heyne.de\/dateien\/2023\/06\/LH_Anreibeversilbern_Detail2_Sandstrahlen.jpg","2048x2048-width":1000,"2048x2048-height":640,"post-thumbnail":"https:\/\/www.lang-und-heyne.de\/dateien\/2023\/06\/LH_Anreibeversilbern_Detail2_Sandstrahlen-150x150.jpg","post-thumbnail-width":150,"post-thumbnail-height":150,"wide":"https:\/\/www.lang-und-heyne.de\/dateien\/2023\/06\/LH_Anreibeversilbern_Detail2_Sandstrahlen.jpg","wide-width":1000,"wide-height":640}},"sub":"","text":"Antes de iniciar el proceso de plateado es necesaria una cuidadosa preparaci\u00f3n. La superficie de la pieza en bruto se prepara mediante chorro de arena para crear la base \u00f3ptima para el proceso posterior. ","link":"","target":"","zusatzbild":false,"bild2":false,"ausrichtung":false,"sub2":""},{"acf_fc_layout":"textbild","header":"La Estructura Finamente Entrenada","anchor":false,"order":true,"bigtext":false,"bild":{"ID":7743,"id":7743,"title":"LH_Anreibeversilbern_Detail4_Einreiben","filename":"LH_Anreibeversilbern_Detail4_Einreiben.jpg","filesize":242576,"url":"https:\/\/www.lang-und-heyne.de\/dateien\/2023\/06\/LH_Anreibeversilbern_Detail4_Einreiben.jpg","link":"https:\/\/www.lang-und-heyne.de\/es\/artesania\/chapado-en-plata\/lh_anreibeversilbern_detail4_einreiben-2\/","alt":"","author":"2","description":"","caption":"","name":"lh_anreibeversilbern_detail4_einreiben-2","status":"inherit","uploaded_to":7739,"date":"2023-06-01 07:52:59","modified":"2023-06-01 07:52:59","menu_order":0,"mime_type":"image\/jpeg","type":"image","subtype":"jpeg","icon":"https:\/\/www.lang-und-heyne.de\/wp-includes\/images\/media\/default.png","width":1000,"height":640,"sizes":{"thumbnail":"https:\/\/www.lang-und-heyne.de\/dateien\/2023\/06\/LH_Anreibeversilbern_Detail4_Einreiben-150x150.jpg","thumbnail-width":150,"thumbnail-height":150,"medium":"https:\/\/www.lang-und-heyne.de\/dateien\/2023\/06\/LH_Anreibeversilbern_Detail4_Einreiben-300x192.jpg","medium-width":300,"medium-height":192,"medium_large":"https:\/\/www.lang-und-heyne.de\/dateien\/2023\/06\/LH_Anreibeversilbern_Detail4_Einreiben-768x492.jpg","medium_large-width":768,"medium_large-height":492,"large":"https:\/\/www.lang-und-heyne.de\/dateien\/2023\/06\/LH_Anreibeversilbern_Detail4_Einreiben.jpg","large-width":1000,"large-height":640,"1536x1536":"https:\/\/www.lang-und-heyne.de\/dateien\/2023\/06\/LH_Anreibeversilbern_Detail4_Einreiben.jpg","1536x1536-width":1000,"1536x1536-height":640,"2048x2048":"https:\/\/www.lang-und-heyne.de\/dateien\/2023\/06\/LH_Anreibeversilbern_Detail4_Einreiben.jpg","2048x2048-width":1000,"2048x2048-height":640,"post-thumbnail":"https:\/\/www.lang-und-heyne.de\/dateien\/2023\/06\/LH_Anreibeversilbern_Detail4_Einreiben-150x150.jpg","post-thumbnail-width":150,"post-thumbnail-height":150,"wide":"https:\/\/www.lang-und-heyne.de\/dateien\/2023\/06\/LH_Anreibeversilbern_Detail4_Einreiben.jpg","wide-width":1000,"wide-height":640}},"sub":"","text":"En el proceso de plateado, se aplica a las superficies una mezcla \u00fanica de polvo de plata y sal. Se utiliza un cepillo de pelo natural para aplicar esta mezcla especial, que confiere a los componentes del movimiento una textura finamente granulada, parecida al cuero. Esta elaborada t\u00e9cnica requiere precisi\u00f3n manual y no puede reproducirse a m\u00e1quina, lo que acent\u00faa su singularidad.    ","link":"","target":"","zusatzbild":false,"bild2":false,"ausrichtung":false,"sub2":""},{"acf_fc_layout":"textbild","header":"Pulir Los Bordes Biselados Y la Circunferencia","anchor":false,"order":false,"bigtext":false,"bild":{"ID":7715,"id":7715,"title":"LH_Anglieren_2","filename":"LH_Anglieren_2-2.jpg","filesize":327380,"url":"https:\/\/www.lang-und-heyne.de\/dateien\/2023\/07\/LH_Anglieren_2-2.jpg","link":"https:\/\/www.lang-und-heyne.de\/es\/artesania\/recocido\/lh_anglieren_2-2\/","alt":"","author":"5","description":"","caption":"","name":"lh_anglieren_2-2","status":"inherit","uploaded_to":7707,"date":"2023-07-24 12:37:46","modified":"2023-07-24 12:37:46","menu_order":0,"mime_type":"image\/jpeg","type":"image","subtype":"jpeg","icon":"https:\/\/www.lang-und-heyne.de\/wp-includes\/images\/media\/default.png","width":1000,"height":640,"sizes":{"thumbnail":"https:\/\/www.lang-und-heyne.de\/dateien\/2023\/07\/LH_Anglieren_2-2-150x150.jpg","thumbnail-width":150,"thumbnail-height":150,"medium":"https:\/\/www.lang-und-heyne.de\/dateien\/2023\/07\/LH_Anglieren_2-2-300x192.jpg","medium-width":300,"medium-height":192,"medium_large":"https:\/\/www.lang-und-heyne.de\/dateien\/2023\/07\/LH_Anglieren_2-2-768x492.jpg","medium_large-width":768,"medium_large-height":492,"large":"https:\/\/www.lang-und-heyne.de\/dateien\/2023\/07\/LH_Anglieren_2-2.jpg","large-width":1000,"large-height":640,"1536x1536":"https:\/\/www.lang-und-heyne.de\/dateien\/2023\/07\/LH_Anglieren_2-2.jpg","1536x1536-width":1000,"1536x1536-height":640,"2048x2048":"https:\/\/www.lang-und-heyne.de\/dateien\/2023\/07\/LH_Anglieren_2-2.jpg","2048x2048-width":1000,"2048x2048-height":640,"post-thumbnail":"https:\/\/www.lang-und-heyne.de\/dateien\/2023\/07\/LH_Anglieren_2-2-150x150.jpg","post-thumbnail-width":150,"post-thumbnail-height":150,"wide":"https:\/\/www.lang-und-heyne.de\/dateien\/2023\/07\/LH_Anglieren_2-2.jpg","wide-width":1000,"wide-height":640}},"sub":"","text":"Se tiene especial cuidado al pulir los biseles y la circunferencia de la placa despu\u00e9s de aplicar el hilo de plata. Aqu\u00ed se requiere la m\u00e1xima precisi\u00f3n para resaltar la planitud hasta las esquinas sin afectar a la superficie granulada. El resultado es una deliciosa interacci\u00f3n de superficies pulidas, brillantes y mates, que es el encanto especial del ba\u00f1o de plata por frotamiento.  ","link":"Saber m\u00e1s","target":"https:\/\/www.lang-und-heyne.de\/es\/artesania\/recocido\/","zusatzbild":false,"bild2":false,"ausrichtung":false,"sub2":""},{"acf_fc_layout":"textbild","header":"Una Simbiosis Exitosa","anchor":false,"order":true,"bigtext":false,"bild":{"ID":7647,"id":7647,"title":"LH_Kachel_Georg-Schrauben","filename":"LH_Kachel_Georg-Schrauben.jpg","filesize":556472,"url":"https:\/\/www.lang-und-heyne.de\/dateien\/2023\/08\/LH_Kachel_Georg-Schrauben.jpg","link":"https:\/\/www.lang-und-heyne.de\/es\/artesania\/azulado\/lh_kachel_georg-schrauben-2\/","alt":"","author":"5","description":"","caption":"","name":"lh_kachel_georg-schrauben-2","status":"inherit","uploaded_to":7636,"date":"2023-08-01 11:01:55","modified":"2023-08-01 11:01:55","menu_order":0,"mime_type":"image\/jpeg","type":"image","subtype":"jpeg","icon":"https:\/\/www.lang-und-heyne.de\/wp-includes\/images\/media\/default.png","width":1000,"height":640,"sizes":{"thumbnail":"https:\/\/www.lang-und-heyne.de\/dateien\/2023\/08\/LH_Kachel_Georg-Schrauben-150x150.jpg","thumbnail-width":150,"thumbnail-height":150,"medium":"https:\/\/www.lang-und-heyne.de\/dateien\/2023\/08\/LH_Kachel_Georg-Schrauben-300x192.jpg","medium-width":300,"medium-height":192,"medium_large":"https:\/\/www.lang-und-heyne.de\/dateien\/2023\/08\/LH_Kachel_Georg-Schrauben-768x492.jpg","medium_large-width":768,"medium_large-height":492,"large":"https:\/\/www.lang-und-heyne.de\/dateien\/2023\/08\/LH_Kachel_Georg-Schrauben.jpg","large-width":1000,"large-height":640,"1536x1536":"https:\/\/www.lang-und-heyne.de\/dateien\/2023\/08\/LH_Kachel_Georg-Schrauben.jpg","1536x1536-width":1000,"1536x1536-height":640,"2048x2048":"https:\/\/www.lang-und-heyne.de\/dateien\/2023\/08\/LH_Kachel_Georg-Schrauben.jpg","2048x2048-width":1000,"2048x2048-height":640,"post-thumbnail":"https:\/\/www.lang-und-heyne.de\/dateien\/2023\/08\/LH_Kachel_Georg-Schrauben-150x150.jpg","post-thumbnail-width":150,"post-thumbnail-height":150,"wide":"https:\/\/www.lang-und-heyne.de\/dateien\/2023\/08\/LH_Kachel_Georg-Schrauben.jpg","wide-width":1000,"wide-height":640}},"sub":"","text":"El proceso de chapado en plata combina la tradici\u00f3n de siglos pasados con las innovaciones modernas y se aplica en Lang & Heyne con el m\u00e1ximo cuidado y atenci\u00f3n al detalle. Esta t\u00e9cnica \u00fanica convierte cada pieza en una obra de arte, en la que la combinaci\u00f3n de la mezcla de polvo de plata y sal y la superficie finamente chapada en oro crea una belleza incomparable. Esta forma de arte especial en el arte de la relojer\u00eda ha sido redescubierta y perfeccionada por Lang & Heyne. Nuestros modelos de relojes llevan con orgullo el renacimiento de la belleza del pasado en cada detalle. Sum\u00e9rgete en el mundo de nuestros fascinantes relojes y experimenta la magistral combinaci\u00f3n de tradici\u00f3n e innovaci\u00f3n.    ","link":"","target":"","zusatzbild":false,"bild2":false,"ausrichtung":false,"sub2":""},{"acf_fc_layout":"galerie","galerie":[{"bild":{"ID":7740,"id":7740,"title":"LH_Anreibeversilbern_Detail1_Rohwerk","filename":"LH_Anreibeversilbern_Detail1_Rohwerk.jpg","filesize":364862,"url":"https:\/\/www.lang-und-heyne.de\/dateien\/2023\/06\/LH_Anreibeversilbern_Detail1_Rohwerk.jpg","link":"https:\/\/www.lang-und-heyne.de\/es\/artesania\/chapado-en-plata\/lh_anreibeversilbern_detail1_rohwerk-2\/","alt":"","author":"2","description":"","caption":"","name":"lh_anreibeversilbern_detail1_rohwerk-2","status":"inherit","uploaded_to":7739,"date":"2023-06-01 07:52:53","modified":"2023-06-01 07:52:53","menu_order":0,"mime_type":"image\/jpeg","type":"image","subtype":"jpeg","icon":"https:\/\/www.lang-und-heyne.de\/wp-includes\/images\/media\/default.png","width":1000,"height":640,"sizes":{"thumbnail":"https:\/\/www.lang-und-heyne.de\/dateien\/2023\/06\/LH_Anreibeversilbern_Detail1_Rohwerk-150x150.jpg","thumbnail-width":150,"thumbnail-height":150,"medium":"https:\/\/www.lang-und-heyne.de\/dateien\/2023\/06\/LH_Anreibeversilbern_Detail1_Rohwerk-300x192.jpg","medium-width":300,"medium-height":192,"medium_large":"https:\/\/www.lang-und-heyne.de\/dateien\/2023\/06\/LH_Anreibeversilbern_Detail1_Rohwerk-768x492.jpg","medium_large-width":768,"medium_large-height":492,"large":"https:\/\/www.lang-und-heyne.de\/dateien\/2023\/06\/LH_Anreibeversilbern_Detail1_Rohwerk.jpg","large-width":1000,"large-height":640,"1536x1536":"https:\/\/www.lang-und-heyne.de\/dateien\/2023\/06\/LH_Anreibeversilbern_Detail1_Rohwerk.jpg","1536x1536-width":1000,"1536x1536-height":640,"2048x2048":"https:\/\/www.lang-und-heyne.de\/dateien\/2023\/06\/LH_Anreibeversilbern_Detail1_Rohwerk.jpg","2048x2048-width":1000,"2048x2048-height":640,"post-thumbnail":"https:\/\/www.lang-und-heyne.de\/dateien\/2023\/06\/LH_Anreibeversilbern_Detail1_Rohwerk-150x150.jpg","post-thumbnail-width":150,"post-thumbnail-height":150,"wide":"https:\/\/www.lang-und-heyne.de\/dateien\/2023\/06\/LH_Anreibeversilbern_Detail1_Rohwerk.jpg","wide-width":1000,"wide-height":640}},"titel":"","beschreibung":"La placa de circuito en blanco"},{"bild":{"ID":7741,"id":7741,"title":"LH_Anreibeversilbern_Detail2_Sandstrahlen","filename":"LH_Anreibeversilbern_Detail2_Sandstrahlen.jpg","filesize":411557,"url":"https:\/\/www.lang-und-heyne.de\/dateien\/2023\/06\/LH_Anreibeversilbern_Detail2_Sandstrahlen.jpg","link":"https:\/\/www.lang-und-heyne.de\/es\/artesania\/chapado-en-plata\/lh_anreibeversilbern_detail2_sandstrahlen-2\/","alt":"","author":"2","description":"","caption":"","name":"lh_anreibeversilbern_detail2_sandstrahlen-2","status":"inherit","uploaded_to":7739,"date":"2023-06-01 07:52:55","modified":"2023-06-01 07:52:55","menu_order":0,"mime_type":"image\/jpeg","type":"image","subtype":"jpeg","icon":"https:\/\/www.lang-und-heyne.de\/wp-includes\/images\/media\/default.png","width":1000,"height":640,"sizes":{"thumbnail":"https:\/\/www.lang-und-heyne.de\/dateien\/2023\/06\/LH_Anreibeversilbern_Detail2_Sandstrahlen-150x150.jpg","thumbnail-width":150,"thumbnail-height":150,"medium":"https:\/\/www.lang-und-heyne.de\/dateien\/2023\/06\/LH_Anreibeversilbern_Detail2_Sandstrahlen-300x192.jpg","medium-width":300,"medium-height":192,"medium_large":"https:\/\/www.lang-und-heyne.de\/dateien\/2023\/06\/LH_Anreibeversilbern_Detail2_Sandstrahlen-768x492.jpg","medium_large-width":768,"medium_large-height":492,"large":"https:\/\/www.lang-und-heyne.de\/dateien\/2023\/06\/LH_Anreibeversilbern_Detail2_Sandstrahlen.jpg","large-width":1000,"large-height":640,"1536x1536":"https:\/\/www.lang-und-heyne.de\/dateien\/2023\/06\/LH_Anreibeversilbern_Detail2_Sandstrahlen.jpg","1536x1536-width":1000,"1536x1536-height":640,"2048x2048":"https:\/\/www.lang-und-heyne.de\/dateien\/2023\/06\/LH_Anreibeversilbern_Detail2_Sandstrahlen.jpg","2048x2048-width":1000,"2048x2048-height":640,"post-thumbnail":"https:\/\/www.lang-und-heyne.de\/dateien\/2023\/06\/LH_Anreibeversilbern_Detail2_Sandstrahlen-150x150.jpg","post-thumbnail-width":150,"post-thumbnail-height":150,"wide":"https:\/\/www.lang-und-heyne.de\/dateien\/2023\/06\/LH_Anreibeversilbern_Detail2_Sandstrahlen.jpg","wide-width":1000,"wide-height":640}},"titel":"","beschreibung":"El arenado se realiza como preparaci\u00f3n para el plateado por frotamiento, para crear la base de la superficie \u00fanica."},{"bild":{"ID":7743,"id":7743,"title":"LH_Anreibeversilbern_Detail4_Einreiben","filename":"LH_Anreibeversilbern_Detail4_Einreiben.jpg","filesize":242576,"url":"https:\/\/www.lang-und-heyne.de\/dateien\/2023\/06\/LH_Anreibeversilbern_Detail4_Einreiben.jpg","link":"https:\/\/www.lang-und-heyne.de\/es\/artesania\/chapado-en-plata\/lh_anreibeversilbern_detail4_einreiben-2\/","alt":"","author":"2","description":"","caption":"","name":"lh_anreibeversilbern_detail4_einreiben-2","status":"inherit","uploaded_to":7739,"date":"2023-06-01 07:52:59","modified":"2023-06-01 07:52:59","menu_order":0,"mime_type":"image\/jpeg","type":"image","subtype":"jpeg","icon":"https:\/\/www.lang-und-heyne.de\/wp-includes\/images\/media\/default.png","width":1000,"height":640,"sizes":{"thumbnail":"https:\/\/www.lang-und-heyne.de\/dateien\/2023\/06\/LH_Anreibeversilbern_Detail4_Einreiben-150x150.jpg","thumbnail-width":150,"thumbnail-height":150,"medium":"https:\/\/www.lang-und-heyne.de\/dateien\/2023\/06\/LH_Anreibeversilbern_Detail4_Einreiben-300x192.jpg","medium-width":300,"medium-height":192,"medium_large":"https:\/\/www.lang-und-heyne.de\/dateien\/2023\/06\/LH_Anreibeversilbern_Detail4_Einreiben-768x492.jpg","medium_large-width":768,"medium_large-height":492,"large":"https:\/\/www.lang-und-heyne.de\/dateien\/2023\/06\/LH_Anreibeversilbern_Detail4_Einreiben.jpg","large-width":1000,"large-height":640,"1536x1536":"https:\/\/www.lang-und-heyne.de\/dateien\/2023\/06\/LH_Anreibeversilbern_Detail4_Einreiben.jpg","1536x1536-width":1000,"1536x1536-height":640,"2048x2048":"https:\/\/www.lang-und-heyne.de\/dateien\/2023\/06\/LH_Anreibeversilbern_Detail4_Einreiben.jpg","2048x2048-width":1000,"2048x2048-height":640,"post-thumbnail":"https:\/\/www.lang-und-heyne.de\/dateien\/2023\/06\/LH_Anreibeversilbern_Detail4_Einreiben-150x150.jpg","post-thumbnail-width":150,"post-thumbnail-height":150,"wide":"https:\/\/www.lang-und-heyne.de\/dateien\/2023\/06\/LH_Anreibeversilbern_Detail4_Einreiben.jpg","wide-width":1000,"wide-height":640}},"titel":"","beschreibung":"Se utiliza un cepillo de pelo natural para aplicar la mezcla especial de polvo de plata y sal, que confiere a los componentes del movimiento su estructura de grano fino."},{"bild":{"ID":7745,"id":7745,"title":"LH_Anreibeversilbern_Detail5_Vorher-Nachher","filename":"LH_Anreibeversilbern_Detail5_Vorher-Nachher.jpg","filesize":496345,"url":"https:\/\/www.lang-und-heyne.de\/dateien\/2023\/06\/LH_Anreibeversilbern_Detail5_Vorher-Nachher.jpg","link":"https:\/\/www.lang-und-heyne.de\/es\/artesania\/chapado-en-plata\/lh_anreibeversilbern_detail5_vorher-nachher-2\/","alt":"","author":"2","description":"Vorher Nachher Vergleich von rohem Uhrwerk und Oberfl\u00e4che nach Anreibeversilbern","caption":"Vorher Nachher Vergleich von rohem Uhrwerk und Oberfl\u00e4che nach Anreibeversilbern","name":"lh_anreibeversilbern_detail5_vorher-nachher-2","status":"inherit","uploaded_to":7739,"date":"2023-06-01 07:53:04","modified":"2023-06-01 07:53:04","menu_order":0,"mime_type":"image\/jpeg","type":"image","subtype":"jpeg","icon":"https:\/\/www.lang-und-heyne.de\/wp-includes\/images\/media\/default.png","width":1000,"height":640,"sizes":{"thumbnail":"https:\/\/www.lang-und-heyne.de\/dateien\/2023\/06\/LH_Anreibeversilbern_Detail5_Vorher-Nachher-150x150.jpg","thumbnail-width":150,"thumbnail-height":150,"medium":"https:\/\/www.lang-und-heyne.de\/dateien\/2023\/06\/LH_Anreibeversilbern_Detail5_Vorher-Nachher-300x192.jpg","medium-width":300,"medium-height":192,"medium_large":"https:\/\/www.lang-und-heyne.de\/dateien\/2023\/06\/LH_Anreibeversilbern_Detail5_Vorher-Nachher-768x492.jpg","medium_large-width":768,"medium_large-height":492,"large":"https:\/\/www.lang-und-heyne.de\/dateien\/2023\/06\/LH_Anreibeversilbern_Detail5_Vorher-Nachher.jpg","large-width":1000,"large-height":640,"1536x1536":"https:\/\/www.lang-und-heyne.de\/dateien\/2023\/06\/LH_Anreibeversilbern_Detail5_Vorher-Nachher.jpg","1536x1536-width":1000,"1536x1536-height":640,"2048x2048":"https:\/\/www.lang-und-heyne.de\/dateien\/2023\/06\/LH_Anreibeversilbern_Detail5_Vorher-Nachher.jpg","2048x2048-width":1000,"2048x2048-height":640,"post-thumbnail":"https:\/\/www.lang-und-heyne.de\/dateien\/2023\/06\/LH_Anreibeversilbern_Detail5_Vorher-Nachher-150x150.jpg","post-thumbnail-width":150,"post-thumbnail-height":150,"wide":"https:\/\/www.lang-und-heyne.de\/dateien\/2023\/06\/LH_Anreibeversilbern_Detail5_Vorher-Nachher.jpg","wide-width":1000,"wide-height":640}},"titel":"","beschreibung":"Por \u00faltimo, la placa de circuitos recibe su acabado final, galvanoplastia y chapado en oro fino, y brilla en todo su esplendor."}],"smallwidth":false},{"acf_fc_layout":"threeblocks","block":[{"header":"Refinamiento Magistral","bild":{"ID":7581,"id":7581,"title":"LH_Kachel_Detail_Finish-Kloben","filename":"LH_Kachel_Detail_Finish-Kloben.jpg","filesize":297469,"url":"https:\/\/www.lang-und-heyne.de\/dateien\/2023\/10\/LH_Kachel_Detail_Finish-Kloben.jpg","link":"https:\/\/www.lang-und-heyne.de\/es\/artesania\/lh_kachel_detail_finish-kloben-2\/","alt":"","author":"5","description":"","caption":"","name":"lh_kachel_detail_finish-kloben-2","status":"inherit","uploaded_to":7552,"date":"2023-10-20 07:03:49","modified":"2023-10-20 07:03:49","menu_order":0,"mime_type":"image\/jpeg","type":"image","subtype":"jpeg","icon":"https:\/\/www.lang-und-heyne.de\/wp-includes\/images\/media\/default.png","width":1000,"height":640,"sizes":{"thumbnail":"https:\/\/www.lang-und-heyne.de\/dateien\/2023\/10\/LH_Kachel_Detail_Finish-Kloben-150x150.jpg","thumbnail-width":150,"thumbnail-height":150,"medium":"https:\/\/www.lang-und-heyne.de\/dateien\/2023\/10\/LH_Kachel_Detail_Finish-Kloben-300x192.jpg","medium-width":300,"medium-height":192,"medium_large":"https:\/\/www.lang-und-heyne.de\/dateien\/2023\/10\/LH_Kachel_Detail_Finish-Kloben-768x492.jpg","medium_large-width":768,"medium_large-height":492,"large":"https:\/\/www.lang-und-heyne.de\/dateien\/2023\/10\/LH_Kachel_Detail_Finish-Kloben.jpg","large-width":1000,"large-height":640,"1536x1536":"https:\/\/www.lang-und-heyne.de\/dateien\/2023\/10\/LH_Kachel_Detail_Finish-Kloben.jpg","1536x1536-width":1000,"1536x1536-height":640,"2048x2048":"https:\/\/www.lang-und-heyne.de\/dateien\/2023\/10\/LH_Kachel_Detail_Finish-Kloben.jpg","2048x2048-width":1000,"2048x2048-height":640,"post-thumbnail":"https:\/\/www.lang-und-heyne.de\/dateien\/2023\/10\/LH_Kachel_Detail_Finish-Kloben-150x150.jpg","post-thumbnail-width":150,"post-thumbnail-height":150,"wide":"https:\/\/www.lang-und-heyne.de\/dateien\/2023\/10\/LH_Kachel_Detail_Finish-Kloben.jpg","wide-width":1000,"wide-height":640}},"link":"https:\/\/www.lang-und-heyne.de\/es\/artesania\/refinamiento-magistral\/","beschriftung":"Descubre otros procesos para la preparaci\u00f3n est\u00e9tica y funcional de componentes"},{"header":"Montaje Del Reloj","bild":{"ID":7576,"id":7576,"title":"LH_Kachel_Georg-Montage","filename":"LH_Kachel_Georg-Montage.jpg","filesize":386946,"url":"https:\/\/www.lang-und-heyne.de\/dateien\/2023\/08\/LH_Kachel_Georg-Montage.jpg","link":"https:\/\/www.lang-und-heyne.de\/es\/artesania\/lh_kachel_georg-montage-2-2\/","alt":"","author":"5","description":"","caption":"","name":"lh_kachel_georg-montage-2-2","status":"inherit","uploaded_to":7552,"date":"2023-08-24 06:58:15","modified":"2023-08-24 06:58:15","menu_order":0,"mime_type":"image\/jpeg","type":"image","subtype":"jpeg","icon":"https:\/\/www.lang-und-heyne.de\/wp-includes\/images\/media\/default.png","width":1000,"height":640,"sizes":{"thumbnail":"https:\/\/www.lang-und-heyne.de\/dateien\/2023\/08\/LH_Kachel_Georg-Montage-150x150.jpg","thumbnail-width":150,"thumbnail-height":150,"medium":"https:\/\/www.lang-und-heyne.de\/dateien\/2023\/08\/LH_Kachel_Georg-Montage-300x192.jpg","medium-width":300,"medium-height":192,"medium_large":"https:\/\/www.lang-und-heyne.de\/dateien\/2023\/08\/LH_Kachel_Georg-Montage-768x492.jpg","medium_large-width":768,"medium_large-height":492,"large":"https:\/\/www.lang-und-heyne.de\/dateien\/2023\/08\/LH_Kachel_Georg-Montage.jpg","large-width":1000,"large-height":640,"1536x1536":"https:\/\/www.lang-und-heyne.de\/dateien\/2023\/08\/LH_Kachel_Georg-Montage.jpg","1536x1536-width":1000,"1536x1536-height":640,"2048x2048":"https:\/\/www.lang-und-heyne.de\/dateien\/2023\/08\/LH_Kachel_Georg-Montage.jpg","2048x2048-width":1000,"2048x2048-height":640,"post-thumbnail":"https:\/\/www.lang-und-heyne.de\/dateien\/2023\/08\/LH_Kachel_Georg-Montage-150x150.jpg","post-thumbnail-width":150,"post-thumbnail-height":150,"wide":"https:\/\/www.lang-und-heyne.de\/dateien\/2023\/08\/LH_Kachel_Georg-Montage.jpg","wide-width":1000,"wide-height":640}},"link":"https:\/\/www.lang-und-heyne.de\/es\/artesania\/montaje\/","beschriftung":"Precisi\u00f3n y pasi\u00f3n en armon\u00eda"},{"header":"Colecci\u00f3n","bild":{"ID":7597,"id":7597,"title":"LH_Kachel-Kollektion","filename":"LH_Kachel-Kollektion.jpg","filesize":486103,"url":"https:\/\/www.lang-und-heyne.de\/dateien\/2024\/03\/LH_Kachel-Kollektion.jpg","link":"https:\/\/www.lang-und-heyne.de\/es\/artesania\/montaje\/lh_kachel-kollektion-2\/","alt":"","author":"5","description":"","caption":"","name":"lh_kachel-kollektion-2","status":"inherit","uploaded_to":7591,"date":"2024-03-05 09:01:45","modified":"2024-03-05 09:01:45","menu_order":0,"mime_type":"image\/jpeg","type":"image","subtype":"jpeg","icon":"https:\/\/www.lang-und-heyne.de\/wp-includes\/images\/media\/default.png","width":1000,"height":640,"sizes":{"thumbnail":"https:\/\/www.lang-und-heyne.de\/dateien\/2024\/03\/LH_Kachel-Kollektion-150x150.jpg","thumbnail-width":150,"thumbnail-height":150,"medium":"https:\/\/www.lang-und-heyne.de\/dateien\/2024\/03\/LH_Kachel-Kollektion-300x192.jpg","medium-width":300,"medium-height":192,"medium_large":"https:\/\/www.lang-und-heyne.de\/dateien\/2024\/03\/LH_Kachel-Kollektion-768x492.jpg","medium_large-width":768,"medium_large-height":492,"large":"https:\/\/www.lang-und-heyne.de\/dateien\/2024\/03\/LH_Kachel-Kollektion.jpg","large-width":1000,"large-height":640,"1536x1536":"https:\/\/www.lang-und-heyne.de\/dateien\/2024\/03\/LH_Kachel-Kollektion.jpg","1536x1536-width":1000,"1536x1536-height":640,"2048x2048":"https:\/\/www.lang-und-heyne.de\/dateien\/2024\/03\/LH_Kachel-Kollektion.jpg","2048x2048-width":1000,"2048x2048-height":640,"post-thumbnail":"https:\/\/www.lang-und-heyne.de\/dateien\/2024\/03\/LH_Kachel-Kollektion-150x150.jpg","post-thumbnail-width":150,"post-thumbnail-height":150,"wide":"https:\/\/www.lang-und-heyne.de\/dateien\/2024\/03\/LH_Kachel-Kollektion.jpg","wide-width":1000,"wide-height":640}},"link":"https:\/\/www.lang-und-heyne.de\/es\/coleccion\/","beschriftung":"Fabricado en Sajonia"}]}],"slide":[{"bild__video":false,"bild":false,"video":{"ID":7749,"id":7749,"title":"LH_Intro_Anreibeversilbern","filename":"LH_Intro_Anreibeversilbern.mp4","filesize":1404352,"url":"https:\/\/www.lang-und-heyne.de\/dateien\/2023\/08\/LH_Intro_Anreibeversilbern.mp4","link":"https:\/\/www.lang-und-heyne.de\/es\/artesania\/chapado-en-plata\/lh_intro_anreibeversilbern-2\/","alt":"","author":"5","description":"","caption":"","name":"lh_intro_anreibeversilbern-2","status":"inherit","uploaded_to":7739,"date":"2023-08-08 09:39:22","modified":"2023-08-08 09:39:22","menu_order":0,"mime_type":"video\/mp4","type":"video","subtype":"mp4","icon":"https:\/\/www.lang-und-heyne.de\/wp-includes\/images\/media\/video.png","width":1280,"height":720},"texte":{"text":"Chapado en Plata","subline":"  Un redescubrimiento de la belleza pasada"}}]},"wpml_current_locale":"es_ES","wpml_translations":{"en_US":{"locale":"en_US","id":5399,"slug":"silver-grinding","post_title":"Silver Grinding","href":"https:\/\/www.lang-und-heyne.de\/en\/craftsmanship\/silver-grinding\/"},"de_DE":{"locale":"de_DE","id":2915,"slug":"anreibeversilbern","post_title":"Anreibeversilbern","href":"https:\/\/www.lang-und-heyne.de\/handwerk\/anreibeversilbern\/"},"fr_FR":{"locale":"fr_FR","id":7725,"slug":"argenture-par-frottement","post_title":"Argenture par frottement","href":"https:\/\/www.lang-und-heyne.de\/fr\/artisanat\/argenture-par-frottement\/"},"ja":{"locale":"ja","id":5405,"slug":"silver-grinding","post_title":"\u9280\u3067\u78e8\u304f","href":"https:\/\/www.lang-und-heyne.de\/ja\/craftsmanship\/silver-grinding\/"},"zh_CN":{"locale":"zh_CN","id":5406,"slug":"silver-grinding","post_title":"\u78e8\u64e6\u94f6\u88c5","href":"https:\/\/www.lang-und-heyne.de\/zh-hans\/craftsmanship\/silver-grinding\/"}},"_links":{"self":[{"href":"https:\/\/www.lang-und-heyne.de\/es\/wp-json\/wp\/v2\/pages\/7739","targetHints":{"allow":["GET"]}}],"collection":[{"href":"https:\/\/www.lang-und-heyne.de\/es\/wp-json\/wp\/v2\/pages"}],"about":[{"href":"https:\/\/www.lang-und-heyne.de\/es\/wp-json\/wp\/v2\/types\/page"}],"author":[{"embeddable":true,"href":"https:\/\/www.lang-und-heyne.de\/es\/wp-json\/wp\/v2\/users\/2"}],"replies":[{"embeddable":true,"href":"https:\/\/www.lang-und-heyne.de\/es\/wp-json\/wp\/v2\/comments?post=7739"}],"version-history":[{"count":1,"href":"https:\/\/www.lang-und-heyne.de\/es\/wp-json\/wp\/v2\/pages\/7739\/revisions"}],"predecessor-version":[{"id":8908,"href":"https:\/\/www.lang-und-heyne.de\/es\/wp-json\/wp\/v2\/pages\/7739\/revisions\/8908"}],"up":[{"embeddable":true,"href":"https:\/\/www.lang-und-heyne.de\/es\/wp-json\/wp\/v2\/pages\/7552"}],"wp:attachment":[{"href":"https:\/\/www.lang-und-heyne.de\/es\/wp-json\/wp\/v2\/media?parent=7739"}],"curies":[{"name":"wp","href":"https:\/\/api.w.org\/{rel}","templated":true}]}}