{"id":7761,"date":"2024-12-12T13:52:01","date_gmt":"2024-12-12T12:52:01","guid":{"rendered":"https:\/\/www.lang-und-heyne.de\/artesania\/produccion-de-punteros\/"},"modified":"2024-12-12T13:52:01","modified_gmt":"2024-12-12T12:52:01","slug":"produccion-de-punteros","status":"publish","type":"page","link":"https:\/\/www.lang-und-heyne.de\/es\/artesania\/produccion-de-punteros\/","title":{"rendered":"Producci\u00f3n de punteros"},"content":{"rendered":"","protected":false},"excerpt":{"rendered":"","protected":false},"author":5,"featured_media":7763,"parent":7552,"menu_order":86,"comment_status":"closed","ping_status":"closed","template":"","meta":{"_acf_changed":false,"footnotes":""},"class_list":["post-7761","page","type-page","status-publish","has-post-thumbnail","hentry"],"acf":{"start":[{"acf_fc_layout":"textbild","header":"Precisi\u00f3n Magistral: De la Materia Prima a la Mano Acabada","anchor":true,"order":true,"bigtext":false,"bild":{"ID":8106,"id":8106,"title":"LH_F3_Kathedralzeiger","filename":"LH_F3_Kathedralzeiger.jpg","filesize":697560,"url":"https:\/\/www.lang-und-heyne.de\/dateien\/2022\/10\/LH_F3_Kathedralzeiger.jpg","link":"https:\/\/www.lang-und-heyne.de\/es\/modelle\/federico-iii\/lh_f3_kathedralzeiger-2\/","alt":"","author":"2","description":"","caption":"","name":"lh_f3_kathedralzeiger-2","status":"inherit","uploaded_to":8102,"date":"2023-05-02 07:02:32","modified":"2023-05-02 07:02:32","menu_order":0,"mime_type":"image\/jpeg","type":"image","subtype":"jpeg","icon":"https:\/\/www.lang-und-heyne.de\/wp-includes\/images\/media\/default.png","width":1500,"height":960,"sizes":{"thumbnail":"https:\/\/www.lang-und-heyne.de\/dateien\/2022\/10\/LH_F3_Kathedralzeiger-150x150.jpg","thumbnail-width":150,"thumbnail-height":150,"medium":"https:\/\/www.lang-und-heyne.de\/dateien\/2022\/10\/LH_F3_Kathedralzeiger-300x192.jpg","medium-width":300,"medium-height":192,"medium_large":"https:\/\/www.lang-und-heyne.de\/dateien\/2022\/10\/LH_F3_Kathedralzeiger-768x492.jpg","medium_large-width":768,"medium_large-height":492,"large":"https:\/\/www.lang-und-heyne.de\/dateien\/2022\/10\/LH_F3_Kathedralzeiger-1024x655.jpg","large-width":1024,"large-height":655,"1536x1536":"https:\/\/www.lang-und-heyne.de\/dateien\/2022\/10\/LH_F3_Kathedralzeiger.jpg","1536x1536-width":1500,"1536x1536-height":960,"2048x2048":"https:\/\/www.lang-und-heyne.de\/dateien\/2022\/10\/LH_F3_Kathedralzeiger.jpg","2048x2048-width":1500,"2048x2048-height":960,"post-thumbnail":"https:\/\/www.lang-und-heyne.de\/dateien\/2022\/10\/LH_F3_Kathedralzeiger-150x150.jpg","post-thumbnail-width":150,"post-thumbnail-height":150,"wide":"https:\/\/www.lang-und-heyne.de\/dateien\/2022\/10\/LH_F3_Kathedralzeiger-1400x896.jpg","wide-width":1400,"wide-height":896}},"sub":"","text":"En Lang & Heyne, las agujas no s\u00f3lo son componentes funcionales de nuestros relojes, sino tambi\u00e9n el primer detalle que llama la atenci\u00f3n del observador. Su dise\u00f1o revela la atenci\u00f3n al detalle y la precisi\u00f3n artesanal que caracteriza a todo el movimiento. Encarnan la simbiosis perfecta entre forma y funci\u00f3n y caracterizan significativamente la est\u00e9tica de nuestros relojes.  <br \/>\n<br \/>\nLa producci\u00f3n de nuestras manos es un proceso de varias capas que combina el m\u00e1s alto nivel de artesan\u00eda con la experiencia moderna.","link":"","target":"","zusatzbild":false,"bild2":false,"ausrichtung":false,"sub2":""},{"acf_fc_layout":"textbild","header":"Moldeado Y Rectificado Inicial","anchor":false,"order":false,"bigtext":true,"bild":{"ID":7763,"id":7763,"title":"LH_Zeiger-Schleifen-2","filename":"LH_Zeiger-Schleifen-2.jpg","filesize":752665,"url":"https:\/\/www.lang-und-heyne.de\/dateien\/2024\/12\/LH_Zeiger-Schleifen-2.jpg","link":"https:\/\/www.lang-und-heyne.de\/es\/artesania\/produccion-de-punteros\/lh_zeiger-schleifen-2-2\/","alt":"","author":"5","description":"","caption":"","name":"lh_zeiger-schleifen-2-2","status":"inherit","uploaded_to":7761,"date":"2024-12-12 13:18:38","modified":"2024-12-12 13:18:38","menu_order":0,"mime_type":"image\/jpeg","type":"image","subtype":"jpeg","icon":"https:\/\/www.lang-und-heyne.de\/wp-includes\/images\/media\/default.png","width":1500,"height":960,"sizes":{"thumbnail":"https:\/\/www.lang-und-heyne.de\/dateien\/2024\/12\/LH_Zeiger-Schleifen-2-150x150.jpg","thumbnail-width":150,"thumbnail-height":150,"medium":"https:\/\/www.lang-und-heyne.de\/dateien\/2024\/12\/LH_Zeiger-Schleifen-2-300x192.jpg","medium-width":300,"medium-height":192,"medium_large":"https:\/\/www.lang-und-heyne.de\/dateien\/2024\/12\/LH_Zeiger-Schleifen-2-768x492.jpg","medium_large-width":768,"medium_large-height":492,"large":"https:\/\/www.lang-und-heyne.de\/dateien\/2024\/12\/LH_Zeiger-Schleifen-2-1024x655.jpg","large-width":1024,"large-height":655,"1536x1536":"https:\/\/www.lang-und-heyne.de\/dateien\/2024\/12\/LH_Zeiger-Schleifen-2.jpg","1536x1536-width":1500,"1536x1536-height":960,"2048x2048":"https:\/\/www.lang-und-heyne.de\/dateien\/2024\/12\/LH_Zeiger-Schleifen-2.jpg","2048x2048-width":1500,"2048x2048-height":960,"post-thumbnail":"https:\/\/www.lang-und-heyne.de\/dateien\/2024\/12\/LH_Zeiger-Schleifen-2-150x150.jpg","post-thumbnail-width":150,"post-thumbnail-height":150,"wide":"https:\/\/www.lang-und-heyne.de\/dateien\/2024\/12\/LH_Zeiger-Schleifen-2-1400x896.jpg","wide-width":1400,"wide-height":896}},"sub":"","text":"El proceso comienza con piezas en bruto grabadas con l\u00e1ser, que se esmerilan cuidadosamente para definir su forma b\u00e1sica. Se utiliza una muela de degussita para tallar huecos y contornos precisos y crear los dise\u00f1os caracter\u00edsticos de Lang & Heyne. ","link":"","target":"","zusatzbild":false,"bild2":false,"ausrichtung":false,"sub2":""},{"acf_fc_layout":"textbild","header":"Refinado Y Pulido","anchor":false,"order":true,"bigtext":false,"bild":{"ID":7762,"id":7762,"title":"LH_Zeiger-Schleifen","filename":"LH_Zeiger-Schleifen.jpg","filesize":668466,"url":"https:\/\/www.lang-und-heyne.de\/dateien\/2024\/12\/LH_Zeiger-Schleifen.jpg","link":"https:\/\/www.lang-und-heyne.de\/es\/artesania\/produccion-de-punteros\/lh_zeiger-schleifen-3\/","alt":"","author":"5","description":"","caption":"","name":"lh_zeiger-schleifen-3","status":"inherit","uploaded_to":7761,"date":"2024-12-12 13:17:35","modified":"2024-12-12 13:17:35","menu_order":0,"mime_type":"image\/jpeg","type":"image","subtype":"jpeg","icon":"https:\/\/www.lang-und-heyne.de\/wp-includes\/images\/media\/default.png","width":1500,"height":960,"sizes":{"thumbnail":"https:\/\/www.lang-und-heyne.de\/dateien\/2024\/12\/LH_Zeiger-Schleifen-150x150.jpg","thumbnail-width":150,"thumbnail-height":150,"medium":"https:\/\/www.lang-und-heyne.de\/dateien\/2024\/12\/LH_Zeiger-Schleifen-300x192.jpg","medium-width":300,"medium-height":192,"medium_large":"https:\/\/www.lang-und-heyne.de\/dateien\/2024\/12\/LH_Zeiger-Schleifen-768x492.jpg","medium_large-width":768,"medium_large-height":492,"large":"https:\/\/www.lang-und-heyne.de\/dateien\/2024\/12\/LH_Zeiger-Schleifen-1024x655.jpg","large-width":1024,"large-height":655,"1536x1536":"https:\/\/www.lang-und-heyne.de\/dateien\/2024\/12\/LH_Zeiger-Schleifen.jpg","1536x1536-width":1500,"1536x1536-height":960,"2048x2048":"https:\/\/www.lang-und-heyne.de\/dateien\/2024\/12\/LH_Zeiger-Schleifen.jpg","2048x2048-width":1500,"2048x2048-height":960,"post-thumbnail":"https:\/\/www.lang-und-heyne.de\/dateien\/2024\/12\/LH_Zeiger-Schleifen-150x150.jpg","post-thumbnail-width":150,"post-thumbnail-height":150,"wide":"https:\/\/www.lang-und-heyne.de\/dateien\/2024\/12\/LH_Zeiger-Schleifen-1400x896.jpg","wide-width":1400,"wide-height":896}},"sub":"","text":"Las agujas adquieren su forma tridimensional mediante el uso de un papel de lija cada vez m\u00e1s fino. A continuaci\u00f3n, un pulido garantiza una superficie impecable y brillante que refleja la calidad y sofisticaci\u00f3n de cada reloj Lang & Heyne. ","link":"","target":"","zusatzbild":false,"bild2":false,"ausrichtung":false,"sub2":""},{"acf_fc_layout":"textbild","header":"El proceso de pavonado","anchor":false,"order":false,"bigtext":false,"bild":{"ID":7374,"id":7374,"title":"LH_Akzente_Kathedralzeiger-blau","filename":"LH_Akzente_Kathedralzeiger-blau.jpg","filesize":533600,"url":"https:\/\/www.lang-und-heyne.de\/dateien\/2023\/05\/LH_Akzente_Kathedralzeiger-blau.jpg","link":"https:\/\/www.lang-und-heyne.de\/es\/acentos\/lh_akzente_kathedralzeiger-blau-2\/","alt":"","author":"2","description":"","caption":"","name":"lh_akzente_kathedralzeiger-blau-2","status":"inherit","uploaded_to":7346,"date":"2023-05-26 13:54:44","modified":"2023-05-26 13:54:44","menu_order":0,"mime_type":"image\/jpeg","type":"image","subtype":"jpeg","icon":"https:\/\/www.lang-und-heyne.de\/wp-includes\/images\/media\/default.png","width":1500,"height":960,"sizes":{"thumbnail":"https:\/\/www.lang-und-heyne.de\/dateien\/2023\/05\/LH_Akzente_Kathedralzeiger-blau-150x150.jpg","thumbnail-width":150,"thumbnail-height":150,"medium":"https:\/\/www.lang-und-heyne.de\/dateien\/2023\/05\/LH_Akzente_Kathedralzeiger-blau-300x192.jpg","medium-width":300,"medium-height":192,"medium_large":"https:\/\/www.lang-und-heyne.de\/dateien\/2023\/05\/LH_Akzente_Kathedralzeiger-blau-768x492.jpg","medium_large-width":768,"medium_large-height":492,"large":"https:\/\/www.lang-und-heyne.de\/dateien\/2023\/05\/LH_Akzente_Kathedralzeiger-blau-1024x655.jpg","large-width":1024,"large-height":655,"1536x1536":"https:\/\/www.lang-und-heyne.de\/dateien\/2023\/05\/LH_Akzente_Kathedralzeiger-blau.jpg","1536x1536-width":1500,"1536x1536-height":960,"2048x2048":"https:\/\/www.lang-und-heyne.de\/dateien\/2023\/05\/LH_Akzente_Kathedralzeiger-blau.jpg","2048x2048-width":1500,"2048x2048-height":960,"post-thumbnail":"https:\/\/www.lang-und-heyne.de\/dateien\/2023\/05\/LH_Akzente_Kathedralzeiger-blau-150x150.jpg","post-thumbnail-width":150,"post-thumbnail-height":150,"wide":"https:\/\/www.lang-und-heyne.de\/dateien\/2023\/05\/LH_Akzente_Kathedralzeiger-blau-1400x896.jpg","wide-width":1400,"wide-height":896}},"sub":"","text":"Para las manos azules se utiliza un proceso de pavonado tradicional: Las manos se calientan sobre una llama hasta conseguir el tono de color deseado. Este paso requiere la m\u00e1xima precisi\u00f3n y paciencia para conseguir un resultado uniforme y elegante. ","link":"M\u00e1s informaci\u00f3n sobre el tema","target":"https:\/\/www.lang-und-heyne.de\/es\/artesania\/azulado\/","zusatzbild":false,"bild2":false,"ausrichtung":false,"sub2":""},{"acf_fc_layout":"testimonial","bild_links":{"ID":7645,"id":7645,"title":"LH_Kachel_GeorgNah","filename":"LH_Kachel_GeorgNah.jpg","filesize":371763,"url":"https:\/\/www.lang-und-heyne.de\/dateien\/2023\/08\/LH_Kachel_GeorgNah.jpg","link":"https:\/\/www.lang-und-heyne.de\/es\/artesania\/azulado\/lh_kachel_georgnah-2\/","alt":"","author":"5","description":"","caption":"","name":"lh_kachel_georgnah-2","status":"inherit","uploaded_to":7636,"date":"2023-08-01 09:49:34","modified":"2023-08-01 09:49:34","menu_order":0,"mime_type":"image\/jpeg","type":"image","subtype":"jpeg","icon":"https:\/\/www.lang-und-heyne.de\/wp-includes\/images\/media\/default.png","width":860,"height":1000,"sizes":{"thumbnail":"https:\/\/www.lang-und-heyne.de\/dateien\/2023\/08\/LH_Kachel_GeorgNah-150x150.jpg","thumbnail-width":150,"thumbnail-height":150,"medium":"https:\/\/www.lang-und-heyne.de\/dateien\/2023\/08\/LH_Kachel_GeorgNah-258x300.jpg","medium-width":258,"medium-height":300,"medium_large":"https:\/\/www.lang-und-heyne.de\/dateien\/2023\/08\/LH_Kachel_GeorgNah-768x893.jpg","medium_large-width":768,"medium_large-height":893,"large":"https:\/\/www.lang-und-heyne.de\/dateien\/2023\/08\/LH_Kachel_GeorgNah.jpg","large-width":860,"large-height":1000,"1536x1536":"https:\/\/www.lang-und-heyne.de\/dateien\/2023\/08\/LH_Kachel_GeorgNah.jpg","1536x1536-width":860,"1536x1536-height":1000,"2048x2048":"https:\/\/www.lang-und-heyne.de\/dateien\/2023\/08\/LH_Kachel_GeorgNah.jpg","2048x2048-width":860,"2048x2048-height":1000,"post-thumbnail":"https:\/\/www.lang-und-heyne.de\/dateien\/2023\/08\/LH_Kachel_GeorgNah-150x150.jpg","post-thumbnail-width":150,"post-thumbnail-height":150,"wide":"https:\/\/www.lang-und-heyne.de\/dateien\/2023\/08\/LH_Kachel_GeorgNah.jpg","wide-width":860,"wide-height":1000}},"zitat":"El pavonado de las agujas tambi\u00e9n aumenta el contraste con la esfera de esmalte blanco para garantizar una legibilidad \u00f3ptima.","autor":"","seitenverkehrt":false,"smalltext":true,"bild_oder_animiertes_gif":false,"bild_rechts":false,"bild_rechts_gif":{"ID":7646,"id":7646,"title":"LH_Kachel-Blaeuen-Zeiger","filename":"LH_Kachel-Blaeuen-Zeiger.mp4","filesize":1435871,"url":"https:\/\/www.lang-und-heyne.de\/dateien\/2023\/08\/LH_Kachel-Blaeuen-Zeiger.mp4","link":"https:\/\/www.lang-und-heyne.de\/es\/artesania\/azulado\/lh_kachel-blaeuen-zeiger-2\/","alt":"","author":"5","description":"","caption":"","name":"lh_kachel-blaeuen-zeiger-2","status":"inherit","uploaded_to":7636,"date":"2023-08-01 09:58:50","modified":"2023-08-01 09:58:50","menu_order":0,"mime_type":"video\/mp4","type":"video","subtype":"mp4","icon":"https:\/\/www.lang-und-heyne.de\/wp-includes\/images\/media\/video.png","width":1000,"height":704},"extrabild":false,"detail":false,"additionalinfo":false,"zusatzinfo":{"text":"","link":null,"linktext":""}},{"acf_fc_layout":"textbild","header":"Montaje Perfecto","anchor":false,"order":true,"bigtext":false,"bild":{"ID":7598,"id":7598,"title":"LH-Kachel-Montage-Assambly","filename":"LH-Kachel-Montage-Assambly.jpg","filesize":349833,"url":"https:\/\/www.lang-und-heyne.de\/dateien\/2024\/05\/LH-Kachel-Montage-Assambly.jpg","link":"https:\/\/www.lang-und-heyne.de\/es\/artesania\/montaje\/lh-kachel-montage-assambly-2\/","alt":"","author":"5","description":"","caption":"","name":"lh-kachel-montage-assambly-2","status":"inherit","uploaded_to":7591,"date":"2024-05-14 19:38:45","modified":"2024-05-14 19:38:45","menu_order":0,"mime_type":"image\/jpeg","type":"image","subtype":"jpeg","icon":"https:\/\/www.lang-und-heyne.de\/wp-includes\/images\/media\/default.png","width":1000,"height":705,"sizes":{"thumbnail":"https:\/\/www.lang-und-heyne.de\/dateien\/2024\/05\/LH-Kachel-Montage-Assambly-150x150.jpg","thumbnail-width":150,"thumbnail-height":150,"medium":"https:\/\/www.lang-und-heyne.de\/dateien\/2024\/05\/LH-Kachel-Montage-Assambly-300x212.jpg","medium-width":300,"medium-height":212,"medium_large":"https:\/\/www.lang-und-heyne.de\/dateien\/2024\/05\/LH-Kachel-Montage-Assambly-768x541.jpg","medium_large-width":768,"medium_large-height":541,"large":"https:\/\/www.lang-und-heyne.de\/dateien\/2024\/05\/LH-Kachel-Montage-Assambly.jpg","large-width":1000,"large-height":705,"1536x1536":"https:\/\/www.lang-und-heyne.de\/dateien\/2024\/05\/LH-Kachel-Montage-Assambly.jpg","1536x1536-width":1000,"1536x1536-height":705,"2048x2048":"https:\/\/www.lang-und-heyne.de\/dateien\/2024\/05\/LH-Kachel-Montage-Assambly.jpg","2048x2048-width":1000,"2048x2048-height":705,"post-thumbnail":"https:\/\/www.lang-und-heyne.de\/dateien\/2024\/05\/LH-Kachel-Montage-Assambly-150x150.jpg","post-thumbnail-width":150,"post-thumbnail-height":150,"wide":"https:\/\/www.lang-und-heyne.de\/dateien\/2024\/05\/LH-Kachel-Montage-Assambly.jpg","wide-width":1000,"wide-height":705}},"sub":"","text":"Tras el pulido final, el casquillo de la manecilla se presiona con precisi\u00f3n y, si es necesario, se ajusta con un escariador para garantizar un ajuste perfecto en el movimiento. La punta de la manecilla se dobla a mano para que casi toque la esfera, un detalle que combina armoniosamente funcionalidad y est\u00e9tica. ","link":"Montaje Del Reloj","target":"https:\/\/www.lang-und-heyne.de\/es\/artesania\/montaje\/","zusatzbild":false,"bild2":false,"ausrichtung":false,"sub2":""},{"acf_fc_layout":"breitbild_-video","bild_oder_video":false,"bild":false,"video":{"ID":7764,"id":7764,"title":"LH_Sub_ZeigerKeramik","filename":"LH_Sub_ZeigerKeramik.mp4","filesize":546674,"url":"https:\/\/www.lang-und-heyne.de\/dateien\/2024\/12\/LH_Sub_ZeigerKeramik.mp4","link":"https:\/\/www.lang-und-heyne.de\/es\/artesania\/produccion-de-punteros\/lh_sub_zeigerkeramik-2\/","alt":"","author":"5","description":"","caption":"","name":"lh_sub_zeigerkeramik-2","status":"inherit","uploaded_to":7761,"date":"2024-12-12 13:39:21","modified":"2024-12-12 13:39:21","menu_order":0,"mime_type":"video\/mp4","type":"video","subtype":"mp4","icon":"https:\/\/www.lang-und-heyne.de\/wp-includes\/images\/media\/video.png","width":960,"height":400}},{"acf_fc_layout":"textbild","header":"Manos Hyceram: Progreso Y Tradici\u00f3n Combinados","anchor":true,"order":false,"bigtext":false,"bild":{"ID":7372,"id":7372,"title":"LH_Akzente_Zeiger_2","filename":"LH_Akzente_Zeiger_2.jpg","filesize":81093,"url":"https:\/\/www.lang-und-heyne.de\/dateien\/2023\/05\/LH_Akzente_Zeiger_2.jpg","link":"https:\/\/www.lang-und-heyne.de\/es\/acentos\/lh_akzente_zeiger_2-2\/","alt":"","author":"2","description":"","caption":"","name":"lh_akzente_zeiger_2-2","status":"inherit","uploaded_to":7346,"date":"2023-05-23 13:11:51","modified":"2023-05-23 13:11:51","menu_order":0,"mime_type":"image\/jpeg","type":"image","subtype":"jpeg","icon":"https:\/\/www.lang-und-heyne.de\/wp-includes\/images\/media\/default.png","width":1000,"height":705,"sizes":{"thumbnail":"https:\/\/www.lang-und-heyne.de\/dateien\/2023\/05\/LH_Akzente_Zeiger_2-150x150.jpg","thumbnail-width":150,"thumbnail-height":150,"medium":"https:\/\/www.lang-und-heyne.de\/dateien\/2023\/05\/LH_Akzente_Zeiger_2-300x212.jpg","medium-width":300,"medium-height":212,"medium_large":"https:\/\/www.lang-und-heyne.de\/dateien\/2023\/05\/LH_Akzente_Zeiger_2-768x541.jpg","medium_large-width":768,"medium_large-height":541,"large":"https:\/\/www.lang-und-heyne.de\/dateien\/2023\/05\/LH_Akzente_Zeiger_2.jpg","large-width":1000,"large-height":705,"1536x1536":"https:\/\/www.lang-und-heyne.de\/dateien\/2023\/05\/LH_Akzente_Zeiger_2.jpg","1536x1536-width":1000,"1536x1536-height":705,"2048x2048":"https:\/\/www.lang-und-heyne.de\/dateien\/2023\/05\/LH_Akzente_Zeiger_2.jpg","2048x2048-width":1000,"2048x2048-height":705,"post-thumbnail":"https:\/\/www.lang-und-heyne.de\/dateien\/2023\/05\/LH_Akzente_Zeiger_2-150x150.jpg","post-thumbnail-width":150,"post-thumbnail-height":150,"wide":"https:\/\/www.lang-und-heyne.de\/dateien\/2023\/05\/LH_Akzente_Zeiger_2.jpg","wide-width":1000,"wide-height":705}},"sub":"","text":"Hemos desarrollado una soluci\u00f3n innovadora para relojes con esferas oscuras: Manecillas con relleno de HyCeram. Este material cer\u00e1mico altamente desarrollado ofrece una legibilidad \u00f3ptima y un impresionante valor est\u00e9tico a\u00f1adido.<br \/>\nNuestra producci\u00f3n de HyCeram en detalle <br \/>\n<br \/>\n<strong>Elecci\u00f3n del material<\/strong>: HyCeram impresiona por su alta reflexi\u00f3n de la luz y su excelente durabilidad.<br \/>\n<strong>Inserci\u00f3n y cocci\u00f3n<\/strong>: El material cer\u00e1mico se inserta y se cuece a unos 120 \u00b0C para garantizar una estructura uniforme y sin burbujas.<br \/>\n<strong>Pulido plano<\/strong>: Tras la cocci\u00f3n, la superficie se refina y se pule hasta obtener un alto brillo para conseguir un acabado perfecto.<br \/>\n<strong>Variantes de dise\u00f1o<\/strong>: Las manecillas de lanceta m\u00e1s anchas y las llamativas manecillas de pica proporcionan espacio para el relleno cer\u00e1mico y combinan un dise\u00f1o moderno con una est\u00e9tica atemporal.","link":"","target":"","zusatzbild":false,"bild2":false,"ausrichtung":false,"sub2":""},{"acf_fc_layout":"textbild","header":"Manos Luis XV Grabadas a Mano","anchor":true,"order":true,"bigtext":false,"bild":{"ID":7564,"id":7564,"title":"LH_Gravieren","filename":"LH_Gravieren.jpg","filesize":260979,"url":"https:\/\/www.lang-und-heyne.de\/dateien\/2023\/04\/LH_Gravieren.jpg","link":"https:\/\/www.lang-und-heyne.de\/es\/artesania\/lh_gravieren-2\/","alt":"","author":"2","description":"","caption":"","name":"lh_gravieren-2","status":"inherit","uploaded_to":7552,"date":"2023-04-21 13:36:43","modified":"2023-04-21 13:36:43","menu_order":0,"mime_type":"image\/jpeg","type":"image","subtype":"jpeg","icon":"https:\/\/www.lang-und-heyne.de\/wp-includes\/images\/media\/default.png","width":1000,"height":705,"sizes":{"thumbnail":"https:\/\/www.lang-und-heyne.de\/dateien\/2023\/04\/LH_Gravieren-150x150.jpg","thumbnail-width":150,"thumbnail-height":150,"medium":"https:\/\/www.lang-und-heyne.de\/dateien\/2023\/04\/LH_Gravieren-300x212.jpg","medium-width":300,"medium-height":212,"medium_large":"https:\/\/www.lang-und-heyne.de\/dateien\/2023\/04\/LH_Gravieren-768x541.jpg","medium_large-width":768,"medium_large-height":541,"large":"https:\/\/www.lang-und-heyne.de\/dateien\/2023\/04\/LH_Gravieren.jpg","large-width":1000,"large-height":705,"1536x1536":"https:\/\/www.lang-und-heyne.de\/dateien\/2023\/04\/LH_Gravieren.jpg","1536x1536-width":1000,"1536x1536-height":705,"2048x2048":"https:\/\/www.lang-und-heyne.de\/dateien\/2023\/04\/LH_Gravieren.jpg","2048x2048-width":1000,"2048x2048-height":705,"post-thumbnail":"https:\/\/www.lang-und-heyne.de\/dateien\/2023\/04\/LH_Gravieren-150x150.jpg","post-thumbnail-width":150,"post-thumbnail-height":150,"wide":"https:\/\/www.lang-und-heyne.de\/dateien\/2023\/04\/LH_Gravieren.jpg","wide-width":1000,"wide-height":705}},"sub":"","text":"Las agujas Luis XV grabadas a mano representan la cumbre de la artesan\u00eda tradicional y la expresi\u00f3n art\u00edstica. Cada par est\u00e1 decorado con sumo cuidado por nuestros expertos grabadores y se caracteriza por sus intrincados detalles y su elegancia atemporal. Estos opulentos dise\u00f1os confieren a nuestros relojes un toque regio y los convierten en un s\u00edmbolo de lujo y sofisticaci\u00f3n.  <br \/>\n<br \/>\nCombinando dise\u00f1os hist\u00f3ricos con una excepcional atenci\u00f3n al detalle, las agujas Luis XV personifican el compromiso de Lang & Heyne con la preservaci\u00f3n del arte de la alta relojer\u00eda.","link":"","target":"","zusatzbild":false,"bild2":false,"ausrichtung":false,"sub2":""},{"acf_fc_layout":"textbild","header":"Nuestra Variedad de Punteros","anchor":true,"order":true,"bigtext":false,"bild":{"ID":7766,"id":7766,"title":"LH_Zeiger-Variationen","filename":"LH_Zeiger-Variationen.jpg","filesize":163121,"url":"https:\/\/www.lang-und-heyne.de\/dateien\/2024\/12\/LH_Zeiger-Variationen.jpg","link":"https:\/\/www.lang-und-heyne.de\/es\/artesania\/produccion-de-punteros\/lh_zeiger-variationen-2\/","alt":"","author":"5","description":"","caption":"","name":"lh_zeiger-variationen-2","status":"inherit","uploaded_to":7761,"date":"2024-12-12 13:59:44","modified":"2024-12-12 13:59:44","menu_order":0,"mime_type":"image\/jpeg","type":"image","subtype":"jpeg","icon":"https:\/\/www.lang-und-heyne.de\/wp-includes\/images\/media\/default.png","width":1500,"height":960,"sizes":{"thumbnail":"https:\/\/www.lang-und-heyne.de\/dateien\/2024\/12\/LH_Zeiger-Variationen-150x150.jpg","thumbnail-width":150,"thumbnail-height":150,"medium":"https:\/\/www.lang-und-heyne.de\/dateien\/2024\/12\/LH_Zeiger-Variationen-300x192.jpg","medium-width":300,"medium-height":192,"medium_large":"https:\/\/www.lang-und-heyne.de\/dateien\/2024\/12\/LH_Zeiger-Variationen-768x492.jpg","medium_large-width":768,"medium_large-height":492,"large":"https:\/\/www.lang-und-heyne.de\/dateien\/2024\/12\/LH_Zeiger-Variationen-1024x655.jpg","large-width":1024,"large-height":655,"1536x1536":"https:\/\/www.lang-und-heyne.de\/dateien\/2024\/12\/LH_Zeiger-Variationen.jpg","1536x1536-width":1500,"1536x1536-height":960,"2048x2048":"https:\/\/www.lang-und-heyne.de\/dateien\/2024\/12\/LH_Zeiger-Variationen.jpg","2048x2048-width":1500,"2048x2048-height":960,"post-thumbnail":"https:\/\/www.lang-und-heyne.de\/dateien\/2024\/12\/LH_Zeiger-Variationen-150x150.jpg","post-thumbnail-width":150,"post-thumbnail-height":150,"wide":"https:\/\/www.lang-und-heyne.de\/dateien\/2024\/12\/LH_Zeiger-Variationen-1400x896.jpg","wide-width":1400,"wide-height":896}},"sub":"","text":"Lang & Heyne ofrece una impresionante gama de tipos de agujas que hacen que cada reloj sea inconfundible:<br \/>\n<ul><br \/>\n<li><strong>Agujas Luis XV:<\/strong> Opulentas y ricas en detalles, perfectas para relojes de lujo.<\/li><br \/>\n<li><strong>Manos de catedral:<\/strong> inspiradas en la arquitectura g\u00f3tica, para una elegancia atemporal.<\/li><br \/>\n<li><strong>Manecillas en forma de pera:<\/strong> intemporalmente sencillas, disponibles opcionalmente con relleno de HyCeram.<\/li><br \/>\n<li><strong>Puntero de lanceta con HyCeram:<\/strong> legibilidad \u00f3ptima, incluso en esferas oscuras.<\/li> <br \/>\n<li><strong>Manos de lucio con HyCeram:<\/strong> Llamativo y caracterizado por la inspiraci\u00f3n hist\u00f3rica.<\/li> <br \/>\n<\/ul>","link":"","target":"","zusatzbild":false,"bild2":false,"ausrichtung":false,"sub2":""},{"acf_fc_layout":"galerie","galerie":[{"bild":{"ID":8171,"id":8171,"title":"LH_FA1_Louis_Zeiger","filename":"LH_FA1_Louis_Zeiger.jpg","filesize":344240,"url":"https:\/\/www.lang-und-heyne.de\/dateien\/2023\/04\/LH_FA1_Louis_Zeiger.jpg","link":"https:\/\/www.lang-und-heyne.de\/es\/modelle\/federico-augusto-i\/lh_fa1_louis_zeiger-2\/","alt":"","author":"2","description":"","caption":"","name":"lh_fa1_louis_zeiger-2","status":"inherit","uploaded_to":8169,"date":"2023-05-02 08:02:15","modified":"2023-05-02 08:02:15","menu_order":0,"mime_type":"image\/jpeg","type":"image","subtype":"jpeg","icon":"https:\/\/www.lang-und-heyne.de\/wp-includes\/images\/media\/default.png","width":1500,"height":960,"sizes":{"thumbnail":"https:\/\/www.lang-und-heyne.de\/dateien\/2023\/04\/LH_FA1_Louis_Zeiger-150x150.jpg","thumbnail-width":150,"thumbnail-height":150,"medium":"https:\/\/www.lang-und-heyne.de\/dateien\/2023\/04\/LH_FA1_Louis_Zeiger-300x192.jpg","medium-width":300,"medium-height":192,"medium_large":"https:\/\/www.lang-und-heyne.de\/dateien\/2023\/04\/LH_FA1_Louis_Zeiger-768x492.jpg","medium_large-width":768,"medium_large-height":492,"large":"https:\/\/www.lang-und-heyne.de\/dateien\/2023\/04\/LH_FA1_Louis_Zeiger-1024x655.jpg","large-width":1024,"large-height":655,"1536x1536":"https:\/\/www.lang-und-heyne.de\/dateien\/2023\/04\/LH_FA1_Louis_Zeiger.jpg","1536x1536-width":1500,"1536x1536-height":960,"2048x2048":"https:\/\/www.lang-und-heyne.de\/dateien\/2023\/04\/LH_FA1_Louis_Zeiger.jpg","2048x2048-width":1500,"2048x2048-height":960,"post-thumbnail":"https:\/\/www.lang-und-heyne.de\/dateien\/2023\/04\/LH_FA1_Louis_Zeiger-150x150.jpg","post-thumbnail-width":150,"post-thumbnail-height":150,"wide":"https:\/\/www.lang-und-heyne.de\/dateien\/2023\/04\/LH_FA1_Louis_Zeiger-1400x896.jpg","wide-width":1400,"wide-height":896}},"titel":"","beschreibung":"Manos Luis XV grabadas a mano"},{"bild":{"ID":7362,"id":7362,"title":"LH_Akzente_Keramikzeiger","filename":"LH_Akzente_Keramikzeiger.jpg","filesize":602756,"url":"https:\/\/www.lang-und-heyne.de\/dateien\/2023\/04\/LH_Akzente_Keramikzeiger.jpg","link":"https:\/\/www.lang-und-heyne.de\/es\/acentos\/lh_akzente_keramikzeiger-2\/","alt":"","author":"2","description":"","caption":"","name":"lh_akzente_keramikzeiger-2","status":"inherit","uploaded_to":7346,"date":"2023-04-25 13:33:23","modified":"2023-04-25 13:33:23","menu_order":0,"mime_type":"image\/jpeg","type":"image","subtype":"jpeg","icon":"https:\/\/www.lang-und-heyne.de\/wp-includes\/images\/media\/default.png","width":1500,"height":960,"sizes":{"thumbnail":"https:\/\/www.lang-und-heyne.de\/dateien\/2023\/04\/LH_Akzente_Keramikzeiger-150x150.jpg","thumbnail-width":150,"thumbnail-height":150,"medium":"https:\/\/www.lang-und-heyne.de\/dateien\/2023\/04\/LH_Akzente_Keramikzeiger-300x192.jpg","medium-width":300,"medium-height":192,"medium_large":"https:\/\/www.lang-und-heyne.de\/dateien\/2023\/04\/LH_Akzente_Keramikzeiger-768x492.jpg","medium_large-width":768,"medium_large-height":492,"large":"https:\/\/www.lang-und-heyne.de\/dateien\/2023\/04\/LH_Akzente_Keramikzeiger-1024x655.jpg","large-width":1024,"large-height":655,"1536x1536":"https:\/\/www.lang-und-heyne.de\/dateien\/2023\/04\/LH_Akzente_Keramikzeiger.jpg","1536x1536-width":1500,"1536x1536-height":960,"2048x2048":"https:\/\/www.lang-und-heyne.de\/dateien\/2023\/04\/LH_Akzente_Keramikzeiger.jpg","2048x2048-width":1500,"2048x2048-height":960,"post-thumbnail":"https:\/\/www.lang-und-heyne.de\/dateien\/2023\/04\/LH_Akzente_Keramikzeiger-150x150.jpg","post-thumbnail-width":150,"post-thumbnail-height":150,"wide":"https:\/\/www.lang-und-heyne.de\/dateien\/2023\/04\/LH_Akzente_Keramikzeiger-1400x896.jpg","wide-width":1400,"wide-height":896}},"titel":"","beschreibung":"Puntero de acero con relleno de HyCeram"},{"bild":{"ID":7373,"id":7373,"title":"LH_Akzente_Birnenzeiger","filename":"LH_Akzente_Birnenzeiger.jpg","filesize":362012,"url":"https:\/\/www.lang-und-heyne.de\/dateien\/2023\/05\/LH_Akzente_Birnenzeiger.jpg","link":"https:\/\/www.lang-und-heyne.de\/es\/acentos\/lh_akzente_birnenzeiger-2\/","alt":"","author":"2","description":"","caption":"","name":"lh_akzente_birnenzeiger-2","status":"inherit","uploaded_to":7346,"date":"2023-05-26 13:49:45","modified":"2023-05-26 13:49:45","menu_order":0,"mime_type":"image\/jpeg","type":"image","subtype":"jpeg","icon":"https:\/\/www.lang-und-heyne.de\/wp-includes\/images\/media\/default.png","width":1500,"height":960,"sizes":{"thumbnail":"https:\/\/www.lang-und-heyne.de\/dateien\/2023\/05\/LH_Akzente_Birnenzeiger-150x150.jpg","thumbnail-width":150,"thumbnail-height":150,"medium":"https:\/\/www.lang-und-heyne.de\/dateien\/2023\/05\/LH_Akzente_Birnenzeiger-300x192.jpg","medium-width":300,"medium-height":192,"medium_large":"https:\/\/www.lang-und-heyne.de\/dateien\/2023\/05\/LH_Akzente_Birnenzeiger-768x492.jpg","medium_large-width":768,"medium_large-height":492,"large":"https:\/\/www.lang-und-heyne.de\/dateien\/2023\/05\/LH_Akzente_Birnenzeiger-1024x655.jpg","large-width":1024,"large-height":655,"1536x1536":"https:\/\/www.lang-und-heyne.de\/dateien\/2023\/05\/LH_Akzente_Birnenzeiger.jpg","1536x1536-width":1500,"1536x1536-height":960,"2048x2048":"https:\/\/www.lang-und-heyne.de\/dateien\/2023\/05\/LH_Akzente_Birnenzeiger.jpg","2048x2048-width":1500,"2048x2048-height":960,"post-thumbnail":"https:\/\/www.lang-und-heyne.de\/dateien\/2023\/05\/LH_Akzente_Birnenzeiger-150x150.jpg","post-thumbnail-width":150,"post-thumbnail-height":150,"wide":"https:\/\/www.lang-und-heyne.de\/dateien\/2023\/05\/LH_Akzente_Birnenzeiger-1400x896.jpg","wide-width":1400,"wide-height":896}},"titel":"","beschreibung":"Manecillas de pera abombadas en oro rosa"},{"bild":{"ID":7374,"id":7374,"title":"LH_Akzente_Kathedralzeiger-blau","filename":"LH_Akzente_Kathedralzeiger-blau.jpg","filesize":533600,"url":"https:\/\/www.lang-und-heyne.de\/dateien\/2023\/05\/LH_Akzente_Kathedralzeiger-blau.jpg","link":"https:\/\/www.lang-und-heyne.de\/es\/acentos\/lh_akzente_kathedralzeiger-blau-2\/","alt":"","author":"2","description":"","caption":"","name":"lh_akzente_kathedralzeiger-blau-2","status":"inherit","uploaded_to":7346,"date":"2023-05-26 13:54:44","modified":"2023-05-26 13:54:44","menu_order":0,"mime_type":"image\/jpeg","type":"image","subtype":"jpeg","icon":"https:\/\/www.lang-und-heyne.de\/wp-includes\/images\/media\/default.png","width":1500,"height":960,"sizes":{"thumbnail":"https:\/\/www.lang-und-heyne.de\/dateien\/2023\/05\/LH_Akzente_Kathedralzeiger-blau-150x150.jpg","thumbnail-width":150,"thumbnail-height":150,"medium":"https:\/\/www.lang-und-heyne.de\/dateien\/2023\/05\/LH_Akzente_Kathedralzeiger-blau-300x192.jpg","medium-width":300,"medium-height":192,"medium_large":"https:\/\/www.lang-und-heyne.de\/dateien\/2023\/05\/LH_Akzente_Kathedralzeiger-blau-768x492.jpg","medium_large-width":768,"medium_large-height":492,"large":"https:\/\/www.lang-und-heyne.de\/dateien\/2023\/05\/LH_Akzente_Kathedralzeiger-blau-1024x655.jpg","large-width":1024,"large-height":655,"1536x1536":"https:\/\/www.lang-und-heyne.de\/dateien\/2023\/05\/LH_Akzente_Kathedralzeiger-blau.jpg","1536x1536-width":1500,"1536x1536-height":960,"2048x2048":"https:\/\/www.lang-und-heyne.de\/dateien\/2023\/05\/LH_Akzente_Kathedralzeiger-blau.jpg","2048x2048-width":1500,"2048x2048-height":960,"post-thumbnail":"https:\/\/www.lang-und-heyne.de\/dateien\/2023\/05\/LH_Akzente_Kathedralzeiger-blau-150x150.jpg","post-thumbnail-width":150,"post-thumbnail-height":150,"wide":"https:\/\/www.lang-und-heyne.de\/dateien\/2023\/05\/LH_Akzente_Kathedralzeiger-blau-1400x896.jpg","wide-width":1400,"wide-height":896}},"titel":"","beschreibung":"Manecillas catedral pavonadas"},{"bild":{"ID":7376,"id":7376,"title":"LH_Detail_Zeiger","filename":"LH_Detail_Zeiger.jpg","filesize":254884,"url":"https:\/\/www.lang-und-heyne.de\/dateien\/2023\/05\/LH_Detail_Zeiger.jpg","link":"https:\/\/www.lang-und-heyne.de\/es\/acentos\/lh_detail_zeiger-2\/","alt":"","author":"2","description":"","caption":"","name":"lh_detail_zeiger-2","status":"inherit","uploaded_to":7346,"date":"2023-05-30 09:56:52","modified":"2023-05-30 09:56:52","menu_order":0,"mime_type":"image\/jpeg","type":"image","subtype":"jpeg","icon":"https:\/\/www.lang-und-heyne.de\/wp-includes\/images\/media\/default.png","width":1500,"height":960,"sizes":{"thumbnail":"https:\/\/www.lang-und-heyne.de\/dateien\/2023\/05\/LH_Detail_Zeiger-150x150.jpg","thumbnail-width":150,"thumbnail-height":150,"medium":"https:\/\/www.lang-und-heyne.de\/dateien\/2023\/05\/LH_Detail_Zeiger-300x192.jpg","medium-width":300,"medium-height":192,"medium_large":"https:\/\/www.lang-und-heyne.de\/dateien\/2023\/05\/LH_Detail_Zeiger-768x492.jpg","medium_large-width":768,"medium_large-height":492,"large":"https:\/\/www.lang-und-heyne.de\/dateien\/2023\/05\/LH_Detail_Zeiger-1024x655.jpg","large-width":1024,"large-height":655,"1536x1536":"https:\/\/www.lang-und-heyne.de\/dateien\/2023\/05\/LH_Detail_Zeiger.jpg","1536x1536-width":1500,"1536x1536-height":960,"2048x2048":"https:\/\/www.lang-und-heyne.de\/dateien\/2023\/05\/LH_Detail_Zeiger.jpg","2048x2048-width":1500,"2048x2048-height":960,"post-thumbnail":"https:\/\/www.lang-und-heyne.de\/dateien\/2023\/05\/LH_Detail_Zeiger-150x150.jpg","post-thumbnail-width":150,"post-thumbnail-height":150,"wide":"https:\/\/www.lang-und-heyne.de\/dateien\/2023\/05\/LH_Detail_Zeiger-1400x896.jpg","wide-width":1400,"wide-height":896}},"titel":"","beschreibung":"Agujas elegantes de acero inoxidable pavonado"}],"smallwidth":false},{"acf_fc_layout":"text","text":"<h2>Qu\u00e9 hace que nuestras manos sean especiales<\/h2>\n<p>Cada una de nuestras agujas cuenta una historia de dedicaci\u00f3n, precisi\u00f3n y artesan\u00eda excepcional. No s\u00f3lo son elementos esenciales de nuestros relojes, sino tambi\u00e9n un s\u00edmbolo de la filosof\u00eda de Lang &#038; Heyne: la perfecta armon\u00eda entre tradici\u00f3n e innovaci\u00f3n.<br \/>\nExperimenta el arte de la producci\u00f3n manual: una pieza central de nuestra fabricaci\u00f3n que refleja el alma de cada reloj Lang &#038; Heyne. <\/p>\n"},{"acf_fc_layout":"threeblocks","block":[{"header":"Refinamiento Magistral","bild":{"ID":7581,"id":7581,"title":"LH_Kachel_Detail_Finish-Kloben","filename":"LH_Kachel_Detail_Finish-Kloben.jpg","filesize":297469,"url":"https:\/\/www.lang-und-heyne.de\/dateien\/2023\/10\/LH_Kachel_Detail_Finish-Kloben.jpg","link":"https:\/\/www.lang-und-heyne.de\/es\/artesania\/lh_kachel_detail_finish-kloben-2\/","alt":"","author":"5","description":"","caption":"","name":"lh_kachel_detail_finish-kloben-2","status":"inherit","uploaded_to":7552,"date":"2023-10-20 07:03:49","modified":"2023-10-20 07:03:49","menu_order":0,"mime_type":"image\/jpeg","type":"image","subtype":"jpeg","icon":"https:\/\/www.lang-und-heyne.de\/wp-includes\/images\/media\/default.png","width":1000,"height":640,"sizes":{"thumbnail":"https:\/\/www.lang-und-heyne.de\/dateien\/2023\/10\/LH_Kachel_Detail_Finish-Kloben-150x150.jpg","thumbnail-width":150,"thumbnail-height":150,"medium":"https:\/\/www.lang-und-heyne.de\/dateien\/2023\/10\/LH_Kachel_Detail_Finish-Kloben-300x192.jpg","medium-width":300,"medium-height":192,"medium_large":"https:\/\/www.lang-und-heyne.de\/dateien\/2023\/10\/LH_Kachel_Detail_Finish-Kloben-768x492.jpg","medium_large-width":768,"medium_large-height":492,"large":"https:\/\/www.lang-und-heyne.de\/dateien\/2023\/10\/LH_Kachel_Detail_Finish-Kloben.jpg","large-width":1000,"large-height":640,"1536x1536":"https:\/\/www.lang-und-heyne.de\/dateien\/2023\/10\/LH_Kachel_Detail_Finish-Kloben.jpg","1536x1536-width":1000,"1536x1536-height":640,"2048x2048":"https:\/\/www.lang-und-heyne.de\/dateien\/2023\/10\/LH_Kachel_Detail_Finish-Kloben.jpg","2048x2048-width":1000,"2048x2048-height":640,"post-thumbnail":"https:\/\/www.lang-und-heyne.de\/dateien\/2023\/10\/LH_Kachel_Detail_Finish-Kloben-150x150.jpg","post-thumbnail-width":150,"post-thumbnail-height":150,"wide":"https:\/\/www.lang-und-heyne.de\/dateien\/2023\/10\/LH_Kachel_Detail_Finish-Kloben.jpg","wide-width":1000,"wide-height":640}},"link":"https:\/\/www.lang-und-heyne.de\/es\/artesania\/refinamiento-magistral\/","beschriftung":"Descubre otros procesos para la preparaci\u00f3n est\u00e9tica y funcional de componentes"},{"header":"Pon Acentos","bild":{"ID":7354,"id":7354,"title":"LH_Akzente_Krone","filename":"LH_Akzente_Krone.jpg","filesize":464487,"url":"https:\/\/www.lang-und-heyne.de\/dateien\/2023\/04\/LH_Akzente_Krone.jpg","link":"https:\/\/www.lang-und-heyne.de\/es\/acentos\/lh_akzente_krone-2\/","alt":"","author":"2","description":"","caption":"","name":"lh_akzente_krone-2","status":"inherit","uploaded_to":7346,"date":"2023-04-24 13:36:09","modified":"2023-04-24 13:36:09","menu_order":0,"mime_type":"image\/jpeg","type":"image","subtype":"jpeg","icon":"https:\/\/www.lang-und-heyne.de\/wp-includes\/images\/media\/default.png","width":1500,"height":960,"sizes":{"thumbnail":"https:\/\/www.lang-und-heyne.de\/dateien\/2023\/04\/LH_Akzente_Krone-150x150.jpg","thumbnail-width":150,"thumbnail-height":150,"medium":"https:\/\/www.lang-und-heyne.de\/dateien\/2023\/04\/LH_Akzente_Krone-300x192.jpg","medium-width":300,"medium-height":192,"medium_large":"https:\/\/www.lang-und-heyne.de\/dateien\/2023\/04\/LH_Akzente_Krone-768x492.jpg","medium_large-width":768,"medium_large-height":492,"large":"https:\/\/www.lang-und-heyne.de\/dateien\/2023\/04\/LH_Akzente_Krone-1024x655.jpg","large-width":1024,"large-height":655,"1536x1536":"https:\/\/www.lang-und-heyne.de\/dateien\/2023\/04\/LH_Akzente_Krone.jpg","1536x1536-width":1500,"1536x1536-height":960,"2048x2048":"https:\/\/www.lang-und-heyne.de\/dateien\/2023\/04\/LH_Akzente_Krone.jpg","2048x2048-width":1500,"2048x2048-height":960,"post-thumbnail":"https:\/\/www.lang-und-heyne.de\/dateien\/2023\/04\/LH_Akzente_Krone-150x150.jpg","post-thumbnail-width":150,"post-thumbnail-height":150,"wide":"https:\/\/www.lang-und-heyne.de\/dateien\/2023\/04\/LH_Akzente_Krone-1400x896.jpg","wide-width":1400,"wide-height":896}},"link":"https:\/\/www.lang-und-heyne.de\/es\/acentos\/","beschriftung":"Dise\u00f1a una pieza \u00fanica"},{"header":"Montaje Del Reloj","bild":{"ID":7576,"id":7576,"title":"LH_Kachel_Georg-Montage","filename":"LH_Kachel_Georg-Montage.jpg","filesize":386946,"url":"https:\/\/www.lang-und-heyne.de\/dateien\/2023\/08\/LH_Kachel_Georg-Montage.jpg","link":"https:\/\/www.lang-und-heyne.de\/es\/artesania\/lh_kachel_georg-montage-2-2\/","alt":"","author":"5","description":"","caption":"","name":"lh_kachel_georg-montage-2-2","status":"inherit","uploaded_to":7552,"date":"2023-08-24 06:58:15","modified":"2023-08-24 06:58:15","menu_order":0,"mime_type":"image\/jpeg","type":"image","subtype":"jpeg","icon":"https:\/\/www.lang-und-heyne.de\/wp-includes\/images\/media\/default.png","width":1000,"height":640,"sizes":{"thumbnail":"https:\/\/www.lang-und-heyne.de\/dateien\/2023\/08\/LH_Kachel_Georg-Montage-150x150.jpg","thumbnail-width":150,"thumbnail-height":150,"medium":"https:\/\/www.lang-und-heyne.de\/dateien\/2023\/08\/LH_Kachel_Georg-Montage-300x192.jpg","medium-width":300,"medium-height":192,"medium_large":"https:\/\/www.lang-und-heyne.de\/dateien\/2023\/08\/LH_Kachel_Georg-Montage-768x492.jpg","medium_large-width":768,"medium_large-height":492,"large":"https:\/\/www.lang-und-heyne.de\/dateien\/2023\/08\/LH_Kachel_Georg-Montage.jpg","large-width":1000,"large-height":640,"1536x1536":"https:\/\/www.lang-und-heyne.de\/dateien\/2023\/08\/LH_Kachel_Georg-Montage.jpg","1536x1536-width":1000,"1536x1536-height":640,"2048x2048":"https:\/\/www.lang-und-heyne.de\/dateien\/2023\/08\/LH_Kachel_Georg-Montage.jpg","2048x2048-width":1000,"2048x2048-height":640,"post-thumbnail":"https:\/\/www.lang-und-heyne.de\/dateien\/2023\/08\/LH_Kachel_Georg-Montage-150x150.jpg","post-thumbnail-width":150,"post-thumbnail-height":150,"wide":"https:\/\/www.lang-und-heyne.de\/dateien\/2023\/08\/LH_Kachel_Georg-Montage.jpg","wide-width":1000,"wide-height":640}},"link":"https:\/\/www.lang-und-heyne.de\/es\/artesania\/montaje\/","beschriftung":"Precisi\u00f3n y pasi\u00f3n en armon\u00eda"}]}],"slide":[{"bild__video":false,"bild":false,"video":{"ID":7767,"id":7767,"title":"LH_Opener_Zeiger","filename":"LH_Opener_Zeiger.mp4","filesize":8424799,"url":"https:\/\/www.lang-und-heyne.de\/dateien\/2024\/12\/LH_Opener_Zeiger.mp4","link":"https:\/\/www.lang-und-heyne.de\/es\/artesania\/produccion-de-punteros\/lh_opener_zeiger-2\/","alt":"","author":"5","description":"","caption":"","name":"lh_opener_zeiger-2","status":"inherit","uploaded_to":7761,"date":"2024-12-12 14:57:11","modified":"2024-12-12 14:57:11","menu_order":0,"mime_type":"video\/mp4","type":"video","subtype":"mp4","icon":"https:\/\/www.lang-und-heyne.de\/wp-includes\/images\/media\/video.png","width":1920,"height":1080},"texte":{"text":"El arte de la producci\u00f3n manual","subline":""}}]},"wpml_current_locale":"es_ES","wpml_translations":{"en_US":{"locale":"en_US","id":6852,"slug":"watch-hand-crafting","post_title":"Watch Hands","href":"https:\/\/www.lang-und-heyne.de\/en\/craftsmanship\/watch-hand-crafting\/"},"de_DE":{"locale":"de_DE","id":6812,"slug":"zeigerfertigung","post_title":"Zeigerfertigung","href":"https:\/\/www.lang-und-heyne.de\/handwerk\/zeigerfertigung\/"},"fr_FR":{"locale":"fr_FR","id":7753,"slug":"fabrication-daiguilles","post_title":"Fabrication d'aiguilles","href":"https:\/\/www.lang-und-heyne.de\/fr\/artisanat\/fabrication-daiguilles\/"},"ja":{"locale":"ja","id":7760,"slug":"%e3%83%9d%e3%82%a4%e3%83%b3%e3%82%bf%e3%83%bc%e7%94%9f%e7%94%a3","post_title":"\u30dd\u30a4\u30f3\u30bf\u30fc\u751f\u7523","href":"https:\/\/www.lang-und-heyne.de\/ja\/craftsmanship\/%e3%83%9d%e3%82%a4%e3%83%b3%e3%82%bf%e3%83%bc%e7%94%9f%e7%94%a3\/"}},"_links":{"self":[{"href":"https:\/\/www.lang-und-heyne.de\/es\/wp-json\/wp\/v2\/pages\/7761","targetHints":{"allow":["GET"]}}],"collection":[{"href":"https:\/\/www.lang-und-heyne.de\/es\/wp-json\/wp\/v2\/pages"}],"about":[{"href":"https:\/\/www.lang-und-heyne.de\/es\/wp-json\/wp\/v2\/types\/page"}],"author":[{"embeddable":true,"href":"https:\/\/www.lang-und-heyne.de\/es\/wp-json\/wp\/v2\/users\/5"}],"replies":[{"embeddable":true,"href":"https:\/\/www.lang-und-heyne.de\/es\/wp-json\/wp\/v2\/comments?post=7761"}],"version-history":[{"count":0,"href":"https:\/\/www.lang-und-heyne.de\/es\/wp-json\/wp\/v2\/pages\/7761\/revisions"}],"up":[{"embeddable":true,"href":"https:\/\/www.lang-und-heyne.de\/es\/wp-json\/wp\/v2\/pages\/7552"}],"wp:featuredmedia":[{"embeddable":true,"href":"https:\/\/www.lang-und-heyne.de\/es\/wp-json\/wp\/v2\/media\/7763"}],"wp:attachment":[{"href":"https:\/\/www.lang-und-heyne.de\/es\/wp-json\/wp\/v2\/media?parent=7761"}],"curies":[{"name":"wp","href":"https:\/\/api.w.org\/{rel}","templated":true}]}}