{"id":7810,"date":"2023-01-12T14:04:34","date_gmt":"2023-01-12T13:04:34","guid":{"rendered":"https:\/\/www.lang-und-heyne.de\/fabrica\/"},"modified":"2023-01-12T14:04:34","modified_gmt":"2023-01-12T13:04:34","slug":"fabrica","status":"publish","type":"page","link":"https:\/\/www.lang-und-heyne.de\/es\/fabrica\/","title":{"rendered":"F\u00e1brica"},"content":{"rendered":"","protected":false},"excerpt":{"rendered":"","protected":false},"author":1,"featured_media":0,"parent":0,"menu_order":164,"comment_status":"closed","ping_status":"closed","template":"","meta":{"_acf_changed":false,"footnotes":""},"class_list":["post-7810","page","type-page","status-publish","hentry"],"acf":{"start":[{"acf_fc_layout":"textbild","header":"Retrato de Empresa","anchor":true,"order":false,"bigtext":false,"bild":{"ID":4548,"id":4548,"title":"LH_Manufaktur_Anbau","filename":"LH_Manufaktur_Anbau.jpg","filesize":308860,"url":"https:\/\/www.lang-und-heyne.de\/dateien\/2023\/07\/LH_Manufaktur_Anbau.jpg","link":"https:\/\/www.lang-und-heyne.de\/es\/karriere\/lh_manufaktur_anbau\/","alt":"","author":"2","description":"","caption":"","name":"lh_manufaktur_anbau","status":"inherit","uploaded_to":2573,"date":"2023-07-10 08:59:21","modified":"2023-08-30 08:10:48","menu_order":0,"mime_type":"image\/jpeg","type":"image","subtype":"jpeg","icon":"https:\/\/www.lang-und-heyne.de\/wp-includes\/images\/media\/default.png","width":1000,"height":640,"sizes":{"thumbnail":"https:\/\/www.lang-und-heyne.de\/dateien\/2023\/07\/LH_Manufaktur_Anbau-150x150.jpg","thumbnail-width":150,"thumbnail-height":150,"medium":"https:\/\/www.lang-und-heyne.de\/dateien\/2023\/07\/LH_Manufaktur_Anbau-300x192.jpg","medium-width":300,"medium-height":192,"medium_large":"https:\/\/www.lang-und-heyne.de\/dateien\/2023\/07\/LH_Manufaktur_Anbau-768x492.jpg","medium_large-width":768,"medium_large-height":492,"large":"https:\/\/www.lang-und-heyne.de\/dateien\/2023\/07\/LH_Manufaktur_Anbau.jpg","large-width":1000,"large-height":640,"1536x1536":"https:\/\/www.lang-und-heyne.de\/dateien\/2023\/07\/LH_Manufaktur_Anbau.jpg","1536x1536-width":1000,"1536x1536-height":640,"2048x2048":"https:\/\/www.lang-und-heyne.de\/dateien\/2023\/07\/LH_Manufaktur_Anbau.jpg","2048x2048-width":1000,"2048x2048-height":640,"post-thumbnail":"https:\/\/www.lang-und-heyne.de\/dateien\/2023\/07\/LH_Manufaktur_Anbau-150x150.jpg","post-thumbnail-width":150,"post-thumbnail-height":150,"wide":"https:\/\/www.lang-und-heyne.de\/dateien\/2023\/07\/LH_Manufaktur_Anbau.jpg","wide-width":1000,"wide-height":640}},"sub":"","text":"Desde 2001, somos sin\u00f3nimo de relojes personalizados y \u00fanicos en nuestra sede de Dresde. Nuestra colecci\u00f3n se caracteriza por unas esferas claras y una legibilidad inconfundible. Cada movimiento es realizado por relojeros experimentados en nuestra manufactura. Nuestros colegas ponen alma y coraz\u00f3n en cada detalle para crear una belleza atemporal.   <br \/>\n<br \/>\nNuestros relojes no son s\u00f3lo relojes, son recuerdos. Cualquiera que nos visite llega a conocer a nuestro equipo y puede compartir su trabajo. Con un reloj \"Lang & Heyne\", no s\u00f3lo te llevas a casa una pieza de artesan\u00eda, sino tambi\u00e9n la alegr\u00eda y el entusiasmo que hay detr\u00e1s de cada creaci\u00f3n.  <br \/>\n<br \/>\nAl igual que en un concierto inolvidable en el que vives de cerca al virtuoso, siempre descubrir\u00e1s nuevos detalles fascinantes en nuestros relojes que los convierten en algo muy especial. Nuestros relojes son sin\u00f3nimo de autenticidad y combinaci\u00f3n de est\u00e9tica y funcionalidad. ","link":"","target":"","zusatzbild":false,"bild2":false,"ausrichtung":false,"sub2":""},{"acf_fc_layout":"textbild","header":"Equipo","anchor":true,"order":true,"bigtext":false,"bild":{"ID":4569,"id":4569,"title":"LH_Team","filename":"LH_Team.jpg","filesize":732433,"url":"https:\/\/www.lang-und-heyne.de\/dateien\/2023\/07\/LH_Team.jpg","link":"https:\/\/www.lang-und-heyne.de\/es\/karriere\/lh_team\/","alt":"","author":"2","description":"","caption":"","name":"lh_team","status":"inherit","uploaded_to":2573,"date":"2023-07-10 10:23:45","modified":"2023-08-30 08:13:47","menu_order":0,"mime_type":"image\/jpeg","type":"image","subtype":"jpeg","icon":"https:\/\/www.lang-und-heyne.de\/wp-includes\/images\/media\/default.png","width":1000,"height":640,"sizes":{"thumbnail":"https:\/\/www.lang-und-heyne.de\/dateien\/2023\/07\/LH_Team-150x150.jpg","thumbnail-width":150,"thumbnail-height":150,"medium":"https:\/\/www.lang-und-heyne.de\/dateien\/2023\/07\/LH_Team-300x192.jpg","medium-width":300,"medium-height":192,"medium_large":"https:\/\/www.lang-und-heyne.de\/dateien\/2023\/07\/LH_Team-768x492.jpg","medium_large-width":768,"medium_large-height":492,"large":"https:\/\/www.lang-und-heyne.de\/dateien\/2023\/07\/LH_Team.jpg","large-width":1000,"large-height":640,"1536x1536":"https:\/\/www.lang-und-heyne.de\/dateien\/2023\/07\/LH_Team.jpg","1536x1536-width":1000,"1536x1536-height":640,"2048x2048":"https:\/\/www.lang-und-heyne.de\/dateien\/2023\/07\/LH_Team.jpg","2048x2048-width":1000,"2048x2048-height":640,"post-thumbnail":"https:\/\/www.lang-und-heyne.de\/dateien\/2023\/07\/LH_Team-150x150.jpg","post-thumbnail-width":150,"post-thumbnail-height":150,"wide":"https:\/\/www.lang-und-heyne.de\/dateien\/2023\/07\/LH_Team.jpg","wide-width":1000,"wide-height":640}},"sub":"","text":"En nuestra manufactura, todos somos artistas en nuestro campo, y el verdadero arte se crea mediante la combinaci\u00f3n perfecta de nuestras habilidades y visiones individuales. Cada detalle se elabora cuidadosamente para que nuestros relojes sean portadores de nuestra pasi\u00f3n compartida.   <br \/>\n<br \/>\nDamos una calurosa bienvenida a los nuevos talentos y nos alegramos de que nos inspiren nuevas ideas, al tiempo que transmitimos nuestros muchos a\u00f1os de experiencia. Esto crea una din\u00e1mica \u00fanica que inspira y da lugar a creaciones extraordinarias. Para nosotros es especialmente importante que nuestros valores y filosof\u00eda permanezcan siempre vivos y gu\u00eden nuestro proceso creativo.  ","link":"Vacantes en Lang & Heyne","target":"https:\/\/www.lang-und-heyne.de\/karriere\/","zusatzbild":false,"bild2":false,"ausrichtung":false,"sub2":""},{"acf_fc_layout":"testimonial","bild_links":{"ID":7822,"id":7822,"title":"LH_Manufaktur_Werkzeuge","filename":"LH_Manufaktur_Werkzeuge.jpg","filesize":196411,"url":"https:\/\/www.lang-und-heyne.de\/dateien\/2023\/04\/LH_Manufaktur_Werkzeuge.jpg","link":"https:\/\/www.lang-und-heyne.de\/es\/fabrica\/lh_manufaktur_werkzeuge-2\/","alt":"","author":"2","description":"","caption":"","name":"lh_manufaktur_werkzeuge-2","status":"inherit","uploaded_to":7810,"date":"2023-04-21 12:03:59","modified":"2023-04-21 12:03:59","menu_order":0,"mime_type":"image\/jpeg","type":"image","subtype":"jpeg","icon":"https:\/\/www.lang-und-heyne.de\/wp-includes\/images\/media\/default.png","width":860,"height":1000,"sizes":{"thumbnail":"https:\/\/www.lang-und-heyne.de\/dateien\/2023\/04\/LH_Manufaktur_Werkzeuge-150x150.jpg","thumbnail-width":150,"thumbnail-height":150,"medium":"https:\/\/www.lang-und-heyne.de\/dateien\/2023\/04\/LH_Manufaktur_Werkzeuge-258x300.jpg","medium-width":258,"medium-height":300,"medium_large":"https:\/\/www.lang-und-heyne.de\/dateien\/2023\/04\/LH_Manufaktur_Werkzeuge-768x893.jpg","medium_large-width":768,"medium_large-height":893,"large":"https:\/\/www.lang-und-heyne.de\/dateien\/2023\/04\/LH_Manufaktur_Werkzeuge.jpg","large-width":860,"large-height":1000,"1536x1536":"https:\/\/www.lang-und-heyne.de\/dateien\/2023\/04\/LH_Manufaktur_Werkzeuge.jpg","1536x1536-width":860,"1536x1536-height":1000,"2048x2048":"https:\/\/www.lang-und-heyne.de\/dateien\/2023\/04\/LH_Manufaktur_Werkzeuge.jpg","2048x2048-width":860,"2048x2048-height":1000,"post-thumbnail":"https:\/\/www.lang-und-heyne.de\/dateien\/2023\/04\/LH_Manufaktur_Werkzeuge-150x150.jpg","post-thumbnail-width":150,"post-thumbnail-height":150,"wide":"https:\/\/www.lang-und-heyne.de\/dateien\/2023\/04\/LH_Manufaktur_Werkzeuge.jpg","wide-width":860,"wide-height":1000}},"zitat":"Nuestra <br \/>\ngama vertical de fabricaci\u00f3n en el movimiento<br \/>\nes<br \/>\nmuy superior al 90%.","autor":"","seitenverkehrt":false,"smalltext":false,"bild_oder_animiertes_gif":false,"bild_rechts":{"ID":7823,"id":7823,"title":"LH_Manufaktur_Fertigung","filename":"LH_Manufaktur_Fertigung.jpg","filesize":141270,"url":"https:\/\/www.lang-und-heyne.de\/dateien\/2023\/04\/LH_Manufaktur_Fertigung.jpg","link":"https:\/\/www.lang-und-heyne.de\/es\/fabrica\/lh_manufaktur_fertigung-2\/","alt":"","author":"2","description":"","caption":"","name":"lh_manufaktur_fertigung-2","status":"inherit","uploaded_to":7810,"date":"2023-04-21 12:14:22","modified":"2023-04-21 12:14:22","menu_order":0,"mime_type":"image\/jpeg","type":"image","subtype":"jpeg","icon":"https:\/\/www.lang-und-heyne.de\/wp-includes\/images\/media\/default.png","width":1000,"height":705,"sizes":{"thumbnail":"https:\/\/www.lang-und-heyne.de\/dateien\/2023\/04\/LH_Manufaktur_Fertigung-150x150.jpg","thumbnail-width":150,"thumbnail-height":150,"medium":"https:\/\/www.lang-und-heyne.de\/dateien\/2023\/04\/LH_Manufaktur_Fertigung-300x212.jpg","medium-width":300,"medium-height":212,"medium_large":"https:\/\/www.lang-und-heyne.de\/dateien\/2023\/04\/LH_Manufaktur_Fertigung-768x541.jpg","medium_large-width":768,"medium_large-height":541,"large":"https:\/\/www.lang-und-heyne.de\/dateien\/2023\/04\/LH_Manufaktur_Fertigung.jpg","large-width":1000,"large-height":705,"1536x1536":"https:\/\/www.lang-und-heyne.de\/dateien\/2023\/04\/LH_Manufaktur_Fertigung.jpg","1536x1536-width":1000,"1536x1536-height":705,"2048x2048":"https:\/\/www.lang-und-heyne.de\/dateien\/2023\/04\/LH_Manufaktur_Fertigung.jpg","2048x2048-width":1000,"2048x2048-height":705,"post-thumbnail":"https:\/\/www.lang-und-heyne.de\/dateien\/2023\/04\/LH_Manufaktur_Fertigung-150x150.jpg","post-thumbnail-width":150,"post-thumbnail-height":150,"wide":"https:\/\/www.lang-und-heyne.de\/dateien\/2023\/04\/LH_Manufaktur_Fertigung.jpg","wide-width":1000,"wide-height":705}},"bild_rechts_gif":{"ID":7828,"id":7828,"title":"LH_Kachel_Vormontage_Fertigungstiefe90","filename":"LH_Kachel_Vormontage_Fertigungstiefe90.mp4","filesize":1200966,"url":"https:\/\/www.lang-und-heyne.de\/dateien\/2024\/03\/LH_Kachel_Vormontage_Fertigungstiefe90.mp4","link":"https:\/\/www.lang-und-heyne.de\/es\/fabrica\/lh_kachel_vormontage_fertigungstiefe90-2\/","alt":"","author":"5","description":"","caption":"","name":"lh_kachel_vormontage_fertigungstiefe90-2","status":"inherit","uploaded_to":7810,"date":"2024-03-08 21:02:00","modified":"2024-03-08 21:02:00","menu_order":0,"mime_type":"video\/mp4","type":"video","subtype":"mp4","icon":"https:\/\/www.lang-und-heyne.de\/wp-includes\/images\/media\/video.png","width":850,"height":600},"extrabild":false,"detail":false,"additionalinfo":false,"zusatzinfo":{"text":"","link":null,"linktext":""}},{"acf_fc_layout":"textbild","header":"El Camino Hacia El Reloj","anchor":true,"order":false,"bigtext":false,"bild":{"ID":7579,"id":7579,"title":"LH_Header_WegZurUhr","filename":"LH_Header_WegZurUhr.jpg","filesize":842013,"url":"https:\/\/www.lang-und-heyne.de\/dateien\/2023\/08\/LH_Header_WegZurUhr.jpg","link":"https:\/\/www.lang-und-heyne.de\/es\/artesania\/lh_header_wegzuruhr-2\/","alt":"","author":"5","description":"","caption":"","name":"lh_header_wegzuruhr-2","status":"inherit","uploaded_to":7552,"date":"2023-08-25 09:25:32","modified":"2023-08-25 09:25:32","menu_order":0,"mime_type":"image\/jpeg","type":"image","subtype":"jpeg","icon":"https:\/\/www.lang-und-heyne.de\/wp-includes\/images\/media\/default.png","width":1920,"height":1080,"sizes":{"thumbnail":"https:\/\/www.lang-und-heyne.de\/dateien\/2023\/08\/LH_Header_WegZurUhr-150x150.jpg","thumbnail-width":150,"thumbnail-height":150,"medium":"https:\/\/www.lang-und-heyne.de\/dateien\/2023\/08\/LH_Header_WegZurUhr-300x169.jpg","medium-width":300,"medium-height":169,"medium_large":"https:\/\/www.lang-und-heyne.de\/dateien\/2023\/08\/LH_Header_WegZurUhr-768x432.jpg","medium_large-width":768,"medium_large-height":432,"large":"https:\/\/www.lang-und-heyne.de\/dateien\/2023\/08\/LH_Header_WegZurUhr-1024x576.jpg","large-width":1024,"large-height":576,"1536x1536":"https:\/\/www.lang-und-heyne.de\/dateien\/2023\/08\/LH_Header_WegZurUhr-1536x864.jpg","1536x1536-width":1536,"1536x1536-height":864,"2048x2048":"https:\/\/www.lang-und-heyne.de\/dateien\/2023\/08\/LH_Header_WegZurUhr.jpg","2048x2048-width":1920,"2048x2048-height":1080,"post-thumbnail":"https:\/\/www.lang-und-heyne.de\/dateien\/2023\/08\/LH_Header_WegZurUhr-150x150.jpg","post-thumbnail-width":150,"post-thumbnail-height":150,"wide":"https:\/\/www.lang-und-heyne.de\/dateien\/2023\/08\/LH_Header_WegZurUhr-1400x788.jpg","wide-width":1400,"wide-height":788}},"sub":"","text":"Para nosotros, un reloj es algo m\u00e1s que tecnolog\u00eda: cobra vida a trav\u00e9s de su dise\u00f1o art\u00edstico. Pero las verdaderas emociones s\u00f3lo surgen mediante la interacci\u00f3n armoniosa de la est\u00e9tica y la claridad. Este equilibrio nos acompa\u00f1a desde la idea inicial hasta el reloj acabado. Empezamos con la pregunta fundamental: \u00bfpara qui\u00e9n dise\u00f1amos este reloj y qu\u00e9 pantallas tienen sentido? La producci\u00f3n comienza en m\u00e1quinas precisas. A continuaci\u00f3n, el acabado se realiza a mano para dar vida a las formas t\u00e9cnicas. Las l\u00edneas n\u00edtidas y una clara distinci\u00f3n entre los distintos acabados de la superficie crean brillo. El h\u00e1bil uso de diferentes colores de metal y la acentuaci\u00f3n de los contornos mediante el biselado crean una estructura claramente reconocible en el aspecto general del movimiento.        El objetivo es crear un reloj de belleza atemporal que sea adecuado para el uso diario.","link":"Creatividad y artesan\u00eda","target":"https:\/\/www.lang-und-heyne.de\/es\/artesania\/","zusatzbild":false,"bild2":false,"ausrichtung":false,"sub2":""},{"acf_fc_layout":"breitbild_-video","bild_oder_video":true,"bild":{"ID":7821,"id":7821,"title":"LH_Manufaktur_Unterbrecher","filename":"LH_Manufaktur_Unterbrecher.jpg","filesize":974101,"url":"https:\/\/www.lang-und-heyne.de\/dateien\/2023\/04\/LH_Manufaktur_Unterbrecher.jpg","link":"https:\/\/www.lang-und-heyne.de\/es\/fabrica\/lh_manufaktur_unterbrecher-2\/","alt":"","author":"2","description":"","caption":"","name":"lh_manufaktur_unterbrecher-2","status":"inherit","uploaded_to":7810,"date":"2023-04-21 11:38:37","modified":"2023-04-21 11:38:37","menu_order":0,"mime_type":"image\/jpeg","type":"image","subtype":"jpeg","icon":"https:\/\/www.lang-und-heyne.de\/wp-includes\/images\/media\/default.png","width":1920,"height":736,"sizes":{"thumbnail":"https:\/\/www.lang-und-heyne.de\/dateien\/2023\/04\/LH_Manufaktur_Unterbrecher-150x150.jpg","thumbnail-width":150,"thumbnail-height":150,"medium":"https:\/\/www.lang-und-heyne.de\/dateien\/2023\/04\/LH_Manufaktur_Unterbrecher-300x115.jpg","medium-width":300,"medium-height":115,"medium_large":"https:\/\/www.lang-und-heyne.de\/dateien\/2023\/04\/LH_Manufaktur_Unterbrecher-768x294.jpg","medium_large-width":768,"medium_large-height":294,"large":"https:\/\/www.lang-und-heyne.de\/dateien\/2023\/04\/LH_Manufaktur_Unterbrecher-1024x393.jpg","large-width":1024,"large-height":393,"1536x1536":"https:\/\/www.lang-und-heyne.de\/dateien\/2023\/04\/LH_Manufaktur_Unterbrecher-1536x589.jpg","1536x1536-width":1536,"1536x1536-height":589,"2048x2048":"https:\/\/www.lang-und-heyne.de\/dateien\/2023\/04\/LH_Manufaktur_Unterbrecher.jpg","2048x2048-width":1920,"2048x2048-height":736,"post-thumbnail":"https:\/\/www.lang-und-heyne.de\/dateien\/2023\/04\/LH_Manufaktur_Unterbrecher-150x150.jpg","post-thumbnail-width":150,"post-thumbnail-height":150,"wide":"https:\/\/www.lang-und-heyne.de\/dateien\/2023\/04\/LH_Manufaktur_Unterbrecher-1400x537.jpg","wide-width":1400,"wide-height":537}},"video":false},{"acf_fc_layout":"textbild","header":"Campeonato","anchor":false,"order":true,"bigtext":false,"bild":{"ID":8866,"id":8866,"title":"LH_Kachel-Handwerk","filename":"LH_Kachel-Handwerk.jpg","filesize":254207,"url":"https:\/\/www.lang-und-heyne.de\/dateien\/2025\/05\/LH_Kachel-Handwerk.jpg","link":"https:\/\/www.lang-und-heyne.de\/es\/nombres-historicos\/lh_kachel-handwerk-2\/","alt":"","author":"5","description":"","caption":"","name":"lh_kachel-handwerk-2","status":"inherit","uploaded_to":9913,"date":"2025-05-15 14:13:42","modified":"2025-10-24 11:42:27","menu_order":0,"mime_type":"image\/jpeg","type":"image","subtype":"jpeg","icon":"https:\/\/www.lang-und-heyne.de\/wp-includes\/images\/media\/default.png","width":1000,"height":640,"sizes":{"thumbnail":"https:\/\/www.lang-und-heyne.de\/dateien\/2025\/05\/LH_Kachel-Handwerk-150x150.jpg","thumbnail-width":150,"thumbnail-height":150,"medium":"https:\/\/www.lang-und-heyne.de\/dateien\/2025\/05\/LH_Kachel-Handwerk-300x192.jpg","medium-width":300,"medium-height":192,"medium_large":"https:\/\/www.lang-und-heyne.de\/dateien\/2025\/05\/LH_Kachel-Handwerk-768x492.jpg","medium_large-width":768,"medium_large-height":492,"large":"https:\/\/www.lang-und-heyne.de\/dateien\/2025\/05\/LH_Kachel-Handwerk.jpg","large-width":1000,"large-height":640,"1536x1536":"https:\/\/www.lang-und-heyne.de\/dateien\/2025\/05\/LH_Kachel-Handwerk.jpg","1536x1536-width":1000,"1536x1536-height":640,"2048x2048":"https:\/\/www.lang-und-heyne.de\/dateien\/2025\/05\/LH_Kachel-Handwerk.jpg","2048x2048-width":1000,"2048x2048-height":640,"post-thumbnail":"https:\/\/www.lang-und-heyne.de\/dateien\/2025\/05\/LH_Kachel-Handwerk-150x150.jpg","post-thumbnail-width":150,"post-thumbnail-height":150,"wide":"https:\/\/www.lang-und-heyne.de\/dateien\/2025\/05\/LH_Kachel-Handwerk.jpg","wide-width":1000,"wide-height":640}},"sub":"Alexander Guti\u00e9rrez D\u00edaz, Director General","text":"Igual que un m\u00fasico invierte muchas horas en practicar para presentar su arte en un concierto, un relojero tambi\u00e9n necesita a\u00f1os de dedicaci\u00f3n para dominar sus habilidades. Pero, \u00bfbasta con eso para cautivar al p\u00fablico? Aunque haya perfeccionado su oficio, no llegar\u00e1 a los corazones si no habla a trav\u00e9s de su obra. S\u00f3lo a trav\u00e9s de su pasi\u00f3n personal, de las emociones que vierte en su obra, puede transportarnos a su mundo.   <br \/>\n<br \/>\nLa formaci\u00f3n de un relojero dura tres a\u00f1os. Durante este tiempo, sienta las bases de su carrera profesional, pero las verdaderas horas de pr\u00e1ctica s\u00f3lo empiezan despu\u00e9s. \"En Lang & Heyne, un relojero es responsable de su reloj: desde el kit de piezas hasta el reloj acabado\". Esta filosof\u00eda nos obliga a practicar intensamente varios pasos de trabajo y a pensar en contextos complejos. Sacamos nuestra energ\u00eda y perseverancia de nuestra pasi\u00f3n por el arte de la relojer\u00eda, de la artesan\u00eda y el dise\u00f1o de la mec\u00e1nica. Nuestra dedicaci\u00f3n y nuestra visi\u00f3n del movimiento perfecto fluyen en cada detalle de nuestros relojes.     <br \/>\n<br \/>\nEn las dos \u00faltimas d\u00e9cadas, Lang & Heyne ha pasado de ser una empresa de artesanos visionarios a convertirse en una empresa internacionalmente activa y respetada y en una marca muy solicitada. Formamos parte del Grupo Tempus Arte, con sede en M\u00fanich, que tiene un profundo conocimiento del sector y es reconocido en todo el mundo. ","link":"","target":"","zusatzbild":false,"bild2":false,"ausrichtung":false,"sub2":""},{"acf_fc_layout":"textbild","header":"Nuestras Ra\u00edces","anchor":true,"order":false,"bigtext":false,"bild":{"ID":7152,"id":7152,"title":"LH_Kachel_Geschichte","filename":"LH_Kachel_Geschichte-1.jpg","filesize":311440,"url":"https:\/\/www.lang-und-heyne.de\/dateien\/2023\/07\/LH_Kachel_Geschichte-1.jpg","link":"https:\/\/www.lang-und-heyne.de\/es\/historia\/lh_kachel_geschichte-2-2\/","alt":"","author":"5","description":"","caption":"","name":"lh_kachel_geschichte-2-2","status":"inherit","uploaded_to":7146,"date":"2023-07-27 10:48:08","modified":"2023-07-27 10:48:08","menu_order":0,"mime_type":"image\/jpeg","type":"image","subtype":"jpeg","icon":"https:\/\/www.lang-und-heyne.de\/wp-includes\/images\/media\/default.png","width":1000,"height":705,"sizes":{"thumbnail":"https:\/\/www.lang-und-heyne.de\/dateien\/2023\/07\/LH_Kachel_Geschichte-1-150x150.jpg","thumbnail-width":150,"thumbnail-height":150,"medium":"https:\/\/www.lang-und-heyne.de\/dateien\/2023\/07\/LH_Kachel_Geschichte-1-300x212.jpg","medium-width":300,"medium-height":212,"medium_large":"https:\/\/www.lang-und-heyne.de\/dateien\/2023\/07\/LH_Kachel_Geschichte-1-768x541.jpg","medium_large-width":768,"medium_large-height":541,"large":"https:\/\/www.lang-und-heyne.de\/dateien\/2023\/07\/LH_Kachel_Geschichte-1.jpg","large-width":1000,"large-height":705,"1536x1536":"https:\/\/www.lang-und-heyne.de\/dateien\/2023\/07\/LH_Kachel_Geschichte-1.jpg","1536x1536-width":1000,"1536x1536-height":705,"2048x2048":"https:\/\/www.lang-und-heyne.de\/dateien\/2023\/07\/LH_Kachel_Geschichte-1.jpg","2048x2048-width":1000,"2048x2048-height":705,"post-thumbnail":"https:\/\/www.lang-und-heyne.de\/dateien\/2023\/07\/LH_Kachel_Geschichte-1-150x150.jpg","post-thumbnail-width":150,"post-thumbnail-height":150,"wide":"https:\/\/www.lang-und-heyne.de\/dateien\/2023\/07\/LH_Kachel_Geschichte-1.jpg","wide-width":1000,"wide-height":705}},"sub":"Sal\u00f3n F\u00edsico-Matem\u00e1tico en Dresde","text":"El pr\u00edncipe elector Augusto el Fuerte, tambi\u00e9n conocido como Federico Augusto I de Sajonia, mostr\u00f3 un especial inter\u00e9s por la astronom\u00eda y los instrumentos necesarios para ella, lo que contribuy\u00f3 significativamente al florecimiento de la relojer\u00eda en Sajonia en el siglo XVIII. Los ricos recursos minerales obtenidos de la miner\u00eda en Sajonia sentaron las bases de una variada industria mec\u00e1nica. Renombrados relojeros de la corte, como Johann Heinrich Seyffert, Johann Christian Schumann, Gotthelf August K\u00f6hler y Johann Friedrich Gutkaes, fabricaban en sus talleres de Dresde relojes precisos, esenciales para la observaci\u00f3n del cielo. Esta tradici\u00f3n y pericia allanaron el camino para el auge de la relojer\u00eda de precisi\u00f3n en Dresde, que tambi\u00e9n representa las ra\u00edces de la industria relojera de Glash\u00fctte. La tradici\u00f3n de la relojer\u00eda y la fabricaci\u00f3n de precisi\u00f3n sigue viva en nuestra actual manufactura \"Lang & Heyne\" de Dresde. Seguimos manteniendo los valores de excelencia artesanal y precisi\u00f3n horaria que est\u00e1n arraigados en esta conexi\u00f3n hist\u00f3rica entre la realeza y los relojeros.     ","link":"Saber m\u00e1s","target":"https:\/\/www.lang-und-heyne.de\/es\/historia\/","zusatzbild":false,"bild2":false,"ausrichtung":false,"sub2":""}],"slide":[{"bild__video":false,"bild":{"ID":7811,"id":7811,"title":"image 27","filename":"image-27.png","filesize":1098605,"url":"https:\/\/www.lang-und-heyne.de\/dateien\/2023\/01\/image-27.png","link":"https:\/\/www.lang-und-heyne.de\/es\/fabrica\/image-27-2-2\/","alt":"","author":"1","description":"","caption":"","name":"image-27-2-2","status":"inherit","uploaded_to":7810,"date":"2023-01-12 13:10:58","modified":"2023-01-12 13:10:58","menu_order":0,"mime_type":"image\/png","type":"image","subtype":"png","icon":"https:\/\/www.lang-und-heyne.de\/wp-includes\/images\/media\/default.png","width":1920,"height":950,"sizes":{"thumbnail":"https:\/\/www.lang-und-heyne.de\/dateien\/2023\/01\/image-27-150x150.png","thumbnail-width":150,"thumbnail-height":150,"medium":"https:\/\/www.lang-und-heyne.de\/dateien\/2023\/01\/image-27-300x148.png","medium-width":300,"medium-height":148,"medium_large":"https:\/\/www.lang-und-heyne.de\/dateien\/2023\/01\/image-27-768x380.png","medium_large-width":768,"medium_large-height":380,"large":"https:\/\/www.lang-und-heyne.de\/dateien\/2023\/01\/image-27-1024x507.png","large-width":1024,"large-height":507,"1536x1536":"https:\/\/www.lang-und-heyne.de\/dateien\/2023\/01\/image-27-1536x760.png","1536x1536-width":1536,"1536x1536-height":760,"2048x2048":"https:\/\/www.lang-und-heyne.de\/dateien\/2023\/01\/image-27.png","2048x2048-width":1920,"2048x2048-height":950,"post-thumbnail":"https:\/\/www.lang-und-heyne.de\/dateien\/2023\/01\/image-27-150x150.png","post-thumbnail-width":150,"post-thumbnail-height":150,"wide":"https:\/\/www.lang-und-heyne.de\/dateien\/2023\/01\/image-27-1400x693.png","wide-width":1400,"wide-height":693}},"video":{"ID":7827,"id":7827,"title":"LH_Manufaktur_V3","filename":"LH_Manufaktur_V3.mp4","filesize":3986673,"url":"https:\/\/www.lang-und-heyne.de\/dateien\/2023\/10\/LH_Manufaktur_V3.mp4","link":"https:\/\/www.lang-und-heyne.de\/es\/fabrica\/lh_manufaktur_v3-2\/","alt":"","author":"5","description":"","caption":"","name":"lh_manufaktur_v3-2","status":"inherit","uploaded_to":7810,"date":"2023-10-17 13:44:57","modified":"2023-10-17 13:44:57","menu_order":0,"mime_type":"video\/mp4","type":"video","subtype":"mp4","icon":"https:\/\/www.lang-und-heyne.de\/wp-includes\/images\/media\/video.png","width":1920,"height":1080},"texte":{"text":"La artesan\u00eda <br \/>\nsiempre ense\u00f1a a <br \/>\nun uso consciente <br \/>\ndel tiempo.","subline":""}}]},"wpml_current_locale":"es_ES","wpml_translations":{"en_US":{"locale":"en_US","id":3026,"slug":"maison","post_title":"Maison","href":"https:\/\/www.lang-und-heyne.de\/en\/maison\/"},"de_DE":{"locale":"de_DE","id":545,"slug":"manufaktur","post_title":"Manufaktur","href":"https:\/\/www.lang-und-heyne.de\/manufaktur\/"},"fr_FR":{"locale":"fr_FR","id":7788,"slug":"manufacture","post_title":"Manufacture","href":"https:\/\/www.lang-und-heyne.de\/fr\/manufacture\/"},"ja":{"locale":"ja","id":3067,"slug":"manufaktur","post_title":"\u30de\u30cb\u30e5\u30d5\u30a1\u30af\u30c1\u30e5\u30fc\u30eb","href":"https:\/\/www.lang-und-heyne.de\/ja\/manufaktur\/"},"zh_CN":{"locale":"zh_CN","id":3513,"slug":"manufaktur","post_title":"\u5236\u9020","href":"https:\/\/www.lang-und-heyne.de\/zh-hans\/manufaktur\/"}},"_links":{"self":[{"href":"https:\/\/www.lang-und-heyne.de\/es\/wp-json\/wp\/v2\/pages\/7810","targetHints":{"allow":["GET"]}}],"collection":[{"href":"https:\/\/www.lang-und-heyne.de\/es\/wp-json\/wp\/v2\/pages"}],"about":[{"href":"https:\/\/www.lang-und-heyne.de\/es\/wp-json\/wp\/v2\/types\/page"}],"author":[{"embeddable":true,"href":"https:\/\/www.lang-und-heyne.de\/es\/wp-json\/wp\/v2\/users\/1"}],"replies":[{"embeddable":true,"href":"https:\/\/www.lang-und-heyne.de\/es\/wp-json\/wp\/v2\/comments?post=7810"}],"version-history":[{"count":0,"href":"https:\/\/www.lang-und-heyne.de\/es\/wp-json\/wp\/v2\/pages\/7810\/revisions"}],"wp:attachment":[{"href":"https:\/\/www.lang-und-heyne.de\/es\/wp-json\/wp\/v2\/media?parent=7810"}],"curies":[{"name":"wp","href":"https:\/\/api.w.org\/{rel}","templated":true}]}}