{"id":8261,"date":"2023-05-05T09:40:59","date_gmt":"2023-05-05T07:40:59","guid":{"rendered":"https:\/\/www.lang-und-heyne.de\/modelle\/federico-ii-remontoir\/"},"modified":"2025-07-10T07:45:50","modified_gmt":"2025-07-10T05:45:50","slug":"federico-ii-remontoir","status":"publish","type":"uhren","link":"https:\/\/www.lang-und-heyne.de\/es\/modelle\/federico-ii-remontoir\/","title":{"rendered":"Federico II Remontoir El Desv\u00e1n Fastuoso Edici\u00f3n 9\u00ba Aniversario"},"content":{"rendered":"\n<hr class=\"wp-block-separator has-alpha-channel-opacity\"\/>\n","protected":false},"featured_media":0,"parent":0,"menu_order":16,"template":"","class_list":["post-8261","uhren","type-uhren","status-publish","hentry"],"acf":{"soldier":{"ID":8272,"id":8272,"title":"LH_FriedrichIIRem_Variation_Platin_Stahl_Schwarz_SchwarzRot","filename":"LH_FriedrichIIRem_Variation_Platin_Stahl_Schwarz_SchwarzRot.png","filesize":1077763,"url":"https:\/\/www.lang-und-heyne.de\/dateien\/2023\/05\/LH_FriedrichIIRem_Variation_Platin_Stahl_Schwarz_SchwarzRot.png","link":"https:\/\/www.lang-und-heyne.de\/es\/modelle\/federico-ii-remontoir\/lh_friedrichiirem_variation_platin_stahl_schwarz_schwarzrot-2\/","alt":"","author":"2","description":"","caption":"","name":"lh_friedrichiirem_variation_platin_stahl_schwarz_schwarzrot-2","status":"inherit","uploaded_to":8261,"date":"2023-05-05 13:30:33","modified":"2023-05-05 13:30:33","menu_order":0,"mime_type":"image\/png","type":"image","subtype":"png","icon":"https:\/\/www.lang-und-heyne.de\/wp-includes\/images\/media\/default.png","width":850,"height":1400,"sizes":{"thumbnail":"https:\/\/www.lang-und-heyne.de\/dateien\/2023\/05\/LH_FriedrichIIRem_Variation_Platin_Stahl_Schwarz_SchwarzRot-150x150.png","thumbnail-width":150,"thumbnail-height":150,"medium":"https:\/\/www.lang-und-heyne.de\/dateien\/2023\/05\/LH_FriedrichIIRem_Variation_Platin_Stahl_Schwarz_SchwarzRot-182x300.png","medium-width":182,"medium-height":300,"medium_large":"https:\/\/www.lang-und-heyne.de\/dateien\/2023\/05\/LH_FriedrichIIRem_Variation_Platin_Stahl_Schwarz_SchwarzRot-768x1265.png","medium_large-width":768,"medium_large-height":1265,"large":"https:\/\/www.lang-und-heyne.de\/dateien\/2023\/05\/LH_FriedrichIIRem_Variation_Platin_Stahl_Schwarz_SchwarzRot-622x1024.png","large-width":622,"large-height":1024,"1536x1536":"https:\/\/www.lang-und-heyne.de\/dateien\/2023\/05\/LH_FriedrichIIRem_Variation_Platin_Stahl_Schwarz_SchwarzRot.png","1536x1536-width":850,"1536x1536-height":1400,"2048x2048":"https:\/\/www.lang-und-heyne.de\/dateien\/2023\/05\/LH_FriedrichIIRem_Variation_Platin_Stahl_Schwarz_SchwarzRot.png","2048x2048-width":850,"2048x2048-height":1400,"post-thumbnail":"https:\/\/www.lang-und-heyne.de\/dateien\/2023\/05\/LH_FriedrichIIRem_Variation_Platin_Stahl_Schwarz_SchwarzRot-150x150.png","post-thumbnail-width":150,"post-thumbnail-height":150,"wide":"https:\/\/www.lang-und-heyne.de\/dateien\/2023\/05\/LH_FriedrichIIRem_Variation_Platin_Stahl_Schwarz_SchwarzRot.png","wide-width":850,"wide-height":1400}},"slider":[{"bild":{"ID":8280,"id":8280,"title":"LH_Remontoir9_Impression_Heroimage","filename":"LH_Remontoir9_Impression_Heroimage.jpg","filesize":323764,"url":"https:\/\/www.lang-und-heyne.de\/dateien\/2023\/05\/LH_Remontoir9_Impression_Heroimage.jpg","link":"https:\/\/www.lang-und-heyne.de\/es\/modelle\/federico-ii-remontoir\/lh_remontoir9_impression_heroimage-2\/","alt":"","author":"2","description":"","caption":"","name":"lh_remontoir9_impression_heroimage-2","status":"inherit","uploaded_to":8261,"date":"2023-05-17 10:15:56","modified":"2023-05-17 10:15:56","menu_order":0,"mime_type":"image\/jpeg","type":"image","subtype":"jpeg","icon":"https:\/\/www.lang-und-heyne.de\/wp-includes\/images\/media\/default.png","width":1920,"height":1080,"sizes":{"thumbnail":"https:\/\/www.lang-und-heyne.de\/dateien\/2023\/05\/LH_Remontoir9_Impression_Heroimage-150x150.jpg","thumbnail-width":150,"thumbnail-height":150,"medium":"https:\/\/www.lang-und-heyne.de\/dateien\/2023\/05\/LH_Remontoir9_Impression_Heroimage-300x169.jpg","medium-width":300,"medium-height":169,"medium_large":"https:\/\/www.lang-und-heyne.de\/dateien\/2023\/05\/LH_Remontoir9_Impression_Heroimage-768x432.jpg","medium_large-width":768,"medium_large-height":432,"large":"https:\/\/www.lang-und-heyne.de\/dateien\/2023\/05\/LH_Remontoir9_Impression_Heroimage-1024x576.jpg","large-width":1024,"large-height":576,"1536x1536":"https:\/\/www.lang-und-heyne.de\/dateien\/2023\/05\/LH_Remontoir9_Impression_Heroimage-1536x864.jpg","1536x1536-width":1536,"1536x1536-height":864,"2048x2048":"https:\/\/www.lang-und-heyne.de\/dateien\/2023\/05\/LH_Remontoir9_Impression_Heroimage.jpg","2048x2048-width":1920,"2048x2048-height":1080,"post-thumbnail":"https:\/\/www.lang-und-heyne.de\/dateien\/2023\/05\/LH_Remontoir9_Impression_Heroimage-150x150.jpg","post-thumbnail-width":150,"post-thumbnail-height":150,"wide":"https:\/\/www.lang-und-heyne.de\/dateien\/2023\/05\/LH_Remontoir9_Impression_Heroimage-1400x788.jpg","wide-width":1400,"wide-height":788}}}],"subtype":"edition","shortdata":{"gehause":"Di\u00e1metro 39,2 mm<br \/>\nAltura 10,7 mm","anzeige":"Indicaci\u00f3n de horas y minutos<br \/>\nSalto de segundos descentralizado","werk":"Calibre VI-I<br \/>\nde cuerda manual<br \/>\nLa placa base, el puente trigonal, el volante y el puente de palanca son de titanio<br \/>\n24\/42 horas (remontoir \/ rebasamiento)"},"variationen":[{"bild":{"ID":8271,"id":8271,"title":"LH_FriedrichIIRem_Variation_Rose_Stahl_Schwarz_BlauRot","filename":"LH_FriedrichIIRem_Variation_Rose_Stahl_Schwarz_BlauRot-1.png","filesize":968865,"url":"https:\/\/www.lang-und-heyne.de\/dateien\/2023\/05\/LH_FriedrichIIRem_Variation_Rose_Stahl_Schwarz_BlauRot-1.png","link":"https:\/\/www.lang-und-heyne.de\/es\/modelle\/federico-ii-remontoir\/lh_friedrichiirem_variation_rose_stahl_schwarz_blaurot-3\/","alt":"","author":"2","description":"","caption":"","name":"lh_friedrichiirem_variation_rose_stahl_schwarz_blaurot-3","status":"inherit","uploaded_to":8261,"date":"2023-05-05 13:20:26","modified":"2023-05-05 13:20:26","menu_order":0,"mime_type":"image\/png","type":"image","subtype":"png","icon":"https:\/\/www.lang-und-heyne.de\/wp-includes\/images\/media\/default.png","width":850,"height":1400,"sizes":{"thumbnail":"https:\/\/www.lang-und-heyne.de\/dateien\/2023\/05\/LH_FriedrichIIRem_Variation_Rose_Stahl_Schwarz_BlauRot-1-150x150.png","thumbnail-width":150,"thumbnail-height":150,"medium":"https:\/\/www.lang-und-heyne.de\/dateien\/2023\/05\/LH_FriedrichIIRem_Variation_Rose_Stahl_Schwarz_BlauRot-1-182x300.png","medium-width":182,"medium-height":300,"medium_large":"https:\/\/www.lang-und-heyne.de\/dateien\/2023\/05\/LH_FriedrichIIRem_Variation_Rose_Stahl_Schwarz_BlauRot-1-768x1265.png","medium_large-width":768,"medium_large-height":1265,"large":"https:\/\/www.lang-und-heyne.de\/dateien\/2023\/05\/LH_FriedrichIIRem_Variation_Rose_Stahl_Schwarz_BlauRot-1-622x1024.png","large-width":622,"large-height":1024,"1536x1536":"https:\/\/www.lang-und-heyne.de\/dateien\/2023\/05\/LH_FriedrichIIRem_Variation_Rose_Stahl_Schwarz_BlauRot-1.png","1536x1536-width":850,"1536x1536-height":1400,"2048x2048":"https:\/\/www.lang-und-heyne.de\/dateien\/2023\/05\/LH_FriedrichIIRem_Variation_Rose_Stahl_Schwarz_BlauRot-1.png","2048x2048-width":850,"2048x2048-height":1400,"post-thumbnail":"https:\/\/www.lang-und-heyne.de\/dateien\/2023\/05\/LH_FriedrichIIRem_Variation_Rose_Stahl_Schwarz_BlauRot-1-150x150.png","post-thumbnail-width":150,"post-thumbnail-height":150,"wide":"https:\/\/www.lang-und-heyne.de\/dateien\/2023\/05\/LH_FriedrichIIRem_Variation_Rose_Stahl_Schwarz_BlauRot-1.png","wide-width":850,"wide-height":1400}},"beschreibung":"Oro rosa de 18 ct.<br \/>\nAgujas lanceoladas de acero pulido<br \/>\nEsfera de esmalte negro "},{"bild":{"ID":8272,"id":8272,"title":"LH_FriedrichIIRem_Variation_Platin_Stahl_Schwarz_SchwarzRot","filename":"LH_FriedrichIIRem_Variation_Platin_Stahl_Schwarz_SchwarzRot.png","filesize":1077763,"url":"https:\/\/www.lang-und-heyne.de\/dateien\/2023\/05\/LH_FriedrichIIRem_Variation_Platin_Stahl_Schwarz_SchwarzRot.png","link":"https:\/\/www.lang-und-heyne.de\/es\/modelle\/federico-ii-remontoir\/lh_friedrichiirem_variation_platin_stahl_schwarz_schwarzrot-2\/","alt":"","author":"2","description":"","caption":"","name":"lh_friedrichiirem_variation_platin_stahl_schwarz_schwarzrot-2","status":"inherit","uploaded_to":8261,"date":"2023-05-05 13:30:33","modified":"2023-05-05 13:30:33","menu_order":0,"mime_type":"image\/png","type":"image","subtype":"png","icon":"https:\/\/www.lang-und-heyne.de\/wp-includes\/images\/media\/default.png","width":850,"height":1400,"sizes":{"thumbnail":"https:\/\/www.lang-und-heyne.de\/dateien\/2023\/05\/LH_FriedrichIIRem_Variation_Platin_Stahl_Schwarz_SchwarzRot-150x150.png","thumbnail-width":150,"thumbnail-height":150,"medium":"https:\/\/www.lang-und-heyne.de\/dateien\/2023\/05\/LH_FriedrichIIRem_Variation_Platin_Stahl_Schwarz_SchwarzRot-182x300.png","medium-width":182,"medium-height":300,"medium_large":"https:\/\/www.lang-und-heyne.de\/dateien\/2023\/05\/LH_FriedrichIIRem_Variation_Platin_Stahl_Schwarz_SchwarzRot-768x1265.png","medium_large-width":768,"medium_large-height":1265,"large":"https:\/\/www.lang-und-heyne.de\/dateien\/2023\/05\/LH_FriedrichIIRem_Variation_Platin_Stahl_Schwarz_SchwarzRot-622x1024.png","large-width":622,"large-height":1024,"1536x1536":"https:\/\/www.lang-und-heyne.de\/dateien\/2023\/05\/LH_FriedrichIIRem_Variation_Platin_Stahl_Schwarz_SchwarzRot.png","1536x1536-width":850,"1536x1536-height":1400,"2048x2048":"https:\/\/www.lang-und-heyne.de\/dateien\/2023\/05\/LH_FriedrichIIRem_Variation_Platin_Stahl_Schwarz_SchwarzRot.png","2048x2048-width":850,"2048x2048-height":1400,"post-thumbnail":"https:\/\/www.lang-und-heyne.de\/dateien\/2023\/05\/LH_FriedrichIIRem_Variation_Platin_Stahl_Schwarz_SchwarzRot-150x150.png","post-thumbnail-width":150,"post-thumbnail-height":150,"wide":"https:\/\/www.lang-und-heyne.de\/dateien\/2023\/05\/LH_FriedrichIIRem_Variation_Platin_Stahl_Schwarz_SchwarzRot.png","wide-width":850,"wide-height":1400}},"beschreibung":"Platino<br \/>\nAgujas lanceoladas de acero pulido<br \/>\nEsfera de esmalte negro"},{"bild":{"ID":8273,"id":8273,"title":"LH_FriedrichIIRem_Variation_Rose_Stahl_Schwarz_Rot","filename":"LH_FriedrichIIRem_Variation_Rose_Stahl_Schwarz_Rot.png","filesize":992910,"url":"https:\/\/www.lang-und-heyne.de\/dateien\/2023\/05\/LH_FriedrichIIRem_Variation_Rose_Stahl_Schwarz_Rot.png","link":"https:\/\/www.lang-und-heyne.de\/es\/modelle\/federico-ii-remontoir\/lh_friedrichiirem_variation_rose_stahl_schwarz_rot-2\/","alt":"","author":"2","description":"","caption":"","name":"lh_friedrichiirem_variation_rose_stahl_schwarz_rot-2","status":"inherit","uploaded_to":8261,"date":"2023-05-05 14:12:54","modified":"2023-05-05 14:12:54","menu_order":0,"mime_type":"image\/png","type":"image","subtype":"png","icon":"https:\/\/www.lang-und-heyne.de\/wp-includes\/images\/media\/default.png","width":850,"height":1400,"sizes":{"thumbnail":"https:\/\/www.lang-und-heyne.de\/dateien\/2023\/05\/LH_FriedrichIIRem_Variation_Rose_Stahl_Schwarz_Rot-150x150.png","thumbnail-width":150,"thumbnail-height":150,"medium":"https:\/\/www.lang-und-heyne.de\/dateien\/2023\/05\/LH_FriedrichIIRem_Variation_Rose_Stahl_Schwarz_Rot-182x300.png","medium-width":182,"medium-height":300,"medium_large":"https:\/\/www.lang-und-heyne.de\/dateien\/2023\/05\/LH_FriedrichIIRem_Variation_Rose_Stahl_Schwarz_Rot-768x1265.png","medium_large-width":768,"medium_large-height":1265,"large":"https:\/\/www.lang-und-heyne.de\/dateien\/2023\/05\/LH_FriedrichIIRem_Variation_Rose_Stahl_Schwarz_Rot-622x1024.png","large-width":622,"large-height":1024,"1536x1536":"https:\/\/www.lang-und-heyne.de\/dateien\/2023\/05\/LH_FriedrichIIRem_Variation_Rose_Stahl_Schwarz_Rot.png","1536x1536-width":850,"1536x1536-height":1400,"2048x2048":"https:\/\/www.lang-und-heyne.de\/dateien\/2023\/05\/LH_FriedrichIIRem_Variation_Rose_Stahl_Schwarz_Rot.png","2048x2048-width":850,"2048x2048-height":1400,"post-thumbnail":"https:\/\/www.lang-und-heyne.de\/dateien\/2023\/05\/LH_FriedrichIIRem_Variation_Rose_Stahl_Schwarz_Rot-150x150.png","post-thumbnail-width":150,"post-thumbnail-height":150,"wide":"https:\/\/www.lang-und-heyne.de\/dateien\/2023\/05\/LH_FriedrichIIRem_Variation_Rose_Stahl_Schwarz_Rot.png","wide-width":850,"wide-height":1400}},"beschreibung":"Oro rosa de 18 ct.<br \/>\nAgujas lanceoladas de acero pulido<br \/>\nEsfera de esmalte negro "}],"technical":{"anzeige":"Indicaci\u00f3n de horas y minutos<br \/>\nGran segundero descentralizado","zifferblatt":"Esfera de esmalte negro en dos partes hecha de un bloque de esmalte<br \/>\nAgujas de lanceta con Superluminova","house":"Medidas sin asas<br \/>\nDi\u00e1metro: 39,2 mm \u2013 Altura: 10,7 mm<br \/>\nCristal de zafiro y fondo transparente de zafiro<br \/>\nHermeticidad hasta 3 bar","armband":"Correa de piel de alig\u00e1tor<br \/>\nHebilla de hebij\u00f3n o cierre desplegable"},"datenblatt":false,"galerie":[{"bild":{"ID":8263,"id":8263,"title":"LH_F2_Remontoir_Emaillezifferblatt","filename":"LH_F2_Remontoir_Emaillezifferblatt.jpg","filesize":434375,"url":"https:\/\/www.lang-und-heyne.de\/dateien\/2023\/05\/LH_F2_Remontoir_Emaillezifferblatt.jpg","link":"https:\/\/www.lang-und-heyne.de\/es\/modelle\/federico-ii-remontoir\/lh_f2_remontoir_emaillezifferblatt-2\/","alt":"","author":"2","description":"","caption":"","name":"lh_f2_remontoir_emaillezifferblatt-2","status":"inherit","uploaded_to":8261,"date":"2023-05-05 09:15:24","modified":"2023-05-05 09:15:24","menu_order":0,"mime_type":"image\/jpeg","type":"image","subtype":"jpeg","icon":"https:\/\/www.lang-und-heyne.de\/wp-includes\/images\/media\/default.png","width":1500,"height":960,"sizes":{"thumbnail":"https:\/\/www.lang-und-heyne.de\/dateien\/2023\/05\/LH_F2_Remontoir_Emaillezifferblatt-150x150.jpg","thumbnail-width":150,"thumbnail-height":150,"medium":"https:\/\/www.lang-und-heyne.de\/dateien\/2023\/05\/LH_F2_Remontoir_Emaillezifferblatt-300x192.jpg","medium-width":300,"medium-height":192,"medium_large":"https:\/\/www.lang-und-heyne.de\/dateien\/2023\/05\/LH_F2_Remontoir_Emaillezifferblatt-768x492.jpg","medium_large-width":768,"medium_large-height":492,"large":"https:\/\/www.lang-und-heyne.de\/dateien\/2023\/05\/LH_F2_Remontoir_Emaillezifferblatt-1024x655.jpg","large-width":1024,"large-height":655,"1536x1536":"https:\/\/www.lang-und-heyne.de\/dateien\/2023\/05\/LH_F2_Remontoir_Emaillezifferblatt.jpg","1536x1536-width":1500,"1536x1536-height":960,"2048x2048":"https:\/\/www.lang-und-heyne.de\/dateien\/2023\/05\/LH_F2_Remontoir_Emaillezifferblatt.jpg","2048x2048-width":1500,"2048x2048-height":960,"post-thumbnail":"https:\/\/www.lang-und-heyne.de\/dateien\/2023\/05\/LH_F2_Remontoir_Emaillezifferblatt-150x150.jpg","post-thumbnail-width":150,"post-thumbnail-height":150,"wide":"https:\/\/www.lang-und-heyne.de\/dateien\/2023\/05\/LH_F2_Remontoir_Emaillezifferblatt-1400x896.jpg","wide-width":1400,"wide-height":896}},"beschreibung":"Esfera de esmalte negro en dos partes"},{"bild":{"ID":8278,"id":8278,"title":"LH_F2_Remontoir9_Detail_Lack","filename":"LH_F2_Remontoir9_Detail_Lack.jpg","filesize":249172,"url":"https:\/\/www.lang-und-heyne.de\/dateien\/2023\/05\/LH_F2_Remontoir9_Detail_Lack.jpg","link":"https:\/\/www.lang-und-heyne.de\/es\/modelle\/federico-ii-remontoir\/lh_f2_remontoir9_detail_lack-2\/","alt":"","author":"2","description":"","caption":"","name":"lh_f2_remontoir9_detail_lack-2","status":"inherit","uploaded_to":8261,"date":"2023-05-16 09:13:32","modified":"2023-05-16 09:13:32","menu_order":0,"mime_type":"image\/jpeg","type":"image","subtype":"jpeg","icon":"https:\/\/www.lang-und-heyne.de\/wp-includes\/images\/media\/default.png","width":1500,"height":960,"sizes":{"thumbnail":"https:\/\/www.lang-und-heyne.de\/dateien\/2023\/05\/LH_F2_Remontoir9_Detail_Lack-150x150.jpg","thumbnail-width":150,"thumbnail-height":150,"medium":"https:\/\/www.lang-und-heyne.de\/dateien\/2023\/05\/LH_F2_Remontoir9_Detail_Lack-300x192.jpg","medium-width":300,"medium-height":192,"medium_large":"https:\/\/www.lang-und-heyne.de\/dateien\/2023\/05\/LH_F2_Remontoir9_Detail_Lack-768x492.jpg","medium_large-width":768,"medium_large-height":492,"large":"https:\/\/www.lang-und-heyne.de\/dateien\/2023\/05\/LH_F2_Remontoir9_Detail_Lack-1024x655.jpg","large-width":1024,"large-height":655,"1536x1536":"https:\/\/www.lang-und-heyne.de\/dateien\/2023\/05\/LH_F2_Remontoir9_Detail_Lack.jpg","1536x1536-width":1500,"1536x1536-height":960,"2048x2048":"https:\/\/www.lang-und-heyne.de\/dateien\/2023\/05\/LH_F2_Remontoir9_Detail_Lack.jpg","2048x2048-width":1500,"2048x2048-height":960,"post-thumbnail":"https:\/\/www.lang-und-heyne.de\/dateien\/2023\/05\/LH_F2_Remontoir9_Detail_Lack-150x150.jpg","post-thumbnail-width":150,"post-thumbnail-height":150,"wide":"https:\/\/www.lang-und-heyne.de\/dateien\/2023\/05\/LH_F2_Remontoir9_Detail_Lack-1400x896.jpg","wide-width":1400,"wide-height":896}},"beschreibung":"Etiquetado especial con laca roja 9"},{"bild":{"ID":8274,"id":8274,"title":"LH_FII-Rem9_Detail-Dial-LumiHands","filename":"LH_FII-Rem9_Detail-Dial-LumiHands.jpg","filesize":217918,"url":"https:\/\/www.lang-und-heyne.de\/dateien\/2023\/05\/LH_FII-Rem9_Detail-Dial-LumiHands.jpg","link":"https:\/\/www.lang-und-heyne.de\/es\/modelle\/federico-ii-remontoir\/lh_fii-rem9_detail-dial-lumihands-2\/","alt":"","author":"2","description":"","caption":"","name":"lh_fii-rem9_detail-dial-lumihands-2","status":"inherit","uploaded_to":8261,"date":"2023-05-16 08:23:23","modified":"2023-05-16 08:23:23","menu_order":0,"mime_type":"image\/jpeg","type":"image","subtype":"jpeg","icon":"https:\/\/www.lang-und-heyne.de\/wp-includes\/images\/media\/default.png","width":1500,"height":960,"sizes":{"thumbnail":"https:\/\/www.lang-und-heyne.de\/dateien\/2023\/05\/LH_FII-Rem9_Detail-Dial-LumiHands-150x150.jpg","thumbnail-width":150,"thumbnail-height":150,"medium":"https:\/\/www.lang-und-heyne.de\/dateien\/2023\/05\/LH_FII-Rem9_Detail-Dial-LumiHands-300x192.jpg","medium-width":300,"medium-height":192,"medium_large":"https:\/\/www.lang-und-heyne.de\/dateien\/2023\/05\/LH_FII-Rem9_Detail-Dial-LumiHands-768x492.jpg","medium_large-width":768,"medium_large-height":492,"large":"https:\/\/www.lang-und-heyne.de\/dateien\/2023\/05\/LH_FII-Rem9_Detail-Dial-LumiHands-1024x655.jpg","large-width":1024,"large-height":655,"1536x1536":"https:\/\/www.lang-und-heyne.de\/dateien\/2023\/05\/LH_FII-Rem9_Detail-Dial-LumiHands.jpg","1536x1536-width":1500,"1536x1536-height":960,"2048x2048":"https:\/\/www.lang-und-heyne.de\/dateien\/2023\/05\/LH_FII-Rem9_Detail-Dial-LumiHands.jpg","2048x2048-width":1500,"2048x2048-height":960,"post-thumbnail":"https:\/\/www.lang-und-heyne.de\/dateien\/2023\/05\/LH_FII-Rem9_Detail-Dial-LumiHands-150x150.jpg","post-thumbnail-width":150,"post-thumbnail-height":150,"wide":"https:\/\/www.lang-und-heyne.de\/dateien\/2023\/05\/LH_FII-Rem9_Detail-Dial-LumiHands-1400x896.jpg","wide-width":1400,"wide-height":896}},"beschreibung":"Puntero de lanceta con relleno de Superluminova"},{"bild":{"ID":8275,"id":8275,"title":"LH_F2_Remontoir9_Detail_Back_Werk","filename":"LH_F2_Remontoir9_Detail_Back_Werk.jpg","filesize":347769,"url":"https:\/\/www.lang-und-heyne.de\/dateien\/2023\/05\/LH_F2_Remontoir9_Detail_Back_Werk.jpg","link":"https:\/\/www.lang-und-heyne.de\/es\/modelle\/federico-ii-remontoir\/lh_f2_remontoir9_detail_back_werk-2\/","alt":"","author":"2","description":"","caption":"","name":"lh_f2_remontoir9_detail_back_werk-2","status":"inherit","uploaded_to":8261,"date":"2023-05-16 08:39:21","modified":"2023-05-16 08:39:21","menu_order":0,"mime_type":"image\/jpeg","type":"image","subtype":"jpeg","icon":"https:\/\/www.lang-und-heyne.de\/wp-includes\/images\/media\/default.png","width":1500,"height":960,"sizes":{"thumbnail":"https:\/\/www.lang-und-heyne.de\/dateien\/2023\/05\/LH_F2_Remontoir9_Detail_Back_Werk-150x150.jpg","thumbnail-width":150,"thumbnail-height":150,"medium":"https:\/\/www.lang-und-heyne.de\/dateien\/2023\/05\/LH_F2_Remontoir9_Detail_Back_Werk-300x192.jpg","medium-width":300,"medium-height":192,"medium_large":"https:\/\/www.lang-und-heyne.de\/dateien\/2023\/05\/LH_F2_Remontoir9_Detail_Back_Werk-768x492.jpg","medium_large-width":768,"medium_large-height":492,"large":"https:\/\/www.lang-und-heyne.de\/dateien\/2023\/05\/LH_F2_Remontoir9_Detail_Back_Werk-1024x655.jpg","large-width":1024,"large-height":655,"1536x1536":"https:\/\/www.lang-und-heyne.de\/dateien\/2023\/05\/LH_F2_Remontoir9_Detail_Back_Werk.jpg","1536x1536-width":1500,"1536x1536-height":960,"2048x2048":"https:\/\/www.lang-und-heyne.de\/dateien\/2023\/05\/LH_F2_Remontoir9_Detail_Back_Werk.jpg","2048x2048-width":1500,"2048x2048-height":960,"post-thumbnail":"https:\/\/www.lang-und-heyne.de\/dateien\/2023\/05\/LH_F2_Remontoir9_Detail_Back_Werk-150x150.jpg","post-thumbnail-width":150,"post-thumbnail-height":150,"wide":"https:\/\/www.lang-und-heyne.de\/dateien\/2023\/05\/LH_F2_Remontoir9_Detail_Back_Werk-1400x896.jpg","wide-width":1400,"wide-height":896}},"beschreibung":"Vista trasera del Calibre VI-I de titanio"},{"bild":{"ID":8266,"id":8266,"title":"LH_F2_Remontoir_Schrauben","filename":"LH_F2_Remontoir_Schrauben.jpg","filesize":597226,"url":"https:\/\/www.lang-und-heyne.de\/dateien\/2023\/05\/LH_F2_Remontoir_Schrauben.jpg","link":"https:\/\/www.lang-und-heyne.de\/es\/modelle\/federico-ii-remontoir\/lh_f2_remontoir_schrauben-2\/","alt":"","author":"2","description":"","caption":"","name":"lh_f2_remontoir_schrauben-2","status":"inherit","uploaded_to":8261,"date":"2023-05-05 09:43:47","modified":"2023-05-05 09:43:47","menu_order":0,"mime_type":"image\/jpeg","type":"image","subtype":"jpeg","icon":"https:\/\/www.lang-und-heyne.de\/wp-includes\/images\/media\/default.png","width":1500,"height":960,"sizes":{"thumbnail":"https:\/\/www.lang-und-heyne.de\/dateien\/2023\/05\/LH_F2_Remontoir_Schrauben-150x150.jpg","thumbnail-width":150,"thumbnail-height":150,"medium":"https:\/\/www.lang-und-heyne.de\/dateien\/2023\/05\/LH_F2_Remontoir_Schrauben-300x192.jpg","medium-width":300,"medium-height":192,"medium_large":"https:\/\/www.lang-und-heyne.de\/dateien\/2023\/05\/LH_F2_Remontoir_Schrauben-768x492.jpg","medium_large-width":768,"medium_large-height":492,"large":"https:\/\/www.lang-und-heyne.de\/dateien\/2023\/05\/LH_F2_Remontoir_Schrauben-1024x655.jpg","large-width":1024,"large-height":655,"1536x1536":"https:\/\/www.lang-und-heyne.de\/dateien\/2023\/05\/LH_F2_Remontoir_Schrauben.jpg","1536x1536-width":1500,"1536x1536-height":960,"2048x2048":"https:\/\/www.lang-und-heyne.de\/dateien\/2023\/05\/LH_F2_Remontoir_Schrauben.jpg","2048x2048-width":1500,"2048x2048-height":960,"post-thumbnail":"https:\/\/www.lang-und-heyne.de\/dateien\/2023\/05\/LH_F2_Remontoir_Schrauben-150x150.jpg","post-thumbnail-width":150,"post-thumbnail-height":150,"wide":"https:\/\/www.lang-und-heyne.de\/dateien\/2023\/05\/LH_F2_Remontoir_Schrauben-1400x896.jpg","wide-width":1400,"wide-height":896}},"beschreibung":"Tornillos morados"},{"bild":{"ID":8276,"id":8276,"title":"LH_F2_Remontoir9_Detail_Federhaus","filename":"LH_F2_Remontoir9_Detail_Federhaus.jpg","filesize":340092,"url":"https:\/\/www.lang-und-heyne.de\/dateien\/2023\/05\/LH_F2_Remontoir9_Detail_Federhaus.jpg","link":"https:\/\/www.lang-und-heyne.de\/es\/modelle\/federico-ii-remontoir\/lh_f2_remontoir9_detail_federhaus-2\/","alt":"","author":"2","description":"","caption":"","name":"lh_f2_remontoir9_detail_federhaus-2","status":"inherit","uploaded_to":8261,"date":"2023-05-16 08:48:35","modified":"2023-05-16 08:48:35","menu_order":0,"mime_type":"image\/jpeg","type":"image","subtype":"jpeg","icon":"https:\/\/www.lang-und-heyne.de\/wp-includes\/images\/media\/default.png","width":1500,"height":960,"sizes":{"thumbnail":"https:\/\/www.lang-und-heyne.de\/dateien\/2023\/05\/LH_F2_Remontoir9_Detail_Federhaus-150x150.jpg","thumbnail-width":150,"thumbnail-height":150,"medium":"https:\/\/www.lang-und-heyne.de\/dateien\/2023\/05\/LH_F2_Remontoir9_Detail_Federhaus-300x192.jpg","medium-width":300,"medium-height":192,"medium_large":"https:\/\/www.lang-und-heyne.de\/dateien\/2023\/05\/LH_F2_Remontoir9_Detail_Federhaus-768x492.jpg","medium_large-width":768,"medium_large-height":492,"large":"https:\/\/www.lang-und-heyne.de\/dateien\/2023\/05\/LH_F2_Remontoir9_Detail_Federhaus-1024x655.jpg","large-width":1024,"large-height":655,"1536x1536":"https:\/\/www.lang-und-heyne.de\/dateien\/2023\/05\/LH_F2_Remontoir9_Detail_Federhaus.jpg","1536x1536-width":1500,"1536x1536-height":960,"2048x2048":"https:\/\/www.lang-und-heyne.de\/dateien\/2023\/05\/LH_F2_Remontoir9_Detail_Federhaus.jpg","2048x2048-width":1500,"2048x2048-height":960,"post-thumbnail":"https:\/\/www.lang-und-heyne.de\/dateien\/2023\/05\/LH_F2_Remontoir9_Detail_Federhaus-150x150.jpg","post-thumbnail-width":150,"post-thumbnail-height":150,"wide":"https:\/\/www.lang-und-heyne.de\/dateien\/2023\/05\/LH_F2_Remontoir9_Detail_Federhaus-1400x896.jpg","wide-width":1400,"wide-height":896}},"beschreibung":"Barril dorado"},{"bild":{"ID":8268,"id":8268,"title":"LH_F2_Remontoir_Armband","filename":"LH_F2_Remontoir_Armband.jpg","filesize":475744,"url":"https:\/\/www.lang-und-heyne.de\/dateien\/2023\/05\/LH_F2_Remontoir_Armband.jpg","link":"https:\/\/www.lang-und-heyne.de\/es\/modelle\/federico-ii-remontoir\/lh_f2_remontoir_armband-2\/","alt":"","author":"2","description":"","caption":"","name":"lh_f2_remontoir_armband-2","status":"inherit","uploaded_to":8261,"date":"2023-05-05 09:56:45","modified":"2023-05-05 09:56:45","menu_order":0,"mime_type":"image\/jpeg","type":"image","subtype":"jpeg","icon":"https:\/\/www.lang-und-heyne.de\/wp-includes\/images\/media\/default.png","width":1500,"height":960,"sizes":{"thumbnail":"https:\/\/www.lang-und-heyne.de\/dateien\/2023\/05\/LH_F2_Remontoir_Armband-150x150.jpg","thumbnail-width":150,"thumbnail-height":150,"medium":"https:\/\/www.lang-und-heyne.de\/dateien\/2023\/05\/LH_F2_Remontoir_Armband-300x192.jpg","medium-width":300,"medium-height":192,"medium_large":"https:\/\/www.lang-und-heyne.de\/dateien\/2023\/05\/LH_F2_Remontoir_Armband-768x492.jpg","medium_large-width":768,"medium_large-height":492,"large":"https:\/\/www.lang-und-heyne.de\/dateien\/2023\/05\/LH_F2_Remontoir_Armband-1024x655.jpg","large-width":1024,"large-height":655,"1536x1536":"https:\/\/www.lang-und-heyne.de\/dateien\/2023\/05\/LH_F2_Remontoir_Armband.jpg","1536x1536-width":1500,"1536x1536-height":960,"2048x2048":"https:\/\/www.lang-und-heyne.de\/dateien\/2023\/05\/LH_F2_Remontoir_Armband.jpg","2048x2048-width":1500,"2048x2048-height":960,"post-thumbnail":"https:\/\/www.lang-und-heyne.de\/dateien\/2023\/05\/LH_F2_Remontoir_Armband-150x150.jpg","post-thumbnail-width":150,"post-thumbnail-height":150,"wide":"https:\/\/www.lang-und-heyne.de\/dateien\/2023\/05\/LH_F2_Remontoir_Armband-1400x896.jpg","wide-width":1400,"wide-height":896}},"beschreibung":"Brazalete Milanaise de acero inoxidable en el prototipo 00 subastado"},{"bild":{"ID":8277,"id":8277,"title":"LH_F2_Remontoir9_Detail_Armband","filename":"LH_F2_Remontoir9_Detail_Armband-1.jpg","filesize":299012,"url":"https:\/\/www.lang-und-heyne.de\/dateien\/2023\/05\/LH_F2_Remontoir9_Detail_Armband-1.jpg","link":"https:\/\/www.lang-und-heyne.de\/es\/modelle\/federico-ii-remontoir\/lh_f2_remontoir9_detail_armband-3\/","alt":"","author":"2","description":"","caption":"","name":"lh_f2_remontoir9_detail_armband-3","status":"inherit","uploaded_to":8261,"date":"2023-05-16 08:58:08","modified":"2023-05-16 08:58:08","menu_order":0,"mime_type":"image\/jpeg","type":"image","subtype":"jpeg","icon":"https:\/\/www.lang-und-heyne.de\/wp-includes\/images\/media\/default.png","width":1500,"height":960,"sizes":{"thumbnail":"https:\/\/www.lang-und-heyne.de\/dateien\/2023\/05\/LH_F2_Remontoir9_Detail_Armband-1-150x150.jpg","thumbnail-width":150,"thumbnail-height":150,"medium":"https:\/\/www.lang-und-heyne.de\/dateien\/2023\/05\/LH_F2_Remontoir9_Detail_Armband-1-300x192.jpg","medium-width":300,"medium-height":192,"medium_large":"https:\/\/www.lang-und-heyne.de\/dateien\/2023\/05\/LH_F2_Remontoir9_Detail_Armband-1-768x492.jpg","medium_large-width":768,"medium_large-height":492,"large":"https:\/\/www.lang-und-heyne.de\/dateien\/2023\/05\/LH_F2_Remontoir9_Detail_Armband-1-1024x655.jpg","large-width":1024,"large-height":655,"1536x1536":"https:\/\/www.lang-und-heyne.de\/dateien\/2023\/05\/LH_F2_Remontoir9_Detail_Armband-1.jpg","1536x1536-width":1500,"1536x1536-height":960,"2048x2048":"https:\/\/www.lang-und-heyne.de\/dateien\/2023\/05\/LH_F2_Remontoir9_Detail_Armband-1.jpg","2048x2048-width":1500,"2048x2048-height":960,"post-thumbnail":"https:\/\/www.lang-und-heyne.de\/dateien\/2023\/05\/LH_F2_Remontoir9_Detail_Armband-1-150x150.jpg","post-thumbnail-width":150,"post-thumbnail-height":150,"wide":"https:\/\/www.lang-und-heyne.de\/dateien\/2023\/05\/LH_F2_Remontoir9_Detail_Armband-1-1400x896.jpg","wide-width":1400,"wide-height":896}},"beschreibung":"Correa de piel para la edici\u00f3n limitada de 9 piezas"},{"bild":{"ID":8279,"id":8279,"title":"LH_F2_Remontoir9_Detail_Box","filename":"LH_F2_Remontoir9_Detail_Box-1.jpg","filesize":261897,"url":"https:\/\/www.lang-und-heyne.de\/dateien\/2023\/05\/LH_F2_Remontoir9_Detail_Box-1.jpg","link":"https:\/\/www.lang-und-heyne.de\/es\/modelle\/federico-ii-remontoir\/lh_f2_remontoir9_detail_box-3\/","alt":"","author":"2","description":"","caption":"","name":"lh_f2_remontoir9_detail_box-3","status":"inherit","uploaded_to":8261,"date":"2023-05-16 09:41:41","modified":"2023-05-16 09:41:41","menu_order":0,"mime_type":"image\/jpeg","type":"image","subtype":"jpeg","icon":"https:\/\/www.lang-und-heyne.de\/wp-includes\/images\/media\/default.png","width":1500,"height":960,"sizes":{"thumbnail":"https:\/\/www.lang-und-heyne.de\/dateien\/2023\/05\/LH_F2_Remontoir9_Detail_Box-1-150x150.jpg","thumbnail-width":150,"thumbnail-height":150,"medium":"https:\/\/www.lang-und-heyne.de\/dateien\/2023\/05\/LH_F2_Remontoir9_Detail_Box-1-300x192.jpg","medium-width":300,"medium-height":192,"medium_large":"https:\/\/www.lang-und-heyne.de\/dateien\/2023\/05\/LH_F2_Remontoir9_Detail_Box-1-768x492.jpg","medium_large-width":768,"medium_large-height":492,"large":"https:\/\/www.lang-und-heyne.de\/dateien\/2023\/05\/LH_F2_Remontoir9_Detail_Box-1-1024x655.jpg","large-width":1024,"large-height":655,"1536x1536":"https:\/\/www.lang-und-heyne.de\/dateien\/2023\/05\/LH_F2_Remontoir9_Detail_Box-1.jpg","1536x1536-width":1500,"1536x1536-height":960,"2048x2048":"https:\/\/www.lang-und-heyne.de\/dateien\/2023\/05\/LH_F2_Remontoir9_Detail_Box-1.jpg","2048x2048-width":1500,"2048x2048-height":960,"post-thumbnail":"https:\/\/www.lang-und-heyne.de\/dateien\/2023\/05\/LH_F2_Remontoir9_Detail_Box-1-150x150.jpg","post-thumbnail-width":150,"post-thumbnail-height":150,"wide":"https:\/\/www.lang-und-heyne.de\/dateien\/2023\/05\/LH_F2_Remontoir9_Detail_Box-1-1400x896.jpg","wide-width":1400,"wide-height":896}},"beschreibung":"Remontoir Federico II en caja de madera"}],"testimonial":{"":null,"bild_links":{"ID":8282,"id":8282,"title":"LH_MA_Jens-Schneider","filename":"LH_MA_Jens-Schneider.jpg","filesize":569508,"url":"https:\/\/www.lang-und-heyne.de\/dateien\/2023\/05\/LH_MA_Jens-Schneider.jpg","link":"https:\/\/www.lang-und-heyne.de\/es\/modelle\/federico-ii-remontoir\/lh_ma_jens-schneider-2\/","alt":"","author":"5","description":"","caption":"","name":"lh_ma_jens-schneider-2","status":"inherit","uploaded_to":8261,"date":"2024-02-29 14:23:40","modified":"2024-02-29 14:23:40","menu_order":0,"mime_type":"image\/jpeg","type":"image","subtype":"jpeg","icon":"https:\/\/www.lang-und-heyne.de\/wp-includes\/images\/media\/default.png","width":860,"height":1000,"sizes":{"thumbnail":"https:\/\/www.lang-und-heyne.de\/dateien\/2023\/05\/LH_MA_Jens-Schneider-150x150.jpg","thumbnail-width":150,"thumbnail-height":150,"medium":"https:\/\/www.lang-und-heyne.de\/dateien\/2023\/05\/LH_MA_Jens-Schneider-258x300.jpg","medium-width":258,"medium-height":300,"medium_large":"https:\/\/www.lang-und-heyne.de\/dateien\/2023\/05\/LH_MA_Jens-Schneider-768x893.jpg","medium_large-width":768,"medium_large-height":893,"large":"https:\/\/www.lang-und-heyne.de\/dateien\/2023\/05\/LH_MA_Jens-Schneider.jpg","large-width":860,"large-height":1000,"1536x1536":"https:\/\/www.lang-und-heyne.de\/dateien\/2023\/05\/LH_MA_Jens-Schneider.jpg","1536x1536-width":860,"1536x1536-height":1000,"2048x2048":"https:\/\/www.lang-und-heyne.de\/dateien\/2023\/05\/LH_MA_Jens-Schneider.jpg","2048x2048-width":860,"2048x2048-height":1000,"post-thumbnail":"https:\/\/www.lang-und-heyne.de\/dateien\/2023\/05\/LH_MA_Jens-Schneider-150x150.jpg","post-thumbnail-width":150,"post-thumbnail-height":150,"wide":"https:\/\/www.lang-und-heyne.de\/dateien\/2023\/05\/LH_MA_Jens-Schneider.jpg","wide-width":860,"wide-height":1000}},"zitat":"El puente de la rueda se dise\u00f1\u00f3 de tal forma que el remontoir dispuesto en la rueda de escape puede verse muy claramente y el observador puede ver c\u00f3mo salta por segundos.  ","autor":"Jens Schneider<br \/>\nJefe de Desarrollo Lang & Heyne","seitenverkehrt":false,"smalltext":true,"bild_oder_animiertes_gif":true,"bild_rechts":{"ID":8270,"id":8270,"title":"LH_F2_Remontoir_springende_Sek","filename":"LH_F2_Remontoir_springende_Sek.jpg","filesize":388327,"url":"https:\/\/www.lang-und-heyne.de\/dateien\/2023\/05\/LH_F2_Remontoir_springende_Sek.jpg","link":"https:\/\/www.lang-und-heyne.de\/es\/modelle\/federico-ii-remontoir\/lh_f2_remontoir_springende_sek-2\/","alt":"","author":"2","description":"","caption":"","name":"lh_f2_remontoir_springende_sek-2","status":"inherit","uploaded_to":8261,"date":"2023-05-05 10:24:54","modified":"2023-05-05 10:24:54","menu_order":0,"mime_type":"image\/jpeg","type":"image","subtype":"jpeg","icon":"https:\/\/www.lang-und-heyne.de\/wp-includes\/images\/media\/default.png","width":1000,"height":705,"sizes":{"thumbnail":"https:\/\/www.lang-und-heyne.de\/dateien\/2023\/05\/LH_F2_Remontoir_springende_Sek-150x150.jpg","thumbnail-width":150,"thumbnail-height":150,"medium":"https:\/\/www.lang-und-heyne.de\/dateien\/2023\/05\/LH_F2_Remontoir_springende_Sek-300x212.jpg","medium-width":300,"medium-height":212,"medium_large":"https:\/\/www.lang-und-heyne.de\/dateien\/2023\/05\/LH_F2_Remontoir_springende_Sek-768x541.jpg","medium_large-width":768,"medium_large-height":541,"large":"https:\/\/www.lang-und-heyne.de\/dateien\/2023\/05\/LH_F2_Remontoir_springende_Sek.jpg","large-width":1000,"large-height":705,"1536x1536":"https:\/\/www.lang-und-heyne.de\/dateien\/2023\/05\/LH_F2_Remontoir_springende_Sek.jpg","1536x1536-width":1000,"1536x1536-height":705,"2048x2048":"https:\/\/www.lang-und-heyne.de\/dateien\/2023\/05\/LH_F2_Remontoir_springende_Sek.jpg","2048x2048-width":1000,"2048x2048-height":705,"post-thumbnail":"https:\/\/www.lang-und-heyne.de\/dateien\/2023\/05\/LH_F2_Remontoir_springende_Sek-150x150.jpg","post-thumbnail-width":150,"post-thumbnail-height":150,"wide":"https:\/\/www.lang-und-heyne.de\/dateien\/2023\/05\/LH_F2_Remontoir_springende_Sek.jpg","wide-width":1000,"wide-height":705}},"bild_rechts_gif":false,"extrabild":false,"detail":false,"additionalinfo":true,"zusatzinfo":{"text":"M\u00e1s detalles sobre el","link":"https:\/\/www.lang-und-heyne.de\/es\/special\/federico-ii-remontoir\/","linktext":"P\u00e1gina de lanzamiento"}},"caliber":{"ID":8543,"post_author":"5","post_date":"2023-05-05 13:29:42","post_date_gmt":"2023-05-05 11:29:42","post_content":"<!-- wp:separator -->\n<hr class=\"wp-block-separator has-alpha-channel-opacity\"\/>\n<!-- \/wp:separator -->","post_title":"Calibre VI-I Titanio","post_excerpt":"","post_status":"publish","comment_status":"closed","ping_status":"closed","post_password":"","post_name":"calibre-vi-i-titanio","to_ping":"","pinged":"","post_modified":"2025-04-16 08:07:14","post_modified_gmt":"2025-04-16 06:07:14","post_content_filtered":"","post_parent":0,"guid":"https:\/\/www.lang-und-heyne.de\/caliber\/calibre-vi-i-titanio\/","menu_order":12,"post_type":"caliber","post_mime_type":"","comment_count":"0","filter":"raw"},"longtext":"<p>Un nuevo desarrollo con un complicado mecanismo para mejorar la precisi\u00f3n: Friedrich II Remontoir. La ocasi\u00f3n fue la asociaci\u00f3n de 9 a\u00f1os en 2022 entre THE LAVISH ATTIC y Lang &#038; Heyne. <\/p>\n<p>El remontoir compensa la fuerza decreciente del muelle real, que transfiere gradualmente su fuerza al escape. La esfera esmaltada en dos partes ofrece un escenario \u00fanico para la indicaci\u00f3n de la hora. <\/p>\n","text_variationen":"Las ilustraciones muestran una selecci\u00f3n de posibles variantes con un 9 rojo - limitado a 9 piezas"},"wpml_current_locale":"es_ES","wpml_translations":{"en_US":{"locale":"en_US","id":3666,"slug":"friedrich-ii-remontoir","post_title":"Friedrich II. Remontoir The Lavish Attic 9th Anniversary Edition","href":"https:\/\/www.lang-und-heyne.de\/en\/modelle\/friedrich-ii-remontoir\/"},"de_DE":{"locale":"de_DE","id":1709,"slug":"friedrich-ii-remontoir","post_title":"Friedrich II. Remontoir The Lavish Attic 9th Anniversary Edition","href":"https:\/\/www.lang-und-heyne.de\/modelle\/friedrich-ii-remontoir\/"},"fr_FR":{"locale":"fr_FR","id":8238,"slug":"frederic-ii-remontoir","post_title":"Friedrich II. Remontoir Le Grenier Somptueux 9E \u00e9Dition Anniversaire","href":"https:\/\/www.lang-und-heyne.de\/fr\/modelle\/frederic-ii-remontoir\/"},"ja":{"locale":"ja","id":3165,"slug":"friedrich-ii-remontoir","post_title":"\u30d5\u30ea\u30fc\u30c9\u30ea\u30d22\u4e16 \u30eb\u30e2\u30f3\u30c8\u30ef\u30fc\u30eb \u8d05\u6ca2\u306a\u5c4b\u6839\u88cf\u90e8\u5c4b 9\u5468\u5e74\u8a18\u5ff5\u7248","href":"https:\/\/www.lang-und-heyne.de\/ja\/modelle\/friedrich-ii-remontoir\/"},"zh_CN":{"locale":"zh_CN","id":4279,"slug":"friedrich-ii-remontoir","post_title":"\u5f17\u91cc\u5fb7\u91cc\u5e0c\u4e8c\u4e16 Remontoir The Lavish Attic 9 \u9031\u5e74\u7d00\u5ff5\u7248","href":"https:\/\/www.lang-und-heyne.de\/zh-hans\/modelle\/friedrich-ii-remontoir\/"}},"_links":{"self":[{"href":"https:\/\/www.lang-und-heyne.de\/es\/wp-json\/wp\/v2\/uhren\/8261","targetHints":{"allow":["GET"]}}],"collection":[{"href":"https:\/\/www.lang-und-heyne.de\/es\/wp-json\/wp\/v2\/uhren"}],"about":[{"href":"https:\/\/www.lang-und-heyne.de\/es\/wp-json\/wp\/v2\/types\/uhren"}],"version-history":[{"count":2,"href":"https:\/\/www.lang-und-heyne.de\/es\/wp-json\/wp\/v2\/uhren\/8261\/revisions"}],"predecessor-version":[{"id":9081,"href":"https:\/\/www.lang-und-heyne.de\/es\/wp-json\/wp\/v2\/uhren\/8261\/revisions\/9081"}],"wp:attachment":[{"href":"https:\/\/www.lang-und-heyne.de\/es\/wp-json\/wp\/v2\/media?parent=8261"}],"curies":[{"name":"wp","href":"https:\/\/api.w.org\/{rel}","templated":true}]}}