{"id":8328,"date":"2023-04-28T15:34:59","date_gmt":"2023-04-28T13:34:59","guid":{"rendered":"https:\/\/www.lang-und-heyne.de\/caliber\/caliber-iii\/"},"modified":"2025-04-01T15:10:17","modified_gmt":"2025-04-01T13:10:17","slug":"caliber-iii","status":"publish","type":"caliber","link":"https:\/\/www.lang-und-heyne.de\/fr\/caliber\/caliber-iii\/","title":{"rendered":"Caliber III"},"content":{"rendered":"\n<hr class=\"wp-block-separator has-alpha-channel-opacity\"\/>\n","protected":false},"featured_media":0,"parent":0,"menu_order":20,"template":"","class_list":["post-8328","caliber","type-caliber","status-publish","hentry"],"acf":{"bild":{"ID":8329,"id":8329,"title":"LH_Caliber_III","filename":"LH_Caliber_III.jpg","filesize":657077,"url":"https:\/\/www.lang-und-heyne.de\/dateien\/2023\/04\/LH_Caliber_III.jpg","link":"https:\/\/www.lang-und-heyne.de\/fr\/caliber\/caliber-iii\/lh_caliber_iii-2\/","alt":"","author":"2","description":"","caption":"","name":"lh_caliber_iii-2","status":"inherit","uploaded_to":8328,"date":"2023-05-04 12:00:53","modified":"2023-05-04 12:00:53","menu_order":0,"mime_type":"image\/jpeg","type":"image","subtype":"jpeg","icon":"https:\/\/www.lang-und-heyne.de\/wp-includes\/images\/media\/default.png","width":1280,"height":1130,"sizes":{"thumbnail":"https:\/\/www.lang-und-heyne.de\/dateien\/2023\/04\/LH_Caliber_III-150x150.jpg","thumbnail-width":150,"thumbnail-height":150,"medium":"https:\/\/www.lang-und-heyne.de\/dateien\/2023\/04\/LH_Caliber_III-300x265.jpg","medium-width":300,"medium-height":265,"medium_large":"https:\/\/www.lang-und-heyne.de\/dateien\/2023\/04\/LH_Caliber_III-768x678.jpg","medium_large-width":768,"medium_large-height":678,"large":"https:\/\/www.lang-und-heyne.de\/dateien\/2023\/04\/LH_Caliber_III-1024x904.jpg","large-width":1024,"large-height":904,"1536x1536":"https:\/\/www.lang-und-heyne.de\/dateien\/2023\/04\/LH_Caliber_III.jpg","1536x1536-width":1280,"1536x1536-height":1130,"2048x2048":"https:\/\/www.lang-und-heyne.de\/dateien\/2023\/04\/LH_Caliber_III.jpg","2048x2048-width":1280,"2048x2048-height":1130,"post-thumbnail":"https:\/\/www.lang-und-heyne.de\/dateien\/2023\/04\/LH_Caliber_III-150x150.jpg","post-thumbnail-width":150,"post-thumbnail-height":150,"wide":"https:\/\/www.lang-und-heyne.de\/dateien\/2023\/04\/LH_Caliber_III.jpg","wide-width":1280,"wide-height":1130}},"info":"Die Mondphase zeigt sich in der kleinen Sekunde, gegen\u00fcber der Deklinationswinkel bei 12 Uhr. Die Erd- und Mondscheibe sind in Gold gefr\u00e4st und in Champlev\u00e9-Technik farbig emailliert. Das Datum und der Wochentag liegen bei 3 Uhr, der mitlaufende Monat symmetrisch dazu bei 9 Uhr. Die springende Datumsschaltung von Datum und Wochentag wird in der null-Uhr-Zeigerstellung ausgel\u00f6st. Komplettiert wird das Modell durch die Tag- und Nachtanzeige nahe dem Zentrum in einem polierten Goldchaton.","exploded":{"ID":8330,"id":8330,"title":"LH_Caliber_III_Explosionszeichnung","filename":"LH_Caliber_III_Explosionszeichnung.jpg","filesize":289064,"url":"https:\/\/www.lang-und-heyne.de\/dateien\/2023\/04\/LH_Caliber_III_Explosionszeichnung.jpg","link":"https:\/\/www.lang-und-heyne.de\/fr\/caliber\/caliber-iii\/lh_caliber_iii_explosionszeichnung-2\/","alt":"","author":"2","description":"","caption":"","name":"lh_caliber_iii_explosionszeichnung-2","status":"inherit","uploaded_to":8328,"date":"2023-05-04 12:01:06","modified":"2023-05-04 12:01:06","menu_order":0,"mime_type":"image\/jpeg","type":"image","subtype":"jpeg","icon":"https:\/\/www.lang-und-heyne.de\/wp-includes\/images\/media\/default.png","width":720,"height":2168,"sizes":{"thumbnail":"https:\/\/www.lang-und-heyne.de\/dateien\/2023\/04\/LH_Caliber_III_Explosionszeichnung-150x150.jpg","thumbnail-width":150,"thumbnail-height":150,"medium":"https:\/\/www.lang-und-heyne.de\/dateien\/2023\/04\/LH_Caliber_III_Explosionszeichnung-100x300.jpg","medium-width":100,"medium-height":300,"medium_large":"https:\/\/www.lang-und-heyne.de\/dateien\/2023\/04\/LH_Caliber_III_Explosionszeichnung.jpg","medium_large-width":720,"medium_large-height":2168,"large":"https:\/\/www.lang-und-heyne.de\/dateien\/2023\/04\/LH_Caliber_III_Explosionszeichnung-340x1024.jpg","large-width":340,"large-height":1024,"1536x1536":"https:\/\/www.lang-und-heyne.de\/dateien\/2023\/04\/LH_Caliber_III_Explosionszeichnung-510x1536.jpg","1536x1536-width":510,"1536x1536-height":1536,"2048x2048":"https:\/\/www.lang-und-heyne.de\/dateien\/2023\/04\/LH_Caliber_III_Explosionszeichnung-680x2048.jpg","2048x2048-width":680,"2048x2048-height":2048,"post-thumbnail":"https:\/\/www.lang-und-heyne.de\/dateien\/2023\/04\/LH_Caliber_III_Explosionszeichnung-150x150.jpg","post-thumbnail-width":150,"post-thumbnail-height":150,"wide":"https:\/\/www.lang-und-heyne.de\/dateien\/2023\/04\/LH_Caliber_III_Explosionszeichnung.jpg","wide-width":720,"wide-height":2168}},"details":{"size":"Diam\u00e8tre : 16\u2009\u00bc lignes (36,6 mm)<br \/>\nHauteur : 7,1 mm","frequency":"18\u202f000 A\/h (2,5 Hz)<br \/>\nR\u00e9serve de marche : 46 heures","parts":"216 pi\u00e8ces (y compris les disques de la Lune,<br \/>\nde la Terre et du jour de la semaine)<br \/>\n19 rubis, 1 diamant taille brillant ","functions":"Seconde d\u00e9centr\u00e9e, jour de la semaine,<br \/>\nphase de Lune, mois<br \/>\nIndication jour\/nuit, d\u00e9clinaison"},"extrainfo":{"header":"D\u00e9clinaison \u2013 Indication de L\u2019Inclinaison de la Terre","text":"Qu\u2019est-ce qui provoque les saisons ou la variation de la dur\u00e9e des jours et des nuits ?\nLes indications du lever et coucher du soleil ou celle de l\u2019\u00e9quation du temps sont bien connues. Toutes reposent sur un principe fondamental : l\u2019angle d\u2019incidence variable des rayons solaires sur la surface de la Terre.<br>En raison de l\u2019inclinaison de l\u2019axe terrestre par rapport \u00e0 l\u2019\u00e9cliptique (23,5\u00b0) et de la r\u00e9volution de la Terre autour du Soleil, les rayons du soleil frappent alternativement l\u2019h\u00e9misph\u00e8re nord ou sud plus intens\u00e9ment.<br>Pour la premi\u00e8re fois au monde, Lang & Heyne affiche l\u2019angle de d\u00e9clinaison solaire, c\u2019est-\u00e0-dire l\u2019angle entre les rayons du soleil et l\u2019\u00e9quateur terrestre, de mani\u00e8re directe et lisible.<br>La repr\u00e9sentation saisonni\u00e8re de la Terre est r\u00e9gul\u00e9e par un disque de courbe soigneusement con\u00e7u.<br>Les disques terrestres en \u00e9mail sont propos\u00e9s en trois variantes.     \n\n<img src=\"\/dateien\/2023\/05\/LH_Moritz_Detail_Erdscheiben.jpg\">","bild":{"ID":8332,"id":8332,"title":"LH_Moritz_Deklination-Prinzip","filename":"LH_Moritz_Deklination-Prinzip.gif","filesize":3776724,"url":"https:\/\/www.lang-und-heyne.de\/dateien\/2023\/04\/LH_Moritz_Deklination-Prinzip.gif","link":"https:\/\/www.lang-und-heyne.de\/fr\/caliber\/caliber-iii\/lh_moritz_deklination-prinzip-2\/","alt":"","author":"2","description":"","caption":"","name":"lh_moritz_deklination-prinzip-2","status":"inherit","uploaded_to":8328,"date":"2023-05-11 14:08:06","modified":"2023-05-11 14:08:06","menu_order":0,"mime_type":"image\/gif","type":"image","subtype":"gif","icon":"https:\/\/www.lang-und-heyne.de\/wp-includes\/images\/media\/default.png","width":500,"height":400,"sizes":{"thumbnail":"https:\/\/www.lang-und-heyne.de\/dateien\/2023\/04\/LH_Moritz_Deklination-Prinzip-150x150.gif","thumbnail-width":150,"thumbnail-height":150,"medium":"https:\/\/www.lang-und-heyne.de\/dateien\/2023\/04\/LH_Moritz_Deklination-Prinzip-300x240.gif","medium-width":300,"medium-height":240,"medium_large":"https:\/\/www.lang-und-heyne.de\/dateien\/2023\/04\/LH_Moritz_Deklination-Prinzip.gif","medium_large-width":500,"medium_large-height":400,"large":"https:\/\/www.lang-und-heyne.de\/dateien\/2023\/04\/LH_Moritz_Deklination-Prinzip.gif","large-width":500,"large-height":400,"1536x1536":"https:\/\/www.lang-und-heyne.de\/dateien\/2023\/04\/LH_Moritz_Deklination-Prinzip.gif","1536x1536-width":500,"1536x1536-height":400,"2048x2048":"https:\/\/www.lang-und-heyne.de\/dateien\/2023\/04\/LH_Moritz_Deklination-Prinzip.gif","2048x2048-width":500,"2048x2048-height":400,"post-thumbnail":"https:\/\/www.lang-und-heyne.de\/dateien\/2023\/04\/LH_Moritz_Deklination-Prinzip-150x150.gif","post-thumbnail-width":150,"post-thumbnail-height":150,"wide":"https:\/\/www.lang-und-heyne.de\/dateien\/2023\/04\/LH_Moritz_Deklination-Prinzip.gif","wide-width":500,"wide-height":400}},"bildposition":true,"linktext":"En savoir plus","target":""}},"wpml_current_locale":"fr_FR","wpml_translations":{"en_US":{"locale":"en_US","id":3632,"slug":"caliber-iii","post_title":"Caliber III","href":"https:\/\/www.lang-und-heyne.de\/en\/caliber\/caliber-iii\/"},"de_DE":{"locale":"de_DE","id":1444,"slug":"caliber-iii","post_title":"Caliber III","href":"https:\/\/www.lang-und-heyne.de\/caliber\/caliber-iii\/"},"es_ES":{"locale":"es_ES","id":8551,"slug":"calibre-iii","post_title":"Calibre III","href":"https:\/\/www.lang-und-heyne.de\/es\/caliber\/calibre-iii\/"},"ja":{"locale":"ja","id":3175,"slug":"caliber-iii","post_title":"\u30ad\u30e3\u30ea\u30d0\u30fcIII","href":"https:\/\/www.lang-und-heyne.de\/ja\/caliber\/caliber-iii\/"},"zh_CN":{"locale":"zh_CN","id":4222,"slug":"caliber-iii","post_title":"Caliber III","href":"https:\/\/www.lang-und-heyne.de\/zh-hans\/caliber\/caliber-iii\/"}},"_links":{"self":[{"href":"https:\/\/www.lang-und-heyne.de\/fr\/wp-json\/wp\/v2\/caliber\/8328","targetHints":{"allow":["GET"]}}],"collection":[{"href":"https:\/\/www.lang-und-heyne.de\/fr\/wp-json\/wp\/v2\/caliber"}],"about":[{"href":"https:\/\/www.lang-und-heyne.de\/fr\/wp-json\/wp\/v2\/types\/caliber"}],"version-history":[{"count":1,"href":"https:\/\/www.lang-und-heyne.de\/fr\/wp-json\/wp\/v2\/caliber\/8328\/revisions"}],"predecessor-version":[{"id":8333,"href":"https:\/\/www.lang-und-heyne.de\/fr\/wp-json\/wp\/v2\/caliber\/8328\/revisions\/8333"}],"wp:attachment":[{"href":"https:\/\/www.lang-und-heyne.de\/fr\/wp-json\/wp\/v2\/media?parent=8328"}],"curies":[{"name":"wp","href":"https:\/\/api.w.org\/{rel}","templated":true}]}}