{"id":8557,"date":"2023-04-28T15:25:12","date_gmt":"2023-04-28T13:25:12","guid":{"rendered":"https:\/\/www.lang-und-heyne.de\/caliber\/caliber-iv-2\/"},"modified":"2025-04-16T08:11:52","modified_gmt":"2025-04-16T06:11:52","slug":"caliber-iv-2","status":"publish","type":"caliber","link":"https:\/\/www.lang-und-heyne.de\/fr\/caliber\/caliber-iv-2\/","title":{"rendered":"Caliber IV"},"content":{"rendered":"\n<hr class=\"wp-block-separator has-alpha-channel-opacity\"\/>\n","protected":false},"featured_media":0,"parent":0,"menu_order":32,"template":"","class_list":["post-8557","caliber","type-caliber","status-publish","hentry"],"acf":{"bild":{"ID":8558,"id":8558,"title":"LH_Caliber_IV","filename":"LH_Caliber_IV.jpg","filesize":407515,"url":"https:\/\/www.lang-und-heyne.de\/dateien\/2023\/04\/LH_Caliber_IV.jpg","link":"https:\/\/www.lang-und-heyne.de\/fr\/caliber\/caliber-iv-2\/lh_caliber_iv-2\/","alt":"","author":"2","description":"","caption":"","name":"lh_caliber_iv-2","status":"inherit","uploaded_to":8557,"date":"2023-05-04 09:49:44","modified":"2023-05-04 09:49:44","menu_order":0,"mime_type":"image\/jpeg","type":"image","subtype":"jpeg","icon":"https:\/\/www.lang-und-heyne.de\/wp-includes\/images\/media\/default.png","width":1000,"height":960,"sizes":{"thumbnail":"https:\/\/www.lang-und-heyne.de\/dateien\/2023\/04\/LH_Caliber_IV-150x150.jpg","thumbnail-width":150,"thumbnail-height":150,"medium":"https:\/\/www.lang-und-heyne.de\/dateien\/2023\/04\/LH_Caliber_IV-300x288.jpg","medium-width":300,"medium-height":288,"medium_large":"https:\/\/www.lang-und-heyne.de\/dateien\/2023\/04\/LH_Caliber_IV-768x737.jpg","medium_large-width":768,"medium_large-height":737,"large":"https:\/\/www.lang-und-heyne.de\/dateien\/2023\/04\/LH_Caliber_IV.jpg","large-width":1000,"large-height":960,"1536x1536":"https:\/\/www.lang-und-heyne.de\/dateien\/2023\/04\/LH_Caliber_IV.jpg","1536x1536-width":1000,"1536x1536-height":960,"2048x2048":"https:\/\/www.lang-und-heyne.de\/dateien\/2023\/04\/LH_Caliber_IV.jpg","2048x2048-width":1000,"2048x2048-height":960,"post-thumbnail":"https:\/\/www.lang-und-heyne.de\/dateien\/2023\/04\/LH_Caliber_IV-150x150.jpg","post-thumbnail-width":150,"post-thumbnail-height":150,"wide":"https:\/\/www.lang-und-heyne.de\/dateien\/2023\/04\/LH_Caliber_IV.jpg","wide-width":1000,"wide-height":960}},"info":"Beim Blick durch das Bodenglas wird das atemberaubende Spiel der Hebel und Federn des Schaltrad-Chronographen in seiner ganzen \u00c4sthetik sichtbar. H\u00f6chster technischer Anspruch paart sich hier wiederum mit dem feinen handwerklichen Finish der Uhrenteile. Gro\u00dfe Kupplungsr\u00e4der in Gold sorgen mit ihren zweihundert Z\u00e4hnen f\u00fcr ein perfektes Einklinken beim Starten und einen ruhigen Zeigerlauf. Grazile Hebel und Federn schwingen in zarter Eleganz, in ihrer Bewegung dem Programm des Schaltrades folgend.<br \/>\r\nDies bietet Uhrenenthusiasten ein Hochgef\u00fchl dank technischer Raffinesse.<br \/>\r\n","exploded":{"ID":8559,"id":8559,"title":"LH_Caliber_IV_Explosionszeichnung","filename":"LH_Caliber_IV_Explosionszeichnung.jpg","filesize":242433,"url":"https:\/\/www.lang-und-heyne.de\/dateien\/2023\/04\/LH_Caliber_IV_Explosionszeichnung.jpg","link":"https:\/\/www.lang-und-heyne.de\/fr\/caliber\/caliber-iv-2\/lh_caliber_iv_explosionszeichnung-2\/","alt":"","author":"2","description":"","caption":"","name":"lh_caliber_iv_explosionszeichnung-2","status":"inherit","uploaded_to":8557,"date":"2023-05-04 09:49:56","modified":"2023-05-04 09:49:56","menu_order":0,"mime_type":"image\/jpeg","type":"image","subtype":"jpeg","icon":"https:\/\/www.lang-und-heyne.de\/wp-includes\/images\/media\/default.png","width":768,"height":1920,"sizes":{"thumbnail":"https:\/\/www.lang-und-heyne.de\/dateien\/2023\/04\/LH_Caliber_IV_Explosionszeichnung-150x150.jpg","thumbnail-width":150,"thumbnail-height":150,"medium":"https:\/\/www.lang-und-heyne.de\/dateien\/2023\/04\/LH_Caliber_IV_Explosionszeichnung-120x300.jpg","medium-width":120,"medium-height":300,"medium_large":"https:\/\/www.lang-und-heyne.de\/dateien\/2023\/04\/LH_Caliber_IV_Explosionszeichnung.jpg","medium_large-width":768,"medium_large-height":1920,"large":"https:\/\/www.lang-und-heyne.de\/dateien\/2023\/04\/LH_Caliber_IV_Explosionszeichnung-410x1024.jpg","large-width":410,"large-height":1024,"1536x1536":"https:\/\/www.lang-und-heyne.de\/dateien\/2023\/04\/LH_Caliber_IV_Explosionszeichnung-614x1536.jpg","1536x1536-width":614,"1536x1536-height":1536,"2048x2048":"https:\/\/www.lang-und-heyne.de\/dateien\/2023\/04\/LH_Caliber_IV_Explosionszeichnung.jpg","2048x2048-width":768,"2048x2048-height":1920,"post-thumbnail":"https:\/\/www.lang-und-heyne.de\/dateien\/2023\/04\/LH_Caliber_IV_Explosionszeichnung-150x150.jpg","post-thumbnail-width":150,"post-thumbnail-height":150,"wide":"https:\/\/www.lang-und-heyne.de\/dateien\/2023\/04\/LH_Caliber_IV_Explosionszeichnung.jpg","wide-width":768,"wide-height":1920}},"details":{"size":"Diam\u00e8tre 16 \u00bc lignes (36,6 mm)<br \/>\nHauteur 7,0 mm","frequency":"18\u202f000 A\/h (2,5 Hz)<br \/>\nR\u00e9serve de marche : 46 heures","parts":"151 pi\u00e8ces<br \/>\n22 rubis, 1 diamant taille brillant<br \/>\n","functions":"seconde d\u00e9centr\u00e9e \u00e0 6 heures,<br \/>\nseconde chrono & chronominute<br \/>\nau centre,<br \/>\nm\u00e9canisme de chronographe<br \/>\navec commande en 3 phases,<br \/>\nmarche-arr\u00eat-r\u00e9initialisation par poussoir \u00e0 couronne"},"extrainfo":{"header":"","text":"","bild":false,"bildposition":true,"linktext":"","target":""}},"wpml_current_locale":"fr_FR","wpml_translations":{"en_US":{"locale":"en_US","id":3638,"slug":"caliber-iv","post_title":"Caliber IV","href":"https:\/\/www.lang-und-heyne.de\/en\/caliber\/caliber-iv\/"},"de_DE":{"locale":"de_DE","id":1438,"slug":"caliber-iv","post_title":"Caliber IV","href":"https:\/\/www.lang-und-heyne.de\/caliber\/caliber-iv\/"},"es_ES":{"locale":"es_ES","id":8598,"slug":"calibre-iv","post_title":"Calibre IV","href":"https:\/\/www.lang-und-heyne.de\/es\/caliber\/calibre-iv\/"},"ja":{"locale":"ja","id":3177,"slug":"caliber-iv","post_title":"\u30ad\u30e3\u30ea\u30d0\u30fcIV","href":"https:\/\/www.lang-und-heyne.de\/ja\/caliber\/caliber-iv\/"},"zh_CN":{"locale":"zh_CN","id":4228,"slug":"caliber-iv","post_title":"Caliber IV","href":"https:\/\/www.lang-und-heyne.de\/zh-hans\/caliber\/caliber-iv\/"}},"_links":{"self":[{"href":"https:\/\/www.lang-und-heyne.de\/fr\/wp-json\/wp\/v2\/caliber\/8557","targetHints":{"allow":["GET"]}}],"collection":[{"href":"https:\/\/www.lang-und-heyne.de\/fr\/wp-json\/wp\/v2\/caliber"}],"about":[{"href":"https:\/\/www.lang-und-heyne.de\/fr\/wp-json\/wp\/v2\/types\/caliber"}],"version-history":[{"count":1,"href":"https:\/\/www.lang-und-heyne.de\/fr\/wp-json\/wp\/v2\/caliber\/8557\/revisions"}],"predecessor-version":[{"id":8560,"href":"https:\/\/www.lang-und-heyne.de\/fr\/wp-json\/wp\/v2\/caliber\/8557\/revisions\/8560"}],"wp:attachment":[{"href":"https:\/\/www.lang-und-heyne.de\/fr\/wp-json\/wp\/v2\/media?parent=8557"}],"curies":[{"name":"wp","href":"https:\/\/api.w.org\/{rel}","templated":true}]}}