{"id":7109,"date":"2023-10-17T15:20:55","date_gmt":"2023-10-17T13:20:55","guid":{"rendered":"https:\/\/www.lang-und-heyne.de\/special\/votre-lang-heyne\/"},"modified":"2025-04-11T08:57:37","modified_gmt":"2025-04-11T06:57:37","slug":"votre-lang-heyne","status":"publish","type":"landingpages","link":"https:\/\/www.lang-und-heyne.de\/fr\/special\/votre-lang-heyne\/","title":{"rendered":"Votre Lang &amp; Heyne"},"content":{"rendered":"\n<hr class=\"wp-block-separator has-alpha-channel-opacity\"\/>\n","protected":false},"featured_media":0,"parent":0,"menu_order":0,"template":"","class_list":["post-7109","landingpages","type-landingpages","status-publish","hentry"],"acf":{"info":{"bild":{"ID":7933,"id":7933,"title":"Modell_Georg_weiss_rose_sRGB_1280","filename":"Modell_Georg_weiss_rose_sRGB_1280.png","filesize":1101455,"url":"https:\/\/www.lang-und-heyne.de\/dateien\/2022\/10\/Modell_Georg_weiss_rose_sRGB_1280.png","link":"https:\/\/www.lang-und-heyne.de\/fr\/modelle\/georg\/modell_georg_weiss_rose_srgb_1280-2\/","alt":"","author":"2","description":"","caption":"","name":"modell_georg_weiss_rose_srgb_1280-2","status":"inherit","uploaded_to":7917,"date":"2022-12-08 14:01:23","modified":"2022-12-08 14:01:23","menu_order":0,"mime_type":"image\/png","type":"image","subtype":"png","icon":"https:\/\/www.lang-und-heyne.de\/wp-includes\/images\/media\/default.png","width":1280,"height":1708,"sizes":{"thumbnail":"https:\/\/www.lang-und-heyne.de\/dateien\/2022\/10\/Modell_Georg_weiss_rose_sRGB_1280-150x150.png","thumbnail-width":150,"thumbnail-height":150,"medium":"https:\/\/www.lang-und-heyne.de\/dateien\/2022\/10\/Modell_Georg_weiss_rose_sRGB_1280-225x300.png","medium-width":225,"medium-height":300,"medium_large":"https:\/\/www.lang-und-heyne.de\/dateien\/2022\/10\/Modell_Georg_weiss_rose_sRGB_1280-768x1025.png","medium_large-width":768,"medium_large-height":1025,"large":"https:\/\/www.lang-und-heyne.de\/dateien\/2022\/10\/Modell_Georg_weiss_rose_sRGB_1280-767x1024.png","large-width":767,"large-height":1024,"1536x1536":"https:\/\/www.lang-und-heyne.de\/dateien\/2022\/10\/Modell_Georg_weiss_rose_sRGB_1280-1151x1536.png","1536x1536-width":1151,"1536x1536-height":1536,"2048x2048":"https:\/\/www.lang-und-heyne.de\/dateien\/2022\/10\/Modell_Georg_weiss_rose_sRGB_1280.png","2048x2048-width":1280,"2048x2048-height":1708,"post-thumbnail":"https:\/\/www.lang-und-heyne.de\/dateien\/2022\/10\/Modell_Georg_weiss_rose_sRGB_1280-150x150.png","post-thumbnail-width":150,"post-thumbnail-height":150,"wide":"https:\/\/www.lang-und-heyne.de\/dateien\/2022\/10\/Modell_Georg_weiss_rose_sRGB_1280.png","wide-width":1280,"wide-height":1708}},"infofeld":"<p>Fusion harmonieuse de la tradition et de la modernit\u00e9<\/p>\n<p>Exquise raret\u00e9<\/p>\n<p>Production en tr\u00e8s petites s\u00e9ries<\/p>\n<p>Remarquable profondeur de fabrication<\/p>\n<p>Artisanat par excellence<\/p>\n<p><a href=\"\/unsere-wurzeln\">En savoir plus sur nos racines<\/a><\/p>\n","hintergrund":{"ID":7403,"id":7403,"title":"WWW-Rectangle-Standaloneseite_Logo","filename":"WWW-Rectangle-Standaloneseite_Logo.jpg","filesize":150132,"url":"https:\/\/www.lang-und-heyne.de\/dateien\/2023\/10\/WWW-Rectangle-Standaloneseite_Logo.jpg","link":"https:\/\/www.lang-und-heyne.de\/fr\/special\/votre-lang-heyne\/www-rectangle-standaloneseite_logo-2\/","alt":"","author":"5","description":"","caption":"","name":"www-rectangle-standaloneseite_logo-2","status":"inherit","uploaded_to":7109,"date":"2023-10-17 13:19:46","modified":"2023-10-17 13:19:46","menu_order":0,"mime_type":"image\/jpeg","type":"image","subtype":"jpeg","icon":"https:\/\/www.lang-und-heyne.de\/wp-includes\/images\/media\/default.png","width":1920,"height":1200,"sizes":{"thumbnail":"https:\/\/www.lang-und-heyne.de\/dateien\/2023\/10\/WWW-Rectangle-Standaloneseite_Logo-150x150.jpg","thumbnail-width":150,"thumbnail-height":150,"medium":"https:\/\/www.lang-und-heyne.de\/dateien\/2023\/10\/WWW-Rectangle-Standaloneseite_Logo-300x188.jpg","medium-width":300,"medium-height":188,"medium_large":"https:\/\/www.lang-und-heyne.de\/dateien\/2023\/10\/WWW-Rectangle-Standaloneseite_Logo-768x480.jpg","medium_large-width":768,"medium_large-height":480,"large":"https:\/\/www.lang-und-heyne.de\/dateien\/2023\/10\/WWW-Rectangle-Standaloneseite_Logo-1024x640.jpg","large-width":1024,"large-height":640,"1536x1536":"https:\/\/www.lang-und-heyne.de\/dateien\/2023\/10\/WWW-Rectangle-Standaloneseite_Logo-1536x960.jpg","1536x1536-width":1536,"1536x1536-height":960,"2048x2048":"https:\/\/www.lang-und-heyne.de\/dateien\/2023\/10\/WWW-Rectangle-Standaloneseite_Logo.jpg","2048x2048-width":1920,"2048x2048-height":1200,"post-thumbnail":"https:\/\/www.lang-und-heyne.de\/dateien\/2023\/10\/WWW-Rectangle-Standaloneseite_Logo-150x150.jpg","post-thumbnail-width":150,"post-thumbnail-height":150,"wide":"https:\/\/www.lang-und-heyne.de\/dateien\/2023\/10\/WWW-Rectangle-Standaloneseite_Logo-1400x875.jpg","wide-width":1400,"wide-height":875}}},"hero":[{"bild":{"ID":6975,"id":6975,"title":"LH-Header-Georg-40black","filename":"LH-Header-Georg-40black.jpg","filesize":733228,"url":"https:\/\/www.lang-und-heyne.de\/dateien\/2025\/01\/LH-Header-Georg-40black.jpg","link":"https:\/\/www.lang-und-heyne.de\/fr\/special\/willkommen\/lh-header-georg-40black\/","alt":"","author":"5","description":"","caption":"","name":"lh-header-georg-40black","status":"inherit","uploaded_to":6929,"date":"2025-01-14 09:35:59","modified":"2025-01-14 09:35:59","menu_order":0,"mime_type":"image\/jpeg","type":"image","subtype":"jpeg","icon":"https:\/\/www.lang-und-heyne.de\/wp-includes\/images\/media\/default.png","width":1920,"height":1080,"sizes":{"thumbnail":"https:\/\/www.lang-und-heyne.de\/dateien\/2025\/01\/LH-Header-Georg-40black-150x150.jpg","thumbnail-width":150,"thumbnail-height":150,"medium":"https:\/\/www.lang-und-heyne.de\/dateien\/2025\/01\/LH-Header-Georg-40black-300x169.jpg","medium-width":300,"medium-height":169,"medium_large":"https:\/\/www.lang-und-heyne.de\/dateien\/2025\/01\/LH-Header-Georg-40black-768x432.jpg","medium_large-width":768,"medium_large-height":432,"large":"https:\/\/www.lang-und-heyne.de\/dateien\/2025\/01\/LH-Header-Georg-40black-1024x576.jpg","large-width":1024,"large-height":576,"1536x1536":"https:\/\/www.lang-und-heyne.de\/dateien\/2025\/01\/LH-Header-Georg-40black-1536x864.jpg","1536x1536-width":1536,"1536x1536-height":864,"2048x2048":"https:\/\/www.lang-und-heyne.de\/dateien\/2025\/01\/LH-Header-Georg-40black.jpg","2048x2048-width":1920,"2048x2048-height":1080,"post-thumbnail":"https:\/\/www.lang-und-heyne.de\/dateien\/2025\/01\/LH-Header-Georg-40black-150x150.jpg","post-thumbnail-width":150,"post-thumbnail-height":150,"wide":"https:\/\/www.lang-und-heyne.de\/dateien\/2025\/01\/LH-Header-Georg-40black-1400x788.jpg","wide-width":1400,"wide-height":788}},"texte":{"kategorie":"Le temps devient art : chefs-d'\u0153uvre artisanaux de Dresde.","titel":"Votre Lang & Heyne"}}],"contact":[{"region":"Vos Contacts","shop":[{"name":"LANG & HEYNE","adresse":"Ullersdorfer M\u00fchle 2<br \/>\n01454 Radeberg<br \/>\nAllemagne","web":"","human":"","telefon":"+49 351 212936-60","email":"vip@langheyne.de","logo":{"ID":3916,"id":3916,"title":"Logo-LuH","filename":"Logo-LuH.png","filesize":30266,"url":"https:\/\/www.lang-und-heyne.de\/dateien\/2023\/06\/Logo-LuH.png","link":"https:\/\/www.lang-und-heyne.de\/fr\/special\/friedrich-iii-orient\/logo-luh\/","alt":"","author":"2","description":"","caption":"","name":"logo-luh","status":"inherit","uploaded_to":3756,"date":"2023-06-26 12:01:06","modified":"2023-06-26 12:01:06","menu_order":0,"mime_type":"image\/png","type":"image","subtype":"png","icon":"https:\/\/www.lang-und-heyne.de\/wp-includes\/images\/media\/default.png","width":1800,"height":423,"sizes":{"thumbnail":"https:\/\/www.lang-und-heyne.de\/dateien\/2023\/06\/Logo-LuH-150x150.png","thumbnail-width":150,"thumbnail-height":150,"medium":"https:\/\/www.lang-und-heyne.de\/dateien\/2023\/06\/Logo-LuH-300x71.png","medium-width":300,"medium-height":71,"medium_large":"https:\/\/www.lang-und-heyne.de\/dateien\/2023\/06\/Logo-LuH-768x180.png","medium_large-width":768,"medium_large-height":180,"large":"https:\/\/www.lang-und-heyne.de\/dateien\/2023\/06\/Logo-LuH-1024x241.png","large-width":1024,"large-height":241,"1536x1536":"https:\/\/www.lang-und-heyne.de\/dateien\/2023\/06\/Logo-LuH-1536x361.png","1536x1536-width":1536,"1536x1536-height":361,"2048x2048":"https:\/\/www.lang-und-heyne.de\/dateien\/2023\/06\/Logo-LuH.png","2048x2048-width":1800,"2048x2048-height":423,"post-thumbnail":"https:\/\/www.lang-und-heyne.de\/dateien\/2023\/06\/Logo-LuH-150x150.png","post-thumbnail-width":150,"post-thumbnail-height":150,"wide":"https:\/\/www.lang-und-heyne.de\/dateien\/2023\/06\/Logo-LuH-1400x329.png","wide-width":1400,"wide-height":329}}}]}],"extra":{"bild":{"ID":8575,"id":8575,"title":"LH_Caliber_VI_v2","filename":"LH_Caliber_VI_v2.jpg","filesize":544591,"url":"https:\/\/www.lang-und-heyne.de\/dateien\/2023\/04\/LH_Caliber_VI_v2.jpg","link":"https:\/\/www.lang-und-heyne.de\/fr\/caliber\/caliber-vi-2\/lh_caliber_vi_v2-2\/","alt":"","author":"2","description":"","caption":"","name":"lh_caliber_vi_v2-2","status":"inherit","uploaded_to":8574,"date":"2023-04-28 11:55:07","modified":"2023-04-28 11:55:07","menu_order":0,"mime_type":"image\/jpeg","type":"image","subtype":"jpeg","icon":"https:\/\/www.lang-und-heyne.de\/wp-includes\/images\/media\/default.png","width":1156,"height":1106,"sizes":{"thumbnail":"https:\/\/www.lang-und-heyne.de\/dateien\/2023\/04\/LH_Caliber_VI_v2-150x150.jpg","thumbnail-width":150,"thumbnail-height":150,"medium":"https:\/\/www.lang-und-heyne.de\/dateien\/2023\/04\/LH_Caliber_VI_v2-300x287.jpg","medium-width":300,"medium-height":287,"medium_large":"https:\/\/www.lang-und-heyne.de\/dateien\/2023\/04\/LH_Caliber_VI_v2-768x735.jpg","medium_large-width":768,"medium_large-height":735,"large":"https:\/\/www.lang-und-heyne.de\/dateien\/2023\/04\/LH_Caliber_VI_v2-1024x980.jpg","large-width":1024,"large-height":980,"1536x1536":"https:\/\/www.lang-und-heyne.de\/dateien\/2023\/04\/LH_Caliber_VI_v2.jpg","1536x1536-width":1156,"1536x1536-height":1106,"2048x2048":"https:\/\/www.lang-und-heyne.de\/dateien\/2023\/04\/LH_Caliber_VI_v2.jpg","2048x2048-width":1156,"2048x2048-height":1106,"post-thumbnail":"https:\/\/www.lang-und-heyne.de\/dateien\/2023\/04\/LH_Caliber_VI_v2-150x150.jpg","post-thumbnail-width":150,"post-thumbnail-height":150,"wide":"https:\/\/www.lang-und-heyne.de\/dateien\/2023\/04\/LH_Caliber_VI_v2.jpg","wide-width":1156,"wide-height":1106}},"header":"L&H Caliber","text":"- Platines grav\u00e9es en argent avec chanfreins biseaut\u00e9s et polis<br \/>\n- Vis polies \u00e0 l'\u00e9tain et bleuies<br \/>\n- Chatons en or<br \/>\n- Roues de remontoir soleill\u00e9es<br \/>\n- Rouages en or 14 ct. Or<br \/>\n- Spiral Breguet<br \/>\n- Cloche de balancier avec r\u00e9glage fin en col de cygne<br \/>\n- Fus\u00e9e en diamant<br \/>\n- Num\u00e9ro de s\u00e9rie grav\u00e9 \u00e0 la main "},"introicon":{"ID":3916,"id":3916,"title":"Logo-LuH","filename":"Logo-LuH.png","filesize":30266,"url":"https:\/\/www.lang-und-heyne.de\/dateien\/2023\/06\/Logo-LuH.png","link":"https:\/\/www.lang-und-heyne.de\/fr\/special\/friedrich-iii-orient\/logo-luh\/","alt":"","author":"2","description":"","caption":"","name":"logo-luh","status":"inherit","uploaded_to":3756,"date":"2023-06-26 12:01:06","modified":"2023-06-26 12:01:06","menu_order":0,"mime_type":"image\/png","type":"image","subtype":"png","icon":"https:\/\/www.lang-und-heyne.de\/wp-includes\/images\/media\/default.png","width":1800,"height":423,"sizes":{"thumbnail":"https:\/\/www.lang-und-heyne.de\/dateien\/2023\/06\/Logo-LuH-150x150.png","thumbnail-width":150,"thumbnail-height":150,"medium":"https:\/\/www.lang-und-heyne.de\/dateien\/2023\/06\/Logo-LuH-300x71.png","medium-width":300,"medium-height":71,"medium_large":"https:\/\/www.lang-und-heyne.de\/dateien\/2023\/06\/Logo-LuH-768x180.png","medium_large-width":768,"medium_large-height":180,"large":"https:\/\/www.lang-und-heyne.de\/dateien\/2023\/06\/Logo-LuH-1024x241.png","large-width":1024,"large-height":241,"1536x1536":"https:\/\/www.lang-und-heyne.de\/dateien\/2023\/06\/Logo-LuH-1536x361.png","1536x1536-width":1536,"1536x1536-height":361,"2048x2048":"https:\/\/www.lang-und-heyne.de\/dateien\/2023\/06\/Logo-LuH.png","2048x2048-width":1800,"2048x2048-height":423,"post-thumbnail":"https:\/\/www.lang-und-heyne.de\/dateien\/2023\/06\/Logo-LuH-150x150.png","post-thumbnail-width":150,"post-thumbnail-height":150,"wide":"https:\/\/www.lang-und-heyne.de\/dateien\/2023\/06\/Logo-LuH-1400x329.png","wide-width":1400,"wide-height":329}},"morelink":false,"block":[{"headerbild":false,"video":false,"header":"D\u00e9couvrez Notre Monde","ausrichtung":true,"text":"<p>L&rsquo;horlogerie telle que seule Lang &#038; Heyne la c\u00e9l\u00e8bre. D\u00e9couvrez notre portrait film\u00e9 de <a href=\"https:\/\/youtu.be\/-pDfIA2BdyY?si=Dib2-qJD4Zw31vCi\" target=\"_blank\" rel=\"noopener\">Monochrome Watches<\/a>. <\/p>\n<p><iframe loading=\"lazy\" width=\"560\" height=\"315\" src=\"https:\/\/www.youtube-nocookie.com\/embed\/-pDfIA2BdyY?si=1y-zIVTvREijkBxc\" title=\"Lecteur vid\u00e9o YouTube\" frameborder=\"0\" allow=\"accelerometer; autoplay; clipboard-write; encrypted-media; gyroscope; picture-in-picture; web-share\" referrerpolicy=\"strict-origin-when-cross-origin\" allowfullscreen=\"\"><\/iframe><\/p>\n","bilder":false},{"headerbild":false,"video":false,"header":"Fusion Harmonieuse de la Tradition ET de la Modernit\u00e9","ausrichtung":false,"text":"<p>Dans notre manufacture, nous combinons de mani\u00e8re unique l&rsquo;artisanat intemporel et l&rsquo;innovation contemporaine. Cette cohabitation harmonieuse cr\u00e9e des montres qui pr\u00e9servent les valeurs de la tradition tout en ouvrant la voie \u00e0 l&rsquo;avenir. <\/p>\n","bilder":false},{"headerbild":false,"video":{"ID":6937,"id":6937,"title":"LH-Montage-Subheader-460","filename":"LH-Montage-Subheader-460.mp4","filesize":2314976,"url":"https:\/\/www.lang-und-heyne.de\/dateien\/2025\/01\/LH-Montage-Subheader-460.mp4","link":"https:\/\/www.lang-und-heyne.de\/fr\/special\/willkommen\/lh-montage-subheader-460\/","alt":"","author":"5","description":"","caption":"","name":"lh-montage-subheader-460","status":"inherit","uploaded_to":6929,"date":"2025-01-13 13:53:56","modified":"2025-01-13 13:53:56","menu_order":0,"mime_type":"video\/mp4","type":"video","subtype":"mp4","icon":"https:\/\/www.lang-und-heyne.de\/wp-includes\/images\/media\/video.png","width":1280,"height":480},"header":"Pr\u00e9cision & Perfection en Chiffres","ausrichtung":true,"text":"<h3>Des petites s\u00e9ries de caract\u00e8re<\/h3>\n<p>Notre production annuelle est limit\u00e9e \u00e0 100-150 montres &#8211; avec une perspective de 200 au maximum. Cette limitation est l&rsquo;expression de notre exigence de qualit\u00e9 sans compromis. <\/p>\n<h3>Profondeur de fabrication avec contr\u00f4le<\/h3>\n<p>Des rouages en or 14 carats au num\u00e9ro de s\u00e9rie grav\u00e9 \u00e0 la main, nous concevons et fabriquons nos calibres avec le plus grand soin.<\/p>\n<h3>Points forts techniques<\/h3>\n<ul>\n<li>Platine avec grain d&rsquo;argent<\/li>\n<li>Vis bleues recuites<\/li>\n<li>R\u00e9glage fin du col de cygne<\/li>\n<li>Spiral Breguet &#038; terminaison en diamant<\/li>\n<\/ul>\n<h3>L&rsquo;artisanat par excellence<\/h3>\n<p>Dans notre manufacture, nous ne cr\u00e9ons pas seulement une \u00e9l\u00e9gance simple sous forme de montres \u00e0 trois aiguilles, mais aussi des complications exceptionnelles qui ma\u00eetrisent tout le spectre de l&rsquo;art horloger saxon. Nos montres sont un hommage \u00e0 l&rsquo;artisanat par excellence.<br \/>\n<a href=\"https:\/\/www.lang-und-heyne.de\/kollektion\/\">En savoir plus sur nos mod\u00e8les<\/a><\/p>\n","bilder":[{"bild":{"ID":7957,"id":7957,"title":"LH_Preview_Georg","filename":"LH_Preview_Georg.jpg","filesize":456073,"url":"https:\/\/www.lang-und-heyne.de\/dateien\/2022\/10\/LH_Preview_Georg.jpg","link":"https:\/\/www.lang-und-heyne.de\/fr\/modelle\/georg\/lh_preview_georg-2\/","alt":"","author":"5","description":"","caption":"","name":"lh_preview_georg-2","status":"inherit","uploaded_to":7917,"date":"2024-09-11 10:44:26","modified":"2024-09-11 10:44:26","menu_order":0,"mime_type":"image\/jpeg","type":"image","subtype":"jpeg","icon":"https:\/\/www.lang-und-heyne.de\/wp-includes\/images\/media\/default.png","width":1500,"height":960,"sizes":{"thumbnail":"https:\/\/www.lang-und-heyne.de\/dateien\/2022\/10\/LH_Preview_Georg-150x150.jpg","thumbnail-width":150,"thumbnail-height":150,"medium":"https:\/\/www.lang-und-heyne.de\/dateien\/2022\/10\/LH_Preview_Georg-300x192.jpg","medium-width":300,"medium-height":192,"medium_large":"https:\/\/www.lang-und-heyne.de\/dateien\/2022\/10\/LH_Preview_Georg-768x492.jpg","medium_large-width":768,"medium_large-height":492,"large":"https:\/\/www.lang-und-heyne.de\/dateien\/2022\/10\/LH_Preview_Georg-1024x655.jpg","large-width":1024,"large-height":655,"1536x1536":"https:\/\/www.lang-und-heyne.de\/dateien\/2022\/10\/LH_Preview_Georg.jpg","1536x1536-width":1500,"1536x1536-height":960,"2048x2048":"https:\/\/www.lang-und-heyne.de\/dateien\/2022\/10\/LH_Preview_Georg.jpg","2048x2048-width":1500,"2048x2048-height":960,"post-thumbnail":"https:\/\/www.lang-und-heyne.de\/dateien\/2022\/10\/LH_Preview_Georg-150x150.jpg","post-thumbnail-width":150,"post-thumbnail-height":150,"wide":"https:\/\/www.lang-und-heyne.de\/dateien\/2022\/10\/LH_Preview_Georg-1400x896.jpg","wide-width":1400,"wide-height":896}},"subline":"Toutes Les Montres Sont \u00e9Quip\u00e9es D\u2019Un Fond en Verre Saphir."}]},{"headerbild":{"ID":6962,"id":6962,"title":"LH-Subheader-Sales-240","filename":"LH-Subheader-Sales-240-1.jpg","filesize":189231,"url":"https:\/\/www.lang-und-heyne.de\/dateien\/2025\/01\/LH-Subheader-Sales-240-1.jpg","link":"https:\/\/www.lang-und-heyne.de\/fr\/special\/willkommen\/lh-subheader-sales-240\/","alt":"","author":"5","description":"","caption":"","name":"lh-subheader-sales-240","status":"inherit","uploaded_to":6929,"date":"2025-01-14 07:33:33","modified":"2025-01-14 07:33:33","menu_order":0,"mime_type":"image\/jpeg","type":"image","subtype":"jpeg","icon":"https:\/\/www.lang-und-heyne.de\/wp-includes\/images\/media\/default.png","width":1280,"height":240,"sizes":{"thumbnail":"https:\/\/www.lang-und-heyne.de\/dateien\/2025\/01\/LH-Subheader-Sales-240-1-150x150.jpg","thumbnail-width":150,"thumbnail-height":150,"medium":"https:\/\/www.lang-und-heyne.de\/dateien\/2025\/01\/LH-Subheader-Sales-240-1-300x56.jpg","medium-width":300,"medium-height":56,"medium_large":"https:\/\/www.lang-und-heyne.de\/dateien\/2025\/01\/LH-Subheader-Sales-240-1-768x144.jpg","medium_large-width":768,"medium_large-height":144,"large":"https:\/\/www.lang-und-heyne.de\/dateien\/2025\/01\/LH-Subheader-Sales-240-1-1024x192.jpg","large-width":1024,"large-height":192,"1536x1536":"https:\/\/www.lang-und-heyne.de\/dateien\/2025\/01\/LH-Subheader-Sales-240-1.jpg","1536x1536-width":1280,"1536x1536-height":240,"2048x2048":"https:\/\/www.lang-und-heyne.de\/dateien\/2025\/01\/LH-Subheader-Sales-240-1.jpg","2048x2048-width":1280,"2048x2048-height":240,"post-thumbnail":"https:\/\/www.lang-und-heyne.de\/dateien\/2025\/01\/LH-Subheader-Sales-240-1-150x150.jpg","post-thumbnail-width":150,"post-thumbnail-height":150,"wide":"https:\/\/www.lang-und-heyne.de\/dateien\/2025\/01\/LH-Subheader-Sales-240-1.jpg","wide-width":1280,"wide-height":240}},"video":false,"header":"Faites Vos Premiers Pas Dans L\u2019Univers de Lang & Heyne","ausrichtung":false,"text":"<p>Venez nous rendre visite et d\u00e9couvrez de pr\u00e8s la fascination de nos montres. Prenez rendez-vous d\u00e8s aujourd&rsquo;hui pour un entretien personnalis\u00e9 ou laissez-vous inspirer en ligne. <\/p>\n<p><a href=\"https:\/\/www.lang-und-heyne.de\/kontakt\/\"><strong>Prenez contact d\u00e8s maintenant<\/strong><\/a><\/p>\n<p>Trouvez un <a href=\"https:\/\/www.lang-und-heyne.de\/fachhandel\/\" target=\"_blank\" rel=\"noopener\">REVENDEUR AGR\u00c9\u00c9<\/a> pr\u00e8s de chez vous.<\/p>\n","bilder":false}],"intro":"L'exp\u00e9rience de tenir votre Lang et Heyne entre vos mains est incomparable. Les d\u00e9tails captivent votre regard et vous savez combien de d\u00e9vouement et d'amour du d\u00e9tail ont \u00e9t\u00e9 mis dans chaque \u00e9l\u00e9ment.  C'est avec fiert\u00e9 que vous mettez la montre et que vous portez \u00e0 votre poignet un v\u00e9ritable chef-d'\u0153uvre de Saxe.","blockheader":"Caract\u00e9ristiques de l'unicit\u00e9"},"wpml_current_locale":"fr_FR","wpml_translations":{"en_US":{"locale":"en_US","id":7107,"slug":"your-langheyne","post_title":"Your Lang &amp; Heyne","href":"https:\/\/www.lang-und-heyne.de\/en\/special\/your-langheyne\/"},"de_DE":{"locale":"de_DE","id":5234,"slug":"ihre-lang-heyne","post_title":"Ihre Lang & Heyne","href":"https:\/\/www.lang-und-heyne.de\/special\/ihre-lang-heyne\/"},"es_ES":{"locale":"es_ES","id":7133,"slug":"atentamente-lang-heyne","post_title":"Atentamente, Lang &amp; Heyne","href":"https:\/\/www.lang-und-heyne.de\/es\/special\/atentamente-lang-heyne\/"},"ja":{"locale":"ja","id":7113,"slug":"your-langheyne","post_title":"\u30e9\u30f3\u30b0\uff06\u30d8\u30a4\u30f3","href":"https:\/\/www.lang-und-heyne.de\/ja\/special\/your-langheyne\/"},"zh_CN":{"locale":"zh_CN","id":7111,"slug":"your-langheyne","post_title":"\u60a8\u7684\uff0c\u6717\u548c\u6d77\u6d85","href":"https:\/\/www.lang-und-heyne.de\/zh-hans\/special\/your-langheyne\/"}},"_links":{"self":[{"href":"https:\/\/www.lang-und-heyne.de\/fr\/wp-json\/wp\/v2\/landingpages\/7109","targetHints":{"allow":["GET"]}}],"collection":[{"href":"https:\/\/www.lang-und-heyne.de\/fr\/wp-json\/wp\/v2\/landingpages"}],"about":[{"href":"https:\/\/www.lang-und-heyne.de\/fr\/wp-json\/wp\/v2\/types\/landingpages"}],"version-history":[{"count":1,"href":"https:\/\/www.lang-und-heyne.de\/fr\/wp-json\/wp\/v2\/landingpages\/7109\/revisions"}],"predecessor-version":[{"id":7110,"href":"https:\/\/www.lang-und-heyne.de\/fr\/wp-json\/wp\/v2\/landingpages\/7109\/revisions\/7110"}],"wp:attachment":[{"href":"https:\/\/www.lang-und-heyne.de\/fr\/wp-json\/wp\/v2\/media?parent=7109"}],"curies":[{"name":"wp","href":"https:\/\/api.w.org\/{rel}","templated":true}]}}