{"id":7414,"date":"2024-03-09T11:30:28","date_gmt":"2024-03-09T10:30:28","guid":{"rendered":"https:\/\/www.lang-und-heyne.de\/special\/edition-anton-manufacture\/"},"modified":"2025-03-31T14:23:44","modified_gmt":"2025-03-31T12:23:44","slug":"edition-anton-manufacture","status":"publish","type":"landingpages","link":"https:\/\/www.lang-und-heyne.de\/fr\/special\/edition-anton-manufacture\/","title":{"rendered":"\u00c9dition Anton Manufacture"},"content":{"rendered":"\n<hr class=\"wp-block-separator has-alpha-channel-opacity\"\/>\n","protected":false},"featured_media":7427,"parent":0,"menu_order":0,"template":"","class_list":["post-7414","landingpages","type-landingpages","status-publish","has-post-thumbnail","hentry"],"acf":{"info":{"bild":{"ID":8303,"id":8303,"title":"LH_AntonME_Soldat","filename":"LH_AntonME_Soldat.png","filesize":783351,"url":"https:\/\/www.lang-und-heyne.de\/dateien\/2024\/02\/LH_AntonME_Soldat.png","link":"https:\/\/www.lang-und-heyne.de\/fr\/modelle\/edition-anton-manufacture\/lh_antonme_soldat-2\/","alt":"","author":"5","description":"","caption":"","name":"lh_antonme_soldat-2","status":"inherit","uploaded_to":8301,"date":"2024-02-28 14:06:59","modified":"2024-02-28 14:06:59","menu_order":0,"mime_type":"image\/png","type":"image","subtype":"png","icon":"https:\/\/www.lang-und-heyne.de\/wp-includes\/images\/media\/default.png","width":850,"height":1400,"sizes":{"thumbnail":"https:\/\/www.lang-und-heyne.de\/dateien\/2024\/02\/LH_AntonME_Soldat-150x150.png","thumbnail-width":150,"thumbnail-height":150,"medium":"https:\/\/www.lang-und-heyne.de\/dateien\/2024\/02\/LH_AntonME_Soldat-182x300.png","medium-width":182,"medium-height":300,"medium_large":"https:\/\/www.lang-und-heyne.de\/dateien\/2024\/02\/LH_AntonME_Soldat-768x1265.png","medium_large-width":768,"medium_large-height":1265,"large":"https:\/\/www.lang-und-heyne.de\/dateien\/2024\/02\/LH_AntonME_Soldat-622x1024.png","large-width":622,"large-height":1024,"1536x1536":"https:\/\/www.lang-und-heyne.de\/dateien\/2024\/02\/LH_AntonME_Soldat.png","1536x1536-width":850,"1536x1536-height":1400,"2048x2048":"https:\/\/www.lang-und-heyne.de\/dateien\/2024\/02\/LH_AntonME_Soldat.png","2048x2048-width":850,"2048x2048-height":1400,"post-thumbnail":"https:\/\/www.lang-und-heyne.de\/dateien\/2024\/02\/LH_AntonME_Soldat-150x150.png","post-thumbnail-width":150,"post-thumbnail-height":150,"wide":"https:\/\/www.lang-und-heyne.de\/dateien\/2024\/02\/LH_AntonME_Soldat.png","wide-width":850,"wide-height":1400}},"infofeld":"<p>Cadran en c\u00e9ramique noire et plaque de base gris fonc\u00e9 givr\u00e9e chiffres romains avec impression Berlac de haute qualit\u00e9<\/p>\n<p>Tourbillon volant<\/p>\n<p>Aiguilles Pike remplies de HyCeram<\/p>\n<p>Pierre d'onyx dans la couronne<\/p>\n<p>Edition limit\u00e9e \u00e0 5 exemplaires<\/p>\n","hintergrund":{"ID":7415,"id":7415,"title":"LH_Special_AntonME","filename":"LH_Special_AntonME.jpg","filesize":156929,"url":"https:\/\/www.lang-und-heyne.de\/dateien\/2024\/03\/LH_Special_AntonME.jpg","link":"https:\/\/www.lang-und-heyne.de\/fr\/special\/edition-anton-manufacture\/lh_special_antonme-3\/","alt":"","author":"5","description":"","caption":"","name":"lh_special_antonme-3","status":"inherit","uploaded_to":7414,"date":"2024-03-09 10:20:04","modified":"2024-03-09 10:20:04","menu_order":0,"mime_type":"image\/jpeg","type":"image","subtype":"jpeg","icon":"https:\/\/www.lang-und-heyne.de\/wp-includes\/images\/media\/default.png","width":1920,"height":1200,"sizes":{"thumbnail":"https:\/\/www.lang-und-heyne.de\/dateien\/2024\/03\/LH_Special_AntonME-150x150.jpg","thumbnail-width":150,"thumbnail-height":150,"medium":"https:\/\/www.lang-und-heyne.de\/dateien\/2024\/03\/LH_Special_AntonME-300x188.jpg","medium-width":300,"medium-height":188,"medium_large":"https:\/\/www.lang-und-heyne.de\/dateien\/2024\/03\/LH_Special_AntonME-768x480.jpg","medium_large-width":768,"medium_large-height":480,"large":"https:\/\/www.lang-und-heyne.de\/dateien\/2024\/03\/LH_Special_AntonME-1024x640.jpg","large-width":1024,"large-height":640,"1536x1536":"https:\/\/www.lang-und-heyne.de\/dateien\/2024\/03\/LH_Special_AntonME-1536x960.jpg","1536x1536-width":1536,"1536x1536-height":960,"2048x2048":"https:\/\/www.lang-und-heyne.de\/dateien\/2024\/03\/LH_Special_AntonME.jpg","2048x2048-width":1920,"2048x2048-height":1200,"post-thumbnail":"https:\/\/www.lang-und-heyne.de\/dateien\/2024\/03\/LH_Special_AntonME-150x150.jpg","post-thumbnail-width":150,"post-thumbnail-height":150,"wide":"https:\/\/www.lang-und-heyne.de\/dateien\/2024\/03\/LH_Special_AntonME-1400x875.jpg","wide-width":1400,"wide-height":875}}},"hero":[{"bild":{"ID":8302,"id":8302,"title":"LH_Header_AME","filename":"LH_Header_AME.jpg","filesize":996323,"url":"https:\/\/www.lang-und-heyne.de\/dateien\/2024\/02\/LH_Header_AME.jpg","link":"https:\/\/www.lang-und-heyne.de\/fr\/modelle\/edition-anton-manufacture\/lh_header_ame-2\/","alt":"","author":"5","description":"","caption":"","name":"lh_header_ame-2","status":"inherit","uploaded_to":8301,"date":"2024-02-28 14:03:41","modified":"2024-02-28 14:03:41","menu_order":0,"mime_type":"image\/jpeg","type":"image","subtype":"jpeg","icon":"https:\/\/www.lang-und-heyne.de\/wp-includes\/images\/media\/default.png","width":1920,"height":1080,"sizes":{"thumbnail":"https:\/\/www.lang-und-heyne.de\/dateien\/2024\/02\/LH_Header_AME-150x150.jpg","thumbnail-width":150,"thumbnail-height":150,"medium":"https:\/\/www.lang-und-heyne.de\/dateien\/2024\/02\/LH_Header_AME-300x169.jpg","medium-width":300,"medium-height":169,"medium_large":"https:\/\/www.lang-und-heyne.de\/dateien\/2024\/02\/LH_Header_AME-768x432.jpg","medium_large-width":768,"medium_large-height":432,"large":"https:\/\/www.lang-und-heyne.de\/dateien\/2024\/02\/LH_Header_AME-1024x576.jpg","large-width":1024,"large-height":576,"1536x1536":"https:\/\/www.lang-und-heyne.de\/dateien\/2024\/02\/LH_Header_AME-1536x864.jpg","1536x1536-width":1536,"1536x1536-height":864,"2048x2048":"https:\/\/www.lang-und-heyne.de\/dateien\/2024\/02\/LH_Header_AME.jpg","2048x2048-width":1920,"2048x2048-height":1080,"post-thumbnail":"https:\/\/www.lang-und-heyne.de\/dateien\/2024\/02\/LH_Header_AME-150x150.jpg","post-thumbnail-width":150,"post-thumbnail-height":150,"wide":"https:\/\/www.lang-und-heyne.de\/dateien\/2024\/02\/LH_Header_AME-1400x788.jpg","wide-width":1400,"wide-height":788}},"texte":{"kategorie":"Version du mod\u00e8le","titel":"\u00c9dition Anton Manufacture"}}],"block":[{"headerbild":false,"video":{"ID":7416,"id":7416,"title":"LH_Special_AntonME","filename":"LH_Special_AntonME.mp4","filesize":1741099,"url":"https:\/\/www.lang-und-heyne.de\/dateien\/2024\/03\/LH_Special_AntonME.mp4","link":"https:\/\/www.lang-und-heyne.de\/fr\/special\/edition-anton-manufacture\/lh_special_antonme-2-2\/","alt":"","author":"5","description":"","caption":"","name":"lh_special_antonme-2-2","status":"inherit","uploaded_to":7414,"date":"2024-03-10 09:36:58","modified":"2024-03-10 09:36:58","menu_order":0,"mime_type":"video\/mp4","type":"video","subtype":"mp4","icon":"https:\/\/www.lang-und-heyne.de\/wp-includes\/images\/media\/video.png","width":1280,"height":532},"header":"Le tourbillon \"volant\" sous une nouvelle perspective","ausrichtung":true,"text":"<p>L&rsquo;expression \u00ab\u00a0tourbillon volant\u00a0\u00bb prend un nouveau sens, car la partie inf\u00e9rieure du cadran est ouverte et offre une perspective unique. Regardez \u00e0 travers le cadran, passez la cage du tourbillon et obtenez une vue lat\u00e9rale du c\u0153ur du tourbillon. Le rehaut fait office de miroir et permet aux passionn\u00e9s d&rsquo;observer de plus pr\u00e8s la m\u00e9canique complexe et la finesse du tourbillon. Cet \u00e9l\u00e9ment de design sophistiqu\u00e9 augmente l&rsquo;attrait visuel et le plaisir de la d\u00e9couverte, tout en saisissant l&rsquo;essence de l&rsquo;innovation associ\u00e9e au d\u00e9sir d&rsquo;appr\u00e9cier profond\u00e9ment l&rsquo;art horloger.   <\/p>\n","bilder":[{"bild":{"ID":7417,"id":7417,"title":"LH_Kachel_AntonME-Tourbi","filename":"LH_Kachel_AntonME-Tourbi.jpg","filesize":235896,"url":"https:\/\/www.lang-und-heyne.de\/dateien\/2024\/03\/LH_Kachel_AntonME-Tourbi.jpg","link":"https:\/\/www.lang-und-heyne.de\/fr\/special\/edition-anton-manufacture\/lh_kachel_antonme-tourbi-2\/","alt":"","author":"5","description":"","caption":"","name":"lh_kachel_antonme-tourbi-2","status":"inherit","uploaded_to":7414,"date":"2024-03-10 09:40:25","modified":"2024-03-10 09:40:25","menu_order":0,"mime_type":"image\/jpeg","type":"image","subtype":"jpeg","icon":"https:\/\/www.lang-und-heyne.de\/wp-includes\/images\/media\/default.png","width":1000,"height":640,"sizes":{"thumbnail":"https:\/\/www.lang-und-heyne.de\/dateien\/2024\/03\/LH_Kachel_AntonME-Tourbi-150x150.jpg","thumbnail-width":150,"thumbnail-height":150,"medium":"https:\/\/www.lang-und-heyne.de\/dateien\/2024\/03\/LH_Kachel_AntonME-Tourbi-300x192.jpg","medium-width":300,"medium-height":192,"medium_large":"https:\/\/www.lang-und-heyne.de\/dateien\/2024\/03\/LH_Kachel_AntonME-Tourbi-768x492.jpg","medium_large-width":768,"medium_large-height":492,"large":"https:\/\/www.lang-und-heyne.de\/dateien\/2024\/03\/LH_Kachel_AntonME-Tourbi.jpg","large-width":1000,"large-height":640,"1536x1536":"https:\/\/www.lang-und-heyne.de\/dateien\/2024\/03\/LH_Kachel_AntonME-Tourbi.jpg","1536x1536-width":1000,"1536x1536-height":640,"2048x2048":"https:\/\/www.lang-und-heyne.de\/dateien\/2024\/03\/LH_Kachel_AntonME-Tourbi.jpg","2048x2048-width":1000,"2048x2048-height":640,"post-thumbnail":"https:\/\/www.lang-und-heyne.de\/dateien\/2024\/03\/LH_Kachel_AntonME-Tourbi-150x150.jpg","post-thumbnail-width":150,"post-thumbnail-height":150,"wide":"https:\/\/www.lang-und-heyne.de\/dateien\/2024\/03\/LH_Kachel_AntonME-Tourbi.jpg","wide-width":1000,"wide-height":640}},"subline":"Cadran ouvert"}]},{"headerbild":false,"video":{"ID":7419,"id":7419,"title":"LH_Special_AntonME-Tourbi2","filename":"LH_Special_AntonME-Tourbi2.mp4","filesize":1813770,"url":"https:\/\/www.lang-und-heyne.de\/dateien\/2024\/03\/LH_Special_AntonME-Tourbi2.mp4","link":"https:\/\/www.lang-und-heyne.de\/fr\/special\/edition-anton-manufacture\/lh_special_antonme-tourbi2-2\/","alt":"","author":"5","description":"","caption":"","name":"lh_special_antonme-tourbi2-2","status":"inherit","uploaded_to":7414,"date":"2024-03-10 09:48:58","modified":"2024-03-10 09:48:58","menu_order":0,"mime_type":"video\/mp4","type":"video","subtype":"mp4","icon":"https:\/\/www.lang-und-heyne.de\/wp-includes\/images\/media\/video.png","width":1280,"height":532},"header":"Raffinement du tourbillon","ausrichtung":false,"text":"<p>Le tourbillon Lang &#038; Heyne est un chef-d&rsquo;\u0153uvre d&rsquo;horlogerie qui a fait l&rsquo;objet d&rsquo;importantes am\u00e9liorations dans sa construction. Ce tourbillon \u00ab\u00a0volant\u00a0\u00bb d&rsquo;une minute, bas\u00e9 sur le design d&rsquo;Alfred Helwig, se caract\u00e9rise par un savoir-faire exceptionnel. Les changements incluent la modification du ressort antichoc et des composants de l&rsquo;ancre dans le but d&rsquo;am\u00e9liorer la pr\u00e9cision. L&rsquo;ancre, qui se compose d\u00e9sormais de deux corps, permet des r\u00e9glages plus pr\u00e9cis, tandis que le ressort antichoc redessin\u00e9 garantit un montage plus facile sans risque d&rsquo;endommagement. En plus de ces am\u00e9liorations, un nouveau coq en acier offre une base solide pour la danse complexe et fascinante du tourbillon, d\u00e9montrant ainsi notre engagement envers l&rsquo;innovation et la pr\u00e9cision dans l&rsquo;horlogerie. L&rsquo;architecture du mouvement est d\u00e9sormais encore plus agr\u00e9able et illustre parfaitement le fonctionnement m\u00e9canique d&rsquo;un mouvement \u00e0 remontage manuel.     <\/p>\n","bilder":[{"bild":{"ID":7418,"id":7418,"title":"LH_Kachel_AntonME-ZeichnungTourbi","filename":"LH_Kachel_AntonME-ZeichnungTourbi.jpg","filesize":207291,"url":"https:\/\/www.lang-und-heyne.de\/dateien\/2024\/03\/LH_Kachel_AntonME-ZeichnungTourbi.jpg","link":"https:\/\/www.lang-und-heyne.de\/fr\/special\/edition-anton-manufacture\/lh_kachel_antonme-zeichnungtourbi-2\/","alt":"","author":"5","description":"","caption":"","name":"lh_kachel_antonme-zeichnungtourbi-2","status":"inherit","uploaded_to":7414,"date":"2024-03-10 09:45:46","modified":"2024-03-10 09:45:46","menu_order":0,"mime_type":"image\/jpeg","type":"image","subtype":"jpeg","icon":"https:\/\/www.lang-und-heyne.de\/wp-includes\/images\/media\/default.png","width":1000,"height":640,"sizes":{"thumbnail":"https:\/\/www.lang-und-heyne.de\/dateien\/2024\/03\/LH_Kachel_AntonME-ZeichnungTourbi-150x150.jpg","thumbnail-width":150,"thumbnail-height":150,"medium":"https:\/\/www.lang-und-heyne.de\/dateien\/2024\/03\/LH_Kachel_AntonME-ZeichnungTourbi-300x192.jpg","medium-width":300,"medium-height":192,"medium_large":"https:\/\/www.lang-und-heyne.de\/dateien\/2024\/03\/LH_Kachel_AntonME-ZeichnungTourbi-768x492.jpg","medium_large-width":768,"medium_large-height":492,"large":"https:\/\/www.lang-und-heyne.de\/dateien\/2024\/03\/LH_Kachel_AntonME-ZeichnungTourbi.jpg","large-width":1000,"large-height":640,"1536x1536":"https:\/\/www.lang-und-heyne.de\/dateien\/2024\/03\/LH_Kachel_AntonME-ZeichnungTourbi.jpg","1536x1536-width":1000,"1536x1536-height":640,"2048x2048":"https:\/\/www.lang-und-heyne.de\/dateien\/2024\/03\/LH_Kachel_AntonME-ZeichnungTourbi.jpg","2048x2048-width":1000,"2048x2048-height":640,"post-thumbnail":"https:\/\/www.lang-und-heyne.de\/dateien\/2024\/03\/LH_Kachel_AntonME-ZeichnungTourbi-150x150.jpg","post-thumbnail-width":150,"post-thumbnail-height":150,"wide":"https:\/\/www.lang-und-heyne.de\/dateien\/2024\/03\/LH_Kachel_AntonME-ZeichnungTourbi.jpg","wide-width":1000,"wide-height":640}},"subline":"Croquis de construction du tourbillon en coupe par Jens Schneider"}]},{"headerbild":{"ID":7420,"id":7420,"title":"LH_Subheader_AntonME","filename":"LH_Subheader_AntonME.jpg","filesize":424554,"url":"https:\/\/www.lang-und-heyne.de\/dateien\/2024\/03\/LH_Subheader_AntonME.jpg","link":"https:\/\/www.lang-und-heyne.de\/fr\/special\/edition-anton-manufacture\/lh_subheader_antonme-2\/","alt":"","author":"5","description":"","caption":"","name":"lh_subheader_antonme-2","status":"inherit","uploaded_to":7414,"date":"2024-03-11 07:01:42","modified":"2024-03-11 07:01:42","menu_order":0,"mime_type":"image\/jpeg","type":"image","subtype":"jpeg","icon":"https:\/\/www.lang-und-heyne.de\/wp-includes\/images\/media\/default.png","width":1920,"height":800,"sizes":{"thumbnail":"https:\/\/www.lang-und-heyne.de\/dateien\/2024\/03\/LH_Subheader_AntonME-150x150.jpg","thumbnail-width":150,"thumbnail-height":150,"medium":"https:\/\/www.lang-und-heyne.de\/dateien\/2024\/03\/LH_Subheader_AntonME-300x125.jpg","medium-width":300,"medium-height":125,"medium_large":"https:\/\/www.lang-und-heyne.de\/dateien\/2024\/03\/LH_Subheader_AntonME-768x320.jpg","medium_large-width":768,"medium_large-height":320,"large":"https:\/\/www.lang-und-heyne.de\/dateien\/2024\/03\/LH_Subheader_AntonME-1024x427.jpg","large-width":1024,"large-height":427,"1536x1536":"https:\/\/www.lang-und-heyne.de\/dateien\/2024\/03\/LH_Subheader_AntonME-1536x640.jpg","1536x1536-width":1536,"1536x1536-height":640,"2048x2048":"https:\/\/www.lang-und-heyne.de\/dateien\/2024\/03\/LH_Subheader_AntonME.jpg","2048x2048-width":1920,"2048x2048-height":800,"post-thumbnail":"https:\/\/www.lang-und-heyne.de\/dateien\/2024\/03\/LH_Subheader_AntonME-150x150.jpg","post-thumbnail-width":150,"post-thumbnail-height":150,"wide":"https:\/\/www.lang-und-heyne.de\/dateien\/2024\/03\/LH_Subheader_AntonME-1400x583.jpg","wide-width":1400,"wide-height":583}},"video":false,"header":"Innovation en mati\u00e8re de cadrans","ausrichtung":true,"text":"<p>La caract\u00e9ristique la plus remarquable de cette \u00e9dition exclusive est son fascinant cadran. Fabriqu\u00e9 avec pr\u00e9cision dans nos ateliers, un cadran en c\u00e9ramique noire orne \u00e9l\u00e9gamment une plaque de base gris fonc\u00e9 en finition givre. Le disque en c\u00e9ramique d&rsquo;oxyde de zirconium noir poli miroir porte des graduations et des chiffres grav\u00e9s au laser et recouverts de laque Berlac. Des aiguilles Pike remplies de HyCeram glissent d\u00e9licatement sur la surface pour assurer une lecture claire. Cette composition exceptionnelle ne respire pas seulement le raffinement, elle refl\u00e8te \u00e9galement notre ma\u00eetrise des mat\u00e9riaux avanc\u00e9s. L&rsquo;utilisation de la c\u00e9ramique, connue pour ses propri\u00e9t\u00e9s de r\u00e9sistance \u00e0 la pression et de faible densit\u00e9 sp\u00e9cifique, contribue de mani\u00e8re significative \u00e0 la r\u00e9sistance aux rayures du cadran. Ce raffinement technique garantit un cadran robuste et riche en d\u00e9tails, preuve de notre engagement en faveur de l&rsquo;innovation horlog\u00e8re. Inspir\u00e9e par le succ\u00e8s d&rsquo;autres \u00e9ditions, cette combinaison unique t\u00e9moigne de notre volont\u00e9 permanente de repousser les limites de l&rsquo;horlogerie.       <\/p>\n","bilder":[{"bild":{"ID":7421,"id":7421,"title":"LH_Kachel_AntonME-Zifferblatt","filename":"LH_Kachel_AntonME-Zifferblatt.jpg","filesize":221280,"url":"https:\/\/www.lang-und-heyne.de\/dateien\/2024\/03\/LH_Kachel_AntonME-Zifferblatt.jpg","link":"https:\/\/www.lang-und-heyne.de\/fr\/special\/edition-anton-manufacture\/lh_kachel_antonme-zifferblatt-2\/","alt":"","author":"5","description":"","caption":"","name":"lh_kachel_antonme-zifferblatt-2","status":"inherit","uploaded_to":7414,"date":"2024-03-11 09:23:22","modified":"2024-03-11 09:23:22","menu_order":0,"mime_type":"image\/jpeg","type":"image","subtype":"jpeg","icon":"https:\/\/www.lang-und-heyne.de\/wp-includes\/images\/media\/default.png","width":1000,"height":640,"sizes":{"thumbnail":"https:\/\/www.lang-und-heyne.de\/dateien\/2024\/03\/LH_Kachel_AntonME-Zifferblatt-150x150.jpg","thumbnail-width":150,"thumbnail-height":150,"medium":"https:\/\/www.lang-und-heyne.de\/dateien\/2024\/03\/LH_Kachel_AntonME-Zifferblatt-300x192.jpg","medium-width":300,"medium-height":192,"medium_large":"https:\/\/www.lang-und-heyne.de\/dateien\/2024\/03\/LH_Kachel_AntonME-Zifferblatt-768x492.jpg","medium_large-width":768,"medium_large-height":492,"large":"https:\/\/www.lang-und-heyne.de\/dateien\/2024\/03\/LH_Kachel_AntonME-Zifferblatt.jpg","large-width":1000,"large-height":640,"1536x1536":"https:\/\/www.lang-und-heyne.de\/dateien\/2024\/03\/LH_Kachel_AntonME-Zifferblatt.jpg","1536x1536-width":1000,"1536x1536-height":640,"2048x2048":"https:\/\/www.lang-und-heyne.de\/dateien\/2024\/03\/LH_Kachel_AntonME-Zifferblatt.jpg","2048x2048-width":1000,"2048x2048-height":640,"post-thumbnail":"https:\/\/www.lang-und-heyne.de\/dateien\/2024\/03\/LH_Kachel_AntonME-Zifferblatt-150x150.jpg","post-thumbnail-width":150,"post-thumbnail-height":150,"wide":"https:\/\/www.lang-und-heyne.de\/dateien\/2024\/03\/LH_Kachel_AntonME-Zifferblatt.jpg","wide-width":1000,"wide-height":640}},"subline":"Cadran en c\u00e9ramique noire"}]},{"headerbild":{"ID":7424,"id":7424,"title":"LH_Subheader_Inhorgenta2024","filename":"LH_Subheader_Inhorgenta2024.jpg","filesize":351678,"url":"https:\/\/www.lang-und-heyne.de\/dateien\/2024\/03\/LH_Subheader_Inhorgenta2024.jpg","link":"https:\/\/www.lang-und-heyne.de\/fr\/special\/edition-anton-manufacture\/lh_subheader_inhorgenta2024-2\/","alt":"","author":"5","description":"","caption":"","name":"lh_subheader_inhorgenta2024-2","status":"inherit","uploaded_to":7414,"date":"2024-03-11 09:37:11","modified":"2024-03-11 09:37:11","menu_order":0,"mime_type":"image\/jpeg","type":"image","subtype":"jpeg","icon":"https:\/\/www.lang-und-heyne.de\/wp-includes\/images\/media\/default.png","width":1920,"height":800,"sizes":{"thumbnail":"https:\/\/www.lang-und-heyne.de\/dateien\/2024\/03\/LH_Subheader_Inhorgenta2024-150x150.jpg","thumbnail-width":150,"thumbnail-height":150,"medium":"https:\/\/www.lang-und-heyne.de\/dateien\/2024\/03\/LH_Subheader_Inhorgenta2024-300x125.jpg","medium-width":300,"medium-height":125,"medium_large":"https:\/\/www.lang-und-heyne.de\/dateien\/2024\/03\/LH_Subheader_Inhorgenta2024-768x320.jpg","medium_large-width":768,"medium_large-height":320,"large":"https:\/\/www.lang-und-heyne.de\/dateien\/2024\/03\/LH_Subheader_Inhorgenta2024-1024x427.jpg","large-width":1024,"large-height":427,"1536x1536":"https:\/\/www.lang-und-heyne.de\/dateien\/2024\/03\/LH_Subheader_Inhorgenta2024-1536x640.jpg","1536x1536-width":1536,"1536x1536-height":640,"2048x2048":"https:\/\/www.lang-und-heyne.de\/dateien\/2024\/03\/LH_Subheader_Inhorgenta2024.jpg","2048x2048-width":1920,"2048x2048-height":800,"post-thumbnail":"https:\/\/www.lang-und-heyne.de\/dateien\/2024\/03\/LH_Subheader_Inhorgenta2024-150x150.jpg","post-thumbnail-width":150,"post-thumbnail-height":150,"wide":"https:\/\/www.lang-und-heyne.de\/dateien\/2024\/03\/LH_Subheader_Inhorgenta2024-1400x583.jpg","wide-width":1400,"wide-height":583}},"video":false,"header":"Prix de l'excellence horlog\u00e8re","ausrichtung":false,"text":"<p><strong>Lang &#038; Heyne remporte le INHORGENTA AWARD 2024<\/strong><br \/>\nC&rsquo;est avec fiert\u00e9 que nous annon\u00e7ons que notre Lang &#038; Heyne Anton Manufaktur Edition a remport\u00e9 le prestigieux INHORGENTA AWARD 2024 dans la cat\u00e9gorie \u00ab\u00a0Luxury Watch of the Year\u00a0\u00bb. Cette distinction souligne la qualit\u00e9 exceptionnelle de notre travail et confirme notre exigence de la plus haute pr\u00e9cision horlog\u00e8re et de l&rsquo;esth\u00e9tique. <\/p>\n<p>Pour la premi\u00e8re fois cette ann\u00e9e, le jury de l&rsquo;INHORGENTA AWARD a r\u00e9compens\u00e9 des montres m\u00e9caniques d&rsquo;un prix de vente sup\u00e9rieur \u00e0 5 000 euros, qui ont su convaincre par leur finition de haute qualit\u00e9 et leur excellent design. Dans cette nouvelle cat\u00e9gorie, notre Anton Manufaktur Edition a su impressionner le jury par son mouvement de manufacture exclusif, son savoir-faire exceptionnel et l&rsquo;utilisation des mat\u00e9riaux les plus nobles. <\/p>\n<p>Le prestigieux jury, compos\u00e9 d&rsquo;experts en horlogerie, de cr\u00e9ateurs de bijoux et de repr\u00e9sentants de l&rsquo;industrie tels que Gisbert L. Brunner, Leo Eberlin, Sarah Faberg\u00e9 et Anja Heiden, a reconnu que l&rsquo;\u00e9dition Anton Manufaktur \u00e9tait un exemple exceptionnel de prouesse horlog\u00e8re.<\/p>\n<p>Cette distinction est \u00e0 la fois un grand honneur pour nous et une motivation pour continuer \u00e0 cr\u00e9er des montres de la plus haute qualit\u00e9 et au design incomparable.<\/p>\n<p>Nous remercions le jury de l&rsquo;INHORGENTA AWARD pour cette reconnaissance particuli\u00e8re.<\/p>\n<p>Pour plus d&rsquo;informations :<br \/>\nhttps:\/\/inhorgenta.com\/de\/award\/<\/p>\n<blockquote class=\"wp-embedded-content\" data-secret=\"5WLcRgiTe6\"><p><a href=\"https:\/\/www.lang-und-heyne.de\/modelle\/anton-manufaktur-edition\/\">Anton Manufaktur Edition<\/a><\/p><\/blockquote>\n<p><iframe loading=\"lazy\" class=\"wp-embedded-content\" sandbox=\"allow-scripts\" security=\"restricted\" style=\"position: absolute; visibility: hidden;\" title=\"&#8220;Anton Manufaktur Edition&#8221; &#8212; Lang &amp; Heyne\" src=\"https:\/\/www.lang-und-heyne.de\/modelle\/anton-manufaktur-edition\/embed\/#?secret=WwlG6Avepw#?secret=5WLcRgiTe6\" data-secret=\"5WLcRgiTe6\" width=\"500\" height=\"282\" frameborder=\"0\" marginwidth=\"0\" marginheight=\"0\" scrolling=\"no\"><\/iframe><\/p>\n","bilder":[{"bild":{"ID":7425,"id":7425,"title":"LH_Kachel_Inhorgenta2024","filename":"LH_Kachel_Inhorgenta2024.jpg","filesize":185720,"url":"https:\/\/www.lang-und-heyne.de\/dateien\/2024\/03\/LH_Kachel_Inhorgenta2024.jpg","link":"https:\/\/www.lang-und-heyne.de\/fr\/special\/edition-anton-manufacture\/lh_kachel_inhorgenta2024-2\/","alt":"","author":"5","description":"","caption":"","name":"lh_kachel_inhorgenta2024-2","status":"inherit","uploaded_to":7414,"date":"2024-03-11 09:37:31","modified":"2024-03-11 09:37:31","menu_order":0,"mime_type":"image\/jpeg","type":"image","subtype":"jpeg","icon":"https:\/\/www.lang-und-heyne.de\/wp-includes\/images\/media\/default.png","width":1000,"height":640,"sizes":{"thumbnail":"https:\/\/www.lang-und-heyne.de\/dateien\/2024\/03\/LH_Kachel_Inhorgenta2024-150x150.jpg","thumbnail-width":150,"thumbnail-height":150,"medium":"https:\/\/www.lang-und-heyne.de\/dateien\/2024\/03\/LH_Kachel_Inhorgenta2024-300x192.jpg","medium-width":300,"medium-height":192,"medium_large":"https:\/\/www.lang-und-heyne.de\/dateien\/2024\/03\/LH_Kachel_Inhorgenta2024-768x492.jpg","medium_large-width":768,"medium_large-height":492,"large":"https:\/\/www.lang-und-heyne.de\/dateien\/2024\/03\/LH_Kachel_Inhorgenta2024.jpg","large-width":1000,"large-height":640,"1536x1536":"https:\/\/www.lang-und-heyne.de\/dateien\/2024\/03\/LH_Kachel_Inhorgenta2024.jpg","1536x1536-width":1000,"1536x1536-height":640,"2048x2048":"https:\/\/www.lang-und-heyne.de\/dateien\/2024\/03\/LH_Kachel_Inhorgenta2024.jpg","2048x2048-width":1000,"2048x2048-height":640,"post-thumbnail":"https:\/\/www.lang-und-heyne.de\/dateien\/2024\/03\/LH_Kachel_Inhorgenta2024-150x150.jpg","post-thumbnail-width":150,"post-thumbnail-height":150,"wide":"https:\/\/www.lang-und-heyne.de\/dateien\/2024\/03\/LH_Kachel_Inhorgenta2024.jpg","wide-width":1000,"wide-height":640}},"subline":"Prix INHORGENTA"},{"bild":{"ID":7426,"id":7426,"title":"LH_Kachel_AntonME-Inhorgenta","filename":"LH_Kachel_AntonME-Inhorgenta.jpg","filesize":259958,"url":"https:\/\/www.lang-und-heyne.de\/dateien\/2024\/03\/LH_Kachel_AntonME-Inhorgenta.jpg","link":"https:\/\/www.lang-und-heyne.de\/fr\/special\/edition-anton-manufacture\/lh_kachel_antonme-inhorgenta-2\/","alt":"","author":"5","description":"","caption":"","name":"lh_kachel_antonme-inhorgenta-2","status":"inherit","uploaded_to":7414,"date":"2024-03-11 10:03:03","modified":"2024-03-11 10:03:03","menu_order":0,"mime_type":"image\/jpeg","type":"image","subtype":"jpeg","icon":"https:\/\/www.lang-und-heyne.de\/wp-includes\/images\/media\/default.png","width":1000,"height":640,"sizes":{"thumbnail":"https:\/\/www.lang-und-heyne.de\/dateien\/2024\/03\/LH_Kachel_AntonME-Inhorgenta-150x150.jpg","thumbnail-width":150,"thumbnail-height":150,"medium":"https:\/\/www.lang-und-heyne.de\/dateien\/2024\/03\/LH_Kachel_AntonME-Inhorgenta-300x192.jpg","medium-width":300,"medium-height":192,"medium_large":"https:\/\/www.lang-und-heyne.de\/dateien\/2024\/03\/LH_Kachel_AntonME-Inhorgenta-768x492.jpg","medium_large-width":768,"medium_large-height":492,"large":"https:\/\/www.lang-und-heyne.de\/dateien\/2024\/03\/LH_Kachel_AntonME-Inhorgenta.jpg","large-width":1000,"large-height":640,"1536x1536":"https:\/\/www.lang-und-heyne.de\/dateien\/2024\/03\/LH_Kachel_AntonME-Inhorgenta.jpg","1536x1536-width":1000,"1536x1536-height":640,"2048x2048":"https:\/\/www.lang-und-heyne.de\/dateien\/2024\/03\/LH_Kachel_AntonME-Inhorgenta.jpg","2048x2048-width":1000,"2048x2048-height":640,"post-thumbnail":"https:\/\/www.lang-und-heyne.de\/dateien\/2024\/03\/LH_Kachel_AntonME-Inhorgenta-150x150.jpg","post-thumbnail-width":150,"post-thumbnail-height":150,"wide":"https:\/\/www.lang-und-heyne.de\/dateien\/2024\/03\/LH_Kachel_AntonME-Inhorgenta.jpg","wide-width":1000,"wide-height":640}},"subline":"Foire de Munich"}]},{"headerbild":false,"video":false,"header":"L'artisanat derri\u00e8re l'\u00e9dition Anton Manufaktur","ausrichtung":true,"text":"<p>Un aper\u00e7u unique des coulisses de la fabrication de notre \u00e9dition Lang &#038; Heyne Anton Manufaktur est pr\u00e9sent\u00e9 dans une vid\u00e9o exclusive.<br \/>\n<a href=\"https:\/\/monochrome-watches.com\/visiting-lang-heyne-a-proper-high-end-watch-brand-from-germany-video-review\/\" target=\"_blank\" rel=\"noopener noreferrer\"><br \/>\n<strong>Vid\u00e9o de Monochrome Watches<\/strong><br \/>\n<\/a><\/p>\n<p>Cette vid\u00e9o vous donne un aper\u00e7u fascinant de l&rsquo;artisanat d\u00e9taill\u00e9 qui caract\u00e9rise notre manufacture, de la fabrication du tourbillon volant aux ponts spectaculairement achev\u00e9s du mouvement. Laissez-vous s\u00e9duire par la passion et la pr\u00e9cision qui animent chacune de nos montres. <\/p>\n","bilder":[{"bild":{"ID":7428,"id":7428,"title":"Mautic-Kachel-Monochrome","filename":"Mautic-Kachel-Monochrome.jpg","filesize":134691,"url":"https:\/\/www.lang-und-heyne.de\/dateien\/2024\/03\/Mautic-Kachel-Monochrome.jpg","link":"https:\/\/www.lang-und-heyne.de\/fr\/special\/edition-anton-manufacture\/mautic-kachel-monochrome-2\/","alt":"","author":"5","description":"","caption":"","name":"mautic-kachel-monochrome-2","status":"inherit","uploaded_to":7414,"date":"2024-12-21 12:58:00","modified":"2024-12-21 12:58:00","menu_order":0,"mime_type":"image\/jpeg","type":"image","subtype":"jpeg","icon":"https:\/\/www.lang-und-heyne.de\/wp-includes\/images\/media\/default.png","width":600,"height":400,"sizes":{"thumbnail":"https:\/\/www.lang-und-heyne.de\/dateien\/2024\/03\/Mautic-Kachel-Monochrome-150x150.jpg","thumbnail-width":150,"thumbnail-height":150,"medium":"https:\/\/www.lang-und-heyne.de\/dateien\/2024\/03\/Mautic-Kachel-Monochrome-300x200.jpg","medium-width":300,"medium-height":200,"medium_large":"https:\/\/www.lang-und-heyne.de\/dateien\/2024\/03\/Mautic-Kachel-Monochrome.jpg","medium_large-width":600,"medium_large-height":400,"large":"https:\/\/www.lang-und-heyne.de\/dateien\/2024\/03\/Mautic-Kachel-Monochrome.jpg","large-width":600,"large-height":400,"1536x1536":"https:\/\/www.lang-und-heyne.de\/dateien\/2024\/03\/Mautic-Kachel-Monochrome.jpg","1536x1536-width":600,"1536x1536-height":400,"2048x2048":"https:\/\/www.lang-und-heyne.de\/dateien\/2024\/03\/Mautic-Kachel-Monochrome.jpg","2048x2048-width":600,"2048x2048-height":400,"post-thumbnail":"https:\/\/www.lang-und-heyne.de\/dateien\/2024\/03\/Mautic-Kachel-Monochrome-150x150.jpg","post-thumbnail-width":150,"post-thumbnail-height":150,"wide":"https:\/\/www.lang-und-heyne.de\/dateien\/2024\/03\/Mautic-Kachel-Monochrome.jpg","wide-width":600,"wide-height":400}},"subline":""}]}],"contact":[{"region":"Vos contacts","shop":[{"name":"LANG & HEYNE","adresse":"Ullersdorfer M\u00fchle 2<br \/>\n01454 Radeberg<br \/>\nAllemagne","web":"https:\/\/www.lang-und-heyne.de","human":"","telefon":"+49 351 212936-60","email":"vip@langheyne.de","logo":{"ID":3916,"id":3916,"title":"Logo-LuH","filename":"Logo-LuH.png","filesize":30266,"url":"https:\/\/www.lang-und-heyne.de\/dateien\/2023\/06\/Logo-LuH.png","link":"https:\/\/www.lang-und-heyne.de\/fr\/special\/friedrich-iii-orient\/logo-luh\/","alt":"","author":"2","description":"","caption":"","name":"logo-luh","status":"inherit","uploaded_to":3756,"date":"2023-06-26 12:01:06","modified":"2023-06-26 12:01:06","menu_order":0,"mime_type":"image\/png","type":"image","subtype":"png","icon":"https:\/\/www.lang-und-heyne.de\/wp-includes\/images\/media\/default.png","width":1800,"height":423,"sizes":{"thumbnail":"https:\/\/www.lang-und-heyne.de\/dateien\/2023\/06\/Logo-LuH-150x150.png","thumbnail-width":150,"thumbnail-height":150,"medium":"https:\/\/www.lang-und-heyne.de\/dateien\/2023\/06\/Logo-LuH-300x71.png","medium-width":300,"medium-height":71,"medium_large":"https:\/\/www.lang-und-heyne.de\/dateien\/2023\/06\/Logo-LuH-768x180.png","medium_large-width":768,"medium_large-height":180,"large":"https:\/\/www.lang-und-heyne.de\/dateien\/2023\/06\/Logo-LuH-1024x241.png","large-width":1024,"large-height":241,"1536x1536":"https:\/\/www.lang-und-heyne.de\/dateien\/2023\/06\/Logo-LuH-1536x361.png","1536x1536-width":1536,"1536x1536-height":361,"2048x2048":"https:\/\/www.lang-und-heyne.de\/dateien\/2023\/06\/Logo-LuH.png","2048x2048-width":1800,"2048x2048-height":423,"post-thumbnail":"https:\/\/www.lang-und-heyne.de\/dateien\/2023\/06\/Logo-LuH-150x150.png","post-thumbnail-width":150,"post-thumbnail-height":150,"wide":"https:\/\/www.lang-und-heyne.de\/dateien\/2023\/06\/Logo-LuH-1400x329.png","wide-width":1400,"wide-height":329}}}]}],"extra":{"bild":{"ID":7423,"id":7423,"title":"LH_Kachel_AntonME-Werk-2","filename":"LH_Kachel_AntonME-Werk-2.jpg","filesize":249651,"url":"https:\/\/www.lang-und-heyne.de\/dateien\/2024\/03\/LH_Kachel_AntonME-Werk-2.jpg","link":"https:\/\/www.lang-und-heyne.de\/fr\/special\/edition-anton-manufacture\/lh_kachel_antonme-werk-2-2\/","alt":"","author":"5","description":"","caption":"","name":"lh_kachel_antonme-werk-2-2","status":"inherit","uploaded_to":7414,"date":"2024-03-11 09:34:10","modified":"2024-03-11 09:34:10","menu_order":0,"mime_type":"image\/jpeg","type":"image","subtype":"jpeg","icon":"https:\/\/www.lang-und-heyne.de\/wp-includes\/images\/media\/default.png","width":1000,"height":640,"sizes":{"thumbnail":"https:\/\/www.lang-und-heyne.de\/dateien\/2024\/03\/LH_Kachel_AntonME-Werk-2-150x150.jpg","thumbnail-width":150,"thumbnail-height":150,"medium":"https:\/\/www.lang-und-heyne.de\/dateien\/2024\/03\/LH_Kachel_AntonME-Werk-2-300x192.jpg","medium-width":300,"medium-height":192,"medium_large":"https:\/\/www.lang-und-heyne.de\/dateien\/2024\/03\/LH_Kachel_AntonME-Werk-2-768x492.jpg","medium_large-width":768,"medium_large-height":492,"large":"https:\/\/www.lang-und-heyne.de\/dateien\/2024\/03\/LH_Kachel_AntonME-Werk-2.jpg","large-width":1000,"large-height":640,"1536x1536":"https:\/\/www.lang-und-heyne.de\/dateien\/2024\/03\/LH_Kachel_AntonME-Werk-2.jpg","1536x1536-width":1000,"1536x1536-height":640,"2048x2048":"https:\/\/www.lang-und-heyne.de\/dateien\/2024\/03\/LH_Kachel_AntonME-Werk-2.jpg","2048x2048-width":1000,"2048x2048-height":640,"post-thumbnail":"https:\/\/www.lang-und-heyne.de\/dateien\/2024\/03\/LH_Kachel_AntonME-Werk-2-150x150.jpg","post-thumbnail-width":150,"post-thumbnail-height":150,"wide":"https:\/\/www.lang-und-heyne.de\/dateien\/2024\/03\/LH_Kachel_AntonME-Werk-2.jpg","wide-width":1000,"wide-height":640}},"header":"LH Caliber IX","text":"Tourbillon volant<br \/>\n<br \/>\nGravure \"Manufacture Edition\" ainsi que le num\u00e9ro unique s\u00e9quentiel<br \/>\n<br \/>\n55 heures de marche"},"introicon":false,"morelink":false,"intro":"Lang & Heyne est fier de pr\u00e9senter l'\"\u00e9dition manufacture\" du mod\u00e8le Anton, en \u00e9dition limit\u00e9e \u00e0 seulement 5 garde-temps exquis, en reconnaissance de l'excellence de l'artisanat et de l'innovation, et couronnement de la famille Anton.\n    <a href=\"https:\/\/monochrome-watches.com\/visiting-lang-heyne-a-proper-high-end-watch-brand-from-germany-video-review\/\" target=\"_blank\" rel=\"noopener noreferrer\">\n        <strong>D\u00e9couvrez dans cette vid\u00e9o de Monochrome Watches un aper\u00e7u exclusif du monde fascinant de Lang & Heyne.<\/strong>\n    <\/a>","blockheader":"Un artisanat prim\u00e9"},"wpml_current_locale":"fr_FR","wpml_translations":{"en_US":{"locale":"en_US","id":5874,"slug":"anton-manufaktur-edition","post_title":"Anton Manufaktur Edition","href":"https:\/\/www.lang-und-heyne.de\/en\/special\/anton-manufaktur-edition\/"},"de_DE":{"locale":"de_DE","id":5815,"slug":"anton-manufaktur-edition","post_title":"Anton Manufaktur Edition","href":"https:\/\/www.lang-und-heyne.de\/special\/anton-manufaktur-edition\/"},"es_ES":{"locale":"es_ES","id":7430,"slug":"edicion-anton-manufaktur","post_title":"Edici\u00f3n Anton Manufaktur","href":"https:\/\/www.lang-und-heyne.de\/es\/special\/edicion-anton-manufaktur\/"},"ja":{"locale":"ja","id":5878,"slug":"anton-manufaktur-edition","post_title":"\u30a2\u30f3\u30c8\u30f3\u793e\u7248","href":"https:\/\/www.lang-und-heyne.de\/ja\/special\/anton-manufaktur-edition\/"},"zh_CN":{"locale":"zh_CN","id":5880,"slug":"anton-manufaktur-edition","post_title":"\u5b89\u4e1c\u5236\u9020\u5382\u7248\u672c","href":"https:\/\/www.lang-und-heyne.de\/zh-hans\/special\/anton-manufaktur-edition\/"}},"_links":{"self":[{"href":"https:\/\/www.lang-und-heyne.de\/fr\/wp-json\/wp\/v2\/landingpages\/7414","targetHints":{"allow":["GET"]}}],"collection":[{"href":"https:\/\/www.lang-und-heyne.de\/fr\/wp-json\/wp\/v2\/landingpages"}],"about":[{"href":"https:\/\/www.lang-und-heyne.de\/fr\/wp-json\/wp\/v2\/types\/landingpages"}],"version-history":[{"count":1,"href":"https:\/\/www.lang-und-heyne.de\/fr\/wp-json\/wp\/v2\/landingpages\/7414\/revisions"}],"predecessor-version":[{"id":7429,"href":"https:\/\/www.lang-und-heyne.de\/fr\/wp-json\/wp\/v2\/landingpages\/7414\/revisions\/7429"}],"wp:featuredmedia":[{"embeddable":true,"href":"https:\/\/www.lang-und-heyne.de\/fr\/wp-json\/wp\/v2\/media\/7427"}],"wp:attachment":[{"href":"https:\/\/www.lang-und-heyne.de\/fr\/wp-json\/wp\/v2\/media?parent=7414"}],"curies":[{"name":"wp","href":"https:\/\/api.w.org\/{rel}","templated":true}]}}