{"id":7537,"date":"2025-03-31T10:25:01","date_gmt":"2025-03-31T08:25:01","guid":{"rendered":"https:\/\/www.lang-und-heyne.de\/special\/train-des-princes\/"},"modified":"2025-03-31T14:50:25","modified_gmt":"2025-03-31T12:50:25","slug":"train-des-princes","status":"publish","type":"landingpages","link":"https:\/\/www.lang-und-heyne.de\/fr\/special\/train-des-princes\/","title":{"rendered":"Train des princes"},"content":{"rendered":"\n<hr class=\"wp-block-separator has-alpha-channel-opacity\"\/>\n","protected":false},"featured_media":0,"parent":0,"menu_order":0,"template":"","class_list":["post-7537","landingpages","type-landingpages","status-publish","hentry"],"acf":{"info":{"bild":{"ID":7392,"id":7392,"title":"FIII+Georg","filename":"FIIIGeorg.png","filesize":1900411,"url":"https:\/\/www.lang-und-heyne.de\/dateien\/2025\/03\/FIIIGeorg.png","link":"https:\/\/www.lang-und-heyne.de\/fr\/fiiigeorg-2\/","alt":"","author":"5","description":"","caption":"","name":"fiiigeorg-2","status":"inherit","uploaded_to":0,"date":"2025-03-31 08:52:07","modified":"2025-03-31 08:52:07","menu_order":0,"mime_type":"image\/png","type":"image","subtype":"png","icon":"http:\/\/www.lang-und-heyne.de\/wp-includes\/images\/media\/default.png","width":1127,"height":1396,"sizes":{"thumbnail":"https:\/\/www.lang-und-heyne.de\/dateien\/2025\/03\/FIIIGeorg-150x150.png","thumbnail-width":150,"thumbnail-height":150,"medium":"https:\/\/www.lang-und-heyne.de\/dateien\/2025\/03\/FIIIGeorg-242x300.png","medium-width":242,"medium-height":300,"medium_large":"https:\/\/www.lang-und-heyne.de\/dateien\/2025\/03\/FIIIGeorg-768x951.png","medium_large-width":768,"medium_large-height":951,"large":"https:\/\/www.lang-und-heyne.de\/dateien\/2025\/03\/FIIIGeorg-827x1024.png","large-width":827,"large-height":1024,"1536x1536":"https:\/\/www.lang-und-heyne.de\/dateien\/2025\/03\/FIIIGeorg.png","1536x1536-width":1127,"1536x1536-height":1396,"2048x2048":"https:\/\/www.lang-und-heyne.de\/dateien\/2025\/03\/FIIIGeorg.png","2048x2048-width":1127,"2048x2048-height":1396,"post-thumbnail":"https:\/\/www.lang-und-heyne.de\/dateien\/2025\/03\/FIIIGeorg-150x150.png","post-thumbnail-width":150,"post-thumbnail-height":150,"wide":"https:\/\/www.lang-und-heyne.de\/dateien\/2025\/03\/FIIIGeorg.png","wide-width":1127,"wide-height":1396}},"infofeld":"<p>Travail de manufacture \u00e0 Dresde<\/p>\n<p>Mouvements uniques, fabriqu\u00e9s \u00e0 la main<\/p>\n<p>Petites s\u00e9ries et pi\u00e8ces uniques exclusives<\/p>\n<p>Finition artisanale de haut niveau<\/p>\n<p>Inspiration historique & h\u00e9ritage de Dresde<\/p>\n","hintergrund":{"ID":7403,"id":7403,"title":"WWW-Rectangle-Standaloneseite_Logo","filename":"WWW-Rectangle-Standaloneseite_Logo.jpg","filesize":150132,"url":"https:\/\/www.lang-und-heyne.de\/dateien\/2023\/10\/WWW-Rectangle-Standaloneseite_Logo.jpg","link":"https:\/\/www.lang-und-heyne.de\/fr\/special\/votre-lang-heyne\/www-rectangle-standaloneseite_logo-2\/","alt":"","author":"5","description":"","caption":"","name":"www-rectangle-standaloneseite_logo-2","status":"inherit","uploaded_to":7109,"date":"2023-10-17 13:19:46","modified":"2023-10-17 13:19:46","menu_order":0,"mime_type":"image\/jpeg","type":"image","subtype":"jpeg","icon":"http:\/\/www.lang-und-heyne.de\/wp-includes\/images\/media\/default.png","width":1920,"height":1200,"sizes":{"thumbnail":"https:\/\/www.lang-und-heyne.de\/dateien\/2023\/10\/WWW-Rectangle-Standaloneseite_Logo-150x150.jpg","thumbnail-width":150,"thumbnail-height":150,"medium":"https:\/\/www.lang-und-heyne.de\/dateien\/2023\/10\/WWW-Rectangle-Standaloneseite_Logo-300x188.jpg","medium-width":300,"medium-height":188,"medium_large":"https:\/\/www.lang-und-heyne.de\/dateien\/2023\/10\/WWW-Rectangle-Standaloneseite_Logo-768x480.jpg","medium_large-width":768,"medium_large-height":480,"large":"https:\/\/www.lang-und-heyne.de\/dateien\/2023\/10\/WWW-Rectangle-Standaloneseite_Logo-1024x640.jpg","large-width":1024,"large-height":640,"1536x1536":"https:\/\/www.lang-und-heyne.de\/dateien\/2023\/10\/WWW-Rectangle-Standaloneseite_Logo-1536x960.jpg","1536x1536-width":1536,"1536x1536-height":960,"2048x2048":"https:\/\/www.lang-und-heyne.de\/dateien\/2023\/10\/WWW-Rectangle-Standaloneseite_Logo.jpg","2048x2048-width":1920,"2048x2048-height":1200,"post-thumbnail":"https:\/\/www.lang-und-heyne.de\/dateien\/2023\/10\/WWW-Rectangle-Standaloneseite_Logo-150x150.jpg","post-thumbnail-width":150,"post-thumbnail-height":150,"wide":"https:\/\/www.lang-und-heyne.de\/dateien\/2023\/10\/WWW-Rectangle-Standaloneseite_Logo-1400x875.jpg","wide-width":1400,"wide-height":875}}},"hero":[{"bild":{"ID":7385,"id":7385,"title":"Header_ProcessionNight","filename":"Header_ProcessionNight.jpg","filesize":873748,"url":"https:\/\/www.lang-und-heyne.de\/dateien\/2025\/03\/Header_ProcessionNight.jpg","link":"https:\/\/www.lang-und-heyne.de\/fr\/header_processionnight-2\/","alt":"","author":"5","description":"","caption":"","name":"header_processionnight-2","status":"inherit","uploaded_to":0,"date":"2025-03-31 08:30:02","modified":"2025-03-31 08:30:02","menu_order":0,"mime_type":"image\/jpeg","type":"image","subtype":"jpeg","icon":"http:\/\/www.lang-und-heyne.de\/wp-includes\/images\/media\/default.png","width":1920,"height":1080,"sizes":{"thumbnail":"https:\/\/www.lang-und-heyne.de\/dateien\/2025\/03\/Header_ProcessionNight-150x150.jpg","thumbnail-width":150,"thumbnail-height":150,"medium":"https:\/\/www.lang-und-heyne.de\/dateien\/2025\/03\/Header_ProcessionNight-300x169.jpg","medium-width":300,"medium-height":169,"medium_large":"https:\/\/www.lang-und-heyne.de\/dateien\/2025\/03\/Header_ProcessionNight-768x432.jpg","medium_large-width":768,"medium_large-height":432,"large":"https:\/\/www.lang-und-heyne.de\/dateien\/2025\/03\/Header_ProcessionNight-1024x576.jpg","large-width":1024,"large-height":576,"1536x1536":"https:\/\/www.lang-und-heyne.de\/dateien\/2025\/03\/Header_ProcessionNight-1536x864.jpg","1536x1536-width":1536,"1536x1536-height":864,"2048x2048":"https:\/\/www.lang-und-heyne.de\/dateien\/2025\/03\/Header_ProcessionNight.jpg","2048x2048-width":1920,"2048x2048-height":1080,"post-thumbnail":"https:\/\/www.lang-und-heyne.de\/dateien\/2025\/03\/Header_ProcessionNight-150x150.jpg","post-thumbnail-width":150,"post-thumbnail-height":150,"wide":"https:\/\/www.lang-und-heyne.de\/dateien\/2025\/03\/Header_ProcessionNight-1400x788.jpg","wide-width":1400,"wide-height":788}},"texte":{"kategorie":"Du F\u00fcrstenzug \u00e0 la m\u00e9canique de pr\u00e9cision exclusive - bienvenue chez Lang & Heyne.","titel":"Inspir\u00e9e de la tradition horlog\u00e8re de Dresde, fabriqu\u00e9e pour l'\u00e9ternit\u00e9."}}],"block":[{"headerbild":false,"video":{"ID":6937,"id":6937,"title":"LH-Montage-Subheader-460","filename":"LH-Montage-Subheader-460.mp4","filesize":2314976,"url":"https:\/\/www.lang-und-heyne.de\/dateien\/2025\/01\/LH-Montage-Subheader-460.mp4","link":"https:\/\/www.lang-und-heyne.de\/fr\/special\/willkommen\/lh-montage-subheader-460\/","alt":"","author":"5","description":"","caption":"","name":"lh-montage-subheader-460","status":"inherit","uploaded_to":6929,"date":"2025-01-13 13:53:56","modified":"2025-01-13 13:53:56","menu_order":0,"mime_type":"video\/mp4","type":"video","subtype":"mp4","icon":"http:\/\/www.lang-und-heyne.de\/wp-includes\/images\/media\/video.png","width":1280,"height":480},"header":"Pourquoi Lang & Heyne ?","ausrichtung":false,"text":"<ul>\n<li>Des <strong>montres exclusives fabriqu\u00e9es \u00e0 la main \u00e0 Dresde :<\/strong> de l&rsquo;\u00e9bauche \u00e0 la gravure individuelle en passant par la finition, tout est cr\u00e9\u00e9 directement dans notre manufacture situ\u00e9e \u00e0 la p\u00e9riph\u00e9rie de Dresde.<\/li>\n<li><strong>Chefs-d&rsquo;\u0153uvre techniques : <\/strong>nous cr\u00e9ons des montres m\u00e9caniques de haute qualit\u00e9 en associant la tradition horlog\u00e8re centenaire de Dresde \u00e0 la technologie la plus moderne.<\/li>\n<li><strong>Individuelles &#038; exclusives :<\/strong> les montres Lang &#038; Heyne sont rares et recherch\u00e9es. Nos mod\u00e8les en \u00e9dition limit\u00e9e garantissent l&rsquo;exclusivit\u00e9 et un lien personnel avec leur porteur. <\/li>\n<\/ul>\n","bilder":false},{"headerbild":{"ID":6951,"id":6951,"title":"LH-Subheader-FriedrichIII-480","filename":"LH-Subheader-FriedrichIII-480.jpg","filesize":247325,"url":"https:\/\/www.lang-und-heyne.de\/dateien\/2025\/01\/LH-Subheader-FriedrichIII-480.jpg","link":"https:\/\/www.lang-und-heyne.de\/fr\/special\/willkommen\/lh-subheader-friedrichiii-480\/","alt":"","author":"5","description":"","caption":"","name":"lh-subheader-friedrichiii-480","status":"inherit","uploaded_to":6929,"date":"2025-01-13 14:08:52","modified":"2025-01-13 14:08:52","menu_order":0,"mime_type":"image\/jpeg","type":"image","subtype":"jpeg","icon":"http:\/\/www.lang-und-heyne.de\/wp-includes\/images\/media\/default.png","width":1280,"height":482,"sizes":{"thumbnail":"https:\/\/www.lang-und-heyne.de\/dateien\/2025\/01\/LH-Subheader-FriedrichIII-480-150x150.jpg","thumbnail-width":150,"thumbnail-height":150,"medium":"https:\/\/www.lang-und-heyne.de\/dateien\/2025\/01\/LH-Subheader-FriedrichIII-480-300x113.jpg","medium-width":300,"medium-height":113,"medium_large":"https:\/\/www.lang-und-heyne.de\/dateien\/2025\/01\/LH-Subheader-FriedrichIII-480-768x289.jpg","medium_large-width":768,"medium_large-height":289,"large":"https:\/\/www.lang-und-heyne.de\/dateien\/2025\/01\/LH-Subheader-FriedrichIII-480-1024x386.jpg","large-width":1024,"large-height":386,"1536x1536":"https:\/\/www.lang-und-heyne.de\/dateien\/2025\/01\/LH-Subheader-FriedrichIII-480.jpg","1536x1536-width":1280,"1536x1536-height":482,"2048x2048":"https:\/\/www.lang-und-heyne.de\/dateien\/2025\/01\/LH-Subheader-FriedrichIII-480.jpg","2048x2048-width":1280,"2048x2048-height":482,"post-thumbnail":"https:\/\/www.lang-und-heyne.de\/dateien\/2025\/01\/LH-Subheader-FriedrichIII-480-150x150.jpg","post-thumbnail-width":150,"post-thumbnail-height":150,"wide":"https:\/\/www.lang-und-heyne.de\/dateien\/2025\/01\/LH-Subheader-FriedrichIII-480.jpg","wide-width":1280,"wide-height":482}},"video":false,"header":"Montres de Collection","ausrichtung":true,"text":"<p><a href=\"https:\/\/www.lang-und-heyne.de\/modelle\/georg\/\" target=\"_blank\" rel=\"noopener\"><strong>Georg &#8211; une \u00e9l\u00e9gance intemporelle avec un message clair<\/strong><\/a><br \/>\nGEORG est une d\u00e9claration pour les personnes qui expriment leur style de mani\u00e8re consciente et subtile. Ses lignes \u00e9pur\u00e9es, ses proportions harmonieuses et la forme artistiquement bomb\u00e9e de son bo\u00eetier se fondent en une unit\u00e9 esth\u00e9tique incomparable. Avec son cadran des secondes d\u00e9centr\u00e9 de grande taille, cette montre apporte une touche visuelle et prouve que la v\u00e9ritable \u00e9l\u00e9gance est intemporelle. Un chef-d&rsquo;\u0153uvre m\u00e9canique qui s&rsquo;adapte \u00e0 votre poignet avec douceur et naturel, et qui attire votre regard sur l&rsquo;essentiel.<br \/>\n<a href=\"https:\/\/www.lang-und-heyne.de\/modelle\/georg\/\" target=\"_blank\" rel=\"noopener\"><strong>\u2192 GEORG<\/strong><\/a> d\u00e9couvrir maintenant<\/p>\n<p><a href=\"https:\/\/www.lang-und-heyne.de\/modelle\/friedrich-iii\/\" target=\"_blank\" rel=\"noopener\"><strong>Friedrich III &#8211; La sophistication technique rencontre l&rsquo;esth\u00e9tique magistrale<\/strong><\/a><br \/>\nAvec la FRIEDRICH III, vous ne portez pas seulement une montre &#8211; vous portez une petite \u0153uvre d&rsquo;art qui allie magistralement tradition et innovation. Son cadran exceptionnel, avec sa seconde d\u00e9centr\u00e9e, ses aiguilles finement travaill\u00e9es et ses chiffres \u00e9l\u00e9gamment con\u00e7us, capte subtilement le regard. Le pont trigonal caract\u00e9ristique r\u00e9v\u00e8le fi\u00e8rement le c\u0153ur pr\u00e9cis de la montre : un mouvement fabriqu\u00e9 \u00e0 la main, dont les d\u00e9tails d\u00e9licats et les finitions raffin\u00e9es racontent de nouvelles histoires \u00e0 chaque regard.<br \/>\n<a href=\"https:\/\/www.lang-und-heyne.de\/modelle\/friedrich-iii\/\" target=\"_blank\" rel=\"noopener\"><strong>\u2192 FRIEDRICH III<\/strong><\/a> d\u00e9couvrir<\/p>\n<p>D\u00e9couvrez la <a href=\"https:\/\/www.lang-und-heyne.de\/kollektion\/\" target=\"_blank\" rel=\"noopener\"><strong>toute la COLLECTION<\/strong><\/a><\/p>\n","bilder":[{"bild":{"ID":7957,"id":7957,"title":"LH_Preview_Georg","filename":"LH_Preview_Georg.jpg","filesize":456073,"url":"https:\/\/www.lang-und-heyne.de\/dateien\/2022\/10\/LH_Preview_Georg.jpg","link":"https:\/\/www.lang-und-heyne.de\/fr\/modelle\/georg\/lh_preview_georg-2\/","alt":"","author":"5","description":"","caption":"","name":"lh_preview_georg-2","status":"inherit","uploaded_to":7917,"date":"2024-09-11 10:44:26","modified":"2024-09-11 10:44:26","menu_order":0,"mime_type":"image\/jpeg","type":"image","subtype":"jpeg","icon":"http:\/\/www.lang-und-heyne.de\/wp-includes\/images\/media\/default.png","width":1500,"height":960,"sizes":{"thumbnail":"https:\/\/www.lang-und-heyne.de\/dateien\/2022\/10\/LH_Preview_Georg-150x150.jpg","thumbnail-width":150,"thumbnail-height":150,"medium":"https:\/\/www.lang-und-heyne.de\/dateien\/2022\/10\/LH_Preview_Georg-300x192.jpg","medium-width":300,"medium-height":192,"medium_large":"https:\/\/www.lang-und-heyne.de\/dateien\/2022\/10\/LH_Preview_Georg-768x492.jpg","medium_large-width":768,"medium_large-height":492,"large":"https:\/\/www.lang-und-heyne.de\/dateien\/2022\/10\/LH_Preview_Georg-1024x655.jpg","large-width":1024,"large-height":655,"1536x1536":"https:\/\/www.lang-und-heyne.de\/dateien\/2022\/10\/LH_Preview_Georg.jpg","1536x1536-width":1500,"1536x1536-height":960,"2048x2048":"https:\/\/www.lang-und-heyne.de\/dateien\/2022\/10\/LH_Preview_Georg.jpg","2048x2048-width":1500,"2048x2048-height":960,"post-thumbnail":"https:\/\/www.lang-und-heyne.de\/dateien\/2022\/10\/LH_Preview_Georg-150x150.jpg","post-thumbnail-width":150,"post-thumbnail-height":150,"wide":"https:\/\/www.lang-und-heyne.de\/dateien\/2022\/10\/LH_Preview_Georg-1400x896.jpg","wide-width":1400,"wide-height":896}},"subline":"Georg"},{"bild":{"ID":8086,"id":8086,"title":"LH_F3_Front_Back","filename":"LH_F3_Front_Back-1.jpg","filesize":702184,"url":"https:\/\/www.lang-und-heyne.de\/dateien\/2022\/10\/LH_F3_Front_Back-1.jpg","link":"https:\/\/www.lang-und-heyne.de\/fr\/modelle\/frederic-iii\/lh_f3_front_back-3\/","alt":"","author":"2","description":"","caption":"","name":"lh_f3_front_back-3","status":"inherit","uploaded_to":8083,"date":"2023-05-02 07:02:17","modified":"2023-05-02 07:02:17","menu_order":0,"mime_type":"image\/jpeg","type":"image","subtype":"jpeg","icon":"http:\/\/www.lang-und-heyne.de\/wp-includes\/images\/media\/default.png","width":1500,"height":960,"sizes":{"thumbnail":"https:\/\/www.lang-und-heyne.de\/dateien\/2022\/10\/LH_F3_Front_Back-1-150x150.jpg","thumbnail-width":150,"thumbnail-height":150,"medium":"https:\/\/www.lang-und-heyne.de\/dateien\/2022\/10\/LH_F3_Front_Back-1-300x192.jpg","medium-width":300,"medium-height":192,"medium_large":"https:\/\/www.lang-und-heyne.de\/dateien\/2022\/10\/LH_F3_Front_Back-1-768x492.jpg","medium_large-width":768,"medium_large-height":492,"large":"https:\/\/www.lang-und-heyne.de\/dateien\/2022\/10\/LH_F3_Front_Back-1-1024x655.jpg","large-width":1024,"large-height":655,"1536x1536":"https:\/\/www.lang-und-heyne.de\/dateien\/2022\/10\/LH_F3_Front_Back-1.jpg","1536x1536-width":1500,"1536x1536-height":960,"2048x2048":"https:\/\/www.lang-und-heyne.de\/dateien\/2022\/10\/LH_F3_Front_Back-1.jpg","2048x2048-width":1500,"2048x2048-height":960,"post-thumbnail":"https:\/\/www.lang-und-heyne.de\/dateien\/2022\/10\/LH_F3_Front_Back-1-150x150.jpg","post-thumbnail-width":150,"post-thumbnail-height":150,"wide":"https:\/\/www.lang-und-heyne.de\/dateien\/2022\/10\/LH_F3_Front_Back-1-1400x896.jpg","wide-width":1400,"wide-height":896}},"subline":"Fr\u00e9d\u00e9ric III"}]},{"headerbild":false,"video":false,"header":"CE Que Les Clients Disent de Nous","ausrichtung":false,"text":"<p>D&rsquo;autres marques fabriquent des instruments pour les professionnels &#8211; Lang &#038; Heyne cr\u00e9e des instruments pour les artistes virtuoses\u00a0\u00bb.<br \/>\n&#8211; Filip G., collectionneur de montres<\/p>\n<p>\u00ab\u00a0Lorsque j&rsquo;ai demand\u00e9 \u00e0 Lang &#038; Heyne de me fabriquer une GEORG personnalis\u00e9e, le mot \u00ab\u00a0impossible\u00a0\u00bb n&rsquo;existait pas pour eux. Au lieu de cela, j&rsquo;entendais toujours &lsquo;imagination&rsquo;. La collaboration personnelle avec les designers et les horlogers cr\u00e9e une v\u00e9ritable relation avec la manufacture et ma montre\u00a0\u00bb.<br \/>\n&#8211; Saud A., client Lang &#038; Heyne<\/p>\n<p>\u00ab\u00a0Le chronographe ALBERT de Lang &#038; Heyne s\u00e9duit par sa clart\u00e9 fonctionnelle et son esth\u00e9tique classique. Son calibre \u00e0 remontage manuel soigneusement ex\u00e9cut\u00e9 est un r\u00e9gal pour les yeux horlogers\u00a0\u00bb.<br \/>\n&#8211; Gisbert Brunner, expert horloger renomm\u00e9<\/p>\n","bilder":false},{"headerbild":{"ID":6220,"id":6220,"title":"LH_Subheader_Terra1","filename":"LH_Subheader_Terra1.jpg","filesize":423725,"url":"https:\/\/www.lang-und-heyne.de\/dateien\/2024\/05\/LH_Subheader_Terra1.jpg","link":"https:\/\/www.lang-und-heyne.de\/fr\/special\/friedrich-iii-terra\/lh_subheader_terra1\/","alt":"","author":"5","description":"","caption":"","name":"lh_subheader_terra1","status":"inherit","uploaded_to":6159,"date":"2024-05-21 12:09:29","modified":"2024-05-21 12:09:29","menu_order":0,"mime_type":"image\/jpeg","type":"image","subtype":"jpeg","icon":"http:\/\/www.lang-und-heyne.de\/wp-includes\/images\/media\/default.png","width":1920,"height":800,"sizes":{"thumbnail":"https:\/\/www.lang-und-heyne.de\/dateien\/2024\/05\/LH_Subheader_Terra1-150x150.jpg","thumbnail-width":150,"thumbnail-height":150,"medium":"https:\/\/www.lang-und-heyne.de\/dateien\/2024\/05\/LH_Subheader_Terra1-300x125.jpg","medium-width":300,"medium-height":125,"medium_large":"https:\/\/www.lang-und-heyne.de\/dateien\/2024\/05\/LH_Subheader_Terra1-768x320.jpg","medium_large-width":768,"medium_large-height":320,"large":"https:\/\/www.lang-und-heyne.de\/dateien\/2024\/05\/LH_Subheader_Terra1-1024x427.jpg","large-width":1024,"large-height":427,"1536x1536":"https:\/\/www.lang-und-heyne.de\/dateien\/2024\/05\/LH_Subheader_Terra1-1536x640.jpg","1536x1536-width":1536,"1536x1536-height":640,"2048x2048":"https:\/\/www.lang-und-heyne.de\/dateien\/2024\/05\/LH_Subheader_Terra1.jpg","2048x2048-width":1920,"2048x2048-height":800,"post-thumbnail":"https:\/\/www.lang-und-heyne.de\/dateien\/2024\/05\/LH_Subheader_Terra1-150x150.jpg","post-thumbnail-width":150,"post-thumbnail-height":150,"wide":"https:\/\/www.lang-und-heyne.de\/dateien\/2024\/05\/LH_Subheader_Terra1-1400x583.jpg","wide-width":1400,"wide-height":583}},"video":false,"header":"Pi\u00e8ces Uniques","ausrichtung":false,"text":"<p>En plus de nos mod\u00e8les embl\u00e9matiques, nous vous offrons la possibilit\u00e9 de cr\u00e9er votre montre personnelle. Trois \u00e9tapes suffisent pour cr\u00e9er une pi\u00e8ce unique qui refl\u00e8te votre personnalit\u00e9, votre style et vos valeurs : <\/p>\n<ul>\n<li><strong>vos id\u00e9es :<\/strong> En tant que sp\u00e9cialistes des montres de luxe personnalis\u00e9es, nous prenons le temps de bien comprendre vos id\u00e9es et vos souhaits.<\/li>\n<li><strong>Des exemples qui vous inspirent :<\/strong> Pour concr\u00e9tiser vos id\u00e9es, nous vous montrons des montres custom made d\u00e9j\u00e0 r\u00e9alis\u00e9es qui peuvent vous servir d&rsquo;inspiration. Nous veillons toujours \u00e0 ce que vos souhaits s&rsquo;int\u00e8grent harmonieusement au style de Lang &#038; Heyne. <\/li>\n<li><strong>Simulation et r\u00e9alisation :<\/strong> sur la base de vos id\u00e9es, nous r\u00e9alisons une simulation d\u00e9taill\u00e9e qui vous montre \u00e0 quoi ressemblera votre pi\u00e8ce unique. En gardant \u00e0 l&rsquo;esprit l&rsquo;intemporalit\u00e9, l&rsquo;\u00e9l\u00e9gance et la perfection, nous transformons vos id\u00e9es en un artisanat raffin\u00e9 de Dresde et en un art horloger exclusif. <\/li>\n<\/ul>\n<p>\u00a0<\/p>\n<p>Concevons ensemble une montre aussi unique que vous. Commencez d\u00e8s maintenant votre voyage vers un v\u00e9ritable chef-d&rsquo;\u0153uvre. Apprenez-en plus sur la fa\u00e7on dont vous <a href=\"https:\/\/www.lang-und-heyne.de\/akzente\/\" target=\"_blank\" rel=\"noopener\"><strong>ACCENTS<\/strong><\/a> pour cr\u00e9er une montre  <\/p>\n<p>D\u00e9couvrez une s\u00e9lection de <a href=\"https:\/\/www.lang-und-heyne.de\/sonderanfertigungen\/\" target=\"_blank\" rel=\"noopener\"><strong>PI\u00c8CES UNIQUES<\/strong><\/a><\/p>\n","bilder":false},{"headerbild":false,"video":{"ID":6947,"id":6947,"title":"LH-Opener-Willkommen","filename":"LH-Opener-Willkommen-1.mp4","filesize":5778974,"url":"https:\/\/www.lang-und-heyne.de\/dateien\/2025\/01\/LH-Opener-Willkommen-1.mp4","link":"https:\/\/www.lang-und-heyne.de\/fr\/special\/willkommen\/lh-opener-willkommen-2\/","alt":"","author":"5","description":"","caption":"","name":"lh-opener-willkommen-2","status":"inherit","uploaded_to":6929,"date":"2025-01-13 14:04:08","modified":"2025-01-13 14:04:08","menu_order":0,"mime_type":"video\/mp4","type":"video","subtype":"mp4","icon":"http:\/\/www.lang-und-heyne.de\/wp-includes\/images\/media\/video.png","width":1920,"height":1080},"header":"Nos Valeurs : CE Qui Nous Rend Sp\u00e9ciaux","ausrichtung":true,"text":"<ul>\n<li><strong>Montres de luxe made in Dresde :<\/strong> notre pays est le berceau de l&rsquo;horlogerie exclusive.<\/li>\n<li><strong>La rencontre de l&rsquo;artisanat et du design :<\/strong> chaque montre est un t\u00e9moignage de l&rsquo;excellence du travail manuel.<\/li>\n<li><strong>Individuel et exclusif :<\/strong> nous cr\u00e9ons des montres pour les personnes qui recherchent quelque chose de sp\u00e9cial.<\/li>\n<\/ul>\n","bilder":false},{"headerbild":{"ID":6962,"id":6962,"title":"LH-Subheader-Sales-240","filename":"LH-Subheader-Sales-240-1.jpg","filesize":189231,"url":"https:\/\/www.lang-und-heyne.de\/dateien\/2025\/01\/LH-Subheader-Sales-240-1.jpg","link":"https:\/\/www.lang-und-heyne.de\/fr\/special\/willkommen\/lh-subheader-sales-240\/","alt":"","author":"5","description":"","caption":"","name":"lh-subheader-sales-240","status":"inherit","uploaded_to":6929,"date":"2025-01-14 07:33:33","modified":"2025-01-14 07:33:33","menu_order":0,"mime_type":"image\/jpeg","type":"image","subtype":"jpeg","icon":"http:\/\/www.lang-und-heyne.de\/wp-includes\/images\/media\/default.png","width":1280,"height":240,"sizes":{"thumbnail":"https:\/\/www.lang-und-heyne.de\/dateien\/2025\/01\/LH-Subheader-Sales-240-1-150x150.jpg","thumbnail-width":150,"thumbnail-height":150,"medium":"https:\/\/www.lang-und-heyne.de\/dateien\/2025\/01\/LH-Subheader-Sales-240-1-300x56.jpg","medium-width":300,"medium-height":56,"medium_large":"https:\/\/www.lang-und-heyne.de\/dateien\/2025\/01\/LH-Subheader-Sales-240-1-768x144.jpg","medium_large-width":768,"medium_large-height":144,"large":"https:\/\/www.lang-und-heyne.de\/dateien\/2025\/01\/LH-Subheader-Sales-240-1-1024x192.jpg","large-width":1024,"large-height":192,"1536x1536":"https:\/\/www.lang-und-heyne.de\/dateien\/2025\/01\/LH-Subheader-Sales-240-1.jpg","1536x1536-width":1280,"1536x1536-height":240,"2048x2048":"https:\/\/www.lang-und-heyne.de\/dateien\/2025\/01\/LH-Subheader-Sales-240-1.jpg","2048x2048-width":1280,"2048x2048-height":240,"post-thumbnail":"https:\/\/www.lang-und-heyne.de\/dateien\/2025\/01\/LH-Subheader-Sales-240-1-150x150.jpg","post-thumbnail-width":150,"post-thumbnail-height":150,"wide":"https:\/\/www.lang-und-heyne.de\/dateien\/2025\/01\/LH-Subheader-Sales-240-1.jpg","wide-width":1280,"wide-height":240}},"video":false,"header":"Faites Vos Premiers Pas Dans L\u2019Univers de Lang & Heyne","ausrichtung":true,"text":"<p>Venez nous rendre visite et d\u00e9couvrez de pr\u00e8s la fascination des montres m\u00e9caniques haut de gamme de Dresde. Prenez rendez-vous d\u00e8s aujourd&rsquo;hui pour une consultation personnelle ou laissez-vous inspirer en ligne. <\/p>\n<p><a href=\"https:\/\/www.lang-und-heyne.de\/kontakt\/\"><strong>Prendre un rendez-vous priv\u00e9 ou demander une consultation<\/strong><\/a><\/p>\n<p><a href=\"https:\/\/www.lang-und-heyne.de\/fachhandel\/\" target=\"_blank\" rel=\"noopener\"><strong>POINT DE VENTE<\/strong><\/a> pr\u00e8s de chez vous.<\/p>\n","bilder":[{"bild":{"ID":7548,"id":7548,"title":"LH_Kachel-Kauf","filename":"LH_Kachel-Kauf.jpg","filesize":378902,"url":"https:\/\/www.lang-und-heyne.de\/dateien\/2024\/03\/LH_Kachel-Kauf.jpg","link":"https:\/\/www.lang-und-heyne.de\/fr\/404-2\/lh_kachel-kauf-2\/","alt":"","author":"5","description":"","caption":"","name":"lh_kachel-kauf-2","status":"inherit","uploaded_to":7546,"date":"2024-03-05 11:59:30","modified":"2024-03-05 11:59:30","menu_order":0,"mime_type":"image\/jpeg","type":"image","subtype":"jpeg","icon":"http:\/\/www.lang-und-heyne.de\/wp-includes\/images\/media\/default.png","width":1000,"height":640,"sizes":{"thumbnail":"https:\/\/www.lang-und-heyne.de\/dateien\/2024\/03\/LH_Kachel-Kauf-150x150.jpg","thumbnail-width":150,"thumbnail-height":150,"medium":"https:\/\/www.lang-und-heyne.de\/dateien\/2024\/03\/LH_Kachel-Kauf-300x192.jpg","medium-width":300,"medium-height":192,"medium_large":"https:\/\/www.lang-und-heyne.de\/dateien\/2024\/03\/LH_Kachel-Kauf-768x492.jpg","medium_large-width":768,"medium_large-height":492,"large":"https:\/\/www.lang-und-heyne.de\/dateien\/2024\/03\/LH_Kachel-Kauf.jpg","large-width":1000,"large-height":640,"1536x1536":"https:\/\/www.lang-und-heyne.de\/dateien\/2024\/03\/LH_Kachel-Kauf.jpg","1536x1536-width":1000,"1536x1536-height":640,"2048x2048":"https:\/\/www.lang-und-heyne.de\/dateien\/2024\/03\/LH_Kachel-Kauf.jpg","2048x2048-width":1000,"2048x2048-height":640,"post-thumbnail":"https:\/\/www.lang-und-heyne.de\/dateien\/2024\/03\/LH_Kachel-Kauf-150x150.jpg","post-thumbnail-width":150,"post-thumbnail-height":150,"wide":"https:\/\/www.lang-und-heyne.de\/dateien\/2024\/03\/LH_Kachel-Kauf.jpg","wide-width":1000,"wide-height":640}},"subline":""}]}],"contact":[{"region":"Vos contacts","shop":[{"name":"LANG & HEYNE","adresse":"Ullersdorfer M\u00fchle 2<br \/>\n01454 Radeberg<br \/>\nAllemagne","web":"","human":"","telefon":"+49 351 212936-60","email":"vip@langheyne.de","logo":{"ID":3916,"id":3916,"title":"Logo-LuH","filename":"Logo-LuH.png","filesize":30266,"url":"https:\/\/www.lang-und-heyne.de\/dateien\/2023\/06\/Logo-LuH.png","link":"https:\/\/www.lang-und-heyne.de\/fr\/special\/friedrich-iii-orient\/logo-luh\/","alt":"","author":"2","description":"","caption":"","name":"logo-luh","status":"inherit","uploaded_to":3756,"date":"2023-06-26 12:01:06","modified":"2023-06-26 12:01:06","menu_order":0,"mime_type":"image\/png","type":"image","subtype":"png","icon":"http:\/\/www.lang-und-heyne.de\/wp-includes\/images\/media\/default.png","width":1800,"height":423,"sizes":{"thumbnail":"https:\/\/www.lang-und-heyne.de\/dateien\/2023\/06\/Logo-LuH-150x150.png","thumbnail-width":150,"thumbnail-height":150,"medium":"https:\/\/www.lang-und-heyne.de\/dateien\/2023\/06\/Logo-LuH-300x71.png","medium-width":300,"medium-height":71,"medium_large":"https:\/\/www.lang-und-heyne.de\/dateien\/2023\/06\/Logo-LuH-768x180.png","medium_large-width":768,"medium_large-height":180,"large":"https:\/\/www.lang-und-heyne.de\/dateien\/2023\/06\/Logo-LuH-1024x241.png","large-width":1024,"large-height":241,"1536x1536":"https:\/\/www.lang-und-heyne.de\/dateien\/2023\/06\/Logo-LuH-1536x361.png","1536x1536-width":1536,"1536x1536-height":361,"2048x2048":"https:\/\/www.lang-und-heyne.de\/dateien\/2023\/06\/Logo-LuH.png","2048x2048-width":1800,"2048x2048-height":423,"post-thumbnail":"https:\/\/www.lang-und-heyne.de\/dateien\/2023\/06\/Logo-LuH-150x150.png","post-thumbnail-width":150,"post-thumbnail-height":150,"wide":"https:\/\/www.lang-und-heyne.de\/dateien\/2023\/06\/Logo-LuH-1400x329.png","wide-width":1400,"wide-height":329}}}]}],"extra":{"bild":false,"header":"","text":""},"introicon":{"ID":3916,"id":3916,"title":"Logo-LuH","filename":"Logo-LuH.png","filesize":30266,"url":"https:\/\/www.lang-und-heyne.de\/dateien\/2023\/06\/Logo-LuH.png","link":"https:\/\/www.lang-und-heyne.de\/fr\/special\/friedrich-iii-orient\/logo-luh\/","alt":"","author":"2","description":"","caption":"","name":"logo-luh","status":"inherit","uploaded_to":3756,"date":"2023-06-26 12:01:06","modified":"2023-06-26 12:01:06","menu_order":0,"mime_type":"image\/png","type":"image","subtype":"png","icon":"http:\/\/www.lang-und-heyne.de\/wp-includes\/images\/media\/default.png","width":1800,"height":423,"sizes":{"thumbnail":"https:\/\/www.lang-und-heyne.de\/dateien\/2023\/06\/Logo-LuH-150x150.png","thumbnail-width":150,"thumbnail-height":150,"medium":"https:\/\/www.lang-und-heyne.de\/dateien\/2023\/06\/Logo-LuH-300x71.png","medium-width":300,"medium-height":71,"medium_large":"https:\/\/www.lang-und-heyne.de\/dateien\/2023\/06\/Logo-LuH-768x180.png","medium_large-width":768,"medium_large-height":180,"large":"https:\/\/www.lang-und-heyne.de\/dateien\/2023\/06\/Logo-LuH-1024x241.png","large-width":1024,"large-height":241,"1536x1536":"https:\/\/www.lang-und-heyne.de\/dateien\/2023\/06\/Logo-LuH-1536x361.png","1536x1536-width":1536,"1536x1536-height":361,"2048x2048":"https:\/\/www.lang-und-heyne.de\/dateien\/2023\/06\/Logo-LuH.png","2048x2048-width":1800,"2048x2048-height":423,"post-thumbnail":"https:\/\/www.lang-und-heyne.de\/dateien\/2023\/06\/Logo-LuH-150x150.png","post-thumbnail-width":150,"post-thumbnail-height":150,"wide":"https:\/\/www.lang-und-heyne.de\/dateien\/2023\/06\/Logo-LuH-1400x329.png","wide-width":1400,"wide-height":329}},"morelink":false,"intro":"Tout comme la Fresque des Princes de Dresde immortalise dans la porcelaine des personnages des si\u00e8cles pass\u00e9s, nos montres perp\u00e9tuent <strong>des souvenirs, des valeurs et des visions \u00e0 travers le m\u00e9tal, la gravure et l'\u00e9mail.<\/strong> Chaque montre raconte une histoire \u2013 peut-\u00eatre bient\u00f4t la v\u00f4tre. "},"wpml_current_locale":"fr_FR","wpml_translations":{"en_US":{"locale":"en_US","id":7534,"slug":"princes-train","post_title":"Prince's train","href":"https:\/\/www.lang-und-heyne.de\/en\/special\/princes-train\/"},"de_DE":{"locale":"de_DE","id":7379,"slug":"fuerstenzug","post_title":"F\u00fcrstenzug","href":"https:\/\/www.lang-und-heyne.de\/special\/fuerstenzug\/"},"es_ES":{"locale":"es_ES","id":7541,"slug":"cortejo-de-principes","post_title":"Cortejo de pr\u00edncipes","href":"https:\/\/www.lang-und-heyne.de\/es\/special\/cortejo-de-principes\/"},"ja":{"locale":"ja","id":7539,"slug":"%e7%8e%8b%e5%ad%90%e3%81%9f%e3%81%a1%e3%81%ae%e8%a1%8c%e5%88%97","post_title":"\u738b\u5b50\u305f\u3061\u306e\u884c\u5217","href":"https:\/\/www.lang-und-heyne.de\/ja\/special\/%e7%8e%8b%e5%ad%90%e3%81%9f%e3%81%a1%e3%81%ae%e8%a1%8c%e5%88%97\/"}},"_links":{"self":[{"href":"https:\/\/www.lang-und-heyne.de\/fr\/wp-json\/wp\/v2\/landingpages\/7537","targetHints":{"allow":["GET"]}}],"collection":[{"href":"https:\/\/www.lang-und-heyne.de\/fr\/wp-json\/wp\/v2\/landingpages"}],"about":[{"href":"https:\/\/www.lang-und-heyne.de\/fr\/wp-json\/wp\/v2\/types\/landingpages"}],"version-history":[{"count":1,"href":"https:\/\/www.lang-und-heyne.de\/fr\/wp-json\/wp\/v2\/landingpages\/7537\/revisions"}],"predecessor-version":[{"id":7538,"href":"https:\/\/www.lang-und-heyne.de\/fr\/wp-json\/wp\/v2\/landingpages\/7537\/revisions\/7538"}],"wp:attachment":[{"href":"https:\/\/www.lang-und-heyne.de\/fr\/wp-json\/wp\/v2\/media?parent=7537"}],"curies":[{"name":"wp","href":"https:\/\/api.w.org\/{rel}","templated":true}]}}