{"id":7139,"date":"2023-07-27T14:48:59","date_gmt":"2023-07-27T12:48:59","guid":{"rendered":"https:\/\/www.lang-und-heyne.de\/histoire\/"},"modified":"2025-04-01T13:38:18","modified_gmt":"2025-04-01T11:38:18","slug":"histoire","status":"publish","type":"page","link":"https:\/\/www.lang-und-heyne.de\/fr\/histoire\/","title":{"rendered":"Histoire"},"content":{"rendered":"","protected":false},"excerpt":{"rendered":"","protected":false},"author":5,"featured_media":7145,"parent":0,"menu_order":58,"comment_status":"closed","ping_status":"closed","template":"","meta":{"_acf_changed":false,"footnotes":""},"class_list":["post-7139","page","type-page","status-publish","has-post-thumbnail","hentry"],"acf":{"start":[{"acf_fc_layout":"textbild","header":"Le roi Fr\u00e9d\u00e9ric-Auguste le Fort","anchor":false,"order":false,"bigtext":false,"bild":{"ID":7141,"id":7141,"title":"LH_Kachel_FriedrichAugustI","filename":"LH_Kachel_FriedrichAugustI.jpg","filesize":250158,"url":"https:\/\/www.lang-und-heyne.de\/dateien\/2023\/07\/LH_Kachel_FriedrichAugustI.jpg","link":"https:\/\/www.lang-und-heyne.de\/fr\/histoire\/lh_kachel_friedrichaugusti-2\/","alt":"","author":"5","description":"","caption":"","name":"lh_kachel_friedrichaugusti-2","status":"inherit","uploaded_to":7139,"date":"2023-07-27 12:36:42","modified":"2023-07-27 12:36:42","menu_order":0,"mime_type":"image\/jpeg","type":"image","subtype":"jpeg","icon":"https:\/\/www.lang-und-heyne.de\/wp-includes\/images\/media\/default.png","width":1000,"height":705,"sizes":{"thumbnail":"https:\/\/www.lang-und-heyne.de\/dateien\/2023\/07\/LH_Kachel_FriedrichAugustI-150x150.jpg","thumbnail-width":150,"thumbnail-height":150,"medium":"https:\/\/www.lang-und-heyne.de\/dateien\/2023\/07\/LH_Kachel_FriedrichAugustI-300x212.jpg","medium-width":300,"medium-height":212,"medium_large":"https:\/\/www.lang-und-heyne.de\/dateien\/2023\/07\/LH_Kachel_FriedrichAugustI-768x541.jpg","medium_large-width":768,"medium_large-height":541,"large":"https:\/\/www.lang-und-heyne.de\/dateien\/2023\/07\/LH_Kachel_FriedrichAugustI.jpg","large-width":1000,"large-height":705,"1536x1536":"https:\/\/www.lang-und-heyne.de\/dateien\/2023\/07\/LH_Kachel_FriedrichAugustI.jpg","1536x1536-width":1000,"1536x1536-height":705,"2048x2048":"https:\/\/www.lang-und-heyne.de\/dateien\/2023\/07\/LH_Kachel_FriedrichAugustI.jpg","2048x2048-width":1000,"2048x2048-height":705,"post-thumbnail":"https:\/\/www.lang-und-heyne.de\/dateien\/2023\/07\/LH_Kachel_FriedrichAugustI-150x150.jpg","post-thumbnail-width":150,"post-thumbnail-height":150,"wide":"https:\/\/www.lang-und-heyne.de\/dateien\/2023\/07\/LH_Kachel_FriedrichAugustI.jpg","wide-width":1000,"wide-height":705}},"sub":"Auguste II de Pologne","text":"L'histoire de l'horlogerie saxonne est indissociable du roi Fr\u00e9d\u00e9ric-Auguste le Fort, un souverain important qui a marqu\u00e9 l'\u00e9lectorat saxon au 18\u00e8me si\u00e8cle. Fr\u00e9d\u00e9ric-Auguste le Fort, \u00e9galement connu sous le nom d'Auguste II de Pologne, n'\u00e9tait pas seulement un grand m\u00e9c\u00e8ne de l'art, de l'architecture et de l'artisanat, mais aussi un fervent supporter des sciences. Il s'int\u00e9ressait en particulier \u00e0 l'astronomie, qui n\u00e9cessitait des instruments de mesure et des horloges pr\u00e9cis. Son int\u00e9r\u00eat pour l'astronomie a conduit \u00e0 des progr\u00e8s significatifs dans l'horlogerie saxonne. Les exigences en mati\u00e8re d'exactitude et de pr\u00e9cision des horloges \u00e9taient \u00e9normes et les horlogers de Glash\u00fctte et d'autres r\u00e9gions de Saxe ont travaill\u00e9 dur pour relever ces d\u00e9fis.    ","link":"","target":"","zusatzbild":false,"bild2":false,"ausrichtung":false,"sub2":""},{"acf_fc_layout":"testimonial","bild_links":{"ID":7143,"id":7143,"title":"LH_Kachel_Hoch_Baldewein","filename":"LH_Kachel_Hoch_Baldewein.png","filesize":278432,"url":"https:\/\/www.lang-und-heyne.de\/dateien\/2023\/07\/LH_Kachel_Hoch_Baldewein.png","link":"https:\/\/www.lang-und-heyne.de\/fr\/histoire\/lh_kachel_hoch_baldewein-2\/","alt":"","author":"5","description":"","caption":"","name":"lh_kachel_hoch_baldewein-2","status":"inherit","uploaded_to":7139,"date":"2023-07-27 13:53:08","modified":"2023-07-27 13:53:08","menu_order":0,"mime_type":"image\/png","type":"image","subtype":"png","icon":"https:\/\/www.lang-und-heyne.de\/wp-includes\/images\/media\/default.png","width":860,"height":1000,"sizes":{"thumbnail":"https:\/\/www.lang-und-heyne.de\/dateien\/2023\/07\/LH_Kachel_Hoch_Baldewein-150x150.png","thumbnail-width":150,"thumbnail-height":150,"medium":"https:\/\/www.lang-und-heyne.de\/dateien\/2023\/07\/LH_Kachel_Hoch_Baldewein-258x300.png","medium-width":258,"medium-height":300,"medium_large":"https:\/\/www.lang-und-heyne.de\/dateien\/2023\/07\/LH_Kachel_Hoch_Baldewein-768x893.png","medium_large-width":768,"medium_large-height":893,"large":"https:\/\/www.lang-und-heyne.de\/dateien\/2023\/07\/LH_Kachel_Hoch_Baldewein.png","large-width":860,"large-height":1000,"1536x1536":"https:\/\/www.lang-und-heyne.de\/dateien\/2023\/07\/LH_Kachel_Hoch_Baldewein.png","1536x1536-width":860,"1536x1536-height":1000,"2048x2048":"https:\/\/www.lang-und-heyne.de\/dateien\/2023\/07\/LH_Kachel_Hoch_Baldewein.png","2048x2048-width":860,"2048x2048-height":1000,"post-thumbnail":"https:\/\/www.lang-und-heyne.de\/dateien\/2023\/07\/LH_Kachel_Hoch_Baldewein-150x150.png","post-thumbnail-width":150,"post-thumbnail-height":150,"wide":"https:\/\/www.lang-und-heyne.de\/dateien\/2023\/07\/LH_Kachel_Hoch_Baldewein.png","wide-width":860,"wide-height":1000}},"zitat":"Horloge plan\u00e9taire construite entre 1563 et 1568 pour le prince \u00e9lecteur de Saxe","autor":"Eberhard Baldewein, Hans Bucher et Hermann Diepel","seitenverkehrt":false,"smalltext":false,"bild_oder_animiertes_gif":true,"bild_rechts":{"ID":7145,"id":7145,"title":"LH_Kachel_Geschichte","filename":"LH_Kachel_Geschichte-1.jpg","filesize":311440,"url":"https:\/\/www.lang-und-heyne.de\/dateien\/2023\/07\/LH_Kachel_Geschichte-1.jpg","link":"https:\/\/www.lang-und-heyne.de\/fr\/histoire\/lh_kachel_geschichte-2-2\/","alt":"","author":"5","description":"","caption":"","name":"lh_kachel_geschichte-2-2","status":"inherit","uploaded_to":7139,"date":"2023-07-27 10:48:08","modified":"2023-07-27 10:48:08","menu_order":0,"mime_type":"image\/jpeg","type":"image","subtype":"jpeg","icon":"https:\/\/www.lang-und-heyne.de\/wp-includes\/images\/media\/default.png","width":1000,"height":705,"sizes":{"thumbnail":"https:\/\/www.lang-und-heyne.de\/dateien\/2023\/07\/LH_Kachel_Geschichte-1-150x150.jpg","thumbnail-width":150,"thumbnail-height":150,"medium":"https:\/\/www.lang-und-heyne.de\/dateien\/2023\/07\/LH_Kachel_Geschichte-1-300x212.jpg","medium-width":300,"medium-height":212,"medium_large":"https:\/\/www.lang-und-heyne.de\/dateien\/2023\/07\/LH_Kachel_Geschichte-1-768x541.jpg","medium_large-width":768,"medium_large-height":541,"large":"https:\/\/www.lang-und-heyne.de\/dateien\/2023\/07\/LH_Kachel_Geschichte-1.jpg","large-width":1000,"large-height":705,"1536x1536":"https:\/\/www.lang-und-heyne.de\/dateien\/2023\/07\/LH_Kachel_Geschichte-1.jpg","1536x1536-width":1000,"1536x1536-height":705,"2048x2048":"https:\/\/www.lang-und-heyne.de\/dateien\/2023\/07\/LH_Kachel_Geschichte-1.jpg","2048x2048-width":1000,"2048x2048-height":705,"post-thumbnail":"https:\/\/www.lang-und-heyne.de\/dateien\/2023\/07\/LH_Kachel_Geschichte-1-150x150.jpg","post-thumbnail-width":150,"post-thumbnail-height":150,"wide":"https:\/\/www.lang-und-heyne.de\/dateien\/2023\/07\/LH_Kachel_Geschichte-1.jpg","wide-width":1000,"wide-height":705}},"bild_rechts_gif":false,"extrabild":false,"detail":false,"additionalinfo":false,"zusatzinfo":{"text":"","link":null,"linktext":""}},{"acf_fc_layout":"textbild","header":"Johann Christian Friedrich Gutkaes","anchor":true,"order":true,"bigtext":false,"bild":{"ID":7142,"id":7142,"title":"LH_Kachel_Quer_Gutkaes","filename":"LH_Kachel_Quer_Gutkaes.jpg","filesize":157980,"url":"https:\/\/www.lang-und-heyne.de\/dateien\/2023\/07\/LH_Kachel_Quer_Gutkaes.jpg","link":"https:\/\/www.lang-und-heyne.de\/fr\/histoire\/lh_kachel_quer_gutkaes-2\/","alt":"","author":"5","description":"","caption":"","name":"lh_kachel_quer_gutkaes-2","status":"inherit","uploaded_to":7139,"date":"2023-07-27 13:22:44","modified":"2023-07-27 13:22:44","menu_order":0,"mime_type":"image\/jpeg","type":"image","subtype":"jpeg","icon":"https:\/\/www.lang-und-heyne.de\/wp-includes\/images\/media\/default.png","width":1000,"height":705,"sizes":{"thumbnail":"https:\/\/www.lang-und-heyne.de\/dateien\/2023\/07\/LH_Kachel_Quer_Gutkaes-150x150.jpg","thumbnail-width":150,"thumbnail-height":150,"medium":"https:\/\/www.lang-und-heyne.de\/dateien\/2023\/07\/LH_Kachel_Quer_Gutkaes-300x212.jpg","medium-width":300,"medium-height":212,"medium_large":"https:\/\/www.lang-und-heyne.de\/dateien\/2023\/07\/LH_Kachel_Quer_Gutkaes-768x541.jpg","medium_large-width":768,"medium_large-height":541,"large":"https:\/\/www.lang-und-heyne.de\/dateien\/2023\/07\/LH_Kachel_Quer_Gutkaes.jpg","large-width":1000,"large-height":705,"1536x1536":"https:\/\/www.lang-und-heyne.de\/dateien\/2023\/07\/LH_Kachel_Quer_Gutkaes.jpg","1536x1536-width":1000,"1536x1536-height":705,"2048x2048":"https:\/\/www.lang-und-heyne.de\/dateien\/2023\/07\/LH_Kachel_Quer_Gutkaes.jpg","2048x2048-width":1000,"2048x2048-height":705,"post-thumbnail":"https:\/\/www.lang-und-heyne.de\/dateien\/2023\/07\/LH_Kachel_Quer_Gutkaes-150x150.jpg","post-thumbnail-width":150,"post-thumbnail-height":150,"wide":"https:\/\/www.lang-und-heyne.de\/dateien\/2023\/07\/LH_Kachel_Quer_Gutkaes.jpg","wide-width":1000,"wide-height":705}},"sub":"","text":"Une personnalit\u00e9 \u00e9minente \u00e9troitement li\u00e9e \u00e0 la cour de Saxe est Johann Christian Friedrich Gutkaes, horloger de la cour et ma\u00eetre horloger \u00e0 la cour de Dresde, qui a largement contribu\u00e9 au d\u00e9veloppement de l'horlogerie saxonne. N\u00e9 en 1747 \u00e0 Dresde dans une famille d'horlogers, Gutkaes a appris le m\u00e9tier d'horloger de fond en comble. <br \/>\n<br \/>\nGr\u00e2ce \u00e0 son talent exceptionnel et \u00e0 sa passion pour l'horlogerie, Gutkaes fut rapidement reconnu \u00e0 la cour du roi Fr\u00e9d\u00e9ric-Auguste le Fort. Ses comp\u00e9tences en tant que ma\u00eetre horloger \u00e9taient impressionnantes et il fut charg\u00e9 de fabriquer des horloges pr\u00e9cises et des instruments astronomiques pour la recherche en astronomie. Les r\u00e9sultats de son travail ont \u00e9t\u00e9 rassembl\u00e9s au Salon de physique math\u00e9matique de Dresde et ont contribu\u00e9 de mani\u00e8re significative \u00e0 l'enrichissement des connaissances scientifiques de l'\u00e9poque.  ","link":"","target":"","zusatzbild":false,"bild2":false,"ausrichtung":false,"sub2":""},{"acf_fc_layout":"textbild","header":"L'h\u00e9ritage de l'horlogerie saxonne","anchor":true,"order":false,"bigtext":false,"bild":{"ID":7144,"id":7144,"title":"LH_Kachel_Zwinger-2","filename":"LH_Kachel_Zwinger-2.jpg","filesize":240174,"url":"https:\/\/www.lang-und-heyne.de\/dateien\/2023\/07\/LH_Kachel_Zwinger-2.jpg","link":"https:\/\/www.lang-und-heyne.de\/fr\/histoire\/lh_kachel_zwinger-2-2\/","alt":"","author":"5","description":"","caption":"","name":"lh_kachel_zwinger-2-2","status":"inherit","uploaded_to":7139,"date":"2023-07-28 06:49:55","modified":"2023-07-28 06:49:55","menu_order":0,"mime_type":"image\/jpeg","type":"image","subtype":"jpeg","icon":"https:\/\/www.lang-und-heyne.de\/wp-includes\/images\/media\/default.png","width":1000,"height":705,"sizes":{"thumbnail":"https:\/\/www.lang-und-heyne.de\/dateien\/2023\/07\/LH_Kachel_Zwinger-2-150x150.jpg","thumbnail-width":150,"thumbnail-height":150,"medium":"https:\/\/www.lang-und-heyne.de\/dateien\/2023\/07\/LH_Kachel_Zwinger-2-300x212.jpg","medium-width":300,"medium-height":212,"medium_large":"https:\/\/www.lang-und-heyne.de\/dateien\/2023\/07\/LH_Kachel_Zwinger-2-768x541.jpg","medium_large-width":768,"medium_large-height":541,"large":"https:\/\/www.lang-und-heyne.de\/dateien\/2023\/07\/LH_Kachel_Zwinger-2.jpg","large-width":1000,"large-height":705,"1536x1536":"https:\/\/www.lang-und-heyne.de\/dateien\/2023\/07\/LH_Kachel_Zwinger-2.jpg","1536x1536-width":1000,"1536x1536-height":705,"2048x2048":"https:\/\/www.lang-und-heyne.de\/dateien\/2023\/07\/LH_Kachel_Zwinger-2.jpg","2048x2048-width":1000,"2048x2048-height":705,"post-thumbnail":"https:\/\/www.lang-und-heyne.de\/dateien\/2023\/07\/LH_Kachel_Zwinger-2-150x150.jpg","post-thumbnail-width":150,"post-thumbnail-height":150,"wide":"https:\/\/www.lang-und-heyne.de\/dateien\/2023\/07\/LH_Kachel_Zwinger-2.jpg","wide-width":1000,"wide-height":705}},"sub":"","text":"Aux XVIIIe et XIXe si\u00e8cles, l'horlogerie saxonne a connu un \u00e2ge d'or au cours duquel des horlogers talentueux comme Gutkaes ont perfectionn\u00e9 leur m\u00e9tier et fait de la r\u00e9gion un centre de l'art horloger. Les horlogers de Saxe \u00e9taient r\u00e9put\u00e9s pour leurs techniques innovantes, l'utilisation de mat\u00e9riaux de qualit\u00e9 et leur pr\u00e9cision dans la mesure du temps.   ","link":"","target":"","zusatzbild":false,"bild2":false,"ausrichtung":false,"sub2":""},{"acf_fc_layout":"textbild","header":"La poursuite de la tradition au pr\u00e9sent","anchor":true,"order":true,"bigtext":false,"bild":false,"sub":"","text":"Aujourd'hui, l'horlogerie saxonne est un symbole de qualit\u00e9 et d'artisanat. La tradition horlog\u00e8re de Dresde et de Glash\u00fctte est perp\u00e9tu\u00e9e par diff\u00e9rentes entreprises qui pr\u00e9servent les coutumes et les traditions tout en ouvrant de nouvelles voies dans l'art horloger. Les montres de Saxe continuent d'\u00eatre synonymes de finitions sophistiqu\u00e9es et d'un h\u00e9ritage riche en traditions qui reste vivant jusqu'\u00e0 nos jours, et elles rappellent le lien \u00e9troit entre l'horlogerie saxonne et l'int\u00e9r\u00eat du roi Fr\u00e9d\u00e9ric-Auguste le Fort pour l'astronomie.  ","link":"","target":"","zusatzbild":false,"bild2":false,"ausrichtung":false,"sub2":""}],"slide":[{"bild__video":false,"bild":false,"video":{"ID":7140,"id":7140,"title":"LH_Webseite_Geschichte_1280x720","filename":"LH_Webseite_Geschichte_1280x720.mp4","filesize":2190536,"url":"https:\/\/www.lang-und-heyne.de\/dateien\/2023\/07\/LH_Webseite_Geschichte_1280x720.mp4","link":"https:\/\/www.lang-und-heyne.de\/fr\/histoire\/lh_webseite_geschichte_1280x720-2\/","alt":"","author":"5","description":"","caption":"","name":"lh_webseite_geschichte_1280x720-2","status":"inherit","uploaded_to":7139,"date":"2023-07-27 11:20:42","modified":"2023-07-27 11:20:42","menu_order":0,"mime_type":"video\/mp4","type":"video","subtype":"mp4","icon":"https:\/\/www.lang-und-heyne.de\/wp-includes\/images\/media\/video.png","width":1280,"height":720},"texte":{"text":"N\u00e9 en Saxe","subline":""}}]},"wpml_current_locale":"fr_FR","wpml_translations":{"en_US":{"locale":"en_US","id":5794,"slug":"history","post_title":"History","href":"https:\/\/www.lang-und-heyne.de\/en\/history\/"},"de_DE":{"locale":"de_DE","id":4709,"slug":"geschichte","post_title":"Geschichte","href":"https:\/\/www.lang-und-heyne.de\/geschichte\/"},"es_ES":{"locale":"es_ES","id":7146,"slug":"historia","post_title":"Historia","href":"https:\/\/www.lang-und-heyne.de\/es\/historia\/"},"ja":{"locale":"ja","id":5796,"slug":"history","post_title":"\u6b74\u53f2","href":"https:\/\/www.lang-und-heyne.de\/ja\/history\/"},"zh_CN":{"locale":"zh_CN","id":5795,"slug":"history","post_title":"\u5386\u53f2","href":"https:\/\/www.lang-und-heyne.de\/zh-hans\/history\/"}},"_links":{"self":[{"href":"https:\/\/www.lang-und-heyne.de\/fr\/wp-json\/wp\/v2\/pages\/7139","targetHints":{"allow":["GET"]}}],"collection":[{"href":"https:\/\/www.lang-und-heyne.de\/fr\/wp-json\/wp\/v2\/pages"}],"about":[{"href":"https:\/\/www.lang-und-heyne.de\/fr\/wp-json\/wp\/v2\/types\/page"}],"author":[{"embeddable":true,"href":"https:\/\/www.lang-und-heyne.de\/fr\/wp-json\/wp\/v2\/users\/5"}],"replies":[{"embeddable":true,"href":"https:\/\/www.lang-und-heyne.de\/fr\/wp-json\/wp\/v2\/comments?post=7139"}],"version-history":[{"count":1,"href":"https:\/\/www.lang-und-heyne.de\/fr\/wp-json\/wp\/v2\/pages\/7139\/revisions"}],"predecessor-version":[{"id":7545,"href":"https:\/\/www.lang-und-heyne.de\/fr\/wp-json\/wp\/v2\/pages\/7139\/revisions\/7545"}],"wp:featuredmedia":[{"embeddable":true,"href":"https:\/\/www.lang-und-heyne.de\/fr\/wp-json\/wp\/v2\/media\/7145"}],"wp:attachment":[{"href":"https:\/\/www.lang-und-heyne.de\/fr\/wp-json\/wp\/v2\/media?parent=7139"}],"curies":[{"name":"wp","href":"https:\/\/api.w.org\/{rel}","templated":true}]}}