{"id":7173,"date":"2023-05-08T12:03:14","date_gmt":"2023-05-08T10:03:14","guid":{"rendered":"https:\/\/www.lang-und-heyne.de\/executions-speciales\/"},"modified":"2023-05-08T12:03:14","modified_gmt":"2023-05-08T10:03:14","slug":"executions-speciales","status":"publish","type":"page","link":"https:\/\/www.lang-und-heyne.de\/fr\/executions-speciales\/","title":{"rendered":"Ex\u00e9cutions sp\u00e9ciales"},"content":{"rendered":"","protected":false},"excerpt":{"rendered":"","protected":false},"author":2,"featured_media":0,"parent":0,"menu_order":122,"comment_status":"closed","ping_status":"closed","template":"","meta":{"_acf_changed":false,"footnotes":""},"class_list":["post-7173","page","type-page","status-publish","hentry"],"acf":{"slide":[{"bild__video":false,"bild":{"ID":7174,"id":7174,"title":"LH_Sonderanfertigungen","filename":"LH_Sonderanfertigungen.jpg","filesize":413968,"url":"https:\/\/www.lang-und-heyne.de\/dateien\/2023\/05\/LH_Sonderanfertigungen.jpg","link":"https:\/\/www.lang-und-heyne.de\/fr\/executions-speciales\/lh_sonderanfertigungen-2\/","alt":"","author":"2","description":"","caption":"","name":"lh_sonderanfertigungen-2","status":"inherit","uploaded_to":7173,"date":"2023-05-08 10:14:12","modified":"2023-05-08 10:14:12","menu_order":0,"mime_type":"image\/jpeg","type":"image","subtype":"jpeg","icon":"https:\/\/www.lang-und-heyne.de\/wp-includes\/images\/media\/default.png","width":1920,"height":1080,"sizes":{"thumbnail":"https:\/\/www.lang-und-heyne.de\/dateien\/2023\/05\/LH_Sonderanfertigungen-150x150.jpg","thumbnail-width":150,"thumbnail-height":150,"medium":"https:\/\/www.lang-und-heyne.de\/dateien\/2023\/05\/LH_Sonderanfertigungen-300x169.jpg","medium-width":300,"medium-height":169,"medium_large":"https:\/\/www.lang-und-heyne.de\/dateien\/2023\/05\/LH_Sonderanfertigungen-768x432.jpg","medium_large-width":768,"medium_large-height":432,"large":"https:\/\/www.lang-und-heyne.de\/dateien\/2023\/05\/LH_Sonderanfertigungen-1024x576.jpg","large-width":1024,"large-height":576,"1536x1536":"https:\/\/www.lang-und-heyne.de\/dateien\/2023\/05\/LH_Sonderanfertigungen-1536x864.jpg","1536x1536-width":1536,"1536x1536-height":864,"2048x2048":"https:\/\/www.lang-und-heyne.de\/dateien\/2023\/05\/LH_Sonderanfertigungen.jpg","2048x2048-width":1920,"2048x2048-height":1080,"post-thumbnail":"https:\/\/www.lang-und-heyne.de\/dateien\/2023\/05\/LH_Sonderanfertigungen-150x150.jpg","post-thumbnail-width":150,"post-thumbnail-height":150,"wide":"https:\/\/www.lang-und-heyne.de\/dateien\/2023\/05\/LH_Sonderanfertigungen-1400x788.jpg","wide-width":1400,"wide-height":788}},"video":{"ID":7184,"id":7184,"title":"LH_Opener_Sonderanfertigung","filename":"LH_Opener_Sonderanfertigung.mp4","filesize":3403541,"url":"https:\/\/www.lang-und-heyne.de\/dateien\/2024\/08\/LH_Opener_Sonderanfertigung.mp4","link":"https:\/\/www.lang-und-heyne.de\/fr\/executions-speciales\/lh_opener_sonderanfertigung-2\/","alt":"","author":"5","description":"","caption":"","name":"lh_opener_sonderanfertigung-2","status":"inherit","uploaded_to":7173,"date":"2024-08-23 13:02:54","modified":"2024-08-23 13:02:54","menu_order":0,"mime_type":"video\/mp4","type":"video","subtype":"mp4","icon":"https:\/\/www.lang-und-heyne.de\/wp-includes\/images\/media\/video.png","width":1920,"height":1080},"texte":{"text":"Produits sp\u00e9ciaux","subline":""}}],"start":[{"acf_fc_layout":"textbild","header":"Sp\u00e9cial Georg SHH Edition II","anchor":true,"order":false,"bigtext":false,"bild":{"ID":7185,"id":7185,"title":"Kachel_Georg-SHH2","filename":"Kachel_Georg-SHH2.jpg","filesize":149602,"url":"https:\/\/www.lang-und-heyne.de\/dateien\/2024\/09\/Kachel_Georg-SHH2.jpg","link":"https:\/\/www.lang-und-heyne.de\/fr\/executions-speciales\/kachel_georg-shh2-2\/","alt":"","author":"5","description":"","caption":"","name":"kachel_georg-shh2-2","status":"inherit","uploaded_to":7173,"date":"2024-09-03 09:28:19","modified":"2024-09-03 09:28:19","menu_order":0,"mime_type":"image\/jpeg","type":"image","subtype":"jpeg","icon":"https:\/\/www.lang-und-heyne.de\/wp-includes\/images\/media\/default.png","width":1000,"height":705,"sizes":{"thumbnail":"https:\/\/www.lang-und-heyne.de\/dateien\/2024\/09\/Kachel_Georg-SHH2-150x150.jpg","thumbnail-width":150,"thumbnail-height":150,"medium":"https:\/\/www.lang-und-heyne.de\/dateien\/2024\/09\/Kachel_Georg-SHH2-300x212.jpg","medium-width":300,"medium-height":212,"medium_large":"https:\/\/www.lang-und-heyne.de\/dateien\/2024\/09\/Kachel_Georg-SHH2-768x541.jpg","medium_large-width":768,"medium_large-height":541,"large":"https:\/\/www.lang-und-heyne.de\/dateien\/2024\/09\/Kachel_Georg-SHH2.jpg","large-width":1000,"large-height":705,"1536x1536":"https:\/\/www.lang-und-heyne.de\/dateien\/2024\/09\/Kachel_Georg-SHH2.jpg","1536x1536-width":1000,"1536x1536-height":705,"2048x2048":"https:\/\/www.lang-und-heyne.de\/dateien\/2024\/09\/Kachel_Georg-SHH2.jpg","2048x2048-width":1000,"2048x2048-height":705,"post-thumbnail":"https:\/\/www.lang-und-heyne.de\/dateien\/2024\/09\/Kachel_Georg-SHH2-150x150.jpg","post-thumbnail-width":150,"post-thumbnail-height":150,"wide":"https:\/\/www.lang-und-heyne.de\/dateien\/2024\/09\/Kachel_Georg-SHH2.jpg","wide-width":1000,"wide-height":705}},"sub":"","text":"Fruit d'une \u00e9troite collaboration avec un groupe de d\u00e9taillants renomm\u00e9s d'Asie du Sud-Est, cette \u00e9dition limit\u00e9e arbore un captivant cadran en c\u00e9ramique de couleur bordeaux. Dans une s\u00e9rie extr\u00eamement limit\u00e9e de seulement 12 exemplaires, l'Edition 2 allie la tradition horlog\u00e8re de premier ordre \u00e0 la beaut\u00e9 esth\u00e9tique de ses couleurs uniques. Plongez dans l'univers fascinant de ce chef-d'\u0153uvre qui enrichira votre collection de montres d'un tr\u00e9sor particulier.  ","link":"En savoir plus","target":"https:\/\/www.lang-und-heyne.de\/fr\/modelle\/special-georg-shh-edition-ii\/","zusatzbild":false,"bild2":false,"ausrichtung":false,"sub2":""},{"acf_fc_layout":"waterfall","galerie":[{"bild":{"ID":9665,"id":9665,"title":"LangHeyne-Georg-CollectorsHouse-Galerie2","filename":"LangHeyne-Georg-CollectorsHouse-Galerie2.jpg","filesize":208644,"url":"https:\/\/www.lang-und-heyne.de\/dateien\/2025\/09\/LangHeyne-Georg-CollectorsHouse-Galerie2.jpg","link":"https:\/\/www.lang-und-heyne.de\/fr\/modelle\/georg-special-edition-penny-watch\/langheyne-georg-collectorshouse-galerie2-2\/","alt":"","author":"5","description":"","caption":"","name":"langheyne-georg-collectorshouse-galerie2-2","status":"inherit","uploaded_to":9829,"date":"2025-09-23 07:02:54","modified":"2025-09-25 11:35:57","menu_order":0,"mime_type":"image\/jpeg","type":"image","subtype":"jpeg","icon":"https:\/\/www.lang-und-heyne.de\/wp-includes\/images\/media\/default.png","width":1500,"height":960,"sizes":{"thumbnail":"https:\/\/www.lang-und-heyne.de\/dateien\/2025\/09\/LangHeyne-Georg-CollectorsHouse-Galerie2-150x150.jpg","thumbnail-width":150,"thumbnail-height":150,"medium":"https:\/\/www.lang-und-heyne.de\/dateien\/2025\/09\/LangHeyne-Georg-CollectorsHouse-Galerie2-300x192.jpg","medium-width":300,"medium-height":192,"medium_large":"https:\/\/www.lang-und-heyne.de\/dateien\/2025\/09\/LangHeyne-Georg-CollectorsHouse-Galerie2-768x492.jpg","medium_large-width":768,"medium_large-height":492,"large":"https:\/\/www.lang-und-heyne.de\/dateien\/2025\/09\/LangHeyne-Georg-CollectorsHouse-Galerie2-1024x655.jpg","large-width":1024,"large-height":655,"1536x1536":"https:\/\/www.lang-und-heyne.de\/dateien\/2025\/09\/LangHeyne-Georg-CollectorsHouse-Galerie2.jpg","1536x1536-width":1500,"1536x1536-height":960,"2048x2048":"https:\/\/www.lang-und-heyne.de\/dateien\/2025\/09\/LangHeyne-Georg-CollectorsHouse-Galerie2.jpg","2048x2048-width":1500,"2048x2048-height":960,"post-thumbnail":"https:\/\/www.lang-und-heyne.de\/dateien\/2025\/09\/LangHeyne-Georg-CollectorsHouse-Galerie2-150x150.jpg","post-thumbnail-width":150,"post-thumbnail-height":150,"wide":"https:\/\/www.lang-und-heyne.de\/dateien\/2025\/09\/LangHeyne-Georg-CollectorsHouse-Galerie2-1400x896.jpg","wide-width":1400,"wide-height":896}},"titel":"","beschreibung":""},{"bild":{"ID":9671,"id":9671,"title":"LangHeyne-Georg-CollectorsHouse-Galerie1","filename":"LangHeyne-Georg-CollectorsHouse-Galerie1.jpg","filesize":165638,"url":"https:\/\/www.lang-und-heyne.de\/dateien\/2025\/09\/LangHeyne-Georg-CollectorsHouse-Galerie1.jpg","link":"https:\/\/www.lang-und-heyne.de\/fr\/modelle\/georg-special-edition-penny-watch\/langheyne-georg-collectorshouse-galerie1-2\/","alt":"","author":"5","description":"","caption":"","name":"langheyne-georg-collectorshouse-galerie1-2","status":"inherit","uploaded_to":9829,"date":"2025-09-23 07:03:04","modified":"2025-09-25 11:35:57","menu_order":0,"mime_type":"image\/jpeg","type":"image","subtype":"jpeg","icon":"https:\/\/www.lang-und-heyne.de\/wp-includes\/images\/media\/default.png","width":1500,"height":960,"sizes":{"thumbnail":"https:\/\/www.lang-und-heyne.de\/dateien\/2025\/09\/LangHeyne-Georg-CollectorsHouse-Galerie1-150x150.jpg","thumbnail-width":150,"thumbnail-height":150,"medium":"https:\/\/www.lang-und-heyne.de\/dateien\/2025\/09\/LangHeyne-Georg-CollectorsHouse-Galerie1-300x192.jpg","medium-width":300,"medium-height":192,"medium_large":"https:\/\/www.lang-und-heyne.de\/dateien\/2025\/09\/LangHeyne-Georg-CollectorsHouse-Galerie1-768x492.jpg","medium_large-width":768,"medium_large-height":492,"large":"https:\/\/www.lang-und-heyne.de\/dateien\/2025\/09\/LangHeyne-Georg-CollectorsHouse-Galerie1-1024x655.jpg","large-width":1024,"large-height":655,"1536x1536":"https:\/\/www.lang-und-heyne.de\/dateien\/2025\/09\/LangHeyne-Georg-CollectorsHouse-Galerie1.jpg","1536x1536-width":1500,"1536x1536-height":960,"2048x2048":"https:\/\/www.lang-und-heyne.de\/dateien\/2025\/09\/LangHeyne-Georg-CollectorsHouse-Galerie1.jpg","2048x2048-width":1500,"2048x2048-height":960,"post-thumbnail":"https:\/\/www.lang-und-heyne.de\/dateien\/2025\/09\/LangHeyne-Georg-CollectorsHouse-Galerie1-150x150.jpg","post-thumbnail-width":150,"post-thumbnail-height":150,"wide":"https:\/\/www.lang-und-heyne.de\/dateien\/2025\/09\/LangHeyne-Georg-CollectorsHouse-Galerie1-1400x896.jpg","wide-width":1400,"wide-height":896}},"titel":"","beschreibung":""},{"bild":{"ID":8620,"id":8620,"title":"LH_Bildergalerie_GeorgSHHII-4","filename":"LH_Bildergalerie_GeorgSHHII-4.jpg","filesize":254361,"url":"https:\/\/www.lang-und-heyne.de\/dateien\/2024\/03\/LH_Bildergalerie_GeorgSHHII-4.jpg","link":"https:\/\/www.lang-und-heyne.de\/fr\/modelle\/special-georg-shh-edition-ii\/lh_bildergalerie_georgshhii-4-2\/","alt":"","author":"5","description":"","caption":"","name":"lh_bildergalerie_georgshhii-4-2","status":"inherit","uploaded_to":8617,"date":"2024-03-01 13:21:05","modified":"2024-03-01 13:21:05","menu_order":0,"mime_type":"image\/jpeg","type":"image","subtype":"jpeg","icon":"https:\/\/www.lang-und-heyne.de\/wp-includes\/images\/media\/default.png","width":1500,"height":960,"sizes":{"thumbnail":"https:\/\/www.lang-und-heyne.de\/dateien\/2024\/03\/LH_Bildergalerie_GeorgSHHII-4-150x150.jpg","thumbnail-width":150,"thumbnail-height":150,"medium":"https:\/\/www.lang-und-heyne.de\/dateien\/2024\/03\/LH_Bildergalerie_GeorgSHHII-4-300x192.jpg","medium-width":300,"medium-height":192,"medium_large":"https:\/\/www.lang-und-heyne.de\/dateien\/2024\/03\/LH_Bildergalerie_GeorgSHHII-4-768x492.jpg","medium_large-width":768,"medium_large-height":492,"large":"https:\/\/www.lang-und-heyne.de\/dateien\/2024\/03\/LH_Bildergalerie_GeorgSHHII-4-1024x655.jpg","large-width":1024,"large-height":655,"1536x1536":"https:\/\/www.lang-und-heyne.de\/dateien\/2024\/03\/LH_Bildergalerie_GeorgSHHII-4.jpg","1536x1536-width":1500,"1536x1536-height":960,"2048x2048":"https:\/\/www.lang-und-heyne.de\/dateien\/2024\/03\/LH_Bildergalerie_GeorgSHHII-4.jpg","2048x2048-width":1500,"2048x2048-height":960,"post-thumbnail":"https:\/\/www.lang-und-heyne.de\/dateien\/2024\/03\/LH_Bildergalerie_GeorgSHHII-4-150x150.jpg","post-thumbnail-width":150,"post-thumbnail-height":150,"wide":"https:\/\/www.lang-und-heyne.de\/dateien\/2024\/03\/LH_Bildergalerie_GeorgSHHII-4-1400x896.jpg","wide-width":1400,"wide-height":896}},"titel":"","beschreibung":""},{"bild":{"ID":8621,"id":8621,"title":"LH_Bildergalerie_GeorgSHHII-3","filename":"LH_Bildergalerie_GeorgSHHII-3.jpg","filesize":261664,"url":"https:\/\/www.lang-und-heyne.de\/dateien\/2024\/03\/LH_Bildergalerie_GeorgSHHII-3.jpg","link":"https:\/\/www.lang-und-heyne.de\/fr\/modelle\/special-georg-shh-edition-ii\/lh_bildergalerie_georgshhii-3-2\/","alt":"","author":"5","description":"","caption":"","name":"lh_bildergalerie_georgshhii-3-2","status":"inherit","uploaded_to":8617,"date":"2024-03-01 13:21:06","modified":"2024-03-01 13:21:06","menu_order":0,"mime_type":"image\/jpeg","type":"image","subtype":"jpeg","icon":"https:\/\/www.lang-und-heyne.de\/wp-includes\/images\/media\/default.png","width":1500,"height":960,"sizes":{"thumbnail":"https:\/\/www.lang-und-heyne.de\/dateien\/2024\/03\/LH_Bildergalerie_GeorgSHHII-3-150x150.jpg","thumbnail-width":150,"thumbnail-height":150,"medium":"https:\/\/www.lang-und-heyne.de\/dateien\/2024\/03\/LH_Bildergalerie_GeorgSHHII-3-300x192.jpg","medium-width":300,"medium-height":192,"medium_large":"https:\/\/www.lang-und-heyne.de\/dateien\/2024\/03\/LH_Bildergalerie_GeorgSHHII-3-768x492.jpg","medium_large-width":768,"medium_large-height":492,"large":"https:\/\/www.lang-und-heyne.de\/dateien\/2024\/03\/LH_Bildergalerie_GeorgSHHII-3-1024x655.jpg","large-width":1024,"large-height":655,"1536x1536":"https:\/\/www.lang-und-heyne.de\/dateien\/2024\/03\/LH_Bildergalerie_GeorgSHHII-3.jpg","1536x1536-width":1500,"1536x1536-height":960,"2048x2048":"https:\/\/www.lang-und-heyne.de\/dateien\/2024\/03\/LH_Bildergalerie_GeorgSHHII-3.jpg","2048x2048-width":1500,"2048x2048-height":960,"post-thumbnail":"https:\/\/www.lang-und-heyne.de\/dateien\/2024\/03\/LH_Bildergalerie_GeorgSHHII-3-150x150.jpg","post-thumbnail-width":150,"post-thumbnail-height":150,"wide":"https:\/\/www.lang-und-heyne.de\/dateien\/2024\/03\/LH_Bildergalerie_GeorgSHHII-3-1400x896.jpg","wide-width":1400,"wide-height":896}},"titel":"","beschreibung":""}],"smallwidth":true},{"acf_fc_layout":"textbild","header":"Georg SHH \u00c9dition 1","anchor":true,"order":true,"bigtext":false,"bild":{"ID":7186,"id":7186,"title":"Kachel_Turmuhr-Blau","filename":"Kachel_Turmuhr-Blau.jpg","filesize":180888,"url":"https:\/\/www.lang-und-heyne.de\/dateien\/2024\/09\/Kachel_Turmuhr-Blau.jpg","link":"https:\/\/www.lang-und-heyne.de\/fr\/executions-speciales\/kachel_turmuhr-blau-2\/","alt":"","author":"5","description":"","caption":"","name":"kachel_turmuhr-blau-2","status":"inherit","uploaded_to":7173,"date":"2024-09-03 09:32:52","modified":"2024-09-03 09:32:52","menu_order":0,"mime_type":"image\/jpeg","type":"image","subtype":"jpeg","icon":"https:\/\/www.lang-und-heyne.de\/wp-includes\/images\/media\/default.png","width":1000,"height":705,"sizes":{"thumbnail":"https:\/\/www.lang-und-heyne.de\/dateien\/2024\/09\/Kachel_Turmuhr-Blau-150x150.jpg","thumbnail-width":150,"thumbnail-height":150,"medium":"https:\/\/www.lang-und-heyne.de\/dateien\/2024\/09\/Kachel_Turmuhr-Blau-300x212.jpg","medium-width":300,"medium-height":212,"medium_large":"https:\/\/www.lang-und-heyne.de\/dateien\/2024\/09\/Kachel_Turmuhr-Blau-768x541.jpg","medium_large-width":768,"medium_large-height":541,"large":"https:\/\/www.lang-und-heyne.de\/dateien\/2024\/09\/Kachel_Turmuhr-Blau.jpg","large-width":1000,"large-height":705,"1536x1536":"https:\/\/www.lang-und-heyne.de\/dateien\/2024\/09\/Kachel_Turmuhr-Blau.jpg","1536x1536-width":1000,"1536x1536-height":705,"2048x2048":"https:\/\/www.lang-und-heyne.de\/dateien\/2024\/09\/Kachel_Turmuhr-Blau.jpg","2048x2048-width":1000,"2048x2048-height":705,"post-thumbnail":"https:\/\/www.lang-und-heyne.de\/dateien\/2024\/09\/Kachel_Turmuhr-Blau-150x150.jpg","post-thumbnail-width":150,"post-thumbnail-height":150,"wide":"https:\/\/www.lang-und-heyne.de\/dateien\/2024\/09\/Kachel_Turmuhr-Blau.jpg","wide-width":1000,"wide-height":705}},"sub":"","text":"En collaboration avec l'un des groupes de vente au d\u00e9tail de haute horlogerie les plus anciens et les plus respect\u00e9s d'Asie du Sud-Est, Lang & Heyne a le plaisir de pr\u00e9senter l'\u00e9dition Georg Sincere Haute Horlogerie - une interpr\u00e9tation sp\u00e9ciale et unique, limit\u00e9e \u00e0 12 pi\u00e8ces, de la montre prim\u00e9e Lang & Heyne Georg. Celle-ci est uniquement disponible dans la boutique Sincere Fine Watches \u00e0 Singapour et dans la r\u00e9gion. ","link":"En savoir plus","target":"https:\/\/www.lang-und-heyne.de\/fr\/modelle\/hommage-horloge-de-tour-glashuette\/","zusatzbild":false,"bild2":false,"ausrichtung":false,"sub2":""},{"acf_fc_layout":"textbild","header":"Augustus","anchor":true,"order":false,"bigtext":false,"bild":{"ID":7183,"id":7183,"title":"LH_Kachel_GeorgSHH1","filename":"LH_Kachel_GeorgSHH1.jpg","filesize":272513,"url":"https:\/\/www.lang-und-heyne.de\/dateien\/2024\/03\/LH_Kachel_GeorgSHH1.jpg","link":"https:\/\/www.lang-und-heyne.de\/fr\/executions-speciales\/lh_kachel_georgshh1-2\/","alt":"","author":"5","description":"","caption":"","name":"lh_kachel_georgshh1-2","status":"inherit","uploaded_to":7173,"date":"2024-03-25 12:00:59","modified":"2024-03-25 12:00:59","menu_order":0,"mime_type":"image\/jpeg","type":"image","subtype":"jpeg","icon":"https:\/\/www.lang-und-heyne.de\/wp-includes\/images\/media\/default.png","width":1000,"height":705,"sizes":{"thumbnail":"https:\/\/www.lang-und-heyne.de\/dateien\/2024\/03\/LH_Kachel_GeorgSHH1-150x150.jpg","thumbnail-width":150,"thumbnail-height":150,"medium":"https:\/\/www.lang-und-heyne.de\/dateien\/2024\/03\/LH_Kachel_GeorgSHH1-300x212.jpg","medium-width":300,"medium-height":212,"medium_large":"https:\/\/www.lang-und-heyne.de\/dateien\/2024\/03\/LH_Kachel_GeorgSHH1-768x541.jpg","medium_large-width":768,"medium_large-height":541,"large":"https:\/\/www.lang-und-heyne.de\/dateien\/2024\/03\/LH_Kachel_GeorgSHH1.jpg","large-width":1000,"large-height":705,"1536x1536":"https:\/\/www.lang-und-heyne.de\/dateien\/2024\/03\/LH_Kachel_GeorgSHH1.jpg","1536x1536-width":1000,"1536x1536-height":705,"2048x2048":"https:\/\/www.lang-und-heyne.de\/dateien\/2024\/03\/LH_Kachel_GeorgSHH1.jpg","2048x2048-width":1000,"2048x2048-height":705,"post-thumbnail":"https:\/\/www.lang-und-heyne.de\/dateien\/2024\/03\/LH_Kachel_GeorgSHH1-150x150.jpg","post-thumbnail-width":150,"post-thumbnail-height":150,"wide":"https:\/\/www.lang-und-heyne.de\/dateien\/2024\/03\/LH_Kachel_GeorgSHH1.jpg","wide-width":1000,"wide-height":705}},"sub":"","text":"Une fonction de rappel permet de reproduire m\u00e9caniquement des anniversaires particuliers pour le porteur. Une machine \u00e0 calculer et un anneau de programmation personnel affichent le nom, l'anniversaire et l'\u00e2ge de douze personnes. Ainsi \u00e9quip\u00e9, aucun anniversaire ne sera oubli\u00e9.  ","link":"","target":"https:\/\/www.lang-und-heyne.de\/fr\/modelle\/edition-speciale-georg-shh\/","zusatzbild":false,"bild2":false,"ausrichtung":false,"sub2":""},{"acf_fc_layout":"textbild","header":"Carter moteur","anchor":true,"order":true,"bigtext":false,"bild":{"ID":7175,"id":7175,"title":"LH_Augustus","filename":"LH_Augustus-1.jpg","filesize":214612,"url":"https:\/\/www.lang-und-heyne.de\/dateien\/2023\/05\/LH_Augustus-1.jpg","link":"https:\/\/www.lang-und-heyne.de\/fr\/executions-speciales\/lh_augustus-3\/","alt":"","author":"2","description":"","caption":"","name":"lh_augustus-3","status":"inherit","uploaded_to":7173,"date":"2023-05-08 10:24:36","modified":"2023-05-08 10:24:36","menu_order":0,"mime_type":"image\/jpeg","type":"image","subtype":"jpeg","icon":"https:\/\/www.lang-und-heyne.de\/wp-includes\/images\/media\/default.png","width":1000,"height":705,"sizes":{"thumbnail":"https:\/\/www.lang-und-heyne.de\/dateien\/2023\/05\/LH_Augustus-1-150x150.jpg","thumbnail-width":150,"thumbnail-height":150,"medium":"https:\/\/www.lang-und-heyne.de\/dateien\/2023\/05\/LH_Augustus-1-300x212.jpg","medium-width":300,"medium-height":212,"medium_large":"https:\/\/www.lang-und-heyne.de\/dateien\/2023\/05\/LH_Augustus-1-768x541.jpg","medium_large-width":768,"medium_large-height":541,"large":"https:\/\/www.lang-und-heyne.de\/dateien\/2023\/05\/LH_Augustus-1.jpg","large-width":1000,"large-height":705,"1536x1536":"https:\/\/www.lang-und-heyne.de\/dateien\/2023\/05\/LH_Augustus-1.jpg","1536x1536-width":1000,"1536x1536-height":705,"2048x2048":"https:\/\/www.lang-und-heyne.de\/dateien\/2023\/05\/LH_Augustus-1.jpg","2048x2048-width":1000,"2048x2048-height":705,"post-thumbnail":"https:\/\/www.lang-und-heyne.de\/dateien\/2023\/05\/LH_Augustus-1-150x150.jpg","post-thumbnail-width":150,"post-thumbnail-height":150,"wide":"https:\/\/www.lang-und-heyne.de\/dateien\/2023\/05\/LH_Augustus-1.jpg","wide-width":1000,"wide-height":705}},"sub":"","text":"\u00c0 la demande sp\u00e9cifique de nos clients, nous avons remplac\u00e9 la couronne de remontoir de plusieurs mod\u00e8les par un m\u00e9canisme \u00e0 manivelle.","link":"","target":"","zusatzbild":false,"bild2":false,"ausrichtung":false,"sub2":""},{"acf_fc_layout":"textbild","header":"Champlev\u00e9","anchor":true,"order":false,"bigtext":false,"bild":{"ID":7176,"id":7176,"title":"LH_Kurbelgehaeuse","filename":"LH_Kurbelgehaeuse.jpg","filesize":164531,"url":"https:\/\/www.lang-und-heyne.de\/dateien\/2023\/05\/LH_Kurbelgehaeuse.jpg","link":"https:\/\/www.lang-und-heyne.de\/fr\/executions-speciales\/lh_kurbelgehaeuse-2\/","alt":"","author":"2","description":"","caption":"","name":"lh_kurbelgehaeuse-2","status":"inherit","uploaded_to":7173,"date":"2023-05-08 11:53:19","modified":"2023-05-08 11:53:19","menu_order":0,"mime_type":"image\/jpeg","type":"image","subtype":"jpeg","icon":"https:\/\/www.lang-und-heyne.de\/wp-includes\/images\/media\/default.png","width":1000,"height":705,"sizes":{"thumbnail":"https:\/\/www.lang-und-heyne.de\/dateien\/2023\/05\/LH_Kurbelgehaeuse-150x150.jpg","thumbnail-width":150,"thumbnail-height":150,"medium":"https:\/\/www.lang-und-heyne.de\/dateien\/2023\/05\/LH_Kurbelgehaeuse-300x212.jpg","medium-width":300,"medium-height":212,"medium_large":"https:\/\/www.lang-und-heyne.de\/dateien\/2023\/05\/LH_Kurbelgehaeuse-768x541.jpg","medium_large-width":768,"medium_large-height":541,"large":"https:\/\/www.lang-und-heyne.de\/dateien\/2023\/05\/LH_Kurbelgehaeuse.jpg","large-width":1000,"large-height":705,"1536x1536":"https:\/\/www.lang-und-heyne.de\/dateien\/2023\/05\/LH_Kurbelgehaeuse.jpg","1536x1536-width":1000,"1536x1536-height":705,"2048x2048":"https:\/\/www.lang-und-heyne.de\/dateien\/2023\/05\/LH_Kurbelgehaeuse.jpg","2048x2048-width":1000,"2048x2048-height":705,"post-thumbnail":"https:\/\/www.lang-und-heyne.de\/dateien\/2023\/05\/LH_Kurbelgehaeuse-150x150.jpg","post-thumbnail-width":150,"post-thumbnail-height":150,"wide":"https:\/\/www.lang-und-heyne.de\/dateien\/2023\/05\/LH_Kurbelgehaeuse.jpg","wide-width":1000,"wide-height":705}},"sub":"","text":"Le mod\u00e8le Johann Champlev\u00e9 illustre de mani\u00e8re impressionnante la vivacit\u00e9 d'un cadran en \u00e9mail. Peu d'autres mat\u00e9riaux conf\u00e8rent au cadran d'une montre fine un caract\u00e8re aussi convaincant et charmant. Ce cadran en \u00e9mail translucide sur argent grav\u00e9 est enti\u00e8rement fabriqu\u00e9 chez Lang & Heyne.  ","link":"Mettez vous aussi l'accent sur","target":"","zusatzbild":false,"bild2":false,"ausrichtung":false,"sub2":""},{"acf_fc_layout":"textbild","header":"Friedrich III - Orient","anchor":true,"order":true,"bigtext":false,"bild":{"ID":7177,"id":7177,"title":"LH_Champleve","filename":"LH_Champleve.jpg","filesize":354374,"url":"https:\/\/www.lang-und-heyne.de\/dateien\/2023\/05\/LH_Champleve.jpg","link":"https:\/\/www.lang-und-heyne.de\/fr\/executions-speciales\/lh_champleve-2\/","alt":"","author":"2","description":"","caption":"","name":"lh_champleve-2","status":"inherit","uploaded_to":7173,"date":"2023-05-08 11:56:45","modified":"2023-05-08 11:56:45","menu_order":0,"mime_type":"image\/jpeg","type":"image","subtype":"jpeg","icon":"https:\/\/www.lang-und-heyne.de\/wp-includes\/images\/media\/default.png","width":1000,"height":705,"sizes":{"thumbnail":"https:\/\/www.lang-und-heyne.de\/dateien\/2023\/05\/LH_Champleve-150x150.jpg","thumbnail-width":150,"thumbnail-height":150,"medium":"https:\/\/www.lang-und-heyne.de\/dateien\/2023\/05\/LH_Champleve-300x212.jpg","medium-width":300,"medium-height":212,"medium_large":"https:\/\/www.lang-und-heyne.de\/dateien\/2023\/05\/LH_Champleve-768x541.jpg","medium_large-width":768,"medium_large-height":541,"large":"https:\/\/www.lang-und-heyne.de\/dateien\/2023\/05\/LH_Champleve.jpg","large-width":1000,"large-height":705,"1536x1536":"https:\/\/www.lang-und-heyne.de\/dateien\/2023\/05\/LH_Champleve.jpg","1536x1536-width":1000,"1536x1536-height":705,"2048x2048":"https:\/\/www.lang-und-heyne.de\/dateien\/2023\/05\/LH_Champleve.jpg","2048x2048-width":1000,"2048x2048-height":705,"post-thumbnail":"https:\/\/www.lang-und-heyne.de\/dateien\/2023\/05\/LH_Champleve-150x150.jpg","post-thumbnail-width":150,"post-thumbnail-height":150,"wide":"https:\/\/www.lang-und-heyne.de\/dateien\/2023\/05\/LH_Champleve.jpg","wide-width":1000,"wide-height":705}},"sub":"","text":"Cette pi\u00e8ce unique, qui a \u00e9t\u00e9 baptis\u00e9e \"Orient\" par son client, est un objet d'artisanat vraiment remarquable, r\u00e9alis\u00e9 par la c\u00e9l\u00e8bre Maison Lang & Heyne. Inspir\u00e9 d'une ancienne c\u00e9ramique asiatique expos\u00e9e au mus\u00e9e Guimet \u00e0 Paris, ce nom est le fil conducteur du langage de conception de cette montre. ","link":"En savoir plus","target":"https:\/\/www.lang-und-heyne.de\/fr\/accents\/","zusatzbild":false,"bild2":false,"ausrichtung":false,"sub2":""},{"acf_fc_layout":"textbild","header":"Mise en \u0153uvre des souhaits des clients","anchor":true,"order":false,"bigtext":false,"bild":{"ID":7180,"id":7180,"title":"LH_Orient","filename":"LH_Orient.jpg","filesize":136648,"url":"https:\/\/www.lang-und-heyne.de\/dateien\/2023\/05\/LH_Orient.jpg","link":"https:\/\/www.lang-und-heyne.de\/fr\/executions-speciales\/lh_orient-2\/","alt":"","author":"2","description":"","caption":"","name":"lh_orient-2","status":"inherit","uploaded_to":7173,"date":"2023-05-26 11:55:47","modified":"2023-05-26 11:55:47","menu_order":0,"mime_type":"image\/jpeg","type":"image","subtype":"jpeg","icon":"https:\/\/www.lang-und-heyne.de\/wp-includes\/images\/media\/default.png","width":1000,"height":705,"sizes":{"thumbnail":"https:\/\/www.lang-und-heyne.de\/dateien\/2023\/05\/LH_Orient-150x150.jpg","thumbnail-width":150,"thumbnail-height":150,"medium":"https:\/\/www.lang-und-heyne.de\/dateien\/2023\/05\/LH_Orient-300x212.jpg","medium-width":300,"medium-height":212,"medium_large":"https:\/\/www.lang-und-heyne.de\/dateien\/2023\/05\/LH_Orient-768x541.jpg","medium_large-width":768,"medium_large-height":541,"large":"https:\/\/www.lang-und-heyne.de\/dateien\/2023\/05\/LH_Orient.jpg","large-width":1000,"large-height":705,"1536x1536":"https:\/\/www.lang-und-heyne.de\/dateien\/2023\/05\/LH_Orient.jpg","1536x1536-width":1000,"1536x1536-height":705,"2048x2048":"https:\/\/www.lang-und-heyne.de\/dateien\/2023\/05\/LH_Orient.jpg","2048x2048-width":1000,"2048x2048-height":705,"post-thumbnail":"https:\/\/www.lang-und-heyne.de\/dateien\/2023\/05\/LH_Orient-150x150.jpg","post-thumbnail-width":150,"post-thumbnail-height":150,"wide":"https:\/\/www.lang-und-heyne.de\/dateien\/2023\/05\/LH_Orient.jpg","wide-width":1000,"wide-height":705}},"sub":"Un mod\u00e8le unique de Moritz en noir","text":"Lang & Heyne cr\u00e9e \u00e9galement des variations de chacun de nos mod\u00e8les sp\u00e9cialement adapt\u00e9es aux souhaits des clients.<br \/>\n<br \/>\nDes gravures exceptionnelles, le sertissage de pierres pr\u00e9cieuses, la variation de la construction... Rien ou presque ne nous emp\u00eache de r\u00e9aliser votre mod\u00e8le parfait.<br \/>\n<br \/>\nNous serons heureux de vous conseiller personnellement !","link":"Contactez-nous","target":"https:\/\/www.lang-und-heyne.de\/fr\/special\/frederic-iii-orient\/","zusatzbild":false,"bild2":false,"ausrichtung":false,"sub2":""},{"acf_fc_layout":"waterfall","galerie":[{"bild":{"ID":6229,"id":6229,"title":"LH_Kachel-Terra-Image","filename":"LH_Kachel-Terra-Image.jpg","filesize":703579,"url":"https:\/\/www.lang-und-heyne.de\/dateien\/2024\/05\/LH_Kachel-Terra-Image.jpg","link":"https:\/\/www.lang-und-heyne.de\/fr\/special\/friedrich-iii-terra\/lh_kachel-terra-image\/","alt":"","author":"5","description":"","caption":"","name":"lh_kachel-terra-image","status":"inherit","uploaded_to":6159,"date":"2024-05-21 12:25:52","modified":"2024-05-21 12:25:52","menu_order":0,"mime_type":"image\/jpeg","type":"image","subtype":"jpeg","icon":"https:\/\/www.lang-und-heyne.de\/wp-includes\/images\/media\/default.png","width":1500,"height":960,"sizes":{"thumbnail":"https:\/\/www.lang-und-heyne.de\/dateien\/2024\/05\/LH_Kachel-Terra-Image-150x150.jpg","thumbnail-width":150,"thumbnail-height":150,"medium":"https:\/\/www.lang-und-heyne.de\/dateien\/2024\/05\/LH_Kachel-Terra-Image-300x192.jpg","medium-width":300,"medium-height":192,"medium_large":"https:\/\/www.lang-und-heyne.de\/dateien\/2024\/05\/LH_Kachel-Terra-Image-768x492.jpg","medium_large-width":768,"medium_large-height":492,"large":"https:\/\/www.lang-und-heyne.de\/dateien\/2024\/05\/LH_Kachel-Terra-Image-1024x655.jpg","large-width":1024,"large-height":655,"1536x1536":"https:\/\/www.lang-und-heyne.de\/dateien\/2024\/05\/LH_Kachel-Terra-Image.jpg","1536x1536-width":1500,"1536x1536-height":960,"2048x2048":"https:\/\/www.lang-und-heyne.de\/dateien\/2024\/05\/LH_Kachel-Terra-Image.jpg","2048x2048-width":1500,"2048x2048-height":960,"post-thumbnail":"https:\/\/www.lang-und-heyne.de\/dateien\/2024\/05\/LH_Kachel-Terra-Image-150x150.jpg","post-thumbnail-width":150,"post-thumbnail-height":150,"wide":"https:\/\/www.lang-und-heyne.de\/dateien\/2024\/05\/LH_Kachel-Terra-Image-1400x896.jpg","wide-width":1400,"wide-height":896}},"titel":"","beschreibung":""},{"bild":{"ID":6237,"id":6237,"title":"LH_Kachel-Terra-Fertigung","filename":"LH_Kachel-Terra-Fertigung.jpg","filesize":708376,"url":"https:\/\/www.lang-und-heyne.de\/dateien\/2024\/05\/LH_Kachel-Terra-Fertigung.jpg","link":"https:\/\/www.lang-und-heyne.de\/fr\/special\/friedrich-iii-terra\/lh_kachel-terra-fertigung\/","alt":"","author":"5","description":"","caption":"","name":"lh_kachel-terra-fertigung","status":"inherit","uploaded_to":6159,"date":"2024-05-21 12:30:16","modified":"2024-05-21 12:30:16","menu_order":0,"mime_type":"image\/jpeg","type":"image","subtype":"jpeg","icon":"https:\/\/www.lang-und-heyne.de\/wp-includes\/images\/media\/default.png","width":1500,"height":960,"sizes":{"thumbnail":"https:\/\/www.lang-und-heyne.de\/dateien\/2024\/05\/LH_Kachel-Terra-Fertigung-150x150.jpg","thumbnail-width":150,"thumbnail-height":150,"medium":"https:\/\/www.lang-und-heyne.de\/dateien\/2024\/05\/LH_Kachel-Terra-Fertigung-300x192.jpg","medium-width":300,"medium-height":192,"medium_large":"https:\/\/www.lang-und-heyne.de\/dateien\/2024\/05\/LH_Kachel-Terra-Fertigung-768x492.jpg","medium_large-width":768,"medium_large-height":492,"large":"https:\/\/www.lang-und-heyne.de\/dateien\/2024\/05\/LH_Kachel-Terra-Fertigung-1024x655.jpg","large-width":1024,"large-height":655,"1536x1536":"https:\/\/www.lang-und-heyne.de\/dateien\/2024\/05\/LH_Kachel-Terra-Fertigung.jpg","1536x1536-width":1500,"1536x1536-height":960,"2048x2048":"https:\/\/www.lang-und-heyne.de\/dateien\/2024\/05\/LH_Kachel-Terra-Fertigung.jpg","2048x2048-width":1500,"2048x2048-height":960,"post-thumbnail":"https:\/\/www.lang-und-heyne.de\/dateien\/2024\/05\/LH_Kachel-Terra-Fertigung-150x150.jpg","post-thumbnail-width":150,"post-thumbnail-height":150,"wide":"https:\/\/www.lang-und-heyne.de\/dateien\/2024\/05\/LH_Kachel-Terra-Fertigung-1400x896.jpg","wide-width":1400,"wide-height":896}},"titel":"","beschreibung":""},{"bild":{"ID":10006,"id":10006,"title":"Terra-CloseUp-FriedrichIII-Galerie","filename":"Terra-CloseUp-FriedrichIII-Galerie.jpg","filesize":186894,"url":"https:\/\/www.lang-und-heyne.de\/dateien\/2025\/11\/Terra-CloseUp-FriedrichIII-Galerie.jpg","link":"https:\/\/www.lang-und-heyne.de\/fr\/executions-speciales\/terra-closeup-friedrichiii-galerie-2\/","alt":"","author":"5","description":"","caption":"","name":"terra-closeup-friedrichiii-galerie-2","status":"inherit","uploaded_to":7173,"date":"2025-11-04 12:36:05","modified":"2025-11-04 12:36:05","menu_order":0,"mime_type":"image\/jpeg","type":"image","subtype":"jpeg","icon":"https:\/\/www.lang-und-heyne.de\/wp-includes\/images\/media\/default.png","width":1500,"height":960,"sizes":{"thumbnail":"https:\/\/www.lang-und-heyne.de\/dateien\/2025\/11\/Terra-CloseUp-FriedrichIII-Galerie-150x150.jpg","thumbnail-width":150,"thumbnail-height":150,"medium":"https:\/\/www.lang-und-heyne.de\/dateien\/2025\/11\/Terra-CloseUp-FriedrichIII-Galerie-300x192.jpg","medium-width":300,"medium-height":192,"medium_large":"https:\/\/www.lang-und-heyne.de\/dateien\/2025\/11\/Terra-CloseUp-FriedrichIII-Galerie-768x492.jpg","medium_large-width":768,"medium_large-height":492,"large":"https:\/\/www.lang-und-heyne.de\/dateien\/2025\/11\/Terra-CloseUp-FriedrichIII-Galerie-1024x655.jpg","large-width":1024,"large-height":655,"1536x1536":"https:\/\/www.lang-und-heyne.de\/dateien\/2025\/11\/Terra-CloseUp-FriedrichIII-Galerie.jpg","1536x1536-width":1500,"1536x1536-height":960,"2048x2048":"https:\/\/www.lang-und-heyne.de\/dateien\/2025\/11\/Terra-CloseUp-FriedrichIII-Galerie.jpg","2048x2048-width":1500,"2048x2048-height":960,"post-thumbnail":"https:\/\/www.lang-und-heyne.de\/dateien\/2025\/11\/Terra-CloseUp-FriedrichIII-Galerie-150x150.jpg","post-thumbnail-width":150,"post-thumbnail-height":150,"wide":"https:\/\/www.lang-und-heyne.de\/dateien\/2025\/11\/Terra-CloseUp-FriedrichIII-Galerie-1400x896.jpg","wide-width":1400,"wide-height":896}},"titel":"","beschreibung":""},{"bild":{"ID":10012,"id":10012,"title":"Terra-Making-FriedrichIII-Galerie","filename":"Terra-Making-FriedrichIII-Galerie.jpg","filesize":111959,"url":"https:\/\/www.lang-und-heyne.de\/dateien\/2025\/11\/Terra-Making-FriedrichIII-Galerie.jpg","link":"https:\/\/www.lang-und-heyne.de\/fr\/executions-speciales\/terra-making-friedrichiii-galerie-2\/","alt":"","author":"5","description":"","caption":"","name":"terra-making-friedrichiii-galerie-2","status":"inherit","uploaded_to":7173,"date":"2025-11-04 12:36:14","modified":"2025-11-04 12:36:14","menu_order":0,"mime_type":"image\/jpeg","type":"image","subtype":"jpeg","icon":"https:\/\/www.lang-und-heyne.de\/wp-includes\/images\/media\/default.png","width":1500,"height":960,"sizes":{"thumbnail":"https:\/\/www.lang-und-heyne.de\/dateien\/2025\/11\/Terra-Making-FriedrichIII-Galerie-150x150.jpg","thumbnail-width":150,"thumbnail-height":150,"medium":"https:\/\/www.lang-und-heyne.de\/dateien\/2025\/11\/Terra-Making-FriedrichIII-Galerie-300x192.jpg","medium-width":300,"medium-height":192,"medium_large":"https:\/\/www.lang-und-heyne.de\/dateien\/2025\/11\/Terra-Making-FriedrichIII-Galerie-768x492.jpg","medium_large-width":768,"medium_large-height":492,"large":"https:\/\/www.lang-und-heyne.de\/dateien\/2025\/11\/Terra-Making-FriedrichIII-Galerie-1024x655.jpg","large-width":1024,"large-height":655,"1536x1536":"https:\/\/www.lang-und-heyne.de\/dateien\/2025\/11\/Terra-Making-FriedrichIII-Galerie.jpg","1536x1536-width":1500,"1536x1536-height":960,"2048x2048":"https:\/\/www.lang-und-heyne.de\/dateien\/2025\/11\/Terra-Making-FriedrichIII-Galerie.jpg","2048x2048-width":1500,"2048x2048-height":960,"post-thumbnail":"https:\/\/www.lang-und-heyne.de\/dateien\/2025\/11\/Terra-Making-FriedrichIII-Galerie-150x150.jpg","post-thumbnail-width":150,"post-thumbnail-height":150,"wide":"https:\/\/www.lang-und-heyne.de\/dateien\/2025\/11\/Terra-Making-FriedrichIII-Galerie-1400x896.jpg","wide-width":1400,"wide-height":896}},"titel":"","beschreibung":""},{"bild":{"ID":9999,"id":9999,"title":"Ocean-1-FriedrichIII","filename":"Ocean-1-FriedrichIII.jpg","filesize":181311,"url":"https:\/\/www.lang-und-heyne.de\/dateien\/2025\/11\/Ocean-1-FriedrichIII.jpg","link":"https:\/\/www.lang-und-heyne.de\/fr\/executions-speciales\/ocean-1-friedrichiii-2\/","alt":"","author":"5","description":"","caption":"","name":"ocean-1-friedrichiii-2","status":"inherit","uploaded_to":7173,"date":"2025-11-04 12:31:34","modified":"2025-11-04 12:31:34","menu_order":0,"mime_type":"image\/jpeg","type":"image","subtype":"jpeg","icon":"https:\/\/www.lang-und-heyne.de\/wp-includes\/images\/media\/default.png","width":1500,"height":960,"sizes":{"thumbnail":"https:\/\/www.lang-und-heyne.de\/dateien\/2025\/11\/Ocean-1-FriedrichIII-150x150.jpg","thumbnail-width":150,"thumbnail-height":150,"medium":"https:\/\/www.lang-und-heyne.de\/dateien\/2025\/11\/Ocean-1-FriedrichIII-300x192.jpg","medium-width":300,"medium-height":192,"medium_large":"https:\/\/www.lang-und-heyne.de\/dateien\/2025\/11\/Ocean-1-FriedrichIII-768x492.jpg","medium_large-width":768,"medium_large-height":492,"large":"https:\/\/www.lang-und-heyne.de\/dateien\/2025\/11\/Ocean-1-FriedrichIII-1024x655.jpg","large-width":1024,"large-height":655,"1536x1536":"https:\/\/www.lang-und-heyne.de\/dateien\/2025\/11\/Ocean-1-FriedrichIII.jpg","1536x1536-width":1500,"1536x1536-height":960,"2048x2048":"https:\/\/www.lang-und-heyne.de\/dateien\/2025\/11\/Ocean-1-FriedrichIII.jpg","2048x2048-width":1500,"2048x2048-height":960,"post-thumbnail":"https:\/\/www.lang-und-heyne.de\/dateien\/2025\/11\/Ocean-1-FriedrichIII-150x150.jpg","post-thumbnail-width":150,"post-thumbnail-height":150,"wide":"https:\/\/www.lang-und-heyne.de\/dateien\/2025\/11\/Ocean-1-FriedrichIII-1400x896.jpg","wide-width":1400,"wide-height":896}},"titel":"","beschreibung":""}],"smallwidth":true},{"acf_fc_layout":"textbild","header":"","anchor":true,"order":true,"bigtext":false,"bild":{"ID":7182,"id":7182,"title":"LH_Moritz-Schwarz","filename":"LH_Moritz-Schwarz.jpg","filesize":195840,"url":"https:\/\/www.lang-und-heyne.de\/dateien\/2023\/05\/LH_Moritz-Schwarz.jpg","link":"https:\/\/www.lang-und-heyne.de\/fr\/executions-speciales\/lh_moritz-schwarz-2\/","alt":"","author":"2","description":"","caption":"","name":"lh_moritz-schwarz-2","status":"inherit","uploaded_to":7173,"date":"2023-05-30 09:38:01","modified":"2023-05-30 09:38:01","menu_order":0,"mime_type":"image\/jpeg","type":"image","subtype":"jpeg","icon":"https:\/\/www.lang-und-heyne.de\/wp-includes\/images\/media\/default.png","width":1000,"height":705,"sizes":{"thumbnail":"https:\/\/www.lang-und-heyne.de\/dateien\/2023\/05\/LH_Moritz-Schwarz-150x150.jpg","thumbnail-width":150,"thumbnail-height":150,"medium":"https:\/\/www.lang-und-heyne.de\/dateien\/2023\/05\/LH_Moritz-Schwarz-300x212.jpg","medium-width":300,"medium-height":212,"medium_large":"https:\/\/www.lang-und-heyne.de\/dateien\/2023\/05\/LH_Moritz-Schwarz-768x541.jpg","medium_large-width":768,"medium_large-height":541,"large":"https:\/\/www.lang-und-heyne.de\/dateien\/2023\/05\/LH_Moritz-Schwarz.jpg","large-width":1000,"large-height":705,"1536x1536":"https:\/\/www.lang-und-heyne.de\/dateien\/2023\/05\/LH_Moritz-Schwarz.jpg","1536x1536-width":1000,"1536x1536-height":705,"2048x2048":"https:\/\/www.lang-und-heyne.de\/dateien\/2023\/05\/LH_Moritz-Schwarz.jpg","2048x2048-width":1000,"2048x2048-height":705,"post-thumbnail":"https:\/\/www.lang-und-heyne.de\/dateien\/2023\/05\/LH_Moritz-Schwarz-150x150.jpg","post-thumbnail-width":150,"post-thumbnail-height":150,"wide":"https:\/\/www.lang-und-heyne.de\/dateien\/2023\/05\/LH_Moritz-Schwarz.jpg","wide-width":1000,"wide-height":705}},"sub":"","text":"","link":"","target":"https:\/\/www.lang-und-heyne.de\/fr\/contact\/","zusatzbild":false,"bild2":false,"ausrichtung":false,"sub2":""}]},"wpml_current_locale":"fr_FR","wpml_translations":{"en_US":{"locale":"en_US","id":3019,"slug":"custommadepieces","post_title":"Custom-Made Piece","href":"https:\/\/www.lang-und-heyne.de\/en\/custommadepieces\/"},"de_DE":{"locale":"de_DE","id":1978,"slug":"sonderanfertigungen","post_title":"Sonderanfertigungen","href":"https:\/\/www.lang-und-heyne.de\/sonderanfertigungen\/"},"es_ES":{"locale":"es_ES","id":7187,"slug":"productos-personalizados","post_title":"Productos personalizados","href":"https:\/\/www.lang-und-heyne.de\/es\/productos-personalizados\/"},"ja":{"locale":"ja","id":3075,"slug":"custommadepieces","post_title":"\u30ab\u30b9\u30bf\u30e0\u30e1\u30a4\u30c9","href":"https:\/\/www.lang-und-heyne.de\/ja\/custommadepieces\/"},"zh_CN":{"locale":"zh_CN","id":4322,"slug":"custommadepieces","post_title":"\u5ba2\u5236\u5b9a\u4f5c","href":"https:\/\/www.lang-und-heyne.de\/zh-hans\/custommadepieces\/"}},"_links":{"self":[{"href":"https:\/\/www.lang-und-heyne.de\/fr\/wp-json\/wp\/v2\/pages\/7173","targetHints":{"allow":["GET"]}}],"collection":[{"href":"https:\/\/www.lang-und-heyne.de\/fr\/wp-json\/wp\/v2\/pages"}],"about":[{"href":"https:\/\/www.lang-und-heyne.de\/fr\/wp-json\/wp\/v2\/types\/page"}],"author":[{"embeddable":true,"href":"https:\/\/www.lang-und-heyne.de\/fr\/wp-json\/wp\/v2\/users\/2"}],"replies":[{"embeddable":true,"href":"https:\/\/www.lang-und-heyne.de\/fr\/wp-json\/wp\/v2\/comments?post=7173"}],"version-history":[{"count":0,"href":"https:\/\/www.lang-und-heyne.de\/fr\/wp-json\/wp\/v2\/pages\/7173\/revisions"}],"wp:attachment":[{"href":"https:\/\/www.lang-und-heyne.de\/fr\/wp-json\/wp\/v2\/media?parent=7173"}],"curies":[{"name":"wp","href":"https:\/\/api.w.org\/{rel}","templated":true}]}}