{"id":7689,"date":"2023-07-24T12:48:15","date_gmt":"2023-07-24T10:48:15","guid":{"rendered":"https:\/\/www.lang-und-heyne.de\/artisanat\/angling\/"},"modified":"2023-07-24T12:48:15","modified_gmt":"2023-07-24T10:48:15","slug":"angling","status":"publish","type":"page","link":"https:\/\/www.lang-und-heyne.de\/fr\/artisanat\/angling\/","title":{"rendered":"Angling"},"content":{"rendered":"","protected":false},"excerpt":{"rendered":"","protected":false},"author":5,"featured_media":7706,"parent":7315,"menu_order":72,"comment_status":"closed","ping_status":"closed","template":"","meta":{"_acf_changed":false,"footnotes":""},"class_list":["post-7689","page","type-page","status-publish","has-post-thumbnail","hentry"],"acf":{"start":[{"acf_fc_layout":"textbild","header":"L\u2019Art de L\u2019Anglage","anchor":false,"order":false,"bigtext":false,"bild":{"ID":7730,"id":7730,"title":"LH_Anreibeversilbern_Detail5_Kanten_Anglieren","filename":"LH_Anreibeversilbern_Detail5_Kanten_Anglieren.jpg","filesize":129273,"url":"https:\/\/www.lang-und-heyne.de\/dateien\/2023\/06\/LH_Anreibeversilbern_Detail5_Kanten_Anglieren.jpg","link":"https:\/\/www.lang-und-heyne.de\/fr\/artisanat\/argenture-par-frottement\/lh_anreibeversilbern_detail5_kanten_anglieren-2\/","alt":"","author":"2","description":"","caption":"","name":"lh_anreibeversilbern_detail5_kanten_anglieren-2","status":"inherit","uploaded_to":7725,"date":"2023-06-01 07:53:01","modified":"2023-06-01 07:53:01","menu_order":0,"mime_type":"image\/jpeg","type":"image","subtype":"jpeg","icon":"https:\/\/www.lang-und-heyne.de\/wp-includes\/images\/media\/default.png","width":1000,"height":640,"sizes":{"thumbnail":"https:\/\/www.lang-und-heyne.de\/dateien\/2023\/06\/LH_Anreibeversilbern_Detail5_Kanten_Anglieren-150x150.jpg","thumbnail-width":150,"thumbnail-height":150,"medium":"https:\/\/www.lang-und-heyne.de\/dateien\/2023\/06\/LH_Anreibeversilbern_Detail5_Kanten_Anglieren-300x192.jpg","medium-width":300,"medium-height":192,"medium_large":"https:\/\/www.lang-und-heyne.de\/dateien\/2023\/06\/LH_Anreibeversilbern_Detail5_Kanten_Anglieren-768x492.jpg","medium_large-width":768,"medium_large-height":492,"large":"https:\/\/www.lang-und-heyne.de\/dateien\/2023\/06\/LH_Anreibeversilbern_Detail5_Kanten_Anglieren.jpg","large-width":1000,"large-height":640,"1536x1536":"https:\/\/www.lang-und-heyne.de\/dateien\/2023\/06\/LH_Anreibeversilbern_Detail5_Kanten_Anglieren.jpg","1536x1536-width":1000,"1536x1536-height":640,"2048x2048":"https:\/\/www.lang-und-heyne.de\/dateien\/2023\/06\/LH_Anreibeversilbern_Detail5_Kanten_Anglieren.jpg","2048x2048-width":1000,"2048x2048-height":640,"post-thumbnail":"https:\/\/www.lang-und-heyne.de\/dateien\/2023\/06\/LH_Anreibeversilbern_Detail5_Kanten_Anglieren-150x150.jpg","post-thumbnail-width":150,"post-thumbnail-height":150,"wide":"https:\/\/www.lang-und-heyne.de\/dateien\/2023\/06\/LH_Anreibeversilbern_Detail5_Kanten_Anglieren.jpg","wide-width":1000,"wide-height":640}},"sub":"Le grattage des chanfreins fait \u00e9galement partie des techniques d'anglage.","text":"Dans le monde fascinant de l'horlogerie, l'anglage joue un r\u00f4le crucial dans la finition des composants des mouvements. Il s'agit d'une technique artistique et pr\u00e9cise, ma\u00eetris\u00e9e par nos finisseurs exp\u00e9riment\u00e9s. En appliquant des biseaux ou des chanfreins fins sur les bords et les surfaces des composants, nous leur conf\u00e9rons non seulement une beaut\u00e9 esth\u00e9tique, mais nous optimisons \u00e9galement leur fonctionnalit\u00e9.  ","link":"","target":"","zusatzbild":false,"bild2":false,"ausrichtung":false,"sub2":""},{"acf_fc_layout":"testimonial","bild_links":{"ID":7691,"id":7691,"title":"LH_Jana-Gewissen","filename":"LH_Jana-Gewissen.jpg","filesize":415672,"url":"https:\/\/www.lang-und-heyne.de\/dateien\/2023\/07\/LH_Jana-Gewissen.jpg","link":"https:\/\/www.lang-und-heyne.de\/fr\/artisanat\/angling\/lh_jana-gewissen-2\/","alt":"","author":"5","description":"","caption":"","name":"lh_jana-gewissen-2","status":"inherit","uploaded_to":7689,"date":"2023-07-24 11:28:07","modified":"2023-07-24 11:28:07","menu_order":0,"mime_type":"image\/jpeg","type":"image","subtype":"jpeg","icon":"https:\/\/www.lang-und-heyne.de\/wp-includes\/images\/media\/default.png","width":860,"height":1000,"sizes":{"thumbnail":"https:\/\/www.lang-und-heyne.de\/dateien\/2023\/07\/LH_Jana-Gewissen-150x150.jpg","thumbnail-width":150,"thumbnail-height":150,"medium":"https:\/\/www.lang-und-heyne.de\/dateien\/2023\/07\/LH_Jana-Gewissen-258x300.jpg","medium-width":258,"medium-height":300,"medium_large":"https:\/\/www.lang-und-heyne.de\/dateien\/2023\/07\/LH_Jana-Gewissen-768x893.jpg","medium_large-width":768,"medium_large-height":893,"large":"https:\/\/www.lang-und-heyne.de\/dateien\/2023\/07\/LH_Jana-Gewissen.jpg","large-width":860,"large-height":1000,"1536x1536":"https:\/\/www.lang-und-heyne.de\/dateien\/2023\/07\/LH_Jana-Gewissen.jpg","1536x1536-width":860,"1536x1536-height":1000,"2048x2048":"https:\/\/www.lang-und-heyne.de\/dateien\/2023\/07\/LH_Jana-Gewissen.jpg","2048x2048-width":860,"2048x2048-height":1000,"post-thumbnail":"https:\/\/www.lang-und-heyne.de\/dateien\/2023\/07\/LH_Jana-Gewissen-150x150.jpg","post-thumbnail-width":150,"post-thumbnail-height":150,"wide":"https:\/\/www.lang-und-heyne.de\/dateien\/2023\/07\/LH_Jana-Gewissen.jpg","wide-width":860,"wide-height":1000}},"zitat":"La plan\u00e9it\u00e9 est mise en valeur sans endommager la surface grain\u00e9e.","autor":"Jana Gewissen, r\u00e9alisatrice","seitenverkehrt":false,"smalltext":false,"bild_oder_animiertes_gif":false,"bild_rechts":false,"bild_rechts_gif":{"ID":7705,"id":7705,"title":"LH_Kachel_Anglieren-Kloben","filename":"LH_Kachel_Anglieren-Kloben.mp4","filesize":1355338,"url":"https:\/\/www.lang-und-heyne.de\/dateien\/2024\/02\/LH_Kachel_Anglieren-Kloben.mp4","link":"https:\/\/www.lang-und-heyne.de\/fr\/artisanat\/angling\/lh_kachel_anglieren-kloben-2-2\/","alt":"","author":"5","description":"","caption":"","name":"lh_kachel_anglieren-kloben-2-2","status":"inherit","uploaded_to":7689,"date":"2024-02-28 08:51:49","modified":"2024-02-28 08:51:49","menu_order":0,"mime_type":"video\/mp4","type":"video","subtype":"mp4","icon":"https:\/\/www.lang-und-heyne.de\/wp-includes\/images\/media\/video.png","width":850,"height":600},"extrabild":false,"detail":false,"additionalinfo":false,"zusatzinfo":{"text":"","link":null,"linktext":""}},{"acf_fc_layout":"textbild","header":"Perfection","anchor":false,"order":false,"bigtext":false,"bild":{"ID":7620,"id":7620,"title":"LH_Kachel_Schrauben-Schraubenschlitz","filename":"LH_Kachel_Schrauben-Schraubenschlitz.jpg","filesize":278759,"url":"https:\/\/www.lang-und-heyne.de\/dateien\/2023\/08\/LH_Kachel_Schrauben-Schraubenschlitz.jpg","link":"https:\/\/www.lang-und-heyne.de\/fr\/artisanat\/bleuissement\/lh_kachel_schrauben-schraubenschlitz-2\/","alt":"","author":"5","description":"","caption":"","name":"lh_kachel_schrauben-schraubenschlitz-2","status":"inherit","uploaded_to":7617,"date":"2023-08-01 09:26:05","modified":"2023-08-01 09:26:05","menu_order":0,"mime_type":"image\/jpeg","type":"image","subtype":"jpeg","icon":"https:\/\/www.lang-und-heyne.de\/wp-includes\/images\/media\/default.png","width":1000,"height":705,"sizes":{"thumbnail":"https:\/\/www.lang-und-heyne.de\/dateien\/2023\/08\/LH_Kachel_Schrauben-Schraubenschlitz-150x150.jpg","thumbnail-width":150,"thumbnail-height":150,"medium":"https:\/\/www.lang-und-heyne.de\/dateien\/2023\/08\/LH_Kachel_Schrauben-Schraubenschlitz-300x212.jpg","medium-width":300,"medium-height":212,"medium_large":"https:\/\/www.lang-und-heyne.de\/dateien\/2023\/08\/LH_Kachel_Schrauben-Schraubenschlitz-768x541.jpg","medium_large-width":768,"medium_large-height":541,"large":"https:\/\/www.lang-und-heyne.de\/dateien\/2023\/08\/LH_Kachel_Schrauben-Schraubenschlitz.jpg","large-width":1000,"large-height":705,"1536x1536":"https:\/\/www.lang-und-heyne.de\/dateien\/2023\/08\/LH_Kachel_Schrauben-Schraubenschlitz.jpg","1536x1536-width":1000,"1536x1536-height":705,"2048x2048":"https:\/\/www.lang-und-heyne.de\/dateien\/2023\/08\/LH_Kachel_Schrauben-Schraubenschlitz.jpg","2048x2048-width":1000,"2048x2048-height":705,"post-thumbnail":"https:\/\/www.lang-und-heyne.de\/dateien\/2023\/08\/LH_Kachel_Schrauben-Schraubenschlitz-150x150.jpg","post-thumbnail-width":150,"post-thumbnail-height":150,"wide":"https:\/\/www.lang-und-heyne.de\/dateien\/2023\/08\/LH_Kachel_Schrauben-Schraubenschlitz.jpg","wide-width":1000,"wide-height":705}},"sub":"","text":"Le chanfreinage consiste \u00e0 appliquer un chanfrein r\u00e9gulier et poli miroir. Il souligne le contour des pi\u00e8ces, les rendant plus tridimensionnelles et plus fines. Dans certains cas, il remplit \u00e9galement une fonction. Dans le cas d'une fente de vis, par exemple, il facilite la mise en place pr\u00e9cise du tournevis et emp\u00eache l'enfoncement de la fente de vis. Les chanfreins r\u00e9alis\u00e9s \u00e0 la main am\u00e9liorent ainsi l'aspect esth\u00e9tique du mouvement.    ","link":"En savoir plus sur les vis","target":"https:\/\/www.lang-und-heyne.de\/fr\/artisanat\/bleuissement\/","zusatzbild":false,"bild2":false,"ausrichtung":false,"sub2":""},{"acf_fc_layout":"textbild","header":"\u00c9L\u00e9gance Uniforme","anchor":false,"order":true,"bigtext":false,"bild":{"ID":7703,"id":7703,"title":"LH_Kachel-FlachteilStahl","filename":"LH_Kachel-FlachteilStahl.jpg","filesize":408031,"url":"https:\/\/www.lang-und-heyne.de\/dateien\/2023\/10\/LH_Kachel-FlachteilStahl.jpg","link":"https:\/\/www.lang-und-heyne.de\/fr\/artisanat\/angling\/lh_kachel-flachteilstahl-2\/","alt":"","author":"5","description":"","caption":"","name":"lh_kachel-flachteilstahl-2","status":"inherit","uploaded_to":7689,"date":"2023-10-20 08:51:04","modified":"2023-10-20 08:51:04","menu_order":0,"mime_type":"image\/jpeg","type":"image","subtype":"jpeg","icon":"https:\/\/www.lang-und-heyne.de\/wp-includes\/images\/media\/default.png","width":1000,"height":640,"sizes":{"thumbnail":"https:\/\/www.lang-und-heyne.de\/dateien\/2023\/10\/LH_Kachel-FlachteilStahl-150x150.jpg","thumbnail-width":150,"thumbnail-height":150,"medium":"https:\/\/www.lang-und-heyne.de\/dateien\/2023\/10\/LH_Kachel-FlachteilStahl-300x192.jpg","medium-width":300,"medium-height":192,"medium_large":"https:\/\/www.lang-und-heyne.de\/dateien\/2023\/10\/LH_Kachel-FlachteilStahl-768x492.jpg","medium_large-width":768,"medium_large-height":492,"large":"https:\/\/www.lang-und-heyne.de\/dateien\/2023\/10\/LH_Kachel-FlachteilStahl.jpg","large-width":1000,"large-height":640,"1536x1536":"https:\/\/www.lang-und-heyne.de\/dateien\/2023\/10\/LH_Kachel-FlachteilStahl.jpg","1536x1536-width":1000,"1536x1536-height":640,"2048x2048":"https:\/\/www.lang-und-heyne.de\/dateien\/2023\/10\/LH_Kachel-FlachteilStahl.jpg","2048x2048-width":1000,"2048x2048-height":640,"post-thumbnail":"https:\/\/www.lang-und-heyne.de\/dateien\/2023\/10\/LH_Kachel-FlachteilStahl-150x150.jpg","post-thumbnail-width":150,"post-thumbnail-height":150,"wide":"https:\/\/www.lang-und-heyne.de\/dateien\/2023\/10\/LH_Kachel-FlachteilStahl.jpg","wide-width":1000,"wide-height":640}},"sub":"R\u00e9glage fin du col de cygne","text":"Le v\u00e9ritable art de l'anglage r\u00e9side dans l'uniformit\u00e9 du biseau, sans d\u00e9crochement visible. Une fin de biseau sans soudure souligne la dext\u00e9rit\u00e9 artisanale et l'esth\u00e9tique des composants du mouvement. Cette pr\u00e9cision exige une main ferme et un \u0153il exerc\u00e9.  ","link":"","target":"","zusatzbild":false,"bild2":false,"ausrichtung":false,"sub2":""},{"acf_fc_layout":"textbild","header":"Chef-D\u2019\u0153Uvre de L\u2019Horlogerie","anchor":false,"order":false,"bigtext":false,"bild":{"ID":7700,"id":7700,"title":"LH_Anglieren_6","filename":"LH_Anglieren_6.jpg","filesize":757738,"url":"https:\/\/www.lang-und-heyne.de\/dateien\/2023\/07\/LH_Anglieren_6.jpg","link":"https:\/\/www.lang-und-heyne.de\/fr\/artisanat\/angling\/lh_anglieren_6-2\/","alt":"","author":"5","description":"","caption":"","name":"lh_anglieren_6-2","status":"inherit","uploaded_to":7689,"date":"2023-07-25 06:47:05","modified":"2023-07-25 06:47:05","menu_order":0,"mime_type":"image\/jpeg","type":"image","subtype":"jpeg","icon":"https:\/\/www.lang-und-heyne.de\/wp-includes\/images\/media\/default.png","width":1000,"height":640,"sizes":{"thumbnail":"https:\/\/www.lang-und-heyne.de\/dateien\/2023\/07\/LH_Anglieren_6-150x150.jpg","thumbnail-width":150,"thumbnail-height":150,"medium":"https:\/\/www.lang-und-heyne.de\/dateien\/2023\/07\/LH_Anglieren_6-300x192.jpg","medium-width":300,"medium-height":192,"medium_large":"https:\/\/www.lang-und-heyne.de\/dateien\/2023\/07\/LH_Anglieren_6-768x492.jpg","medium_large-width":768,"medium_large-height":492,"large":"https:\/\/www.lang-und-heyne.de\/dateien\/2023\/07\/LH_Anglieren_6.jpg","large-width":1000,"large-height":640,"1536x1536":"https:\/\/www.lang-und-heyne.de\/dateien\/2023\/07\/LH_Anglieren_6.jpg","1536x1536-width":1000,"1536x1536-height":640,"2048x2048":"https:\/\/www.lang-und-heyne.de\/dateien\/2023\/07\/LH_Anglieren_6.jpg","2048x2048-width":1000,"2048x2048-height":640,"post-thumbnail":"https:\/\/www.lang-und-heyne.de\/dateien\/2023\/07\/LH_Anglieren_6-150x150.jpg","post-thumbnail-width":150,"post-thumbnail-height":150,"wide":"https:\/\/www.lang-und-heyne.de\/dateien\/2023\/07\/LH_Anglieren_6.jpg","wide-width":1000,"wide-height":640}},"sub":"","text":"L'anglage est sans aucun doute un art horloger exceptionnel. Elle conf\u00e8re de l'\u00e9l\u00e9gance aux composants et fait de chaque pi\u00e8ce un chef-d'\u0153uvre. Le d\u00e9vouement au d\u00e9tail et la recherche de la perfection sont les moteurs de cette technique exigeante. Les horlogers et les termineurs qui ma\u00eetrisent cet art cr\u00e9ent une beaut\u00e9 et une fonction intemporelles dans chaque montre.   ","link":"","target":"","zusatzbild":false,"bild2":false,"ausrichtung":false,"sub2":""},{"acf_fc_layout":"breitbild_-video","bild_oder_video":false,"bild":false,"video":{"ID":7699,"id":7699,"title":"LH_Anglieren_Breitbild","filename":"LH_Anglieren_Breitbild.mp4","filesize":3104316,"url":"https:\/\/www.lang-und-heyne.de\/dateien\/2023\/07\/LH_Anglieren_Breitbild.mp4","link":"https:\/\/www.lang-und-heyne.de\/fr\/artisanat\/angling\/lh_anglieren_breitbild-2\/","alt":"","author":"5","description":"","caption":"","name":"lh_anglieren_breitbild-2","status":"inherit","uploaded_to":7689,"date":"2023-07-24 12:45:31","modified":"2023-07-24 12:45:31","menu_order":0,"mime_type":"video\/mp4","type":"video","subtype":"mp4","icon":"https:\/\/www.lang-und-heyne.de\/wp-includes\/images\/media\/video.png","width":960,"height":400}},{"acf_fc_layout":"threeblocks","block":[{"header":"Une Finition Magistrale","bild":{"ID":7344,"id":7344,"title":"LH_Kachel_Detail_Finish-Kloben","filename":"LH_Kachel_Detail_Finish-Kloben.jpg","filesize":297469,"url":"https:\/\/www.lang-und-heyne.de\/dateien\/2023\/10\/LH_Kachel_Detail_Finish-Kloben.jpg","link":"https:\/\/www.lang-und-heyne.de\/fr\/artisanat\/lh_kachel_detail_finish-kloben-2\/","alt":"","author":"5","description":"","caption":"","name":"lh_kachel_detail_finish-kloben-2","status":"inherit","uploaded_to":7315,"date":"2023-10-20 07:03:49","modified":"2023-10-20 07:03:49","menu_order":0,"mime_type":"image\/jpeg","type":"image","subtype":"jpeg","icon":"https:\/\/www.lang-und-heyne.de\/wp-includes\/images\/media\/default.png","width":1000,"height":640,"sizes":{"thumbnail":"https:\/\/www.lang-und-heyne.de\/dateien\/2023\/10\/LH_Kachel_Detail_Finish-Kloben-150x150.jpg","thumbnail-width":150,"thumbnail-height":150,"medium":"https:\/\/www.lang-und-heyne.de\/dateien\/2023\/10\/LH_Kachel_Detail_Finish-Kloben-300x192.jpg","medium-width":300,"medium-height":192,"medium_large":"https:\/\/www.lang-und-heyne.de\/dateien\/2023\/10\/LH_Kachel_Detail_Finish-Kloben-768x492.jpg","medium_large-width":768,"medium_large-height":492,"large":"https:\/\/www.lang-und-heyne.de\/dateien\/2023\/10\/LH_Kachel_Detail_Finish-Kloben.jpg","large-width":1000,"large-height":640,"1536x1536":"https:\/\/www.lang-und-heyne.de\/dateien\/2023\/10\/LH_Kachel_Detail_Finish-Kloben.jpg","1536x1536-width":1000,"1536x1536-height":640,"2048x2048":"https:\/\/www.lang-und-heyne.de\/dateien\/2023\/10\/LH_Kachel_Detail_Finish-Kloben.jpg","2048x2048-width":1000,"2048x2048-height":640,"post-thumbnail":"https:\/\/www.lang-und-heyne.de\/dateien\/2023\/10\/LH_Kachel_Detail_Finish-Kloben-150x150.jpg","post-thumbnail-width":150,"post-thumbnail-height":150,"wide":"https:\/\/www.lang-und-heyne.de\/dateien\/2023\/10\/LH_Kachel_Detail_Finish-Kloben.jpg","wide-width":1000,"wide-height":640}},"link":"https:\/\/www.lang-und-heyne.de\/fr\/artisanat\/une-finition-magistrale\/","beschriftung":"D\u00e9couvrez d'autres m\u00e9thodes de reconditionnement esth\u00e9tique et fonctionnel des composants."},{"header":"Montage de la Montre","bild":{"ID":7339,"id":7339,"title":"LH_Kachel_Georg-Montage","filename":"LH_Kachel_Georg-Montage.jpg","filesize":386946,"url":"https:\/\/www.lang-und-heyne.de\/dateien\/2023\/08\/LH_Kachel_Georg-Montage.jpg","link":"https:\/\/www.lang-und-heyne.de\/fr\/artisanat\/lh_kachel_georg-montage-2-2\/","alt":"","author":"5","description":"","caption":"","name":"lh_kachel_georg-montage-2-2","status":"inherit","uploaded_to":7315,"date":"2023-08-24 06:58:15","modified":"2023-08-24 06:58:15","menu_order":0,"mime_type":"image\/jpeg","type":"image","subtype":"jpeg","icon":"https:\/\/www.lang-und-heyne.de\/wp-includes\/images\/media\/default.png","width":1000,"height":640,"sizes":{"thumbnail":"https:\/\/www.lang-und-heyne.de\/dateien\/2023\/08\/LH_Kachel_Georg-Montage-150x150.jpg","thumbnail-width":150,"thumbnail-height":150,"medium":"https:\/\/www.lang-und-heyne.de\/dateien\/2023\/08\/LH_Kachel_Georg-Montage-300x192.jpg","medium-width":300,"medium-height":192,"medium_large":"https:\/\/www.lang-und-heyne.de\/dateien\/2023\/08\/LH_Kachel_Georg-Montage-768x492.jpg","medium_large-width":768,"medium_large-height":492,"large":"https:\/\/www.lang-und-heyne.de\/dateien\/2023\/08\/LH_Kachel_Georg-Montage.jpg","large-width":1000,"large-height":640,"1536x1536":"https:\/\/www.lang-und-heyne.de\/dateien\/2023\/08\/LH_Kachel_Georg-Montage.jpg","1536x1536-width":1000,"1536x1536-height":640,"2048x2048":"https:\/\/www.lang-und-heyne.de\/dateien\/2023\/08\/LH_Kachel_Georg-Montage.jpg","2048x2048-width":1000,"2048x2048-height":640,"post-thumbnail":"https:\/\/www.lang-und-heyne.de\/dateien\/2023\/08\/LH_Kachel_Georg-Montage-150x150.jpg","post-thumbnail-width":150,"post-thumbnail-height":150,"wide":"https:\/\/www.lang-und-heyne.de\/dateien\/2023\/08\/LH_Kachel_Georg-Montage.jpg","wide-width":1000,"wide-height":640}},"link":"https:\/\/www.lang-und-heyne.de\/fr\/artisanat\/montage\/","beschriftung":"Pr\u00e9cision et passion \u00e0 l'unisson"},{"header":"Collection","bild":{"ID":7589,"id":7589,"title":"LH_Kachel-Kollektion","filename":"LH_Kachel-Kollektion.jpg","filesize":486103,"url":"https:\/\/www.lang-und-heyne.de\/dateien\/2024\/03\/LH_Kachel-Kollektion.jpg","link":"https:\/\/www.lang-und-heyne.de\/fr\/artisanat\/montage\/lh_kachel-kollektion-2\/","alt":"","author":"5","description":"","caption":"","name":"lh_kachel-kollektion-2","status":"inherit","uploaded_to":7583,"date":"2024-03-05 09:01:45","modified":"2024-03-05 09:01:45","menu_order":0,"mime_type":"image\/jpeg","type":"image","subtype":"jpeg","icon":"https:\/\/www.lang-und-heyne.de\/wp-includes\/images\/media\/default.png","width":1000,"height":640,"sizes":{"thumbnail":"https:\/\/www.lang-und-heyne.de\/dateien\/2024\/03\/LH_Kachel-Kollektion-150x150.jpg","thumbnail-width":150,"thumbnail-height":150,"medium":"https:\/\/www.lang-und-heyne.de\/dateien\/2024\/03\/LH_Kachel-Kollektion-300x192.jpg","medium-width":300,"medium-height":192,"medium_large":"https:\/\/www.lang-und-heyne.de\/dateien\/2024\/03\/LH_Kachel-Kollektion-768x492.jpg","medium_large-width":768,"medium_large-height":492,"large":"https:\/\/www.lang-und-heyne.de\/dateien\/2024\/03\/LH_Kachel-Kollektion.jpg","large-width":1000,"large-height":640,"1536x1536":"https:\/\/www.lang-und-heyne.de\/dateien\/2024\/03\/LH_Kachel-Kollektion.jpg","1536x1536-width":1000,"1536x1536-height":640,"2048x2048":"https:\/\/www.lang-und-heyne.de\/dateien\/2024\/03\/LH_Kachel-Kollektion.jpg","2048x2048-width":1000,"2048x2048-height":640,"post-thumbnail":"https:\/\/www.lang-und-heyne.de\/dateien\/2024\/03\/LH_Kachel-Kollektion-150x150.jpg","post-thumbnail-width":150,"post-thumbnail-height":150,"wide":"https:\/\/www.lang-und-heyne.de\/dateien\/2024\/03\/LH_Kachel-Kollektion.jpg","wide-width":1000,"wide-height":640}},"link":"https:\/\/www.lang-und-heyne.de\/fr\/collection\/","beschriftung":"Fabriqu\u00e9 en Saxe"}]}],"slide":[{"bild__video":false,"bild":false,"video":{"ID":7704,"id":7704,"title":"LH_Intro_Anglieren_Neu","filename":"LH_Intro_Anglieren_Neu.mp4","filesize":4423332,"url":"https:\/\/www.lang-und-heyne.de\/dateien\/2024\/02\/LH_Intro_Anglieren_Neu.mp4","link":"https:\/\/www.lang-und-heyne.de\/fr\/artisanat\/angling\/lh_intro_anglieren_neu-2\/","alt":"","author":"5","description":"","caption":"","name":"lh_intro_anglieren_neu-2","status":"inherit","uploaded_to":7689,"date":"2024-02-14 09:05:05","modified":"2024-02-14 09:05:05","menu_order":0,"mime_type":"video\/mp4","type":"video","subtype":"mp4","icon":"https:\/\/www.lang-und-heyne.de\/wp-includes\/images\/media\/video.png","width":1280,"height":720},"texte":{"text":"Angling","subline":"Esth\u00e9tique et pr\u00e9cision des mouvements Lang & Heyne"}}]},"wpml_current_locale":"fr_FR","wpml_translations":{"en_US":{"locale":"en_US","id":5453,"slug":"chamfering","post_title":"chamfering","href":"https:\/\/www.lang-und-heyne.de\/en\/craftsmanship\/chamfering\/"},"de_DE":{"locale":"de_DE","id":4581,"slug":"anglieren","post_title":"Anglieren","href":"https:\/\/www.lang-und-heyne.de\/handwerk\/anglieren\/"},"es_ES":{"locale":"es_ES","id":7707,"slug":"recocido","post_title":"Recocido","href":"https:\/\/www.lang-und-heyne.de\/es\/artesania\/recocido\/"},"ja":{"locale":"ja","id":5455,"slug":"chamfering","post_title":"\u9762\u53d6\u308a","href":"https:\/\/www.lang-und-heyne.de\/ja\/craftsmanship\/chamfering\/"},"zh_CN":{"locale":"zh_CN","id":5454,"slug":"chamfering","post_title":"\u5012\u89d2\u52a0\u5de5","href":"https:\/\/www.lang-und-heyne.de\/zh-hans\/craftsmanship\/chamfering\/"}},"_links":{"self":[{"href":"https:\/\/www.lang-und-heyne.de\/fr\/wp-json\/wp\/v2\/pages\/7689","targetHints":{"allow":["GET"]}}],"collection":[{"href":"https:\/\/www.lang-und-heyne.de\/fr\/wp-json\/wp\/v2\/pages"}],"about":[{"href":"https:\/\/www.lang-und-heyne.de\/fr\/wp-json\/wp\/v2\/types\/page"}],"author":[{"embeddable":true,"href":"https:\/\/www.lang-und-heyne.de\/fr\/wp-json\/wp\/v2\/users\/5"}],"replies":[{"embeddable":true,"href":"https:\/\/www.lang-und-heyne.de\/fr\/wp-json\/wp\/v2\/comments?post=7689"}],"version-history":[{"count":0,"href":"https:\/\/www.lang-und-heyne.de\/fr\/wp-json\/wp\/v2\/pages\/7689\/revisions"}],"up":[{"embeddable":true,"href":"https:\/\/www.lang-und-heyne.de\/fr\/wp-json\/wp\/v2\/pages\/7315"}],"wp:featuredmedia":[{"embeddable":true,"href":"https:\/\/www.lang-und-heyne.de\/fr\/wp-json\/wp\/v2\/media\/7706"}],"wp:attachment":[{"href":"https:\/\/www.lang-und-heyne.de\/fr\/wp-json\/wp\/v2\/media?parent=7689"}],"curies":[{"name":"wp","href":"https:\/\/api.w.org\/{rel}","templated":true}]}}