{"id":7768,"date":"2023-05-26T15:01:36","date_gmt":"2023-05-26T13:01:36","guid":{"rendered":"https:\/\/www.lang-und-heyne.de\/artisanat\/emaillage\/"},"modified":"2025-04-01T14:01:19","modified_gmt":"2025-04-01T12:01:19","slug":"emaillage","status":"publish","type":"page","link":"https:\/\/www.lang-und-heyne.de\/fr\/artisanat\/emaillage\/","title":{"rendered":"\u00c9maillage"},"content":{"rendered":"","protected":false},"excerpt":{"rendered":"","protected":false},"author":2,"featured_media":7159,"parent":7315,"menu_order":91,"comment_status":"closed","ping_status":"closed","template":"","meta":{"_acf_changed":false,"footnotes":""},"class_list":["post-7768","page","type-page","status-publish","has-post-thumbnail","hentry"],"acf":{"start":[{"acf_fc_layout":"textbild","header":"Cadrans en \u00c9Mail","anchor":false,"order":false,"bigtext":false,"bild":{"ID":7160,"id":7160,"title":"LH_Hommage_Detail_Rohzifferblatt","filename":"LH_Hommage_Detail_Rohzifferblatt.jpg","filesize":259844,"url":"https:\/\/www.lang-und-heyne.de\/dateien\/2023\/05\/LH_Hommage_Detail_Rohzifferblatt.jpg","link":"https:\/\/www.lang-und-heyne.de\/fr\/hommage-a-lhorloge-du-clocher-lang\/lh_hommage_detail_rohzifferblatt-2\/","alt":"","author":"2","description":"","caption":"","name":"lh_hommage_detail_rohzifferblatt-2","status":"inherit","uploaded_to":7153,"date":"2023-05-11 11:49:31","modified":"2023-05-11 11:49:31","menu_order":0,"mime_type":"image\/jpeg","type":"image","subtype":"jpeg","icon":"https:\/\/www.lang-und-heyne.de\/wp-includes\/images\/media\/default.png","width":1500,"height":960,"sizes":{"thumbnail":"https:\/\/www.lang-und-heyne.de\/dateien\/2023\/05\/LH_Hommage_Detail_Rohzifferblatt-150x150.jpg","thumbnail-width":150,"thumbnail-height":150,"medium":"https:\/\/www.lang-und-heyne.de\/dateien\/2023\/05\/LH_Hommage_Detail_Rohzifferblatt-300x192.jpg","medium-width":300,"medium-height":192,"medium_large":"https:\/\/www.lang-und-heyne.de\/dateien\/2023\/05\/LH_Hommage_Detail_Rohzifferblatt-768x492.jpg","medium_large-width":768,"medium_large-height":492,"large":"https:\/\/www.lang-und-heyne.de\/dateien\/2023\/05\/LH_Hommage_Detail_Rohzifferblatt-1024x655.jpg","large-width":1024,"large-height":655,"1536x1536":"https:\/\/www.lang-und-heyne.de\/dateien\/2023\/05\/LH_Hommage_Detail_Rohzifferblatt.jpg","1536x1536-width":1500,"1536x1536-height":960,"2048x2048":"https:\/\/www.lang-und-heyne.de\/dateien\/2023\/05\/LH_Hommage_Detail_Rohzifferblatt.jpg","2048x2048-width":1500,"2048x2048-height":960,"post-thumbnail":"https:\/\/www.lang-und-heyne.de\/dateien\/2023\/05\/LH_Hommage_Detail_Rohzifferblatt-150x150.jpg","post-thumbnail-width":150,"post-thumbnail-height":150,"wide":"https:\/\/www.lang-und-heyne.de\/dateien\/2023\/05\/LH_Hommage_Detail_Rohzifferblatt-1400x896.jpg","wide-width":1400,"wide-height":896}},"sub":"","text":"Plongez dans le monde fascinant de la fabrication de cadrans en \u00e9mail ! Chaque \u00e9tape est marqu\u00e9e par la plus grande pr\u00e9cision et la ma\u00eetrise artisanale afin de cr\u00e9er une \u0153uvre d'art d'une beaut\u00e9 exceptionnelle. <br \/>\n<br \/>\nTout commence par la plaque d'or pr\u00e9par\u00e9e, qui subit un processus exigeant que nous appelons la \"cuisson de l'or\". Cette \u00e9tape conf\u00e8re au mat\u00e9riau une puret\u00e9 incomparable, qui se traduit par une brillance \u00e9clatante. <br \/>\n<br \/>\nPour l'\u00e9maillage, les cristaux de verre souhait\u00e9s sont finement pil\u00e9s. Un broyage minutieux permet de les r\u00e9partir plus facilement et de les utiliser de mani\u00e8re optimale. Un nettoyage minutieux est ensuite effectu\u00e9 avec de l'eau distill\u00e9e afin de s'assurer qu'aucun r\u00e9sidu ne subsiste. Les corps en verre pr\u00e9par\u00e9s sont \u00e9goutt\u00e9s \u00e0 travers un tamis et sont pr\u00eats \u00e0 \u00eatre plac\u00e9s dans les cavit\u00e9s pr\u00e9par\u00e9es.   ","link":"","target":"","zusatzbild":false,"bild2":false,"ausrichtung":false,"sub2":""},{"acf_fc_layout":"textbild","header":"\u00c9Clats D\u2019\u00e9Mail","anchor":false,"order":true,"bigtext":false,"bild":{"ID":7158,"id":7158,"title":"LH_Hommage_Detail_Emaille-verteilen","filename":"LH_Hommage_Detail_Emaille-verteilen.jpg","filesize":206253,"url":"https:\/\/www.lang-und-heyne.de\/dateien\/2023\/05\/LH_Hommage_Detail_Emaille-verteilen.jpg","link":"https:\/\/www.lang-und-heyne.de\/fr\/hommage-a-lhorloge-du-clocher-lang\/lh_hommage_detail_emaille-verteilen-2\/","alt":"","author":"2","description":"","caption":"","name":"lh_hommage_detail_emaille-verteilen-2","status":"inherit","uploaded_to":7153,"date":"2023-05-11 11:49:28","modified":"2023-05-11 11:49:28","menu_order":0,"mime_type":"image\/jpeg","type":"image","subtype":"jpeg","icon":"https:\/\/www.lang-und-heyne.de\/wp-includes\/images\/media\/default.png","width":1500,"height":960,"sizes":{"thumbnail":"https:\/\/www.lang-und-heyne.de\/dateien\/2023\/05\/LH_Hommage_Detail_Emaille-verteilen-150x150.jpg","thumbnail-width":150,"thumbnail-height":150,"medium":"https:\/\/www.lang-und-heyne.de\/dateien\/2023\/05\/LH_Hommage_Detail_Emaille-verteilen-300x192.jpg","medium-width":300,"medium-height":192,"medium_large":"https:\/\/www.lang-und-heyne.de\/dateien\/2023\/05\/LH_Hommage_Detail_Emaille-verteilen-768x492.jpg","medium_large-width":768,"medium_large-height":492,"large":"https:\/\/www.lang-und-heyne.de\/dateien\/2023\/05\/LH_Hommage_Detail_Emaille-verteilen-1024x655.jpg","large-width":1024,"large-height":655,"1536x1536":"https:\/\/www.lang-und-heyne.de\/dateien\/2023\/05\/LH_Hommage_Detail_Emaille-verteilen.jpg","1536x1536-width":1500,"1536x1536-height":960,"2048x2048":"https:\/\/www.lang-und-heyne.de\/dateien\/2023\/05\/LH_Hommage_Detail_Emaille-verteilen.jpg","2048x2048-width":1500,"2048x2048-height":960,"post-thumbnail":"https:\/\/www.lang-und-heyne.de\/dateien\/2023\/05\/LH_Hommage_Detail_Emaille-verteilen-150x150.jpg","post-thumbnail-width":150,"post-thumbnail-height":150,"wide":"https:\/\/www.lang-und-heyne.de\/dateien\/2023\/05\/LH_Hommage_Detail_Emaille-verteilen-1400x896.jpg","wide-width":1400,"wide-height":896}},"sub":"","text":"Avec une extr\u00eame pr\u00e9cision et d'une main ferme, les fins \u00e9clats d'\u00e9mail, \u00e9galement connus sous le nom de corps fondus, sont plac\u00e9s un par un dans les fosses sous le microscope. Ce processus est \u00e9galement appel\u00e9 \u00e9maillage en fosse ou champlev\u00e9. Couche apr\u00e8s couche, une construction artistique se met en place jusqu'\u00e0 ce que tout le fond soit recouvert des pr\u00e9cieux corps de verre.  <br \/>\n<br \/>\nApr\u00e8s la mise en place des \u00e9l\u00e9ments fusibles, la plaque d'\u00e9mail est cuite avec pr\u00e9caution. Chaque cuisson est soigneusement surveill\u00e9e afin de s'assurer qu'aucune bulle d'air ne se forme. Si l'on en d\u00e9tecte une, elle est ouverte et compens\u00e9e par l'ajout d'autres pi\u00e8ces d'\u00e9mail. Ce processus de mise en place, de cuisson et de v\u00e9rification est r\u00e9p\u00e9t\u00e9 plusieurs fois afin d'obtenir une surface impeccable, exempte d'impuret\u00e9s et de bulles d'air.   ","link":"","target":"","zusatzbild":false,"bild2":false,"ausrichtung":false,"sub2":""},{"acf_fc_layout":"testimonial","bild_links":{"ID":7771,"id":7771,"title":"LH_MA_AnnettB","filename":"LH_MA_AnnettB.jpg","filesize":417161,"url":"https:\/\/www.lang-und-heyne.de\/dateien\/2024\/02\/LH_MA_AnnettB.jpg","link":"https:\/\/www.lang-und-heyne.de\/fr\/artisanat\/emaillage\/lh_ma_annettb-2\/","alt":"","author":"5","description":"","caption":"","name":"lh_ma_annettb-2","status":"inherit","uploaded_to":7768,"date":"2024-02-28 08:58:18","modified":"2024-02-28 08:58:18","menu_order":0,"mime_type":"image\/jpeg","type":"image","subtype":"jpeg","icon":"https:\/\/www.lang-und-heyne.de\/wp-includes\/images\/media\/default.png","width":860,"height":1000,"sizes":{"thumbnail":"https:\/\/www.lang-und-heyne.de\/dateien\/2024\/02\/LH_MA_AnnettB-150x150.jpg","thumbnail-width":150,"thumbnail-height":150,"medium":"https:\/\/www.lang-und-heyne.de\/dateien\/2024\/02\/LH_MA_AnnettB-258x300.jpg","medium-width":258,"medium-height":300,"medium_large":"https:\/\/www.lang-und-heyne.de\/dateien\/2024\/02\/LH_MA_AnnettB-768x893.jpg","medium_large-width":768,"medium_large-height":893,"large":"https:\/\/www.lang-und-heyne.de\/dateien\/2024\/02\/LH_MA_AnnettB.jpg","large-width":860,"large-height":1000,"1536x1536":"https:\/\/www.lang-und-heyne.de\/dateien\/2024\/02\/LH_MA_AnnettB.jpg","1536x1536-width":860,"1536x1536-height":1000,"2048x2048":"https:\/\/www.lang-und-heyne.de\/dateien\/2024\/02\/LH_MA_AnnettB.jpg","2048x2048-width":860,"2048x2048-height":1000,"post-thumbnail":"https:\/\/www.lang-und-heyne.de\/dateien\/2024\/02\/LH_MA_AnnettB-150x150.jpg","post-thumbnail-width":150,"post-thumbnail-height":150,"wide":"https:\/\/www.lang-und-heyne.de\/dateien\/2024\/02\/LH_MA_AnnettB.jpg","wide-width":860,"wide-height":1000}},"zitat":"Autrefois, de nombreuses montres avaient des cadrans en \u00e9mail. Mais une modification de la poudre de verre a rendu leur fabrication particuli\u00e8rement difficile. ","autor":"","seitenverkehrt":false,"smalltext":true,"bild_oder_animiertes_gif":false,"bild_rechts":false,"bild_rechts_gif":{"ID":7770,"id":7770,"title":"LH_Kachel-Emaille","filename":"LH_Kachel-Emaille.mp4","filesize":923533,"url":"https:\/\/www.lang-und-heyne.de\/dateien\/2023\/07\/LH_Kachel-Emaille.mp4","link":"https:\/\/www.lang-und-heyne.de\/fr\/artisanat\/emaillage\/lh_kachel-emaille-2\/","alt":"","author":"5","description":"","caption":"","name":"lh_kachel-emaille-2","status":"inherit","uploaded_to":7768,"date":"2023-07-31 07:35:11","modified":"2023-07-31 07:35:11","menu_order":0,"mime_type":"video\/mp4","type":"video","subtype":"mp4","icon":"https:\/\/www.lang-und-heyne.de\/wp-includes\/images\/media\/video.png","width":1000,"height":704},"extrabild":false,"detail":false,"additionalinfo":false,"zusatzinfo":{"text":"","link":null,"linktext":""}},{"acf_fc_layout":"text","text":"<h2>Polissage \u00e0 plat<\/h2>\n<p>L&rsquo;\u00e9tape finale consiste \u00e0 polir soigneusement \u00e0 plat la surface de la plaque d&rsquo;\u00e9mail. C&rsquo;est l\u00e0 que se r\u00e9v\u00e8lent la v\u00e9ritable splendeur et la beaut\u00e9 de l&rsquo;objet, tandis que les couleurs resplendissent dans toute leur homog\u00e9n\u00e9it\u00e9. <\/p>\n<p>Chaque pi\u00e8ce qui sort de notre atelier est le r\u00e9sultat d&rsquo;une profonde compr\u00e9hension de l&rsquo;artisanat traditionnel et du d\u00e9vouement sans faille de nos ma\u00eetres exp\u00e9riment\u00e9s. D\u00e9couvrez des \u0153uvres uniques, qui racontent des histoires et touchent les c\u0153urs, \u00e0 travers l&rsquo;art de la feuille d&rsquo;\u00e9mail. <\/p>\n"},{"acf_fc_layout":"galerie","galerie":[{"bild":{"ID":7157,"id":7157,"title":"LH_Hommage_Detail_Emaillepulver","filename":"LH_Hommage_Detail_Emaillepulver.jpg","filesize":305078,"url":"https:\/\/www.lang-und-heyne.de\/dateien\/2023\/05\/LH_Hommage_Detail_Emaillepulver.jpg","link":"https:\/\/www.lang-und-heyne.de\/fr\/hommage-a-lhorloge-du-clocher-lang\/lh_hommage_detail_emaillepulver-2\/","alt":"","author":"2","description":"","caption":"","name":"lh_hommage_detail_emaillepulver-2","status":"inherit","uploaded_to":7153,"date":"2023-05-11 11:49:26","modified":"2023-05-11 11:49:26","menu_order":0,"mime_type":"image\/jpeg","type":"image","subtype":"jpeg","icon":"https:\/\/www.lang-und-heyne.de\/wp-includes\/images\/media\/default.png","width":1500,"height":960,"sizes":{"thumbnail":"https:\/\/www.lang-und-heyne.de\/dateien\/2023\/05\/LH_Hommage_Detail_Emaillepulver-150x150.jpg","thumbnail-width":150,"thumbnail-height":150,"medium":"https:\/\/www.lang-und-heyne.de\/dateien\/2023\/05\/LH_Hommage_Detail_Emaillepulver-300x192.jpg","medium-width":300,"medium-height":192,"medium_large":"https:\/\/www.lang-und-heyne.de\/dateien\/2023\/05\/LH_Hommage_Detail_Emaillepulver-768x492.jpg","medium_large-width":768,"medium_large-height":492,"large":"https:\/\/www.lang-und-heyne.de\/dateien\/2023\/05\/LH_Hommage_Detail_Emaillepulver-1024x655.jpg","large-width":1024,"large-height":655,"1536x1536":"https:\/\/www.lang-und-heyne.de\/dateien\/2023\/05\/LH_Hommage_Detail_Emaillepulver.jpg","1536x1536-width":1500,"1536x1536-height":960,"2048x2048":"https:\/\/www.lang-und-heyne.de\/dateien\/2023\/05\/LH_Hommage_Detail_Emaillepulver.jpg","2048x2048-width":1500,"2048x2048-height":960,"post-thumbnail":"https:\/\/www.lang-und-heyne.de\/dateien\/2023\/05\/LH_Hommage_Detail_Emaillepulver-150x150.jpg","post-thumbnail-width":150,"post-thumbnail-height":150,"wide":"https:\/\/www.lang-und-heyne.de\/dateien\/2023\/05\/LH_Hommage_Detail_Emaillepulver-1400x896.jpg","wide-width":1400,"wide-height":896}},"titel":"","beschreibung":"L'\u00e9mail brut est broy\u00e9 \u00e0 la main en fins cristaux."},{"bild":{"ID":7159,"id":7159,"title":"LH_Hommage_Detail_Emaille-verteilen2","filename":"LH_Hommage_Detail_Emaille-verteilen2.jpg","filesize":251595,"url":"https:\/\/www.lang-und-heyne.de\/dateien\/2023\/05\/LH_Hommage_Detail_Emaille-verteilen2.jpg","link":"https:\/\/www.lang-und-heyne.de\/fr\/hommage-a-lhorloge-du-clocher-lang\/lh_hommage_detail_emaille-verteilen2-2\/","alt":"","author":"2","description":"","caption":"","name":"lh_hommage_detail_emaille-verteilen2-2","status":"inherit","uploaded_to":7153,"date":"2023-05-11 11:49:30","modified":"2023-05-11 11:49:30","menu_order":0,"mime_type":"image\/jpeg","type":"image","subtype":"jpeg","icon":"https:\/\/www.lang-und-heyne.de\/wp-includes\/images\/media\/default.png","width":1500,"height":960,"sizes":{"thumbnail":"https:\/\/www.lang-und-heyne.de\/dateien\/2023\/05\/LH_Hommage_Detail_Emaille-verteilen2-150x150.jpg","thumbnail-width":150,"thumbnail-height":150,"medium":"https:\/\/www.lang-und-heyne.de\/dateien\/2023\/05\/LH_Hommage_Detail_Emaille-verteilen2-300x192.jpg","medium-width":300,"medium-height":192,"medium_large":"https:\/\/www.lang-und-heyne.de\/dateien\/2023\/05\/LH_Hommage_Detail_Emaille-verteilen2-768x492.jpg","medium_large-width":768,"medium_large-height":492,"large":"https:\/\/www.lang-und-heyne.de\/dateien\/2023\/05\/LH_Hommage_Detail_Emaille-verteilen2-1024x655.jpg","large-width":1024,"large-height":655,"1536x1536":"https:\/\/www.lang-und-heyne.de\/dateien\/2023\/05\/LH_Hommage_Detail_Emaille-verteilen2.jpg","1536x1536-width":1500,"1536x1536-height":960,"2048x2048":"https:\/\/www.lang-und-heyne.de\/dateien\/2023\/05\/LH_Hommage_Detail_Emaille-verteilen2.jpg","2048x2048-width":1500,"2048x2048-height":960,"post-thumbnail":"https:\/\/www.lang-und-heyne.de\/dateien\/2023\/05\/LH_Hommage_Detail_Emaille-verteilen2-150x150.jpg","post-thumbnail-width":150,"post-thumbnail-height":150,"wide":"https:\/\/www.lang-und-heyne.de\/dateien\/2023\/05\/LH_Hommage_Detail_Emaille-verteilen2-1400x896.jpg","wide-width":1400,"wide-height":896}},"titel":"","beschreibung":"Tous les espaces sont soigneusement recouverts d'\u00e9mail."},{"bild":{"ID":7156,"id":7156,"title":"LH_Hommage_Detail_Brennen","filename":"LH_Hommage_Detail_Brennen.jpg","filesize":238196,"url":"https:\/\/www.lang-und-heyne.de\/dateien\/2023\/05\/LH_Hommage_Detail_Brennen.jpg","link":"https:\/\/www.lang-und-heyne.de\/fr\/hommage-a-lhorloge-du-clocher-lang\/lh_hommage_detail_brennen-2\/","alt":"","author":"2","description":"","caption":"","name":"lh_hommage_detail_brennen-2","status":"inherit","uploaded_to":7153,"date":"2023-05-11 11:49:24","modified":"2023-05-11 11:49:24","menu_order":0,"mime_type":"image\/jpeg","type":"image","subtype":"jpeg","icon":"https:\/\/www.lang-und-heyne.de\/wp-includes\/images\/media\/default.png","width":1500,"height":960,"sizes":{"thumbnail":"https:\/\/www.lang-und-heyne.de\/dateien\/2023\/05\/LH_Hommage_Detail_Brennen-150x150.jpg","thumbnail-width":150,"thumbnail-height":150,"medium":"https:\/\/www.lang-und-heyne.de\/dateien\/2023\/05\/LH_Hommage_Detail_Brennen-300x192.jpg","medium-width":300,"medium-height":192,"medium_large":"https:\/\/www.lang-und-heyne.de\/dateien\/2023\/05\/LH_Hommage_Detail_Brennen-768x492.jpg","medium_large-width":768,"medium_large-height":492,"large":"https:\/\/www.lang-und-heyne.de\/dateien\/2023\/05\/LH_Hommage_Detail_Brennen-1024x655.jpg","large-width":1024,"large-height":655,"1536x1536":"https:\/\/www.lang-und-heyne.de\/dateien\/2023\/05\/LH_Hommage_Detail_Brennen.jpg","1536x1536-width":1500,"1536x1536-height":960,"2048x2048":"https:\/\/www.lang-und-heyne.de\/dateien\/2023\/05\/LH_Hommage_Detail_Brennen.jpg","2048x2048-width":1500,"2048x2048-height":960,"post-thumbnail":"https:\/\/www.lang-und-heyne.de\/dateien\/2023\/05\/LH_Hommage_Detail_Brennen-150x150.jpg","post-thumbnail-width":150,"post-thumbnail-height":150,"wide":"https:\/\/www.lang-und-heyne.de\/dateien\/2023\/05\/LH_Hommage_Detail_Brennen-1400x896.jpg","wide-width":1400,"wide-height":896}},"titel":"","beschreibung":"Les cristaux se fondent en une surface brillante"},{"bild":{"ID":7161,"id":7161,"title":"LH_Hommage_Detail_Fertiges-Zifferblatt","filename":"LH_Hommage_Detail_Fertiges-Zifferblatt.jpg","filesize":380480,"url":"https:\/\/www.lang-und-heyne.de\/dateien\/2023\/05\/LH_Hommage_Detail_Fertiges-Zifferblatt.jpg","link":"https:\/\/www.lang-und-heyne.de\/fr\/hommage-a-lhorloge-du-clocher-lang\/lh_hommage_detail_fertiges-zifferblatt-2\/","alt":"","author":"2","description":"","caption":"","name":"lh_hommage_detail_fertiges-zifferblatt-2","status":"inherit","uploaded_to":7153,"date":"2023-05-11 11:54:02","modified":"2023-05-11 11:54:02","menu_order":0,"mime_type":"image\/jpeg","type":"image","subtype":"jpeg","icon":"https:\/\/www.lang-und-heyne.de\/wp-includes\/images\/media\/default.png","width":1500,"height":960,"sizes":{"thumbnail":"https:\/\/www.lang-und-heyne.de\/dateien\/2023\/05\/LH_Hommage_Detail_Fertiges-Zifferblatt-150x150.jpg","thumbnail-width":150,"thumbnail-height":150,"medium":"https:\/\/www.lang-und-heyne.de\/dateien\/2023\/05\/LH_Hommage_Detail_Fertiges-Zifferblatt-300x192.jpg","medium-width":300,"medium-height":192,"medium_large":"https:\/\/www.lang-und-heyne.de\/dateien\/2023\/05\/LH_Hommage_Detail_Fertiges-Zifferblatt-768x492.jpg","medium_large-width":768,"medium_large-height":492,"large":"https:\/\/www.lang-und-heyne.de\/dateien\/2023\/05\/LH_Hommage_Detail_Fertiges-Zifferblatt-1024x655.jpg","large-width":1024,"large-height":655,"1536x1536":"https:\/\/www.lang-und-heyne.de\/dateien\/2023\/05\/LH_Hommage_Detail_Fertiges-Zifferblatt.jpg","1536x1536-width":1500,"1536x1536-height":960,"2048x2048":"https:\/\/www.lang-und-heyne.de\/dateien\/2023\/05\/LH_Hommage_Detail_Fertiges-Zifferblatt.jpg","2048x2048-width":1500,"2048x2048-height":960,"post-thumbnail":"https:\/\/www.lang-und-heyne.de\/dateien\/2023\/05\/LH_Hommage_Detail_Fertiges-Zifferblatt-150x150.jpg","post-thumbnail-width":150,"post-thumbnail-height":150,"wide":"https:\/\/www.lang-und-heyne.de\/dateien\/2023\/05\/LH_Hommage_Detail_Fertiges-Zifferblatt-1400x896.jpg","wide-width":1400,"wide-height":896}},"titel":"","beschreibung":"Cadran termin\u00e9 apr\u00e8s plusieurs cuissons et polissages"}],"smallwidth":false},{"acf_fc_layout":"text","text":"<h2>Les d\u00e9fis de la production d&rsquo;\u00e9mail sans plomb<\/h2>\n<p>La fabrication de cadrans en \u00e9mail pr\u00e9sente un certain nombre de d\u00e9fis, en particulier depuis que la poudre de verre utilis\u00e9e pour la fabrication de l&rsquo;\u00e9mail a chang\u00e9. L&rsquo;utilisation de poudres sans plomb introduit une nouvelle complexit\u00e9, car l&rsquo;\u00e9mail sans plomb est souvent plus difficile \u00e0 traiter et n\u00e9cessite des ajustements sp\u00e9cifiques dans les processus de fabrication. Par exemple, les poudres sans plomb n\u00e9cessitent souvent des temp\u00e9ratures de fusion plus \u00e9lev\u00e9es et sont plus susceptibles de former des bulles pendant la cuisson. Malgr\u00e9 ces d\u00e9fis, nous nous engageons \u00e0 produire des cadrans en \u00e9mail de haute qualit\u00e9 qui sont non seulement esth\u00e9tiques, mais qui r\u00e9pondent \u00e9galement aux normes les plus \u00e9lev\u00e9es en mati\u00e8re de s\u00e9curit\u00e9 et de qualit\u00e9. Notre exp\u00e9rience et notre engagement envers l&rsquo;artisanat et la pr\u00e9cision nous permettent d&rsquo;obtenir des r\u00e9sultats exceptionnels, m\u00eame avec les mat\u00e9riaux et les techniques les plus exigeants.    <\/p>\n"},{"acf_fc_layout":"threeblocks","block":[{"header":"Une Finition Magistrale","bild":{"ID":7344,"id":7344,"title":"LH_Kachel_Detail_Finish-Kloben","filename":"LH_Kachel_Detail_Finish-Kloben.jpg","filesize":297469,"url":"https:\/\/www.lang-und-heyne.de\/dateien\/2023\/10\/LH_Kachel_Detail_Finish-Kloben.jpg","link":"https:\/\/www.lang-und-heyne.de\/fr\/artisanat\/lh_kachel_detail_finish-kloben-2\/","alt":"","author":"5","description":"","caption":"","name":"lh_kachel_detail_finish-kloben-2","status":"inherit","uploaded_to":7315,"date":"2023-10-20 07:03:49","modified":"2023-10-20 07:03:49","menu_order":0,"mime_type":"image\/jpeg","type":"image","subtype":"jpeg","icon":"https:\/\/www.lang-und-heyne.de\/wp-includes\/images\/media\/default.png","width":1000,"height":640,"sizes":{"thumbnail":"https:\/\/www.lang-und-heyne.de\/dateien\/2023\/10\/LH_Kachel_Detail_Finish-Kloben-150x150.jpg","thumbnail-width":150,"thumbnail-height":150,"medium":"https:\/\/www.lang-und-heyne.de\/dateien\/2023\/10\/LH_Kachel_Detail_Finish-Kloben-300x192.jpg","medium-width":300,"medium-height":192,"medium_large":"https:\/\/www.lang-und-heyne.de\/dateien\/2023\/10\/LH_Kachel_Detail_Finish-Kloben-768x492.jpg","medium_large-width":768,"medium_large-height":492,"large":"https:\/\/www.lang-und-heyne.de\/dateien\/2023\/10\/LH_Kachel_Detail_Finish-Kloben.jpg","large-width":1000,"large-height":640,"1536x1536":"https:\/\/www.lang-und-heyne.de\/dateien\/2023\/10\/LH_Kachel_Detail_Finish-Kloben.jpg","1536x1536-width":1000,"1536x1536-height":640,"2048x2048":"https:\/\/www.lang-und-heyne.de\/dateien\/2023\/10\/LH_Kachel_Detail_Finish-Kloben.jpg","2048x2048-width":1000,"2048x2048-height":640,"post-thumbnail":"https:\/\/www.lang-und-heyne.de\/dateien\/2023\/10\/LH_Kachel_Detail_Finish-Kloben-150x150.jpg","post-thumbnail-width":150,"post-thumbnail-height":150,"wide":"https:\/\/www.lang-und-heyne.de\/dateien\/2023\/10\/LH_Kachel_Detail_Finish-Kloben.jpg","wide-width":1000,"wide-height":640}},"link":"https:\/\/www.lang-und-heyne.de\/fr\/artisanat\/une-finition-magistrale\/","beschriftung":"D\u00e9couvrez d'autres m\u00e9thodes de reconditionnement esth\u00e9tique et fonctionnel des composants"},{"header":"Mettre Des Accents","bild":{"ID":7256,"id":7256,"title":"LH_Akzente_Krone","filename":"LH_Akzente_Krone.jpg","filesize":464487,"url":"https:\/\/www.lang-und-heyne.de\/dateien\/2023\/04\/LH_Akzente_Krone.jpg","link":"https:\/\/www.lang-und-heyne.de\/fr\/accents\/lh_akzente_krone-2\/","alt":"","author":"2","description":"","caption":"","name":"lh_akzente_krone-2","status":"inherit","uploaded_to":7248,"date":"2023-04-24 13:36:09","modified":"2023-04-24 13:36:09","menu_order":0,"mime_type":"image\/jpeg","type":"image","subtype":"jpeg","icon":"https:\/\/www.lang-und-heyne.de\/wp-includes\/images\/media\/default.png","width":1500,"height":960,"sizes":{"thumbnail":"https:\/\/www.lang-und-heyne.de\/dateien\/2023\/04\/LH_Akzente_Krone-150x150.jpg","thumbnail-width":150,"thumbnail-height":150,"medium":"https:\/\/www.lang-und-heyne.de\/dateien\/2023\/04\/LH_Akzente_Krone-300x192.jpg","medium-width":300,"medium-height":192,"medium_large":"https:\/\/www.lang-und-heyne.de\/dateien\/2023\/04\/LH_Akzente_Krone-768x492.jpg","medium_large-width":768,"medium_large-height":492,"large":"https:\/\/www.lang-und-heyne.de\/dateien\/2023\/04\/LH_Akzente_Krone-1024x655.jpg","large-width":1024,"large-height":655,"1536x1536":"https:\/\/www.lang-und-heyne.de\/dateien\/2023\/04\/LH_Akzente_Krone.jpg","1536x1536-width":1500,"1536x1536-height":960,"2048x2048":"https:\/\/www.lang-und-heyne.de\/dateien\/2023\/04\/LH_Akzente_Krone.jpg","2048x2048-width":1500,"2048x2048-height":960,"post-thumbnail":"https:\/\/www.lang-und-heyne.de\/dateien\/2023\/04\/LH_Akzente_Krone-150x150.jpg","post-thumbnail-width":150,"post-thumbnail-height":150,"wide":"https:\/\/www.lang-und-heyne.de\/dateien\/2023\/04\/LH_Akzente_Krone-1400x896.jpg","wide-width":1400,"wide-height":896}},"link":"https:\/\/www.lang-und-heyne.de\/fr\/accents\/","beschriftung":"Concevoir une pi\u00e8ce unique"},{"header":"Montage de la Montre","bild":{"ID":7339,"id":7339,"title":"LH_Kachel_Georg-Montage","filename":"LH_Kachel_Georg-Montage.jpg","filesize":386946,"url":"https:\/\/www.lang-und-heyne.de\/dateien\/2023\/08\/LH_Kachel_Georg-Montage.jpg","link":"https:\/\/www.lang-und-heyne.de\/fr\/artisanat\/lh_kachel_georg-montage-2-2\/","alt":"","author":"5","description":"","caption":"","name":"lh_kachel_georg-montage-2-2","status":"inherit","uploaded_to":7315,"date":"2023-08-24 06:58:15","modified":"2023-08-24 06:58:15","menu_order":0,"mime_type":"image\/jpeg","type":"image","subtype":"jpeg","icon":"https:\/\/www.lang-und-heyne.de\/wp-includes\/images\/media\/default.png","width":1000,"height":640,"sizes":{"thumbnail":"https:\/\/www.lang-und-heyne.de\/dateien\/2023\/08\/LH_Kachel_Georg-Montage-150x150.jpg","thumbnail-width":150,"thumbnail-height":150,"medium":"https:\/\/www.lang-und-heyne.de\/dateien\/2023\/08\/LH_Kachel_Georg-Montage-300x192.jpg","medium-width":300,"medium-height":192,"medium_large":"https:\/\/www.lang-und-heyne.de\/dateien\/2023\/08\/LH_Kachel_Georg-Montage-768x492.jpg","medium_large-width":768,"medium_large-height":492,"large":"https:\/\/www.lang-und-heyne.de\/dateien\/2023\/08\/LH_Kachel_Georg-Montage.jpg","large-width":1000,"large-height":640,"1536x1536":"https:\/\/www.lang-und-heyne.de\/dateien\/2023\/08\/LH_Kachel_Georg-Montage.jpg","1536x1536-width":1000,"1536x1536-height":640,"2048x2048":"https:\/\/www.lang-und-heyne.de\/dateien\/2023\/08\/LH_Kachel_Georg-Montage.jpg","2048x2048-width":1000,"2048x2048-height":640,"post-thumbnail":"https:\/\/www.lang-und-heyne.de\/dateien\/2023\/08\/LH_Kachel_Georg-Montage-150x150.jpg","post-thumbnail-width":150,"post-thumbnail-height":150,"wide":"https:\/\/www.lang-und-heyne.de\/dateien\/2023\/08\/LH_Kachel_Georg-Montage.jpg","wide-width":1000,"wide-height":640}},"link":"https:\/\/www.lang-und-heyne.de\/fr\/artisanat\/montage\/","beschriftung":"Pr\u00e9cision et passion \u00e0 l'unisson"}]}],"slide":[{"bild__video":false,"bild":false,"video":{"ID":7272,"id":7272,"title":"LH_Akzente_V3","filename":"LH_Akzente_V3.mp4","filesize":3991279,"url":"https:\/\/www.lang-und-heyne.de\/dateien\/2023\/05\/LH_Akzente_V3.mp4","link":"https:\/\/www.lang-und-heyne.de\/fr\/accents\/lh_akzente_v3-2\/","alt":"","author":"2","description":"","caption":"","name":"lh_akzente_v3-2","status":"inherit","uploaded_to":7248,"date":"2023-05-15 08:40:00","modified":"2023-05-15 08:40:00","menu_order":0,"mime_type":"video\/mp4","type":"video","subtype":"mp4","icon":"https:\/\/www.lang-und-heyne.de\/wp-includes\/images\/media\/video.png","width":1280,"height":720},"texte":{"text":"Des chefs-d'\u0153uvre enchant\u00e9s","subline":"La fascination des cadrans en \u00e9mail"}}]},"wpml_current_locale":"fr_FR","wpml_translations":{"en_US":{"locale":"en_US","id":3906,"slug":"enameling","post_title":"Enameling","href":"https:\/\/www.lang-und-heyne.de\/en\/craftsmanship\/enameling\/"},"de_DE":{"locale":"de_DE","id":2842,"slug":"emaillieren","post_title":"Emaillieren","href":"https:\/\/www.lang-und-heyne.de\/handwerk\/emaillieren\/"},"es_ES":{"locale":"es_ES","id":7773,"slug":"esmaltado","post_title":"Esmaltado","href":"https:\/\/www.lang-und-heyne.de\/es\/artesania\/esmaltado\/"},"ja":{"locale":"ja","id":3494,"slug":"emaillieren","post_title":"\u30a8\u30ca\u30e1\u30eb\u52a0\u5de5","href":"https:\/\/www.lang-und-heyne.de\/ja\/craftsmanship\/emaillieren\/"},"zh_CN":{"locale":"zh_CN","id":5549,"slug":"enameling","post_title":"\u642a\u74f7","href":"https:\/\/www.lang-und-heyne.de\/zh-hans\/craftsmanship\/enameling\/"}},"_links":{"self":[{"href":"https:\/\/www.lang-und-heyne.de\/fr\/wp-json\/wp\/v2\/pages\/7768","targetHints":{"allow":["GET"]}}],"collection":[{"href":"https:\/\/www.lang-und-heyne.de\/fr\/wp-json\/wp\/v2\/pages"}],"about":[{"href":"https:\/\/www.lang-und-heyne.de\/fr\/wp-json\/wp\/v2\/types\/page"}],"author":[{"embeddable":true,"href":"https:\/\/www.lang-und-heyne.de\/fr\/wp-json\/wp\/v2\/users\/2"}],"replies":[{"embeddable":true,"href":"https:\/\/www.lang-und-heyne.de\/fr\/wp-json\/wp\/v2\/comments?post=7768"}],"version-history":[{"count":1,"href":"https:\/\/www.lang-und-heyne.de\/fr\/wp-json\/wp\/v2\/pages\/7768\/revisions"}],"predecessor-version":[{"id":7772,"href":"https:\/\/www.lang-und-heyne.de\/fr\/wp-json\/wp\/v2\/pages\/7768\/revisions\/7772"}],"up":[{"embeddable":true,"href":"https:\/\/www.lang-und-heyne.de\/fr\/wp-json\/wp\/v2\/pages\/7315"}],"wp:featuredmedia":[{"embeddable":true,"href":"https:\/\/www.lang-und-heyne.de\/fr\/wp-json\/wp\/v2\/media\/7159"}],"wp:attachment":[{"href":"https:\/\/www.lang-und-heyne.de\/fr\/wp-json\/wp\/v2\/media?parent=7768"}],"curies":[{"name":"wp","href":"https:\/\/api.w.org\/{rel}","templated":true}]}}