{"id":7832,"date":"2022-11-02T15:53:59","date_gmt":"2022-11-02T14:53:59","guid":{"rendered":"https:\/\/www.lang-und-heyne.de\/collection\/"},"modified":"2026-04-17T15:34:53","modified_gmt":"2026-04-17T13:34:53","slug":"collection","status":"publish","type":"page","link":"https:\/\/www.lang-und-heyne.de\/fr\/collection\/","title":{"rendered":"Collection"},"content":{"rendered":"","protected":false},"excerpt":{"rendered":"","protected":false},"author":1,"featured_media":0,"parent":0,"menu_order":177,"comment_status":"closed","ping_status":"closed","template":"page-collection.php","meta":{"_acf_changed":false,"footnotes":""},"class_list":["post-7832","page","type-page","status-publish","hentry"],"acf":{"slide":[{"bild__video":false,"bild":{"ID":7833,"id":7833,"title":"madonna","filename":"madonna.png","filesize":2756243,"url":"https:\/\/www.lang-und-heyne.de\/dateien\/2022\/11\/madonna.png","link":"https:\/\/www.lang-und-heyne.de\/fr\/collection\/madonna-2\/","alt":"","author":"1","description":"","caption":"","name":"madonna-2","status":"inherit","uploaded_to":7832,"date":"2022-11-06 12:45:01","modified":"2022-11-06 12:45:01","menu_order":0,"mime_type":"image\/png","type":"image","subtype":"png","icon":"https:\/\/www.lang-und-heyne.de\/wp-includes\/images\/media\/default.png","width":1920,"height":950,"sizes":{"thumbnail":"https:\/\/www.lang-und-heyne.de\/dateien\/2022\/11\/madonna-150x150.png","thumbnail-width":150,"thumbnail-height":150,"medium":"https:\/\/www.lang-und-heyne.de\/dateien\/2022\/11\/madonna-300x148.png","medium-width":300,"medium-height":148,"medium_large":"https:\/\/www.lang-und-heyne.de\/dateien\/2022\/11\/madonna-768x380.png","medium_large-width":768,"medium_large-height":380,"large":"https:\/\/www.lang-und-heyne.de\/dateien\/2022\/11\/madonna-1024x507.png","large-width":1024,"large-height":507,"1536x1536":"https:\/\/www.lang-und-heyne.de\/dateien\/2022\/11\/madonna-1536x760.png","1536x1536-width":1536,"1536x1536-height":760,"2048x2048":"https:\/\/www.lang-und-heyne.de\/dateien\/2022\/11\/madonna.png","2048x2048-width":1920,"2048x2048-height":950,"post-thumbnail":"https:\/\/www.lang-und-heyne.de\/dateien\/2022\/11\/madonna-150x150.png","post-thumbnail-width":150,"post-thumbnail-height":150,"wide":"https:\/\/www.lang-und-heyne.de\/dateien\/2022\/11\/madonna-1400x693.png","wide-width":1400,"wide-height":693}},"video":{"ID":7842,"id":7842,"title":"LH_Intro_Kollektion","filename":"LH_Intro_Kollektion.mp4","filesize":3083362,"url":"https:\/\/www.lang-und-heyne.de\/dateien\/2024\/02\/LH_Intro_Kollektion.mp4","link":"https:\/\/www.lang-und-heyne.de\/fr\/collection\/lh_intro_kollektion-2\/","alt":"","author":"5","description":"","caption":"","name":"lh_intro_kollektion-2","status":"inherit","uploaded_to":7832,"date":"2024-02-28 09:52:20","modified":"2024-02-28 09:52:20","menu_order":0,"mime_type":"video\/mp4","type":"video","subtype":"mp4","icon":"https:\/\/www.lang-und-heyne.de\/wp-includes\/images\/media\/video.png","width":1280,"height":720},"texte":{"text":"Collection<br \/>\nMade in Saxony.","subline":""}}],"modelle":{"header":"Mod\u00e8les de la collection","text":"Les mod\u00e8les de la collection constituent le noyau actuel de Lang & Heyne. Chaque ligne suit sa propre id\u00e9e cr\u00e9ative et technique, mais reste attach\u00e9e \u00e0 l'origine de Dresde, \u00e0 la lisibilit\u00e9 claire et \u00e0 la finition artisanale. "},"editionen":{"header":"\u00c9ditions limit\u00e9es","text":"Dans les ateliers de Lang & Heyne, des id\u00e9es qui vont au-del\u00e0 de la r\u00e9alisation r\u00e9guli\u00e8re d'un mod\u00e8le voient r\u00e9guli\u00e8rement le jour. Des mat\u00e9riaux diff\u00e9rents, des cadrans particuliers et des m\u00e9thodes de fabrication sophistiqu\u00e9es ouvrent de nouvelles possibilit\u00e9s cr\u00e9atives et techniques. Les concepts s\u00e9lectionn\u00e9s donnent naissance \u00e0 des \u00e9ditions limit\u00e9es au caract\u00e8re unique.  "},"sonderanfertigungen":{"header":"Archives des ex\u00e9cutions sp\u00e9ciales","text":"Les \u00e9ditions pass\u00e9es et les fabrications uniques montrent \u00e0 quel point une ligne de mod\u00e8les peut \u00eatre interpr\u00e9t\u00e9e diff\u00e9remment. Les exemples suivants donnent un aper\u00e7u des mat\u00e9riaux, cadrans et d\u00e9tails particuliers qui ont \u00e9t\u00e9 r\u00e9alis\u00e9s en \u00e9dition limit\u00e9e ou individuelle. \n\nLes exemples donnent un aper\u00e7u des mat\u00e9riaux, cadrans, gravures et d\u00e9tails r\u00e9alis\u00e9s dans le cadre de projets particuliers.","bild":{"ID":7838,"id":7838,"title":"LH_Augustus_2","filename":"LH_Augustus_2.jpg","filesize":224993,"url":"https:\/\/www.lang-und-heyne.de\/dateien\/2023\/05\/LH_Augustus_2.jpg","link":"https:\/\/www.lang-und-heyne.de\/fr\/collection\/lh_augustus_2-2\/","alt":"","author":"2","description":"","caption":"","name":"lh_augustus_2-2","status":"inherit","uploaded_to":7832,"date":"2023-05-11 08:23:49","modified":"2023-05-11 08:23:49","menu_order":0,"mime_type":"image\/jpeg","type":"image","subtype":"jpeg","icon":"https:\/\/www.lang-und-heyne.de\/wp-includes\/images\/media\/default.png","width":1000,"height":705,"sizes":{"thumbnail":"https:\/\/www.lang-und-heyne.de\/dateien\/2023\/05\/LH_Augustus_2-150x150.jpg","thumbnail-width":150,"thumbnail-height":150,"medium":"https:\/\/www.lang-und-heyne.de\/dateien\/2023\/05\/LH_Augustus_2-300x212.jpg","medium-width":300,"medium-height":212,"medium_large":"https:\/\/www.lang-und-heyne.de\/dateien\/2023\/05\/LH_Augustus_2-768x541.jpg","medium_large-width":768,"medium_large-height":541,"large":"https:\/\/www.lang-und-heyne.de\/dateien\/2023\/05\/LH_Augustus_2.jpg","large-width":1000,"large-height":705,"1536x1536":"https:\/\/www.lang-und-heyne.de\/dateien\/2023\/05\/LH_Augustus_2.jpg","1536x1536-width":1000,"1536x1536-height":705,"2048x2048":"https:\/\/www.lang-und-heyne.de\/dateien\/2023\/05\/LH_Augustus_2.jpg","2048x2048-width":1000,"2048x2048-height":705,"post-thumbnail":"https:\/\/www.lang-und-heyne.de\/dateien\/2023\/05\/LH_Augustus_2-150x150.jpg","post-thumbnail-width":150,"post-thumbnail-height":150,"wide":"https:\/\/www.lang-und-heyne.de\/dateien\/2023\/05\/LH_Augustus_2.jpg","wide-width":1000,"wide-height":705}},"linktext":"Voir les archives","target":"https:\/\/www.lang-und-heyne.de\/fr\/executions-speciales\/"},"akzente":{"header":"Concevoir une pi\u00e8ce unique","text":"Dans l'horlogerie, les pi\u00e8ces uniques sont la discipline reine de l'artisanat et de la ma\u00eetrise. Lang & Heyne ouvre des espaces de cr\u00e9ation et offre une diversit\u00e9 de techniques artisanales pour la r\u00e9alisation de souhaits personnels en fonction de l'occasion. ","bild":{"ID":7277,"id":7277,"title":"LH_Moritz_Schwarz_Detail","filename":"LH_Moritz_Schwarz_Detail.jpg","filesize":281853,"url":"https:\/\/www.lang-und-heyne.de\/dateien\/2023\/05\/LH_Moritz_Schwarz_Detail.jpg","link":"https:\/\/www.lang-und-heyne.de\/fr\/accents\/lh_moritz_schwarz_detail-2\/","alt":"","author":"2","description":"","caption":"","name":"lh_moritz_schwarz_detail-2","status":"inherit","uploaded_to":7248,"date":"2023-05-30 09:54:55","modified":"2023-05-30 09:54:55","menu_order":0,"mime_type":"image\/jpeg","type":"image","subtype":"jpeg","icon":"https:\/\/www.lang-und-heyne.de\/wp-includes\/images\/media\/default.png","width":1000,"height":705,"sizes":{"thumbnail":"https:\/\/www.lang-und-heyne.de\/dateien\/2023\/05\/LH_Moritz_Schwarz_Detail-150x150.jpg","thumbnail-width":150,"thumbnail-height":150,"medium":"https:\/\/www.lang-und-heyne.de\/dateien\/2023\/05\/LH_Moritz_Schwarz_Detail-300x212.jpg","medium-width":300,"medium-height":212,"medium_large":"https:\/\/www.lang-und-heyne.de\/dateien\/2023\/05\/LH_Moritz_Schwarz_Detail-768x541.jpg","medium_large-width":768,"medium_large-height":541,"large":"https:\/\/www.lang-und-heyne.de\/dateien\/2023\/05\/LH_Moritz_Schwarz_Detail.jpg","large-width":1000,"large-height":705,"1536x1536":"https:\/\/www.lang-und-heyne.de\/dateien\/2023\/05\/LH_Moritz_Schwarz_Detail.jpg","1536x1536-width":1000,"1536x1536-height":705,"2048x2048":"https:\/\/www.lang-und-heyne.de\/dateien\/2023\/05\/LH_Moritz_Schwarz_Detail.jpg","2048x2048-width":1000,"2048x2048-height":705,"post-thumbnail":"https:\/\/www.lang-und-heyne.de\/dateien\/2023\/05\/LH_Moritz_Schwarz_Detail-150x150.jpg","post-thumbnail-width":150,"post-thumbnail-height":150,"wide":"https:\/\/www.lang-und-heyne.de\/dateien\/2023\/05\/LH_Moritz_Schwarz_Detail.jpg","wide-width":1000,"wide-height":705}},"linktext":"Possibilit\u00e9s de personnalisation","target":"https:\/\/www.lang-und-heyne.de\/fr\/accents\/"},"start":[{"acf_fc_layout":"textbild","header":"Patronyme","anchor":false,"order":false,"bigtext":false,"bild":{"ID":7840,"id":7840,"title":"LH-Kachel-Fuerstenzug-Neu1","filename":"LH-Kachel-Fuerstenzug-Neu1.jpg","filesize":377511,"url":"https:\/\/www.lang-und-heyne.de\/dateien\/2023\/05\/LH-Kachel-Fuerstenzug-Neu1.jpg","link":"https:\/\/www.lang-und-heyne.de\/fr\/collection\/lh-kachel-fuerstenzug-neu1-2\/","alt":"","author":"2","description":"F\u00fcrstenzug Dresden, Wandmosaik mit S\u00e4chsischen F\u00fcrsten, Namenspatrone Lang & Heyne Uhren Modelle, Copyright: Martina Berg \u00fcber Adobe Stock","caption":"F\u00fcrstenzug Dresden, Copyright: Martina Berg \u00fcber Adobe Stock","name":"lh-kachel-fuerstenzug-neu1-2","status":"inherit","uploaded_to":7832,"date":"2023-05-16 07:46:20","modified":"2023-05-16 07:46:20","menu_order":0,"mime_type":"image\/jpeg","type":"image","subtype":"jpeg","icon":"https:\/\/www.lang-und-heyne.de\/wp-includes\/images\/media\/default.png","width":1000,"height":540,"sizes":{"thumbnail":"https:\/\/www.lang-und-heyne.de\/dateien\/2023\/05\/LH-Kachel-Fuerstenzug-Neu1-150x150.jpg","thumbnail-width":150,"thumbnail-height":150,"medium":"https:\/\/www.lang-und-heyne.de\/dateien\/2023\/05\/LH-Kachel-Fuerstenzug-Neu1-300x162.jpg","medium-width":300,"medium-height":162,"medium_large":"https:\/\/www.lang-und-heyne.de\/dateien\/2023\/05\/LH-Kachel-Fuerstenzug-Neu1-768x415.jpg","medium_large-width":768,"medium_large-height":415,"large":"https:\/\/www.lang-und-heyne.de\/dateien\/2023\/05\/LH-Kachel-Fuerstenzug-Neu1.jpg","large-width":1000,"large-height":540,"1536x1536":"https:\/\/www.lang-und-heyne.de\/dateien\/2023\/05\/LH-Kachel-Fuerstenzug-Neu1.jpg","1536x1536-width":1000,"1536x1536-height":540,"2048x2048":"https:\/\/www.lang-und-heyne.de\/dateien\/2023\/05\/LH-Kachel-Fuerstenzug-Neu1.jpg","2048x2048-width":1000,"2048x2048-height":540,"post-thumbnail":"https:\/\/www.lang-und-heyne.de\/dateien\/2023\/05\/LH-Kachel-Fuerstenzug-Neu1-150x150.jpg","post-thumbnail-width":150,"post-thumbnail-height":150,"wide":"https:\/\/www.lang-und-heyne.de\/dateien\/2023\/05\/LH-Kachel-Fuerstenzug-Neu1.jpg","wide-width":1000,"wide-height":540}},"sub":"Train des princes \u00e0 Dresde","text":"La collection de Lang & Heyne est synonyme d'horlogerie m\u00e9canique de Dresde, de calibres de manufacture affin\u00e9s \u00e0 la main et d'un langage des formes clair et original. Les noms des mod\u00e8les portent les noms des rois et des princes \u00e9lecteurs de Saxe. Ils font ainsi r\u00e9f\u00e9rence \u00e0 l'origine de la marque et \u00e0 Dresde, point de d\u00e9part historique de l'horlogerie saxonne.  ","link":"D\u00e9couvrir l'histoire de Dresde","target":"https:\/\/www.lang-und-heyne.de\/fr\/histoire\/","zusatzbild":false,"bild2":false,"ausrichtung":false,"sub2":""}]},"wpml_current_locale":"fr_FR","wpml_translations":{"en_US":{"locale":"en_US","id":3035,"slug":"collection","post_title":"Collection","href":"https:\/\/www.lang-und-heyne.de\/en\/collection\/"},"de_DE":{"locale":"de_DE","id":81,"slug":"kollektion","post_title":"Kollektion","href":"https:\/\/www.lang-und-heyne.de\/kollektion\/"},"es_ES":{"locale":"es_ES","id":7843,"slug":"coleccion","post_title":"Colecci\u00f3n","href":"https:\/\/www.lang-und-heyne.de\/es\/coleccion\/"},"ja":{"locale":"ja","id":3076,"slug":"collection","post_title":"\u30b3\u30ec\u30af\u30b7\u30e7\u30f3","href":"https:\/\/www.lang-und-heyne.de\/ja\/collection\/"},"zh_CN":{"locale":"zh_CN","id":3533,"slug":"collection","post_title":"\u6536\u85cf\u54c1","href":"https:\/\/www.lang-und-heyne.de\/zh-hans\/collection\/"}},"_links":{"self":[{"href":"https:\/\/www.lang-und-heyne.de\/fr\/wp-json\/wp\/v2\/pages\/7832","targetHints":{"allow":["GET"]}}],"collection":[{"href":"https:\/\/www.lang-und-heyne.de\/fr\/wp-json\/wp\/v2\/pages"}],"about":[{"href":"https:\/\/www.lang-und-heyne.de\/fr\/wp-json\/wp\/v2\/types\/page"}],"author":[{"embeddable":true,"href":"https:\/\/www.lang-und-heyne.de\/fr\/wp-json\/wp\/v2\/users\/1"}],"replies":[{"embeddable":true,"href":"https:\/\/www.lang-und-heyne.de\/fr\/wp-json\/wp\/v2\/comments?post=7832"}],"version-history":[{"count":1,"href":"https:\/\/www.lang-und-heyne.de\/fr\/wp-json\/wp\/v2\/pages\/7832\/revisions"}],"predecessor-version":[{"id":8718,"href":"https:\/\/www.lang-und-heyne.de\/fr\/wp-json\/wp\/v2\/pages\/7832\/revisions\/8718"}],"wp:attachment":[{"href":"https:\/\/www.lang-und-heyne.de\/fr\/wp-json\/wp\/v2\/media?parent=7832"}],"curies":[{"name":"wp","href":"https:\/\/api.w.org\/{rel}","templated":true}]}}