{"id":8719,"date":"2023-04-26T12:22:01","date_gmt":"2023-04-26T10:22:01","guid":{"rendered":"https:\/\/www.lang-und-heyne.de\/contact\/"},"modified":"2023-04-26T12:22:01","modified_gmt":"2023-04-26T10:22:01","slug":"contact","status":"publish","type":"page","link":"https:\/\/www.lang-und-heyne.de\/fr\/contact\/","title":{"rendered":"Contact"},"content":{"rendered":"","protected":false},"excerpt":{"rendered":"","protected":false},"author":2,"featured_media":0,"parent":0,"menu_order":126,"comment_status":"closed","ping_status":"closed","template":"","meta":{"_acf_changed":false,"footnotes":""},"class_list":["post-8719","page","type-page","status-publish","hentry"],"acf":{"start":[{"acf_fc_layout":"textbild","header":"Comment venir chez nous","anchor":true,"order":true,"bigtext":false,"bild":{"ID":8724,"id":8724,"title":"LH_Anfahrtskarte_Dresden","filename":"LH_Anfahrtskarte_Dresden-1.jpg","filesize":354881,"url":"https:\/\/www.lang-und-heyne.de\/dateien\/2023\/05\/LH_Anfahrtskarte_Dresden-1.jpg","link":"https:\/\/www.lang-und-heyne.de\/fr\/contact\/lh_anfahrtskarte_dresden-3\/","alt":"","author":"2","description":"","caption":"","name":"lh_anfahrtskarte_dresden-3","status":"inherit","uploaded_to":8719,"date":"2023-05-09 08:26:12","modified":"2023-05-09 08:26:12","menu_order":0,"mime_type":"image\/jpeg","type":"image","subtype":"jpeg","icon":"https:\/\/www.lang-und-heyne.de\/wp-includes\/images\/media\/default.png","width":1131,"height":798,"sizes":{"thumbnail":"https:\/\/www.lang-und-heyne.de\/dateien\/2023\/05\/LH_Anfahrtskarte_Dresden-1-150x150.jpg","thumbnail-width":150,"thumbnail-height":150,"medium":"https:\/\/www.lang-und-heyne.de\/dateien\/2023\/05\/LH_Anfahrtskarte_Dresden-1-300x212.jpg","medium-width":300,"medium-height":212,"medium_large":"https:\/\/www.lang-und-heyne.de\/dateien\/2023\/05\/LH_Anfahrtskarte_Dresden-1-768x542.jpg","medium_large-width":768,"medium_large-height":542,"large":"https:\/\/www.lang-und-heyne.de\/dateien\/2023\/05\/LH_Anfahrtskarte_Dresden-1-1024x723.jpg","large-width":1024,"large-height":723,"1536x1536":"https:\/\/www.lang-und-heyne.de\/dateien\/2023\/05\/LH_Anfahrtskarte_Dresden-1.jpg","1536x1536-width":1131,"1536x1536-height":798,"2048x2048":"https:\/\/www.lang-und-heyne.de\/dateien\/2023\/05\/LH_Anfahrtskarte_Dresden-1.jpg","2048x2048-width":1131,"2048x2048-height":798,"post-thumbnail":"https:\/\/www.lang-und-heyne.de\/dateien\/2023\/05\/LH_Anfahrtskarte_Dresden-1-150x150.jpg","post-thumbnail-width":150,"post-thumbnail-height":150,"wide":"https:\/\/www.lang-und-heyne.de\/dateien\/2023\/05\/LH_Anfahrtskarte_Dresden-1.jpg","wide-width":1131,"wide-height":798}},"sub":"","text":"Tempus Arte GmbH & Co. KG - Lang & Heyne<br \/>\nUllersdorfer M\u00fchle 2<br \/>\n01454 Radeberg<br \/>\nAllemagne<br \/>\n +49<a href=\"tel:+4935121293660\"> 351 212936-60<\/a><br \/>\n<a href=\"mailto:info@langheyne.de?subject=Anfrage\">info@langheyne.de<\/a>","link":"","target":"","zusatzbild":false,"bild2":false,"ausrichtung":false,"sub2":""},{"acf_fc_layout":"textbild","header":"Visites guid\u00e9es","anchor":true,"order":false,"bigtext":false,"bild":{"ID":8722,"id":8722,"title":"LH_Fuehrungen","filename":"LH_Fuehrungen.jpg","filesize":295028,"url":"https:\/\/www.lang-und-heyne.de\/dateien\/2023\/04\/LH_Fuehrungen.jpg","link":"https:\/\/www.lang-und-heyne.de\/fr\/contact\/lh_fuehrungen-2\/","alt":"","author":"2","description":"","caption":"","name":"lh_fuehrungen-2","status":"inherit","uploaded_to":8719,"date":"2023-04-26 12:20:28","modified":"2023-04-26 12:20:28","menu_order":0,"mime_type":"image\/jpeg","type":"image","subtype":"jpeg","icon":"https:\/\/www.lang-und-heyne.de\/wp-includes\/images\/media\/default.png","width":1000,"height":705,"sizes":{"thumbnail":"https:\/\/www.lang-und-heyne.de\/dateien\/2023\/04\/LH_Fuehrungen-150x150.jpg","thumbnail-width":150,"thumbnail-height":150,"medium":"https:\/\/www.lang-und-heyne.de\/dateien\/2023\/04\/LH_Fuehrungen-300x212.jpg","medium-width":300,"medium-height":212,"medium_large":"https:\/\/www.lang-und-heyne.de\/dateien\/2023\/04\/LH_Fuehrungen-768x541.jpg","medium_large-width":768,"medium_large-height":541,"large":"https:\/\/www.lang-und-heyne.de\/dateien\/2023\/04\/LH_Fuehrungen.jpg","large-width":1000,"large-height":705,"1536x1536":"https:\/\/www.lang-und-heyne.de\/dateien\/2023\/04\/LH_Fuehrungen.jpg","1536x1536-width":1000,"1536x1536-height":705,"2048x2048":"https:\/\/www.lang-und-heyne.de\/dateien\/2023\/04\/LH_Fuehrungen.jpg","2048x2048-width":1000,"2048x2048-height":705,"post-thumbnail":"https:\/\/www.lang-und-heyne.de\/dateien\/2023\/04\/LH_Fuehrungen-150x150.jpg","post-thumbnail-width":150,"post-thumbnail-height":150,"wide":"https:\/\/www.lang-und-heyne.de\/dateien\/2023\/04\/LH_Fuehrungen.jpg","wide-width":1000,"wide-height":705}},"sub":"","text":"Proche des horlogers de la maison, proche de nos processus de fabrication - gagnez des id\u00e9es qui restent dans la t\u00eate. Nous nous r\u00e9jouissons de votre visite. <br \/>\n<br \/>\n<strong>-<\/strong><br \/>\n<strong>- <\/strong><br \/>\n<strong>-<\/strong><br \/>\n<br \/>\n<a href=\"mailto:VIP@langheyne.de?subject=Terminvereinbarung%20Manufakturf%C3%BChrung\">VIP@langheyne.de<\/a>","link":"Billets en vente (pas de r\u00e9servation) au","target":"","zusatzbild":false,"bild2":false,"ausrichtung":false,"sub2":""},{"acf_fc_layout":"textbild","header":"Carri\u00e8re","anchor":true,"order":true,"bigtext":false,"bild":{"ID":8723,"id":8723,"title":"LH_Karriere","filename":"LH_Karriere.jpg","filesize":217863,"url":"https:\/\/www.lang-und-heyne.de\/dateien\/2023\/04\/LH_Karriere.jpg","link":"https:\/\/www.lang-und-heyne.de\/fr\/contact\/lh_karriere-2\/","alt":"","author":"2","description":"","caption":"","name":"lh_karriere-2","status":"inherit","uploaded_to":8719,"date":"2023-04-26 12:45:31","modified":"2023-04-26 12:45:31","menu_order":0,"mime_type":"image\/jpeg","type":"image","subtype":"jpeg","icon":"https:\/\/www.lang-und-heyne.de\/wp-includes\/images\/media\/default.png","width":1000,"height":705,"sizes":{"thumbnail":"https:\/\/www.lang-und-heyne.de\/dateien\/2023\/04\/LH_Karriere-150x150.jpg","thumbnail-width":150,"thumbnail-height":150,"medium":"https:\/\/www.lang-und-heyne.de\/dateien\/2023\/04\/LH_Karriere-300x212.jpg","medium-width":300,"medium-height":212,"medium_large":"https:\/\/www.lang-und-heyne.de\/dateien\/2023\/04\/LH_Karriere-768x541.jpg","medium_large-width":768,"medium_large-height":541,"large":"https:\/\/www.lang-und-heyne.de\/dateien\/2023\/04\/LH_Karriere.jpg","large-width":1000,"large-height":705,"1536x1536":"https:\/\/www.lang-und-heyne.de\/dateien\/2023\/04\/LH_Karriere.jpg","1536x1536-width":1000,"1536x1536-height":705,"2048x2048":"https:\/\/www.lang-und-heyne.de\/dateien\/2023\/04\/LH_Karriere.jpg","2048x2048-width":1000,"2048x2048-height":705,"post-thumbnail":"https:\/\/www.lang-und-heyne.de\/dateien\/2023\/04\/LH_Karriere-150x150.jpg","post-thumbnail-width":150,"post-thumbnail-height":150,"wide":"https:\/\/www.lang-und-heyne.de\/dateien\/2023\/04\/LH_Karriere.jpg","wide-width":1000,"wide-height":705}},"sub":"","text":"Une place dans notre \u00e9quipe vous invite \u00e0 d\u00e9velopper vos comp\u00e9tences en m\u00e9canique de pr\u00e9cision, \u00e0 travailler en \u00e9quipe de mani\u00e8re cr\u00e9ative sur des nouveaut\u00e9s et des d\u00e9veloppements et \u00e0 d\u00e9velopper votre potentiel individuel. Les candidatures sont toujours les bienvenues. ","link":"Vers les offres d'emploi","target":"https:\/\/www.lang-und-heyne.de\/karriere\/","zusatzbild":false,"bild2":false,"ausrichtung":false,"sub2":""},{"acf_fc_layout":"textbild","header":"Presse","anchor":true,"order":false,"bigtext":false,"bild":{"ID":7207,"id":7207,"title":"LH-Kachel-Presse-Neu","filename":"LH-Kachel-Presse-Neu.jpg","filesize":387327,"url":"https:\/\/www.lang-und-heyne.de\/dateien\/2024\/05\/LH-Kachel-Presse-Neu.jpg","link":"https:\/\/www.lang-und-heyne.de\/fr\/service\/lh-kachel-presse-neu-2\/","alt":"","author":"5","description":"","caption":"","name":"lh-kachel-presse-neu-2","status":"inherit","uploaded_to":7201,"date":"2024-05-14 19:58:15","modified":"2024-05-14 19:58:15","menu_order":0,"mime_type":"image\/jpeg","type":"image","subtype":"jpeg","icon":"https:\/\/www.lang-und-heyne.de\/wp-includes\/images\/media\/default.png","width":1000,"height":705,"sizes":{"thumbnail":"https:\/\/www.lang-und-heyne.de\/dateien\/2024\/05\/LH-Kachel-Presse-Neu-150x150.jpg","thumbnail-width":150,"thumbnail-height":150,"medium":"https:\/\/www.lang-und-heyne.de\/dateien\/2024\/05\/LH-Kachel-Presse-Neu-300x212.jpg","medium-width":300,"medium-height":212,"medium_large":"https:\/\/www.lang-und-heyne.de\/dateien\/2024\/05\/LH-Kachel-Presse-Neu-768x541.jpg","medium_large-width":768,"medium_large-height":541,"large":"https:\/\/www.lang-und-heyne.de\/dateien\/2024\/05\/LH-Kachel-Presse-Neu.jpg","large-width":1000,"large-height":705,"1536x1536":"https:\/\/www.lang-und-heyne.de\/dateien\/2024\/05\/LH-Kachel-Presse-Neu.jpg","1536x1536-width":1000,"1536x1536-height":705,"2048x2048":"https:\/\/www.lang-und-heyne.de\/dateien\/2024\/05\/LH-Kachel-Presse-Neu.jpg","2048x2048-width":1000,"2048x2048-height":705,"post-thumbnail":"https:\/\/www.lang-und-heyne.de\/dateien\/2024\/05\/LH-Kachel-Presse-Neu-150x150.jpg","post-thumbnail-width":150,"post-thumbnail-height":150,"wide":"https:\/\/www.lang-und-heyne.de\/dateien\/2024\/05\/LH-Kachel-Presse-Neu.jpg","wide-width":1000,"wide-height":705}},"sub":"","text":"Nous partageons avec les journalistes* et les r\u00e9dacteurs des m\u00e9dias* un int\u00e9r\u00eat commun pour les reportages et les informations concernant Lang & Heyne. Ils concernent les r\u00e9sultats des d\u00e9veloppements exceptionnels de notre collection, mais aussi des sujets tels que les changements au sein de l'entreprise ou notre engagement social envers la soci\u00e9t\u00e9. Les communications, contributions ou commentaires sont bas\u00e9s sur les demandes des m\u00e9dias.  ","link":"Notre gamme de services","target":"https:\/\/www.lang-und-heyne.de\/fr\/presse-2\/","zusatzbild":false,"bild2":false,"ausrichtung":false,"sub2":""}],"slide":[{"bild__video":true,"bild":{"ID":8720,"id":8720,"title":"LH_Kontakte_Header","filename":"LH_Kontakte_Header-1.jpg","filesize":987434,"url":"https:\/\/www.lang-und-heyne.de\/dateien\/2023\/04\/LH_Kontakte_Header-1.jpg","link":"https:\/\/www.lang-und-heyne.de\/fr\/contact\/lh_kontakte_header-3\/","alt":"","author":"2","description":"","caption":"","name":"lh_kontakte_header-3","status":"inherit","uploaded_to":8719,"date":"2023-04-26 11:51:44","modified":"2023-04-26 11:51:44","menu_order":0,"mime_type":"image\/jpeg","type":"image","subtype":"jpeg","icon":"https:\/\/www.lang-und-heyne.de\/wp-includes\/images\/media\/default.png","width":1920,"height":1080,"sizes":{"thumbnail":"https:\/\/www.lang-und-heyne.de\/dateien\/2023\/04\/LH_Kontakte_Header-1-150x150.jpg","thumbnail-width":150,"thumbnail-height":150,"medium":"https:\/\/www.lang-und-heyne.de\/dateien\/2023\/04\/LH_Kontakte_Header-1-300x169.jpg","medium-width":300,"medium-height":169,"medium_large":"https:\/\/www.lang-und-heyne.de\/dateien\/2023\/04\/LH_Kontakte_Header-1-768x432.jpg","medium_large-width":768,"medium_large-height":432,"large":"https:\/\/www.lang-und-heyne.de\/dateien\/2023\/04\/LH_Kontakte_Header-1-1024x576.jpg","large-width":1024,"large-height":576,"1536x1536":"https:\/\/www.lang-und-heyne.de\/dateien\/2023\/04\/LH_Kontakte_Header-1-1536x864.jpg","1536x1536-width":1536,"1536x1536-height":864,"2048x2048":"https:\/\/www.lang-und-heyne.de\/dateien\/2023\/04\/LH_Kontakte_Header-1.jpg","2048x2048-width":1920,"2048x2048-height":1080,"post-thumbnail":"https:\/\/www.lang-und-heyne.de\/dateien\/2023\/04\/LH_Kontakte_Header-1-150x150.jpg","post-thumbnail-width":150,"post-thumbnail-height":150,"wide":"https:\/\/www.lang-und-heyne.de\/dateien\/2023\/04\/LH_Kontakte_Header-1-1400x788.jpg","wide-width":1400,"wide-height":788}},"video":false,"texte":{"text":"Une bonne communication est une musique pour les sens.","subline":""}}]},"wpml_current_locale":"fr_FR","wpml_translations":{"en_US":{"locale":"en_US","id":3020,"slug":"contact","post_title":"Contact","href":"https:\/\/www.lang-und-heyne.de\/en\/contact\/"},"de_DE":{"locale":"de_DE","id":1351,"slug":"kontakt","post_title":"Kontakt","href":"https:\/\/www.lang-und-heyne.de\/kontakt\/"},"es_ES":{"locale":"es_ES","id":7899,"slug":"contacta-con-nosotros","post_title":"Contacta con nosotros","href":"https:\/\/www.lang-und-heyne.de\/es\/contacta-con-nosotros\/"},"ja":{"locale":"ja","id":3073,"slug":"contact","post_title":"\u30b3\u30f3\u30bf\u30af\u30c8","href":"https:\/\/www.lang-und-heyne.de\/ja\/contact\/"},"zh_CN":{"locale":"zh_CN","id":4309,"slug":"contact","post_title":"\u8054\u7cfb","href":"https:\/\/www.lang-und-heyne.de\/zh-hans\/contact\/"}},"_links":{"self":[{"href":"https:\/\/www.lang-und-heyne.de\/fr\/wp-json\/wp\/v2\/pages\/8719","targetHints":{"allow":["GET"]}}],"collection":[{"href":"https:\/\/www.lang-und-heyne.de\/fr\/wp-json\/wp\/v2\/pages"}],"about":[{"href":"https:\/\/www.lang-und-heyne.de\/fr\/wp-json\/wp\/v2\/types\/page"}],"author":[{"embeddable":true,"href":"https:\/\/www.lang-und-heyne.de\/fr\/wp-json\/wp\/v2\/users\/2"}],"replies":[{"embeddable":true,"href":"https:\/\/www.lang-und-heyne.de\/fr\/wp-json\/wp\/v2\/comments?post=8719"}],"version-history":[{"count":0,"href":"https:\/\/www.lang-und-heyne.de\/fr\/wp-json\/wp\/v2\/pages\/8719\/revisions"}],"wp:attachment":[{"href":"https:\/\/www.lang-und-heyne.de\/fr\/wp-json\/wp\/v2\/media?parent=8719"}],"curies":[{"name":"wp","href":"https:\/\/api.w.org\/{rel}","templated":true}]}}