{"id":7917,"date":"2022-10-25T20:34:39","date_gmt":"2022-10-25T18:34:39","guid":{"rendered":"https:\/\/www.lang-und-heyne.de\/modelle\/georg\/"},"modified":"2025-10-16T10:34:33","modified_gmt":"2025-10-16T08:34:33","slug":"georg","status":"publish","type":"uhren","link":"https:\/\/www.lang-und-heyne.de\/fr\/modelle\/georg\/","title":{"rendered":"Georg"},"content":{"rendered":"\n<hr class=\"wp-block-separator has-alpha-channel-opacity\"\/>\n","protected":false},"featured_media":7957,"parent":0,"menu_order":71,"template":"","class_list":["post-7917","uhren","type-uhren","status-publish","has-post-thumbnail","hentry"],"acf":{"soldier":{"ID":7950,"id":7950,"title":"LH_Georg_Variation_Rose_Blau_Weiss_Braun","filename":"LH_Georg_Variation_Rose_Blau_Weiss_Braun.png","filesize":1140279,"url":"https:\/\/www.lang-und-heyne.de\/dateien\/2022\/10\/LH_Georg_Variation_Rose_Blau_Weiss_Braun.png","link":"https:\/\/www.lang-und-heyne.de\/fr\/modelle\/georg\/lh_georg_variation_rose_blau_weiss_braun-2\/","alt":"","author":"2","description":"","caption":"","name":"lh_georg_variation_rose_blau_weiss_braun-2","status":"inherit","uploaded_to":7917,"date":"2023-05-05 08:34:04","modified":"2023-05-05 08:34:04","menu_order":0,"mime_type":"image\/png","type":"image","subtype":"png","icon":"https:\/\/www.lang-und-heyne.de\/wp-includes\/images\/media\/default.png","width":850,"height":1400,"sizes":{"thumbnail":"https:\/\/www.lang-und-heyne.de\/dateien\/2022\/10\/LH_Georg_Variation_Rose_Blau_Weiss_Braun-150x150.png","thumbnail-width":150,"thumbnail-height":150,"medium":"https:\/\/www.lang-und-heyne.de\/dateien\/2022\/10\/LH_Georg_Variation_Rose_Blau_Weiss_Braun-182x300.png","medium-width":182,"medium-height":300,"medium_large":"https:\/\/www.lang-und-heyne.de\/dateien\/2022\/10\/LH_Georg_Variation_Rose_Blau_Weiss_Braun-768x1265.png","medium_large-width":768,"medium_large-height":1265,"large":"https:\/\/www.lang-und-heyne.de\/dateien\/2022\/10\/LH_Georg_Variation_Rose_Blau_Weiss_Braun-622x1024.png","large-width":622,"large-height":1024,"1536x1536":"https:\/\/www.lang-und-heyne.de\/dateien\/2022\/10\/LH_Georg_Variation_Rose_Blau_Weiss_Braun.png","1536x1536-width":850,"1536x1536-height":1400,"2048x2048":"https:\/\/www.lang-und-heyne.de\/dateien\/2022\/10\/LH_Georg_Variation_Rose_Blau_Weiss_Braun.png","2048x2048-width":850,"2048x2048-height":1400,"post-thumbnail":"https:\/\/www.lang-und-heyne.de\/dateien\/2022\/10\/LH_Georg_Variation_Rose_Blau_Weiss_Braun-150x150.png","post-thumbnail-width":150,"post-thumbnail-height":150,"wide":"https:\/\/www.lang-und-heyne.de\/dateien\/2022\/10\/LH_Georg_Variation_Rose_Blau_Weiss_Braun.png","wide-width":850,"wide-height":1400}},"slider":[{"bild":{"ID":7951,"id":7951,"title":"LH_Georg_Imagemotiv","filename":"LH_Georg_Imagemotiv-1.jpg","filesize":656655,"url":"https:\/\/www.lang-und-heyne.de\/dateien\/2022\/10\/LH_Georg_Imagemotiv-1.jpg","link":"https:\/\/www.lang-und-heyne.de\/fr\/modelle\/georg\/lh_georg_imagemotiv-2-2\/","alt":"","author":"2","description":"","caption":"","name":"lh_georg_imagemotiv-2-2","status":"inherit","uploaded_to":7917,"date":"2023-05-09 11:43:08","modified":"2023-05-09 11:43:08","menu_order":0,"mime_type":"image\/jpeg","type":"image","subtype":"jpeg","icon":"https:\/\/www.lang-und-heyne.de\/wp-includes\/images\/media\/default.png","width":1920,"height":1080,"sizes":{"thumbnail":"https:\/\/www.lang-und-heyne.de\/dateien\/2022\/10\/LH_Georg_Imagemotiv-1-150x150.jpg","thumbnail-width":150,"thumbnail-height":150,"medium":"https:\/\/www.lang-und-heyne.de\/dateien\/2022\/10\/LH_Georg_Imagemotiv-1-300x169.jpg","medium-width":300,"medium-height":169,"medium_large":"https:\/\/www.lang-und-heyne.de\/dateien\/2022\/10\/LH_Georg_Imagemotiv-1-768x432.jpg","medium_large-width":768,"medium_large-height":432,"large":"https:\/\/www.lang-und-heyne.de\/dateien\/2022\/10\/LH_Georg_Imagemotiv-1-1024x576.jpg","large-width":1024,"large-height":576,"1536x1536":"https:\/\/www.lang-und-heyne.de\/dateien\/2022\/10\/LH_Georg_Imagemotiv-1-1536x864.jpg","1536x1536-width":1536,"1536x1536-height":864,"2048x2048":"https:\/\/www.lang-und-heyne.de\/dateien\/2022\/10\/LH_Georg_Imagemotiv-1.jpg","2048x2048-width":1920,"2048x2048-height":1080,"post-thumbnail":"https:\/\/www.lang-und-heyne.de\/dateien\/2022\/10\/LH_Georg_Imagemotiv-1-150x150.jpg","post-thumbnail-width":150,"post-thumbnail-height":150,"wide":"https:\/\/www.lang-und-heyne.de\/dateien\/2022\/10\/LH_Georg_Imagemotiv-1-1400x788.jpg","wide-width":1400,"wide-height":788}}}],"subtype":"model","shortdata":{"gehause":"40 x 32 mm<br \/>\nHauteur 9,4 mm","anzeige":"Heure, minute, <br \/>\nseconde d\u00e9centr\u00e9e","werk":"LH Calibre VIII<br \/>\nremontage manuel<br \/>\n55 heures d'autonomie<br \/>\narr\u00eat seconde"},"variationen":[{"bild":{"ID":7947,"id":7947,"title":"LH_Georg_Variation_Rose_Rose_Schwarz_Schwarz","filename":"LH_Georg_Variation_Rose_Rose_Schwarz_Schwarz.png","filesize":1134062,"url":"https:\/\/www.lang-und-heyne.de\/dateien\/2022\/10\/LH_Georg_Variation_Rose_Rose_Schwarz_Schwarz.png","link":"https:\/\/www.lang-und-heyne.de\/fr\/modelle\/georg\/lh_georg_variation_rose_rose_schwarz_schwarz-2\/","alt":"","author":"2","description":"","caption":"","name":"lh_georg_variation_rose_rose_schwarz_schwarz-2","status":"inherit","uploaded_to":7917,"date":"2023-05-05 08:02:01","modified":"2023-05-05 08:02:01","menu_order":0,"mime_type":"image\/png","type":"image","subtype":"png","icon":"https:\/\/www.lang-und-heyne.de\/wp-includes\/images\/media\/default.png","width":850,"height":1400,"sizes":{"thumbnail":"https:\/\/www.lang-und-heyne.de\/dateien\/2022\/10\/LH_Georg_Variation_Rose_Rose_Schwarz_Schwarz-150x150.png","thumbnail-width":150,"thumbnail-height":150,"medium":"https:\/\/www.lang-und-heyne.de\/dateien\/2022\/10\/LH_Georg_Variation_Rose_Rose_Schwarz_Schwarz-182x300.png","medium-width":182,"medium-height":300,"medium_large":"https:\/\/www.lang-und-heyne.de\/dateien\/2022\/10\/LH_Georg_Variation_Rose_Rose_Schwarz_Schwarz-768x1265.png","medium_large-width":768,"medium_large-height":1265,"large":"https:\/\/www.lang-und-heyne.de\/dateien\/2022\/10\/LH_Georg_Variation_Rose_Rose_Schwarz_Schwarz-622x1024.png","large-width":622,"large-height":1024,"1536x1536":"https:\/\/www.lang-und-heyne.de\/dateien\/2022\/10\/LH_Georg_Variation_Rose_Rose_Schwarz_Schwarz.png","1536x1536-width":850,"1536x1536-height":1400,"2048x2048":"https:\/\/www.lang-und-heyne.de\/dateien\/2022\/10\/LH_Georg_Variation_Rose_Rose_Schwarz_Schwarz.png","2048x2048-width":850,"2048x2048-height":1400,"post-thumbnail":"https:\/\/www.lang-und-heyne.de\/dateien\/2022\/10\/LH_Georg_Variation_Rose_Rose_Schwarz_Schwarz-150x150.png","post-thumbnail-width":150,"post-thumbnail-height":150,"wide":"https:\/\/www.lang-und-heyne.de\/dateien\/2022\/10\/LH_Georg_Variation_Rose_Rose_Schwarz_Schwarz.png","wide-width":850,"wide-height":1400}},"beschreibung":"or rose 18 cts<br \/>\nAiguilles lancettes en or rose<br \/>\ncadran argent\u00e9 noir galvanique "},{"bild":{"ID":7949,"id":7949,"title":"LH_Georg_Variation_Rose_Rose_Weiss_Braun","filename":"LH_Georg_Variation_Rose_Rose_Weiss_Braun.png","filesize":1139979,"url":"https:\/\/www.lang-und-heyne.de\/dateien\/2022\/10\/LH_Georg_Variation_Rose_Rose_Weiss_Braun.png","link":"https:\/\/www.lang-und-heyne.de\/fr\/modelle\/georg\/lh_georg_variation_rose_rose_weiss_braun-2\/","alt":"","author":"2","description":"","caption":"","name":"lh_georg_variation_rose_rose_weiss_braun-2","status":"inherit","uploaded_to":7917,"date":"2023-05-05 08:31:15","modified":"2023-05-05 08:31:15","menu_order":0,"mime_type":"image\/png","type":"image","subtype":"png","icon":"https:\/\/www.lang-und-heyne.de\/wp-includes\/images\/media\/default.png","width":850,"height":1400,"sizes":{"thumbnail":"https:\/\/www.lang-und-heyne.de\/dateien\/2022\/10\/LH_Georg_Variation_Rose_Rose_Weiss_Braun-150x150.png","thumbnail-width":150,"thumbnail-height":150,"medium":"https:\/\/www.lang-und-heyne.de\/dateien\/2022\/10\/LH_Georg_Variation_Rose_Rose_Weiss_Braun-182x300.png","medium-width":182,"medium-height":300,"medium_large":"https:\/\/www.lang-und-heyne.de\/dateien\/2022\/10\/LH_Georg_Variation_Rose_Rose_Weiss_Braun-768x1265.png","medium_large-width":768,"medium_large-height":1265,"large":"https:\/\/www.lang-und-heyne.de\/dateien\/2022\/10\/LH_Georg_Variation_Rose_Rose_Weiss_Braun-622x1024.png","large-width":622,"large-height":1024,"1536x1536":"https:\/\/www.lang-und-heyne.de\/dateien\/2022\/10\/LH_Georg_Variation_Rose_Rose_Weiss_Braun.png","1536x1536-width":850,"1536x1536-height":1400,"2048x2048":"https:\/\/www.lang-und-heyne.de\/dateien\/2022\/10\/LH_Georg_Variation_Rose_Rose_Weiss_Braun.png","2048x2048-width":850,"2048x2048-height":1400,"post-thumbnail":"https:\/\/www.lang-und-heyne.de\/dateien\/2022\/10\/LH_Georg_Variation_Rose_Rose_Weiss_Braun-150x150.png","post-thumbnail-width":150,"post-thumbnail-height":150,"wide":"https:\/\/www.lang-und-heyne.de\/dateien\/2022\/10\/LH_Georg_Variation_Rose_Rose_Weiss_Braun.png","wide-width":850,"wide-height":1400}},"beschreibung":"Or rose 18 cts<br \/>\nAiguilles lancettes en or rose<br \/>\nCadran \u00e9maill\u00e9 blanc "},{"bild":{"ID":7958,"id":7958,"title":"LH_GeorgSS-Panda_Soldat","filename":"LH_GeorgSS-Panda_Soldat.png","filesize":346404,"url":"https:\/\/www.lang-und-heyne.de\/dateien\/2022\/10\/LH_GeorgSS-Panda_Soldat.png","link":"https:\/\/www.lang-und-heyne.de\/fr\/modelle\/georg\/lh_georgss-panda_soldat-2\/","alt":"","author":"5","description":"","caption":"","name":"lh_georgss-panda_soldat-2","status":"inherit","uploaded_to":7917,"date":"2024-09-11 11:35:17","modified":"2024-09-11 11:35:17","menu_order":0,"mime_type":"image\/png","type":"image","subtype":"png","icon":"https:\/\/www.lang-und-heyne.de\/wp-includes\/images\/media\/default.png","width":850,"height":1400,"sizes":{"thumbnail":"https:\/\/www.lang-und-heyne.de\/dateien\/2022\/10\/LH_GeorgSS-Panda_Soldat-150x150.png","thumbnail-width":150,"thumbnail-height":150,"medium":"https:\/\/www.lang-und-heyne.de\/dateien\/2022\/10\/LH_GeorgSS-Panda_Soldat-182x300.png","medium-width":182,"medium-height":300,"medium_large":"https:\/\/www.lang-und-heyne.de\/dateien\/2022\/10\/LH_GeorgSS-Panda_Soldat-768x1265.png","medium_large-width":768,"medium_large-height":1265,"large":"https:\/\/www.lang-und-heyne.de\/dateien\/2022\/10\/LH_GeorgSS-Panda_Soldat-622x1024.png","large-width":622,"large-height":1024,"1536x1536":"https:\/\/www.lang-und-heyne.de\/dateien\/2022\/10\/LH_GeorgSS-Panda_Soldat.png","1536x1536-width":850,"1536x1536-height":1400,"2048x2048":"https:\/\/www.lang-und-heyne.de\/dateien\/2022\/10\/LH_GeorgSS-Panda_Soldat.png","2048x2048-width":850,"2048x2048-height":1400,"post-thumbnail":"https:\/\/www.lang-und-heyne.de\/dateien\/2022\/10\/LH_GeorgSS-Panda_Soldat-150x150.png","post-thumbnail-width":150,"post-thumbnail-height":150,"wide":"https:\/\/www.lang-und-heyne.de\/dateien\/2022\/10\/LH_GeorgSS-Panda_Soldat.png","wide-width":850,"wide-height":1400}},"beschreibung":"Acier inoxydable<br \/>\nAiguilles cath\u00e9drale en acier poli<br \/>\ngalvanis\u00e9 noir avec petite seconde blanc champagne"}],"technical":{"anzeige":"Affichage des heures et des minutes<br \/>\nGrande seconde d\u00e9centr\u00e9e \u00d8 14,5 mm","zifferblatt":"Rectangulaire deux pi\u00e8ces blanc \"Grand Feu\" - \u00e9mail ou<br \/>\nnoir galvanis\u00e9 en argent massif<br \/>\nChiffres Art d\u00e9co avec accents bleus ou rouges<br \/>\nAiguilles lancettes","house":"Dimensions sans cornes<br \/>\nDiam\u00e8tre : 40 x 32 mm \u2013 Hauteur : 9,4 mm<br \/>\nVerre saphir et fond saphir<br \/>\n\u00c9tanch\u00e9it\u00e9 jusqu\u2019\u00e0 3 bar","armband":"Cuir d'alligator<br \/>\nBoucle ardillon ou d\u00e9ployante"},"datenblatt":{"ID":7954,"id":7954,"title":"LangHeyne_Factsheet_Georg","filename":"LangHeyne_Factsheet_Georg.pdf","filesize":381760,"url":"https:\/\/www.lang-und-heyne.de\/dateien\/2023\/07\/LangHeyne_Factsheet_Georg.pdf","link":"https:\/\/www.lang-und-heyne.de\/fr\/modelle\/georg\/langheyne_factsheet_georg-2\/","alt":"","author":"5","description":"","caption":"","name":"langheyne_factsheet_georg-2","status":"inherit","uploaded_to":7917,"date":"2023-07-03 07:08:16","modified":"2023-07-03 07:08:16","menu_order":0,"mime_type":"application\/pdf","type":"application","subtype":"pdf","icon":"https:\/\/www.lang-und-heyne.de\/wp-includes\/images\/media\/document.png"},"galerie":[{"bild":{"ID":7956,"id":7956,"title":"LH_Georg_Bildergalerie","filename":"LH_Georg_Bildergalerie.jpg","filesize":432829,"url":"https:\/\/www.lang-und-heyne.de\/dateien\/2022\/10\/LH_Georg_Bildergalerie.jpg","link":"https:\/\/www.lang-und-heyne.de\/fr\/modelle\/georg\/lh_georg_bildergalerie-2\/","alt":"","author":"5","description":"","caption":"","name":"lh_georg_bildergalerie-2","status":"inherit","uploaded_to":7917,"date":"2024-02-28 10:19:16","modified":"2024-02-28 10:19:16","menu_order":0,"mime_type":"image\/jpeg","type":"image","subtype":"jpeg","icon":"https:\/\/www.lang-und-heyne.de\/wp-includes\/images\/media\/default.png","width":1500,"height":960,"sizes":{"thumbnail":"https:\/\/www.lang-und-heyne.de\/dateien\/2022\/10\/LH_Georg_Bildergalerie-150x150.jpg","thumbnail-width":150,"thumbnail-height":150,"medium":"https:\/\/www.lang-und-heyne.de\/dateien\/2022\/10\/LH_Georg_Bildergalerie-300x192.jpg","medium-width":300,"medium-height":192,"medium_large":"https:\/\/www.lang-und-heyne.de\/dateien\/2022\/10\/LH_Georg_Bildergalerie-768x492.jpg","medium_large-width":768,"medium_large-height":492,"large":"https:\/\/www.lang-und-heyne.de\/dateien\/2022\/10\/LH_Georg_Bildergalerie-1024x655.jpg","large-width":1024,"large-height":655,"1536x1536":"https:\/\/www.lang-und-heyne.de\/dateien\/2022\/10\/LH_Georg_Bildergalerie.jpg","1536x1536-width":1500,"1536x1536-height":960,"2048x2048":"https:\/\/www.lang-und-heyne.de\/dateien\/2022\/10\/LH_Georg_Bildergalerie.jpg","2048x2048-width":1500,"2048x2048-height":960,"post-thumbnail":"https:\/\/www.lang-und-heyne.de\/dateien\/2022\/10\/LH_Georg_Bildergalerie-150x150.jpg","post-thumbnail-width":150,"post-thumbnail-height":150,"wide":"https:\/\/www.lang-und-heyne.de\/dateien\/2022\/10\/LH_Georg_Bildergalerie-1400x896.jpg","wide-width":1400,"wide-height":896}},"beschreibung":"cadran \u00e9maill\u00e9 blanc \"Grand Feu\", cadran galvanis\u00e9 noir avec accents rouges ou galvanis\u00e9 noir avec petite seconde blanc champagne"},{"bild":{"ID":7941,"id":7941,"title":"LH_Georg_Detail_CaliberVII","filename":"LH_Georg_Detail_CaliberVII.jpg","filesize":585839,"url":"https:\/\/www.lang-und-heyne.de\/dateien\/2022\/10\/LH_Georg_Detail_CaliberVII.jpg","link":"https:\/\/www.lang-und-heyne.de\/fr\/modelle\/georg\/lh_georg_detail_calibervii-2\/","alt":"","author":"2","description":"","caption":"","name":"lh_georg_detail_calibervii-2","status":"inherit","uploaded_to":7917,"date":"2023-04-21 09:00:05","modified":"2023-04-21 09:00:05","menu_order":0,"mime_type":"image\/jpeg","type":"image","subtype":"jpeg","icon":"https:\/\/www.lang-und-heyne.de\/wp-includes\/images\/media\/default.png","width":1500,"height":960,"sizes":{"thumbnail":"https:\/\/www.lang-und-heyne.de\/dateien\/2022\/10\/LH_Georg_Detail_CaliberVII-150x150.jpg","thumbnail-width":150,"thumbnail-height":150,"medium":"https:\/\/www.lang-und-heyne.de\/dateien\/2022\/10\/LH_Georg_Detail_CaliberVII-300x192.jpg","medium-width":300,"medium-height":192,"medium_large":"https:\/\/www.lang-und-heyne.de\/dateien\/2022\/10\/LH_Georg_Detail_CaliberVII-768x492.jpg","medium_large-width":768,"medium_large-height":492,"large":"https:\/\/www.lang-und-heyne.de\/dateien\/2022\/10\/LH_Georg_Detail_CaliberVII-1024x655.jpg","large-width":1024,"large-height":655,"1536x1536":"https:\/\/www.lang-und-heyne.de\/dateien\/2022\/10\/LH_Georg_Detail_CaliberVII.jpg","1536x1536-width":1500,"1536x1536-height":960,"2048x2048":"https:\/\/www.lang-und-heyne.de\/dateien\/2022\/10\/LH_Georg_Detail_CaliberVII.jpg","2048x2048-width":1500,"2048x2048-height":960,"post-thumbnail":"https:\/\/www.lang-und-heyne.de\/dateien\/2022\/10\/LH_Georg_Detail_CaliberVII-150x150.jpg","post-thumbnail-width":150,"post-thumbnail-height":150,"wide":"https:\/\/www.lang-und-heyne.de\/dateien\/2022\/10\/LH_Georg_Detail_CaliberVII-1400x896.jpg","wide-width":1400,"wide-height":896}},"beschreibung":"Caliber VIII"},{"bild":{"ID":7943,"id":7943,"title":"LH_Georg_Detail_Woelbung","filename":"LH_Georg_Detail_Woelbung.jpg","filesize":219116,"url":"https:\/\/www.lang-und-heyne.de\/dateien\/2022\/10\/LH_Georg_Detail_Woelbung.jpg","link":"https:\/\/www.lang-und-heyne.de\/fr\/modelle\/georg\/lh_georg_detail_woelbung-2\/","alt":"","author":"2","description":"","caption":"","name":"lh_georg_detail_woelbung-2","status":"inherit","uploaded_to":7917,"date":"2023-04-21 09:53:58","modified":"2023-04-21 09:53:58","menu_order":0,"mime_type":"image\/jpeg","type":"image","subtype":"jpeg","icon":"https:\/\/www.lang-und-heyne.de\/wp-includes\/images\/media\/default.png","width":1500,"height":960,"sizes":{"thumbnail":"https:\/\/www.lang-und-heyne.de\/dateien\/2022\/10\/LH_Georg_Detail_Woelbung-150x150.jpg","thumbnail-width":150,"thumbnail-height":150,"medium":"https:\/\/www.lang-und-heyne.de\/dateien\/2022\/10\/LH_Georg_Detail_Woelbung-300x192.jpg","medium-width":300,"medium-height":192,"medium_large":"https:\/\/www.lang-und-heyne.de\/dateien\/2022\/10\/LH_Georg_Detail_Woelbung-768x492.jpg","medium_large-width":768,"medium_large-height":492,"large":"https:\/\/www.lang-und-heyne.de\/dateien\/2022\/10\/LH_Georg_Detail_Woelbung-1024x655.jpg","large-width":1024,"large-height":655,"1536x1536":"https:\/\/www.lang-und-heyne.de\/dateien\/2022\/10\/LH_Georg_Detail_Woelbung.jpg","1536x1536-width":1500,"1536x1536-height":960,"2048x2048":"https:\/\/www.lang-und-heyne.de\/dateien\/2022\/10\/LH_Georg_Detail_Woelbung.jpg","2048x2048-width":1500,"2048x2048-height":960,"post-thumbnail":"https:\/\/www.lang-und-heyne.de\/dateien\/2022\/10\/LH_Georg_Detail_Woelbung-150x150.jpg","post-thumbnail-width":150,"post-thumbnail-height":150,"wide":"https:\/\/www.lang-und-heyne.de\/dateien\/2022\/10\/LH_Georg_Detail_Woelbung-1400x896.jpg","wide-width":1400,"wide-height":896}},"beschreibung":"un grand confort de port gr\u00e2ce \u00e0 la forme bomb\u00e9e du bo\u00eetier de la montre rectangulaire"},{"bild":{"ID":7944,"id":7944,"title":"LH_Georg_Detail_Werk","filename":"LH_Georg_Detail_Werk.jpg","filesize":1026832,"url":"https:\/\/www.lang-und-heyne.de\/dateien\/2022\/10\/LH_Georg_Detail_Werk.jpg","link":"https:\/\/www.lang-und-heyne.de\/fr\/modelle\/georg\/lh_georg_detail_werk-2\/","alt":"","author":"2","description":"","caption":"","name":"lh_georg_detail_werk-2","status":"inherit","uploaded_to":7917,"date":"2023-04-21 09:56:09","modified":"2023-04-21 09:56:09","menu_order":0,"mime_type":"image\/jpeg","type":"image","subtype":"jpeg","icon":"https:\/\/www.lang-und-heyne.de\/wp-includes\/images\/media\/default.png","width":1500,"height":960,"sizes":{"thumbnail":"https:\/\/www.lang-und-heyne.de\/dateien\/2022\/10\/LH_Georg_Detail_Werk-150x150.jpg","thumbnail-width":150,"thumbnail-height":150,"medium":"https:\/\/www.lang-und-heyne.de\/dateien\/2022\/10\/LH_Georg_Detail_Werk-300x192.jpg","medium-width":300,"medium-height":192,"medium_large":"https:\/\/www.lang-und-heyne.de\/dateien\/2022\/10\/LH_Georg_Detail_Werk-768x492.jpg","medium_large-width":768,"medium_large-height":492,"large":"https:\/\/www.lang-und-heyne.de\/dateien\/2022\/10\/LH_Georg_Detail_Werk-1024x655.jpg","large-width":1024,"large-height":655,"1536x1536":"https:\/\/www.lang-und-heyne.de\/dateien\/2022\/10\/LH_Georg_Detail_Werk.jpg","1536x1536-width":1500,"1536x1536-height":960,"2048x2048":"https:\/\/www.lang-und-heyne.de\/dateien\/2022\/10\/LH_Georg_Detail_Werk.jpg","2048x2048-width":1500,"2048x2048-height":960,"post-thumbnail":"https:\/\/www.lang-und-heyne.de\/dateien\/2022\/10\/LH_Georg_Detail_Werk-150x150.jpg","post-thumbnail-width":150,"post-thumbnail-height":150,"wide":"https:\/\/www.lang-und-heyne.de\/dateien\/2022\/10\/LH_Georg_Detail_Werk-1400x896.jpg","wide-width":1400,"wide-height":896}},"beschreibung":"Version Caliber VIII en tant que mouvement \u00e0 gonds"}],"testimonial":{"":null,"bild_links":{"ID":7955,"id":7955,"title":"LH_Kachel_Georg-Montage","filename":"LH_Kachel_Georg-Montage-1.jpg","filesize":218427,"url":"https:\/\/www.lang-und-heyne.de\/dateien\/2022\/10\/LH_Kachel_Georg-Montage-1.jpg","link":"https:\/\/www.lang-und-heyne.de\/fr\/modelle\/georg\/lh_kachel_georg-montage-3\/","alt":"","author":"5","description":"","caption":"","name":"lh_kachel_georg-montage-3","status":"inherit","uploaded_to":7917,"date":"2023-07-28 11:47:06","modified":"2023-07-28 11:47:06","menu_order":0,"mime_type":"image\/jpeg","type":"image","subtype":"jpeg","icon":"https:\/\/www.lang-und-heyne.de\/wp-includes\/images\/media\/default.png","width":860,"height":1000,"sizes":{"thumbnail":"https:\/\/www.lang-und-heyne.de\/dateien\/2022\/10\/LH_Kachel_Georg-Montage-1-150x150.jpg","thumbnail-width":150,"thumbnail-height":150,"medium":"https:\/\/www.lang-und-heyne.de\/dateien\/2022\/10\/LH_Kachel_Georg-Montage-1-258x300.jpg","medium-width":258,"medium-height":300,"medium_large":"https:\/\/www.lang-und-heyne.de\/dateien\/2022\/10\/LH_Kachel_Georg-Montage-1-768x893.jpg","medium_large-width":768,"medium_large-height":893,"large":"https:\/\/www.lang-und-heyne.de\/dateien\/2022\/10\/LH_Kachel_Georg-Montage-1.jpg","large-width":860,"large-height":1000,"1536x1536":"https:\/\/www.lang-und-heyne.de\/dateien\/2022\/10\/LH_Kachel_Georg-Montage-1.jpg","1536x1536-width":860,"1536x1536-height":1000,"2048x2048":"https:\/\/www.lang-und-heyne.de\/dateien\/2022\/10\/LH_Kachel_Georg-Montage-1.jpg","2048x2048-width":860,"2048x2048-height":1000,"post-thumbnail":"https:\/\/www.lang-und-heyne.de\/dateien\/2022\/10\/LH_Kachel_Georg-Montage-1-150x150.jpg","post-thumbnail-width":150,"post-thumbnail-height":150,"wide":"https:\/\/www.lang-und-heyne.de\/dateien\/2022\/10\/LH_Kachel_Georg-Montage-1.jpg","wide-width":860,"wide-height":1000}},"zitat":"La construction impressionnante du mouvement \u00e0 coq permet de contempler avec admiration l'art horloger et la m\u00e9canique dans toute leur splendeur.","autor":"","seitenverkehrt":false,"smalltext":true,"bild_oder_animiertes_gif":false,"bild_rechts":false,"bild_rechts_gif":{"ID":7952,"id":7952,"title":"LH_Georg_Video","filename":"LH_Georg_Video-2.mp4","filesize":3629640,"url":"https:\/\/www.lang-und-heyne.de\/dateien\/2022\/10\/LH_Georg_Video-2.mp4","link":"https:\/\/www.lang-und-heyne.de\/fr\/modelle\/georg\/lh_georg_video-2-3\/","alt":"","author":"2","description":"","caption":"","name":"lh_georg_video-2-3","status":"inherit","uploaded_to":7917,"date":"2023-05-10 14:00:46","modified":"2023-05-10 14:00:46","menu_order":0,"mime_type":"video\/mp4","type":"video","subtype":"mp4","icon":"https:\/\/www.lang-und-heyne.de\/wp-includes\/images\/media\/video.png","width":998,"height":704},"extrabild":true,"detail":false,"additionalinfo":false,"zusatzinfo":{"text":"","link":null,"linktext":""}},"caliber":{"ID":8609,"post_author":"5","post_date":"2022-12-08 15:19:29","post_date_gmt":"2022-12-08 14:19:29","post_content":"<!-- wp:separator -->\n<hr class=\"wp-block-separator has-alpha-channel-opacity\"\/>\n<!-- \/wp:separator -->","post_title":"Caliber VIII","post_excerpt":"","post_status":"publish","comment_status":"closed","ping_status":"closed","post_password":"","post_name":"caliber-viii-2","to_ping":"","pinged":"","post_modified":"2025-10-24 15:54:09","post_modified_gmt":"2025-10-24 13:54:09","post_content_filtered":"","post_parent":0,"guid":"https:\/\/www.lang-und-heyne.de\/caliber\/caliber-viii-2\/","menu_order":69,"post_type":"caliber","post_mime_type":"","comment_count":"0","filter":"raw"},"shorttext":"Une g\u00e9om\u00e9trie et un design harmonieux","longtext":"<p>Georg se distingue par la puret\u00e9 de ses contours, de ses lignes et des bords de son bo\u00eetier. Le cadran avec ses chiffres, ses aiguilles et sa grande seconde se fondent dans une esth\u00e9tique horlog\u00e8re unique. Le fond en verre saphir permet d&rsquo;admirer l&rsquo;architecture minimaliste et sophistiqu\u00e9e du mouvement. Les composants aux finitions \u00e9labor\u00e9es font de cette montre m\u00e9canique un chef-d&rsquo;\u0153uvre. La forme bomb\u00e9e du bo\u00eetier \u00e9pouse parfaitement la forme du bras. L&rsquo;\u00e9norme cadran excentr\u00e9 des secondes donne \u00e0 chacune d&rsquo;entre elles la valeur qu&rsquo;elle m\u00e9rite.     <\/p>\n","text_variationen":"Les illustrations montrent une s\u00e9lection de variantes possibles"},"wpml_current_locale":"fr_FR","wpml_translations":{"en_US":{"locale":"en_US","id":2720,"slug":"georg","post_title":"Georg","href":"https:\/\/www.lang-und-heyne.de\/en\/modelle\/georg\/"},"de_DE":{"locale":"de_DE","id":12,"slug":"georg","post_title":"Georg","href":"https:\/\/www.lang-und-heyne.de\/modelle\/georg\/"},"es_ES":{"locale":"es_ES","id":7960,"slug":"george","post_title":"George","href":"https:\/\/www.lang-und-heyne.de\/es\/modelle\/george\/"},"ja":{"locale":"ja","id":3107,"slug":"georg","post_title":"\u30b2\u30aa\u30eb\u30af","href":"https:\/\/www.lang-und-heyne.de\/ja\/modelle\/georg\/"},"zh_CN":{"locale":"zh_CN","id":4292,"slug":"georg","post_title":"\u4e54\u6cbb","href":"https:\/\/www.lang-und-heyne.de\/zh-hans\/modelle\/georg\/"}},"_links":{"self":[{"href":"https:\/\/www.lang-und-heyne.de\/fr\/wp-json\/wp\/v2\/uhren\/7917","targetHints":{"allow":["GET"]}}],"collection":[{"href":"https:\/\/www.lang-und-heyne.de\/fr\/wp-json\/wp\/v2\/uhren"}],"about":[{"href":"https:\/\/www.lang-und-heyne.de\/fr\/wp-json\/wp\/v2\/types\/uhren"}],"version-history":[{"count":1,"href":"https:\/\/www.lang-und-heyne.de\/fr\/wp-json\/wp\/v2\/uhren\/7917\/revisions"}],"predecessor-version":[{"id":7959,"href":"https:\/\/www.lang-und-heyne.de\/fr\/wp-json\/wp\/v2\/uhren\/7917\/revisions\/7959"}],"wp:featuredmedia":[{"embeddable":true,"href":"https:\/\/www.lang-und-heyne.de\/fr\/wp-json\/wp\/v2\/media\/7957"}],"wp:attachment":[{"href":"https:\/\/www.lang-und-heyne.de\/fr\/wp-json\/wp\/v2\/media?parent=7917"}],"curies":[{"name":"wp","href":"https:\/\/api.w.org\/{rel}","templated":true}]}}