{"id":8083,"date":"2022-10-25T21:13:36","date_gmt":"2022-10-25T19:13:36","guid":{"rendered":"https:\/\/www.lang-und-heyne.de\/modelle\/frederic-iii\/"},"modified":"2025-04-01T14:48:23","modified_gmt":"2025-04-01T12:48:23","slug":"frederic-iii","status":"publish","type":"uhren","link":"https:\/\/www.lang-und-heyne.de\/fr\/modelle\/frederic-iii\/","title":{"rendered":"Fr\u00e9d\u00e9ric III"},"content":{"rendered":"\n<hr class=\"wp-block-separator has-alpha-channel-opacity\"\/>\n","protected":false},"featured_media":8085,"parent":0,"menu_order":87,"template":"","class_list":["post-8083","uhren","type-uhren","status-publish","has-post-thumbnail","hentry"],"acf":{"soldier":{"ID":8090,"id":8090,"title":"LH_FriedrichIII_Variation_Rose_Weiss_RoseK_Dunkelbraun","filename":"LH_FriedrichIII_Variation_Rose_Weiss_RoseK_Dunkelbraun.png","filesize":1346467,"url":"https:\/\/www.lang-und-heyne.de\/dateien\/2022\/10\/LH_FriedrichIII_Variation_Rose_Weiss_RoseK_Dunkelbraun.png","link":"https:\/\/www.lang-und-heyne.de\/fr\/modelle\/frederic-iii\/lh_friedrichiii_variation_rose_weiss_rosek_dunkelbraun-2\/","alt":"","author":"2","description":"","caption":"","name":"lh_friedrichiii_variation_rose_weiss_rosek_dunkelbraun-2","status":"inherit","uploaded_to":8083,"date":"2023-05-08 10:04:30","modified":"2023-05-08 10:04:30","menu_order":0,"mime_type":"image\/png","type":"image","subtype":"png","icon":"https:\/\/www.lang-und-heyne.de\/wp-includes\/images\/media\/default.png","width":850,"height":1400,"sizes":{"thumbnail":"https:\/\/www.lang-und-heyne.de\/dateien\/2022\/10\/LH_FriedrichIII_Variation_Rose_Weiss_RoseK_Dunkelbraun-150x150.png","thumbnail-width":150,"thumbnail-height":150,"medium":"https:\/\/www.lang-und-heyne.de\/dateien\/2022\/10\/LH_FriedrichIII_Variation_Rose_Weiss_RoseK_Dunkelbraun-182x300.png","medium-width":182,"medium-height":300,"medium_large":"https:\/\/www.lang-und-heyne.de\/dateien\/2022\/10\/LH_FriedrichIII_Variation_Rose_Weiss_RoseK_Dunkelbraun-768x1265.png","medium_large-width":768,"medium_large-height":1265,"large":"https:\/\/www.lang-und-heyne.de\/dateien\/2022\/10\/LH_FriedrichIII_Variation_Rose_Weiss_RoseK_Dunkelbraun-622x1024.png","large-width":622,"large-height":1024,"1536x1536":"https:\/\/www.lang-und-heyne.de\/dateien\/2022\/10\/LH_FriedrichIII_Variation_Rose_Weiss_RoseK_Dunkelbraun.png","1536x1536-width":850,"1536x1536-height":1400,"2048x2048":"https:\/\/www.lang-und-heyne.de\/dateien\/2022\/10\/LH_FriedrichIII_Variation_Rose_Weiss_RoseK_Dunkelbraun.png","2048x2048-width":850,"2048x2048-height":1400,"post-thumbnail":"https:\/\/www.lang-und-heyne.de\/dateien\/2022\/10\/LH_FriedrichIII_Variation_Rose_Weiss_RoseK_Dunkelbraun-150x150.png","post-thumbnail-width":150,"post-thumbnail-height":150,"wide":"https:\/\/www.lang-und-heyne.de\/dateien\/2022\/10\/LH_FriedrichIII_Variation_Rose_Weiss_RoseK_Dunkelbraun.png","wide-width":850,"wide-height":1400}},"slider":[{"bild":{"ID":8085,"id":8085,"title":"Friedrich3Hero","filename":"Friedrich3Hero.png","filesize":894950,"url":"https:\/\/www.lang-und-heyne.de\/dateien\/2022\/10\/Friedrich3Hero.png","link":"https:\/\/www.lang-und-heyne.de\/fr\/modelle\/frederic-iii\/friedrich3hero-2\/","alt":"","author":"1","description":"","caption":"","name":"friedrich3hero-2","status":"inherit","uploaded_to":8083,"date":"2022-11-08 15:58:28","modified":"2022-11-08 15:58:28","menu_order":0,"mime_type":"image\/png","type":"image","subtype":"png","icon":"https:\/\/www.lang-und-heyne.de\/wp-includes\/images\/media\/default.png","width":1920,"height":950,"sizes":{"thumbnail":"https:\/\/www.lang-und-heyne.de\/dateien\/2022\/10\/Friedrich3Hero-150x150.png","thumbnail-width":150,"thumbnail-height":150,"medium":"https:\/\/www.lang-und-heyne.de\/dateien\/2022\/10\/Friedrich3Hero-300x148.png","medium-width":300,"medium-height":148,"medium_large":"https:\/\/www.lang-und-heyne.de\/dateien\/2022\/10\/Friedrich3Hero-768x380.png","medium_large-width":768,"medium_large-height":380,"large":"https:\/\/www.lang-und-heyne.de\/dateien\/2022\/10\/Friedrich3Hero-1024x507.png","large-width":1024,"large-height":507,"1536x1536":"https:\/\/www.lang-und-heyne.de\/dateien\/2022\/10\/Friedrich3Hero-1536x760.png","1536x1536-width":1536,"1536x1536-height":760,"2048x2048":"https:\/\/www.lang-und-heyne.de\/dateien\/2022\/10\/Friedrich3Hero.png","2048x2048-width":1920,"2048x2048-height":950,"post-thumbnail":"https:\/\/www.lang-und-heyne.de\/dateien\/2022\/10\/Friedrich3Hero-150x150.png","post-thumbnail-width":150,"post-thumbnail-height":150,"wide":"https:\/\/www.lang-und-heyne.de\/dateien\/2022\/10\/Friedrich3Hero-1400x693.png","wide-width":1400,"wide-height":693}}}],"subtype":"model","shortdata":{"gehause":"Diam\u00e8tre 39,2 mm<br \/>\nHauteur 10,5 mm<br \/>\n","anzeige":"Affichage des heures et des minutes<br \/>\nGrande seconde d\u00e9centr\u00e9e","werk":"Calibre VI <br \/>\n\u00e0 remontage manuel<br \/>\n55 heures d'autonomie<br \/>\nstop seconde"},"caliber":{"ID":8574,"post_author":"5","post_date":"2023-04-28 13:51:03","post_date_gmt":"2023-04-28 11:51:03","post_content":"<!-- wp:separator -->\n<hr class=\"wp-block-separator has-alpha-channel-opacity\"\/>\n<!-- \/wp:separator -->","post_title":"Caliber VI","post_excerpt":"","post_status":"publish","comment_status":"closed","ping_status":"closed","post_password":"","post_name":"caliber-vi-2","to_ping":"","pinged":"","post_modified":"2025-10-24 15:56:58","post_modified_gmt":"2025-10-24 13:56:58","post_content_filtered":"","post_parent":0,"guid":"https:\/\/www.lang-und-heyne.de\/caliber\/caliber-vi-2\/","menu_order":65,"post_type":"caliber","post_mime_type":"","comment_count":"0","filter":"raw"},"variationen":[{"bild":{"ID":7063,"id":7063,"title":"LH_FriedrichIII_Variation_Weissgold_Weiss_BlauK_Schwarz","filename":"LH_FriedrichIII_Variation_Weissgold_Weiss_BlauK_Schwarz.png","filesize":1330241,"url":"https:\/\/www.lang-und-heyne.de\/dateien\/2023\/05\/LH_FriedrichIII_Variation_Weissgold_Weiss_BlauK_Schwarz.png","link":"https:\/\/www.lang-und-heyne.de\/fr\/start\/lh_friedrichiii_variation_weissgold_weiss_blauk_schwarz-2\/","alt":"","author":"2","description":"","caption":"","name":"lh_friedrichiii_variation_weissgold_weiss_blauk_schwarz-2","status":"inherit","uploaded_to":7035,"date":"2023-05-08 07:58:22","modified":"2023-05-08 07:58:22","menu_order":0,"mime_type":"image\/png","type":"image","subtype":"png","icon":"https:\/\/www.lang-und-heyne.de\/wp-includes\/images\/media\/default.png","width":850,"height":1400,"sizes":{"thumbnail":"https:\/\/www.lang-und-heyne.de\/dateien\/2023\/05\/LH_FriedrichIII_Variation_Weissgold_Weiss_BlauK_Schwarz-150x150.png","thumbnail-width":150,"thumbnail-height":150,"medium":"https:\/\/www.lang-und-heyne.de\/dateien\/2023\/05\/LH_FriedrichIII_Variation_Weissgold_Weiss_BlauK_Schwarz-182x300.png","medium-width":182,"medium-height":300,"medium_large":"https:\/\/www.lang-und-heyne.de\/dateien\/2023\/05\/LH_FriedrichIII_Variation_Weissgold_Weiss_BlauK_Schwarz-768x1265.png","medium_large-width":768,"medium_large-height":1265,"large":"https:\/\/www.lang-und-heyne.de\/dateien\/2023\/05\/LH_FriedrichIII_Variation_Weissgold_Weiss_BlauK_Schwarz-622x1024.png","large-width":622,"large-height":1024,"1536x1536":"https:\/\/www.lang-und-heyne.de\/dateien\/2023\/05\/LH_FriedrichIII_Variation_Weissgold_Weiss_BlauK_Schwarz.png","1536x1536-width":850,"1536x1536-height":1400,"2048x2048":"https:\/\/www.lang-und-heyne.de\/dateien\/2023\/05\/LH_FriedrichIII_Variation_Weissgold_Weiss_BlauK_Schwarz.png","2048x2048-width":850,"2048x2048-height":1400,"post-thumbnail":"https:\/\/www.lang-und-heyne.de\/dateien\/2023\/05\/LH_FriedrichIII_Variation_Weissgold_Weiss_BlauK_Schwarz-150x150.png","post-thumbnail-width":150,"post-thumbnail-height":150,"wide":"https:\/\/www.lang-und-heyne.de\/dateien\/2023\/05\/LH_FriedrichIII_Variation_Weissgold_Weiss_BlauK_Schwarz.png","wide-width":850,"wide-height":1400}},"beschreibung":"Acier inoxydable<br \/>\nAiguilles cath\u00e9drales en acier bleui<br \/>\nCadran argent\u00e9 mat clair"},{"bild":{"ID":8091,"id":8091,"title":"LH_FriedrichIII_Variation_Rose_Schwarz_RoseK_Braun","filename":"LH_FriedrichIII_Variation_Rose_Schwarz_RoseK_Braun.png","filesize":1180035,"url":"https:\/\/www.lang-und-heyne.de\/dateien\/2022\/10\/LH_FriedrichIII_Variation_Rose_Schwarz_RoseK_Braun.png","link":"https:\/\/www.lang-und-heyne.de\/fr\/modelle\/frederic-iii\/lh_friedrichiii_variation_rose_schwarz_rosek_braun-2\/","alt":"","author":"2","description":"","caption":"","name":"lh_friedrichiii_variation_rose_schwarz_rosek_braun-2","status":"inherit","uploaded_to":8083,"date":"2023-05-08 10:22:05","modified":"2023-05-08 10:22:05","menu_order":0,"mime_type":"image\/png","type":"image","subtype":"png","icon":"https:\/\/www.lang-und-heyne.de\/wp-includes\/images\/media\/default.png","width":850,"height":1400,"sizes":{"thumbnail":"https:\/\/www.lang-und-heyne.de\/dateien\/2022\/10\/LH_FriedrichIII_Variation_Rose_Schwarz_RoseK_Braun-150x150.png","thumbnail-width":150,"thumbnail-height":150,"medium":"https:\/\/www.lang-und-heyne.de\/dateien\/2022\/10\/LH_FriedrichIII_Variation_Rose_Schwarz_RoseK_Braun-182x300.png","medium-width":182,"medium-height":300,"medium_large":"https:\/\/www.lang-und-heyne.de\/dateien\/2022\/10\/LH_FriedrichIII_Variation_Rose_Schwarz_RoseK_Braun-768x1265.png","medium_large-width":768,"medium_large-height":1265,"large":"https:\/\/www.lang-und-heyne.de\/dateien\/2022\/10\/LH_FriedrichIII_Variation_Rose_Schwarz_RoseK_Braun-622x1024.png","large-width":622,"large-height":1024,"1536x1536":"https:\/\/www.lang-und-heyne.de\/dateien\/2022\/10\/LH_FriedrichIII_Variation_Rose_Schwarz_RoseK_Braun.png","1536x1536-width":850,"1536x1536-height":1400,"2048x2048":"https:\/\/www.lang-und-heyne.de\/dateien\/2022\/10\/LH_FriedrichIII_Variation_Rose_Schwarz_RoseK_Braun.png","2048x2048-width":850,"2048x2048-height":1400,"post-thumbnail":"https:\/\/www.lang-und-heyne.de\/dateien\/2022\/10\/LH_FriedrichIII_Variation_Rose_Schwarz_RoseK_Braun-150x150.png","post-thumbnail-width":150,"post-thumbnail-height":150,"wide":"https:\/\/www.lang-und-heyne.de\/dateien\/2022\/10\/LH_FriedrichIII_Variation_Rose_Schwarz_RoseK_Braun.png","wide-width":850,"wide-height":1400}},"beschreibung":"Or rose 18 cts <br \/>\nAiguilles cath\u00e9drale en or rose<br \/>\nCadran argent\u00e9 galvanis\u00e9 noir "},{"bild":{"ID":8092,"id":8092,"title":"LH_FriedrichIII_Variation_Edelstahl_Blau_StahlP_Dunkelbraun","filename":"LH_FriedrichIII_Variation_Edelstahl_Blau_StahlP_Dunkelbraun.png","filesize":1367976,"url":"https:\/\/www.lang-und-heyne.de\/dateien\/2022\/10\/LH_FriedrichIII_Variation_Edelstahl_Blau_StahlP_Dunkelbraun.png","link":"https:\/\/www.lang-und-heyne.de\/fr\/modelle\/frederic-iii\/lh_friedrichiii_variation_edelstahl_blau_stahlp_dunkelbraun-2\/","alt":"","author":"2","description":"","caption":"","name":"lh_friedrichiii_variation_edelstahl_blau_stahlp_dunkelbraun-2","status":"inherit","uploaded_to":8083,"date":"2023-05-08 10:35:19","modified":"2023-05-08 10:35:19","menu_order":0,"mime_type":"image\/png","type":"image","subtype":"png","icon":"https:\/\/www.lang-und-heyne.de\/wp-includes\/images\/media\/default.png","width":850,"height":1400,"sizes":{"thumbnail":"https:\/\/www.lang-und-heyne.de\/dateien\/2022\/10\/LH_FriedrichIII_Variation_Edelstahl_Blau_StahlP_Dunkelbraun-150x150.png","thumbnail-width":150,"thumbnail-height":150,"medium":"https:\/\/www.lang-und-heyne.de\/dateien\/2022\/10\/LH_FriedrichIII_Variation_Edelstahl_Blau_StahlP_Dunkelbraun-182x300.png","medium-width":182,"medium-height":300,"medium_large":"https:\/\/www.lang-und-heyne.de\/dateien\/2022\/10\/LH_FriedrichIII_Variation_Edelstahl_Blau_StahlP_Dunkelbraun-768x1265.png","medium_large-width":768,"medium_large-height":1265,"large":"https:\/\/www.lang-und-heyne.de\/dateien\/2022\/10\/LH_FriedrichIII_Variation_Edelstahl_Blau_StahlP_Dunkelbraun-622x1024.png","large-width":622,"large-height":1024,"1536x1536":"https:\/\/www.lang-und-heyne.de\/dateien\/2022\/10\/LH_FriedrichIII_Variation_Edelstahl_Blau_StahlP_Dunkelbraun.png","1536x1536-width":850,"1536x1536-height":1400,"2048x2048":"https:\/\/www.lang-und-heyne.de\/dateien\/2022\/10\/LH_FriedrichIII_Variation_Edelstahl_Blau_StahlP_Dunkelbraun.png","2048x2048-width":850,"2048x2048-height":1400,"post-thumbnail":"https:\/\/www.lang-und-heyne.de\/dateien\/2022\/10\/LH_FriedrichIII_Variation_Edelstahl_Blau_StahlP_Dunkelbraun-150x150.png","post-thumbnail-width":150,"post-thumbnail-height":150,"wide":"https:\/\/www.lang-und-heyne.de\/dateien\/2022\/10\/LH_FriedrichIII_Variation_Edelstahl_Blau_StahlP_Dunkelbraun.png","wide-width":850,"wide-height":1400}},"beschreibung":"Acier inoxydable<br \/>\nAiguilles Pike avec HyCeram <br \/>\nCadran argent\u00e9 laqu\u00e9 bleu royal avec second biseau brillant"}],"technical":{"anzeige":"Affichage des heures et des minutes<br \/>\nGrande seconde d\u00e9centr\u00e9e<br \/>\nArr\u00eat \u00e0 la seconde","zifferblatt":"Cadran en argent massif <br \/>\nmat clair, galvanis\u00e9 noir ou saumon<br \/>\nou avec second chanfrein brillant peint en bleu royal ou galvanis\u00e9 noir","house":"Diam\u00e8tre : 39,2 mm \u2013 Hauteur : 10,5 mm<br \/>\nVerre saphir et fond saphir<br \/>\n\u00c9tanch\u00e9it\u00e9 jusqu\u2019\u00e0 3 bar","armband":"Cuir d'alligator avec int\u00e9rieur en peau de requin<br \/>\nBoucle ardillon ou d\u00e9ployante"},"datenblatt":{"ID":8095,"id":8095,"title":"LangHeyne_Factsheet_FriedrichIII","filename":"LangHeyne_Factsheet_FriedrichIII.pdf","filesize":219889,"url":"https:\/\/www.lang-und-heyne.de\/dateien\/2023\/07\/LangHeyne_Factsheet_FriedrichIII.pdf","link":"https:\/\/www.lang-und-heyne.de\/fr\/modelle\/frederic-iii\/langheyne_factsheet_friedrichiii-2\/","alt":"","author":"5","description":"","caption":"","name":"langheyne_factsheet_friedrichiii-2","status":"inherit","uploaded_to":8083,"date":"2023-07-03 07:07:48","modified":"2023-07-03 07:07:48","menu_order":0,"mime_type":"application\/pdf","type":"application","subtype":"pdf","icon":"https:\/\/www.lang-und-heyne.de\/wp-includes\/images\/media\/document.png"},"galerie":[{"bild":{"ID":8086,"id":8086,"title":"LH_F3_Front_Back","filename":"LH_F3_Front_Back-1.jpg","filesize":702184,"url":"https:\/\/www.lang-und-heyne.de\/dateien\/2022\/10\/LH_F3_Front_Back-1.jpg","link":"https:\/\/www.lang-und-heyne.de\/fr\/modelle\/frederic-iii\/lh_f3_front_back-3\/","alt":"","author":"2","description":"","caption":"","name":"lh_f3_front_back-3","status":"inherit","uploaded_to":8083,"date":"2023-05-02 07:02:17","modified":"2023-05-02 07:02:17","menu_order":0,"mime_type":"image\/jpeg","type":"image","subtype":"jpeg","icon":"https:\/\/www.lang-und-heyne.de\/wp-includes\/images\/media\/default.png","width":1500,"height":960,"sizes":{"thumbnail":"https:\/\/www.lang-und-heyne.de\/dateien\/2022\/10\/LH_F3_Front_Back-1-150x150.jpg","thumbnail-width":150,"thumbnail-height":150,"medium":"https:\/\/www.lang-und-heyne.de\/dateien\/2022\/10\/LH_F3_Front_Back-1-300x192.jpg","medium-width":300,"medium-height":192,"medium_large":"https:\/\/www.lang-und-heyne.de\/dateien\/2022\/10\/LH_F3_Front_Back-1-768x492.jpg","medium_large-width":768,"medium_large-height":492,"large":"https:\/\/www.lang-und-heyne.de\/dateien\/2022\/10\/LH_F3_Front_Back-1-1024x655.jpg","large-width":1024,"large-height":655,"1536x1536":"https:\/\/www.lang-und-heyne.de\/dateien\/2022\/10\/LH_F3_Front_Back-1.jpg","1536x1536-width":1500,"1536x1536-height":960,"2048x2048":"https:\/\/www.lang-und-heyne.de\/dateien\/2022\/10\/LH_F3_Front_Back-1.jpg","2048x2048-width":1500,"2048x2048-height":960,"post-thumbnail":"https:\/\/www.lang-und-heyne.de\/dateien\/2022\/10\/LH_F3_Front_Back-1-150x150.jpg","post-thumbnail-width":150,"post-thumbnail-height":150,"wide":"https:\/\/www.lang-und-heyne.de\/dateien\/2022\/10\/LH_F3_Front_Back-1-1400x896.jpg","wide-width":1400,"wide-height":896}},"beschreibung":"Vue de face, dos avec fond saphir"},{"bild":{"ID":8087,"id":8087,"title":"LH_F3_Kathedralzeiger","filename":"LH_F3_Kathedralzeiger.jpg","filesize":697560,"url":"https:\/\/www.lang-und-heyne.de\/dateien\/2022\/10\/LH_F3_Kathedralzeiger.jpg","link":"https:\/\/www.lang-und-heyne.de\/fr\/modelle\/frederic-iii\/lh_f3_kathedralzeiger-2\/","alt":"","author":"2","description":"","caption":"","name":"lh_f3_kathedralzeiger-2","status":"inherit","uploaded_to":8083,"date":"2023-05-02 07:02:32","modified":"2023-05-02 07:02:32","menu_order":0,"mime_type":"image\/jpeg","type":"image","subtype":"jpeg","icon":"https:\/\/www.lang-und-heyne.de\/wp-includes\/images\/media\/default.png","width":1500,"height":960,"sizes":{"thumbnail":"https:\/\/www.lang-und-heyne.de\/dateien\/2022\/10\/LH_F3_Kathedralzeiger-150x150.jpg","thumbnail-width":150,"thumbnail-height":150,"medium":"https:\/\/www.lang-und-heyne.de\/dateien\/2022\/10\/LH_F3_Kathedralzeiger-300x192.jpg","medium-width":300,"medium-height":192,"medium_large":"https:\/\/www.lang-und-heyne.de\/dateien\/2022\/10\/LH_F3_Kathedralzeiger-768x492.jpg","medium_large-width":768,"medium_large-height":492,"large":"https:\/\/www.lang-und-heyne.de\/dateien\/2022\/10\/LH_F3_Kathedralzeiger-1024x655.jpg","large-width":1024,"large-height":655,"1536x1536":"https:\/\/www.lang-und-heyne.de\/dateien\/2022\/10\/LH_F3_Kathedralzeiger.jpg","1536x1536-width":1500,"1536x1536-height":960,"2048x2048":"https:\/\/www.lang-und-heyne.de\/dateien\/2022\/10\/LH_F3_Kathedralzeiger.jpg","2048x2048-width":1500,"2048x2048-height":960,"post-thumbnail":"https:\/\/www.lang-und-heyne.de\/dateien\/2022\/10\/LH_F3_Kathedralzeiger-150x150.jpg","post-thumbnail-width":150,"post-thumbnail-height":150,"wide":"https:\/\/www.lang-und-heyne.de\/dateien\/2022\/10\/LH_F3_Kathedralzeiger-1400x896.jpg","wide-width":1400,"wide-height":896}},"beschreibung":"Aiguilles cath\u00e9drale sur cadran argent\u00e9 mat clair  "},{"bild":{"ID":8088,"id":8088,"title":"LH_F3_blau_schwarz","filename":"LH_F3_blau_schwarz.jpg","filesize":465803,"url":"https:\/\/www.lang-und-heyne.de\/dateien\/2022\/10\/LH_F3_blau_schwarz.jpg","link":"https:\/\/www.lang-und-heyne.de\/fr\/modelle\/frederic-iii\/lh_f3_blau_schwarz-2\/","alt":"","author":"2","description":"","caption":"","name":"lh_f3_blau_schwarz-2","status":"inherit","uploaded_to":8083,"date":"2023-05-02 07:14:38","modified":"2023-05-02 07:14:38","menu_order":0,"mime_type":"image\/jpeg","type":"image","subtype":"jpeg","icon":"https:\/\/www.lang-und-heyne.de\/wp-includes\/images\/media\/default.png","width":1500,"height":960,"sizes":{"thumbnail":"https:\/\/www.lang-und-heyne.de\/dateien\/2022\/10\/LH_F3_blau_schwarz-150x150.jpg","thumbnail-width":150,"thumbnail-height":150,"medium":"https:\/\/www.lang-und-heyne.de\/dateien\/2022\/10\/LH_F3_blau_schwarz-300x192.jpg","medium-width":300,"medium-height":192,"medium_large":"https:\/\/www.lang-und-heyne.de\/dateien\/2022\/10\/LH_F3_blau_schwarz-768x492.jpg","medium_large-width":768,"medium_large-height":492,"large":"https:\/\/www.lang-und-heyne.de\/dateien\/2022\/10\/LH_F3_blau_schwarz-1024x655.jpg","large-width":1024,"large-height":655,"1536x1536":"https:\/\/www.lang-und-heyne.de\/dateien\/2022\/10\/LH_F3_blau_schwarz.jpg","1536x1536-width":1500,"1536x1536-height":960,"2048x2048":"https:\/\/www.lang-und-heyne.de\/dateien\/2022\/10\/LH_F3_blau_schwarz.jpg","2048x2048-width":1500,"2048x2048-height":960,"post-thumbnail":"https:\/\/www.lang-und-heyne.de\/dateien\/2022\/10\/LH_F3_blau_schwarz-150x150.jpg","post-thumbnail-width":150,"post-thumbnail-height":150,"wide":"https:\/\/www.lang-und-heyne.de\/dateien\/2022\/10\/LH_F3_blau_schwarz-1400x896.jpg","wide-width":1400,"wide-height":896}},"beschreibung":"avec second biseau brillant, en bleu ou noir et aiguilles point\u00e9es"},{"bild":{"ID":8098,"id":8098,"title":"LH_Bildergalerie_FriedrichIII","filename":"LH_Bildergalerie_FriedrichIII.jpg","filesize":629225,"url":"https:\/\/www.lang-und-heyne.de\/dateien\/2022\/10\/LH_Bildergalerie_FriedrichIII.jpg","link":"https:\/\/www.lang-und-heyne.de\/fr\/modelle\/frederic-iii\/lh_bildergalerie_friedrichiii-2\/","alt":"","author":"5","description":"","caption":"","name":"lh_bildergalerie_friedrichiii-2","status":"inherit","uploaded_to":8083,"date":"2024-02-28 12:07:27","modified":"2024-02-28 12:07:27","menu_order":0,"mime_type":"image\/jpeg","type":"image","subtype":"jpeg","icon":"https:\/\/www.lang-und-heyne.de\/wp-includes\/images\/media\/default.png","width":1500,"height":960,"sizes":{"thumbnail":"https:\/\/www.lang-und-heyne.de\/dateien\/2022\/10\/LH_Bildergalerie_FriedrichIII-150x150.jpg","thumbnail-width":150,"thumbnail-height":150,"medium":"https:\/\/www.lang-und-heyne.de\/dateien\/2022\/10\/LH_Bildergalerie_FriedrichIII-300x192.jpg","medium-width":300,"medium-height":192,"medium_large":"https:\/\/www.lang-und-heyne.de\/dateien\/2022\/10\/LH_Bildergalerie_FriedrichIII-768x492.jpg","medium_large-width":768,"medium_large-height":492,"large":"https:\/\/www.lang-und-heyne.de\/dateien\/2022\/10\/LH_Bildergalerie_FriedrichIII-1024x655.jpg","large-width":1024,"large-height":655,"1536x1536":"https:\/\/www.lang-und-heyne.de\/dateien\/2022\/10\/LH_Bildergalerie_FriedrichIII.jpg","1536x1536-width":1500,"1536x1536-height":960,"2048x2048":"https:\/\/www.lang-und-heyne.de\/dateien\/2022\/10\/LH_Bildergalerie_FriedrichIII.jpg","2048x2048-width":1500,"2048x2048-height":960,"post-thumbnail":"https:\/\/www.lang-und-heyne.de\/dateien\/2022\/10\/LH_Bildergalerie_FriedrichIII-150x150.jpg","post-thumbnail-width":150,"post-thumbnail-height":150,"wide":"https:\/\/www.lang-und-heyne.de\/dateien\/2022\/10\/LH_Bildergalerie_FriedrichIII-1400x896.jpg","wide-width":1400,"wide-height":896}},"beschreibung":"alternativement avec une aiguille de lancette fabriqu\u00e9e \u00e0 la main avec inlay c\u00e9ramique HyCeram"}],"testimonial":{"":null,"bild_links":{"ID":8097,"id":8097,"title":"LH_FriedrichIII_Zitat","filename":"LH_FriedrichIII_Zitat.jpg","filesize":505261,"url":"https:\/\/www.lang-und-heyne.de\/dateien\/2022\/10\/LH_FriedrichIII_Zitat.jpg","link":"https:\/\/www.lang-und-heyne.de\/fr\/modelle\/frederic-iii\/lh_friedrichiii_zitat-2\/","alt":"","author":"5","description":"","caption":"","name":"lh_friedrichiii_zitat-2","status":"inherit","uploaded_to":8083,"date":"2024-02-28 12:02:11","modified":"2024-02-28 12:02:11","menu_order":0,"mime_type":"image\/jpeg","type":"image","subtype":"jpeg","icon":"https:\/\/www.lang-und-heyne.de\/wp-includes\/images\/media\/default.png","width":860,"height":1000,"sizes":{"thumbnail":"https:\/\/www.lang-und-heyne.de\/dateien\/2022\/10\/LH_FriedrichIII_Zitat-150x150.jpg","thumbnail-width":150,"thumbnail-height":150,"medium":"https:\/\/www.lang-und-heyne.de\/dateien\/2022\/10\/LH_FriedrichIII_Zitat-258x300.jpg","medium-width":258,"medium-height":300,"medium_large":"https:\/\/www.lang-und-heyne.de\/dateien\/2022\/10\/LH_FriedrichIII_Zitat-768x893.jpg","medium_large-width":768,"medium_large-height":893,"large":"https:\/\/www.lang-und-heyne.de\/dateien\/2022\/10\/LH_FriedrichIII_Zitat.jpg","large-width":860,"large-height":1000,"1536x1536":"https:\/\/www.lang-und-heyne.de\/dateien\/2022\/10\/LH_FriedrichIII_Zitat.jpg","1536x1536-width":860,"1536x1536-height":1000,"2048x2048":"https:\/\/www.lang-und-heyne.de\/dateien\/2022\/10\/LH_FriedrichIII_Zitat.jpg","2048x2048-width":860,"2048x2048-height":1000,"post-thumbnail":"https:\/\/www.lang-und-heyne.de\/dateien\/2022\/10\/LH_FriedrichIII_Zitat-150x150.jpg","post-thumbnail-width":150,"post-thumbnail-height":150,"wide":"https:\/\/www.lang-und-heyne.de\/dateien\/2022\/10\/LH_FriedrichIII_Zitat.jpg","wide-width":860,"wide-height":1000}},"zitat":"Avec un ravissant cadran saumon contrast\u00e9 par des chiffres marron fonc\u00e9 et d'\u00e9l\u00e9gantes aiguilles accentu\u00e9es de violet, elle incarne une \u00e9l\u00e9gance intemporelle et une esth\u00e9tique raffin\u00e9e.","autor":"","seitenverkehrt":false,"smalltext":true,"bild_oder_animiertes_gif":false,"bild_rechts":{"ID":8094,"id":8094,"title":"LH_Sonderanfertigung_Lachszifferblatt","filename":"LH_Sonderanfertigung_Lachszifferblatt.jpg","filesize":188914,"url":"https:\/\/www.lang-und-heyne.de\/dateien\/2022\/10\/LH_Sonderanfertigung_Lachszifferblatt.jpg","link":"https:\/\/www.lang-und-heyne.de\/fr\/modelle\/frederic-iii\/lh_sonderanfertigung_lachszifferblatt-2\/","alt":"","author":"2","description":"","caption":"","name":"lh_sonderanfertigung_lachszifferblatt-2","status":"inherit","uploaded_to":8083,"date":"2023-05-17 08:25:46","modified":"2023-05-17 08:25:46","menu_order":0,"mime_type":"image\/jpeg","type":"image","subtype":"jpeg","icon":"https:\/\/www.lang-und-heyne.de\/wp-includes\/images\/media\/default.png","width":1000,"height":705,"sizes":{"thumbnail":"https:\/\/www.lang-und-heyne.de\/dateien\/2022\/10\/LH_Sonderanfertigung_Lachszifferblatt-150x150.jpg","thumbnail-width":150,"thumbnail-height":150,"medium":"https:\/\/www.lang-und-heyne.de\/dateien\/2022\/10\/LH_Sonderanfertigung_Lachszifferblatt-300x212.jpg","medium-width":300,"medium-height":212,"medium_large":"https:\/\/www.lang-und-heyne.de\/dateien\/2022\/10\/LH_Sonderanfertigung_Lachszifferblatt-768x541.jpg","medium_large-width":768,"medium_large-height":541,"large":"https:\/\/www.lang-und-heyne.de\/dateien\/2022\/10\/LH_Sonderanfertigung_Lachszifferblatt.jpg","large-width":1000,"large-height":705,"1536x1536":"https:\/\/www.lang-und-heyne.de\/dateien\/2022\/10\/LH_Sonderanfertigung_Lachszifferblatt.jpg","1536x1536-width":1000,"1536x1536-height":705,"2048x2048":"https:\/\/www.lang-und-heyne.de\/dateien\/2022\/10\/LH_Sonderanfertigung_Lachszifferblatt.jpg","2048x2048-width":1000,"2048x2048-height":705,"post-thumbnail":"https:\/\/www.lang-und-heyne.de\/dateien\/2022\/10\/LH_Sonderanfertigung_Lachszifferblatt-150x150.jpg","post-thumbnail-width":150,"post-thumbnail-height":150,"wide":"https:\/\/www.lang-und-heyne.de\/dateien\/2022\/10\/LH_Sonderanfertigung_Lachszifferblatt.jpg","wide-width":1000,"wide-height":705}},"bild_rechts_gif":{"ID":8065,"id":8065,"title":"LH_Kachel_Caliber6_1","filename":"LH_Kachel_Caliber6_1.mp4","filesize":917454,"url":"https:\/\/www.lang-und-heyne.de\/dateien\/2022\/10\/LH_Kachel_Caliber6_1.mp4","link":"https:\/\/www.lang-und-heyne.de\/fr\/modelle\/frederic-ii\/lh_kachel_caliber6_1-2\/","alt":"","author":"5","description":"","caption":"","name":"lh_kachel_caliber6_1-2","status":"inherit","uploaded_to":8053,"date":"2024-02-28 11:49:01","modified":"2024-02-28 11:49:01","menu_order":0,"mime_type":"video\/mp4","type":"video","subtype":"mp4","icon":"https:\/\/www.lang-und-heyne.de\/wp-includes\/images\/media\/video.png","width":850,"height":600},"extrabild":false,"detail":false,"additionalinfo":true,"zusatzinfo":{"text":"En savoir plus sur<br \/>\nPersonnalisations","link":"https:\/\/www.lang-und-heyne.de\/fr\/accents\/","linktext":"Mettre Des Accents"}},"shorttext":"Une esth\u00e9tique et des mat\u00e9riaux exigeants","longtext":"<p>Friedrich III est l&rsquo;un des travaux les plus polyvalents et les plus int\u00e9ressants de notre maison. L&rsquo;interaction entre la seconde d\u00e9centr\u00e9e, les chiffres et les aiguilles forme une unit\u00e9 esth\u00e9tique et fonctionnelle. L&rsquo;architecture du mouvement du Calibre VI se distingue par son pont trigonal. Celui-ci cache \u00e0 peine les rouages \u00e0 la finition parfaite. Tous les travaux des horlogers visent \u00e0 assurer une transmission r\u00e9guli\u00e8re et \u00e0 faible perte de puissance. Les diff\u00e9rents cadrans renforcent l&rsquo;impression de la montre de votre choix.     <\/p>\n","text_variationen":"Les illustrations montrent une s\u00e9lection de variantes possibles"},"wpml_current_locale":"fr_FR","wpml_translations":{"en_US":{"locale":"en_US","id":3116,"slug":"friedrich-iii","post_title":"Friedrich III.","href":"https:\/\/www.lang-und-heyne.de\/en\/modelle\/friedrich-iii\/"},"de_DE":{"locale":"de_DE","id":52,"slug":"friedrich-iii","post_title":"Friedrich III.","href":"https:\/\/www.lang-und-heyne.de\/modelle\/friedrich-iii\/"},"es_ES":{"locale":"es_ES","id":8102,"slug":"federico-iii","post_title":"Federico III.","href":"https:\/\/www.lang-und-heyne.de\/es\/modelle\/federico-iii\/"},"ja":{"locale":"ja","id":3122,"slug":"friedrich-iii","post_title":"\u30d5\u30ea\u30fc\u30c9\u30ea\u30c3\u30d2III\u4e16","href":"https:\/\/www.lang-und-heyne.de\/ja\/modelle\/friedrich-iii\/"},"zh_CN":{"locale":"zh_CN","id":4281,"slug":"friedrich-iii","post_title":"\u5f17\u91cc\u5fb7\u91cc\u5e0cIII\u4e16","href":"https:\/\/www.lang-und-heyne.de\/zh-hans\/modelle\/friedrich-iii\/"}},"_links":{"self":[{"href":"https:\/\/www.lang-und-heyne.de\/fr\/wp-json\/wp\/v2\/uhren\/8083","targetHints":{"allow":["GET"]}}],"collection":[{"href":"https:\/\/www.lang-und-heyne.de\/fr\/wp-json\/wp\/v2\/uhren"}],"about":[{"href":"https:\/\/www.lang-und-heyne.de\/fr\/wp-json\/wp\/v2\/types\/uhren"}],"version-history":[{"count":1,"href":"https:\/\/www.lang-und-heyne.de\/fr\/wp-json\/wp\/v2\/uhren\/8083\/revisions"}],"predecessor-version":[{"id":8099,"href":"https:\/\/www.lang-und-heyne.de\/fr\/wp-json\/wp\/v2\/uhren\/8083\/revisions\/8099"}],"wp:featuredmedia":[{"embeddable":true,"href":"https:\/\/www.lang-und-heyne.de\/fr\/wp-json\/wp\/v2\/media\/8085"}],"wp:attachment":[{"href":"https:\/\/www.lang-und-heyne.de\/fr\/wp-json\/wp\/v2\/media?parent=8083"}],"curies":[{"name":"wp","href":"https:\/\/api.w.org\/{rel}","templated":true}]}}