{"id":8153,"date":"2023-04-28T14:50:38","date_gmt":"2023-04-28T12:50:38","guid":{"rendered":"https:\/\/www.lang-und-heyne.de\/modelle\/frederic-auguste-ier\/"},"modified":"2025-04-01T14:53:56","modified_gmt":"2025-04-01T12:53:56","slug":"frederic-auguste-ier","status":"publish","type":"uhren","link":"https:\/\/www.lang-und-heyne.de\/fr\/modelle\/frederic-auguste-ier\/","title":{"rendered":"Fr\u00e9d\u00e9ric-Auguste Ier"},"content":{"rendered":"\n<hr class=\"wp-block-separator has-alpha-channel-opacity\"\/>\n","protected":false},"featured_media":0,"parent":0,"menu_order":97,"template":"","class_list":["post-8153","uhren","type-uhren","status-publish","hentry"],"acf":{"soldier":{"ID":8160,"id":8160,"title":"LH_FA1_Variation_Weissgold_RoseL_Schwarz","filename":"LH_FA1_Variation_Weissgold_RoseL_Schwarz.png","filesize":1136304,"url":"https:\/\/www.lang-und-heyne.de\/dateien\/2023\/04\/LH_FA1_Variation_Weissgold_RoseL_Schwarz.png","link":"https:\/\/www.lang-und-heyne.de\/fr\/modelle\/frederic-auguste-ier\/lh_fa1_variation_weissgold_rosel_schwarz-2\/","alt":"","author":"2","description":"","caption":"","name":"lh_fa1_variation_weissgold_rosel_schwarz-2","status":"inherit","uploaded_to":8153,"date":"2023-05-08 12:37:36","modified":"2023-05-08 12:37:36","menu_order":0,"mime_type":"image\/png","type":"image","subtype":"png","icon":"https:\/\/www.lang-und-heyne.de\/wp-includes\/images\/media\/default.png","width":850,"height":1400,"sizes":{"thumbnail":"https:\/\/www.lang-und-heyne.de\/dateien\/2023\/04\/LH_FA1_Variation_Weissgold_RoseL_Schwarz-150x150.png","thumbnail-width":150,"thumbnail-height":150,"medium":"https:\/\/www.lang-und-heyne.de\/dateien\/2023\/04\/LH_FA1_Variation_Weissgold_RoseL_Schwarz-182x300.png","medium-width":182,"medium-height":300,"medium_large":"https:\/\/www.lang-und-heyne.de\/dateien\/2023\/04\/LH_FA1_Variation_Weissgold_RoseL_Schwarz-768x1265.png","medium_large-width":768,"medium_large-height":1265,"large":"https:\/\/www.lang-und-heyne.de\/dateien\/2023\/04\/LH_FA1_Variation_Weissgold_RoseL_Schwarz-622x1024.png","large-width":622,"large-height":1024,"1536x1536":"https:\/\/www.lang-und-heyne.de\/dateien\/2023\/04\/LH_FA1_Variation_Weissgold_RoseL_Schwarz.png","1536x1536-width":850,"1536x1536-height":1400,"2048x2048":"https:\/\/www.lang-und-heyne.de\/dateien\/2023\/04\/LH_FA1_Variation_Weissgold_RoseL_Schwarz.png","2048x2048-width":850,"2048x2048-height":1400,"post-thumbnail":"https:\/\/www.lang-und-heyne.de\/dateien\/2023\/04\/LH_FA1_Variation_Weissgold_RoseL_Schwarz-150x150.png","post-thumbnail-width":150,"post-thumbnail-height":150,"wide":"https:\/\/www.lang-und-heyne.de\/dateien\/2023\/04\/LH_FA1_Variation_Weissgold_RoseL_Schwarz.png","wide-width":850,"wide-height":1400}},"slider":[{"bild":{"ID":8154,"id":8154,"title":"LH_FA1_Header","filename":"LH_FA1_Header.jpg","filesize":615479,"url":"https:\/\/www.lang-und-heyne.de\/dateien\/2023\/04\/LH_FA1_Header.jpg","link":"https:\/\/www.lang-und-heyne.de\/fr\/modelle\/frederic-auguste-ier\/lh_fa1_header-2\/","alt":"","author":"2","description":"","caption":"","name":"lh_fa1_header-2","status":"inherit","uploaded_to":8153,"date":"2023-05-02 07:51:07","modified":"2023-05-02 07:51:07","menu_order":0,"mime_type":"image\/jpeg","type":"image","subtype":"jpeg","icon":"https:\/\/www.lang-und-heyne.de\/wp-includes\/images\/media\/default.png","width":1920,"height":1080,"sizes":{"thumbnail":"https:\/\/www.lang-und-heyne.de\/dateien\/2023\/04\/LH_FA1_Header-150x150.jpg","thumbnail-width":150,"thumbnail-height":150,"medium":"https:\/\/www.lang-und-heyne.de\/dateien\/2023\/04\/LH_FA1_Header-300x169.jpg","medium-width":300,"medium-height":169,"medium_large":"https:\/\/www.lang-und-heyne.de\/dateien\/2023\/04\/LH_FA1_Header-768x432.jpg","medium_large-width":768,"medium_large-height":432,"large":"https:\/\/www.lang-und-heyne.de\/dateien\/2023\/04\/LH_FA1_Header-1024x576.jpg","large-width":1024,"large-height":576,"1536x1536":"https:\/\/www.lang-und-heyne.de\/dateien\/2023\/04\/LH_FA1_Header-1536x864.jpg","1536x1536-width":1536,"1536x1536-height":864,"2048x2048":"https:\/\/www.lang-und-heyne.de\/dateien\/2023\/04\/LH_FA1_Header.jpg","2048x2048-width":1920,"2048x2048-height":1080,"post-thumbnail":"https:\/\/www.lang-und-heyne.de\/dateien\/2023\/04\/LH_FA1_Header-150x150.jpg","post-thumbnail-width":150,"post-thumbnail-height":150,"wide":"https:\/\/www.lang-und-heyne.de\/dateien\/2023\/04\/LH_FA1_Header-1400x788.jpg","wide-width":1400,"wide-height":788}}}],"subtype":"model","shortdata":{"gehause":"Diam\u00e8tre 43,5 mm<br \/>\nHauteur 10,5 mm","anzeige":"Heure et minute,<br \/>\nseconde d\u00e9centr\u00e9e","werk":"Calibre I <br \/>\n\u00e0 remontage manuel<br \/>\n46 heures d'autonomie<br \/>\nstop seconde"},"caliber":{"ID":8324,"post_author":"2","post_date":"2023-04-28 15:01:15","post_date_gmt":"2023-04-28 13:01:15","post_content":"<!-- wp:separator -->\n<hr class=\"wp-block-separator has-alpha-channel-opacity\"\/>\n<!-- \/wp:separator -->","post_title":"Caliber I","post_excerpt":"","post_status":"publish","comment_status":"closed","ping_status":"closed","post_password":"","post_name":"caliber-i","to_ping":"","pinged":"","post_modified":"2025-04-01 15:07:22","post_modified_gmt":"2025-04-01 13:07:22","post_content_filtered":"","post_parent":0,"guid":"https:\/\/www.lang-und-heyne.de\/caliber\/caliber-i\/","menu_order":38,"post_type":"caliber","post_mime_type":"","comment_count":"0","filter":"raw"},"variationen":[{"bild":{"ID":8161,"id":8161,"title":"LH_FA1_Variation_Platin_RoseB_Blau","filename":"LH_FA1_Variation_Platin_RoseB_Blau.png","filesize":1164108,"url":"https:\/\/www.lang-und-heyne.de\/dateien\/2023\/04\/LH_FA1_Variation_Platin_RoseB_Blau.png","link":"https:\/\/www.lang-und-heyne.de\/fr\/modelle\/frederic-auguste-ier\/lh_fa1_variation_platin_roseb_blau-2\/","alt":"","author":"2","description":"","caption":"","name":"lh_fa1_variation_platin_roseb_blau-2","status":"inherit","uploaded_to":8153,"date":"2023-05-08 12:45:00","modified":"2023-05-08 12:45:00","menu_order":0,"mime_type":"image\/png","type":"image","subtype":"png","icon":"https:\/\/www.lang-und-heyne.de\/wp-includes\/images\/media\/default.png","width":850,"height":1400,"sizes":{"thumbnail":"https:\/\/www.lang-und-heyne.de\/dateien\/2023\/04\/LH_FA1_Variation_Platin_RoseB_Blau-150x150.png","thumbnail-width":150,"thumbnail-height":150,"medium":"https:\/\/www.lang-und-heyne.de\/dateien\/2023\/04\/LH_FA1_Variation_Platin_RoseB_Blau-182x300.png","medium-width":182,"medium-height":300,"medium_large":"https:\/\/www.lang-und-heyne.de\/dateien\/2023\/04\/LH_FA1_Variation_Platin_RoseB_Blau-768x1265.png","medium_large-width":768,"medium_large-height":1265,"large":"https:\/\/www.lang-und-heyne.de\/dateien\/2023\/04\/LH_FA1_Variation_Platin_RoseB_Blau-622x1024.png","large-width":622,"large-height":1024,"1536x1536":"https:\/\/www.lang-und-heyne.de\/dateien\/2023\/04\/LH_FA1_Variation_Platin_RoseB_Blau.png","1536x1536-width":850,"1536x1536-height":1400,"2048x2048":"https:\/\/www.lang-und-heyne.de\/dateien\/2023\/04\/LH_FA1_Variation_Platin_RoseB_Blau.png","2048x2048-width":850,"2048x2048-height":1400,"post-thumbnail":"https:\/\/www.lang-und-heyne.de\/dateien\/2023\/04\/LH_FA1_Variation_Platin_RoseB_Blau-150x150.png","post-thumbnail-width":150,"post-thumbnail-height":150,"wide":"https:\/\/www.lang-und-heyne.de\/dateien\/2023\/04\/LH_FA1_Variation_Platin_RoseB_Blau.png","wide-width":850,"wide-height":1400}},"beschreibung":"Platine<br \/>\nAiguilles Louis XV en acier bleui<br \/>\nCadran en \u00e9mail blanc"},{"bild":{"ID":8162,"id":8162,"title":"LH_FA1_Variation_Rose_RoseB_Braun","filename":"LH_FA1_Variation_Rose_RoseB_Braun.png","filesize":1215445,"url":"https:\/\/www.lang-und-heyne.de\/dateien\/2023\/04\/LH_FA1_Variation_Rose_RoseB_Braun.png","link":"https:\/\/www.lang-und-heyne.de\/fr\/modelle\/frederic-auguste-ier\/lh_fa1_variation_rose_roseb_braun-2\/","alt":"","author":"2","description":"","caption":"","name":"lh_fa1_variation_rose_roseb_braun-2","status":"inherit","uploaded_to":8153,"date":"2023-05-08 12:47:50","modified":"2023-05-08 12:47:50","menu_order":0,"mime_type":"image\/png","type":"image","subtype":"png","icon":"https:\/\/www.lang-und-heyne.de\/wp-includes\/images\/media\/default.png","width":850,"height":1400,"sizes":{"thumbnail":"https:\/\/www.lang-und-heyne.de\/dateien\/2023\/04\/LH_FA1_Variation_Rose_RoseB_Braun-150x150.png","thumbnail-width":150,"thumbnail-height":150,"medium":"https:\/\/www.lang-und-heyne.de\/dateien\/2023\/04\/LH_FA1_Variation_Rose_RoseB_Braun-182x300.png","medium-width":182,"medium-height":300,"medium_large":"https:\/\/www.lang-und-heyne.de\/dateien\/2023\/04\/LH_FA1_Variation_Rose_RoseB_Braun-768x1265.png","medium_large-width":768,"medium_large-height":1265,"large":"https:\/\/www.lang-und-heyne.de\/dateien\/2023\/04\/LH_FA1_Variation_Rose_RoseB_Braun-622x1024.png","large-width":622,"large-height":1024,"1536x1536":"https:\/\/www.lang-und-heyne.de\/dateien\/2023\/04\/LH_FA1_Variation_Rose_RoseB_Braun.png","1536x1536-width":850,"1536x1536-height":1400,"2048x2048":"https:\/\/www.lang-und-heyne.de\/dateien\/2023\/04\/LH_FA1_Variation_Rose_RoseB_Braun.png","2048x2048-width":850,"2048x2048-height":1400,"post-thumbnail":"https:\/\/www.lang-und-heyne.de\/dateien\/2023\/04\/LH_FA1_Variation_Rose_RoseB_Braun-150x150.png","post-thumbnail-width":150,"post-thumbnail-height":150,"wide":"https:\/\/www.lang-und-heyne.de\/dateien\/2023\/04\/LH_FA1_Variation_Rose_RoseB_Braun.png","wide-width":850,"wide-height":1400}},"beschreibung":"Or rose 18 cts<br \/>\nAiguilles en poire en or rose<br \/>\nCadran \u00e9maill\u00e9 blanc "},{"bild":{"ID":8160,"id":8160,"title":"LH_FA1_Variation_Weissgold_RoseL_Schwarz","filename":"LH_FA1_Variation_Weissgold_RoseL_Schwarz.png","filesize":1136304,"url":"https:\/\/www.lang-und-heyne.de\/dateien\/2023\/04\/LH_FA1_Variation_Weissgold_RoseL_Schwarz.png","link":"https:\/\/www.lang-und-heyne.de\/fr\/modelle\/frederic-auguste-ier\/lh_fa1_variation_weissgold_rosel_schwarz-2\/","alt":"","author":"2","description":"","caption":"","name":"lh_fa1_variation_weissgold_rosel_schwarz-2","status":"inherit","uploaded_to":8153,"date":"2023-05-08 12:37:36","modified":"2023-05-08 12:37:36","menu_order":0,"mime_type":"image\/png","type":"image","subtype":"png","icon":"https:\/\/www.lang-und-heyne.de\/wp-includes\/images\/media\/default.png","width":850,"height":1400,"sizes":{"thumbnail":"https:\/\/www.lang-und-heyne.de\/dateien\/2023\/04\/LH_FA1_Variation_Weissgold_RoseL_Schwarz-150x150.png","thumbnail-width":150,"thumbnail-height":150,"medium":"https:\/\/www.lang-und-heyne.de\/dateien\/2023\/04\/LH_FA1_Variation_Weissgold_RoseL_Schwarz-182x300.png","medium-width":182,"medium-height":300,"medium_large":"https:\/\/www.lang-und-heyne.de\/dateien\/2023\/04\/LH_FA1_Variation_Weissgold_RoseL_Schwarz-768x1265.png","medium_large-width":768,"medium_large-height":1265,"large":"https:\/\/www.lang-und-heyne.de\/dateien\/2023\/04\/LH_FA1_Variation_Weissgold_RoseL_Schwarz-622x1024.png","large-width":622,"large-height":1024,"1536x1536":"https:\/\/www.lang-und-heyne.de\/dateien\/2023\/04\/LH_FA1_Variation_Weissgold_RoseL_Schwarz.png","1536x1536-width":850,"1536x1536-height":1400,"2048x2048":"https:\/\/www.lang-und-heyne.de\/dateien\/2023\/04\/LH_FA1_Variation_Weissgold_RoseL_Schwarz.png","2048x2048-width":850,"2048x2048-height":1400,"post-thumbnail":"https:\/\/www.lang-und-heyne.de\/dateien\/2023\/04\/LH_FA1_Variation_Weissgold_RoseL_Schwarz-150x150.png","post-thumbnail-width":150,"post-thumbnail-height":150,"wide":"https:\/\/www.lang-und-heyne.de\/dateien\/2023\/04\/LH_FA1_Variation_Weissgold_RoseL_Schwarz.png","wide-width":850,"wide-height":1400}},"beschreibung":"18 ct. Or blanc<br \/>\nAiguilles Louis XV en or rose <br \/>\nCadran \u00e9maill\u00e9 blanc "}],"technical":{"anzeige":"Heure et minute,<br \/>\nseconde d\u00e9centr\u00e9e","zifferblatt":"Cadran blanc \u00e9maill\u00e9 \"Grand feu\" en trois parties <br \/>\n,<br \/>\nchiffres arabes, minuterie rouge<br \/>\nAiguilles Louis XV ou poires","house":"Dimensions sans cornes<br \/>\nDiam\u00e8tre : 43,5 mm \u2013 Hauteur : 10,5 mm<br \/>\nVerre saphir et fond saphir<br \/>\n\u00c9tanch\u00e9it\u00e9 jusqu\u2019\u00e0 3 bar","armband":"Cuir d'alligator avec int\u00e9rieur en peau de requin<br \/>\nBoucle ardillon ou d\u00e9ployante"},"datenblatt":{"ID":8165,"id":8165,"title":"LangHeyne_Factsheet_FriedrichAugustI","filename":"LangHeyne_Factsheet_FriedrichAugustI.pdf","filesize":217775,"url":"https:\/\/www.lang-und-heyne.de\/dateien\/2023\/07\/LangHeyne_Factsheet_FriedrichAugustI.pdf","link":"https:\/\/www.lang-und-heyne.de\/fr\/modelle\/frederic-auguste-ier\/langheyne_factsheet_friedrichaugusti-2\/","alt":"","author":"5","description":"","caption":"","name":"langheyne_factsheet_friedrichaugusti-2","status":"inherit","uploaded_to":8153,"date":"2023-07-03 07:08:04","modified":"2023-07-03 07:08:04","menu_order":0,"mime_type":"application\/pdf","type":"application","subtype":"pdf","icon":"https:\/\/www.lang-und-heyne.de\/wp-includes\/images\/media\/document.png"},"galerie":[{"bild":{"ID":8155,"id":8155,"title":"LH_FA1_Louis_Zeiger","filename":"LH_FA1_Louis_Zeiger.jpg","filesize":344240,"url":"https:\/\/www.lang-und-heyne.de\/dateien\/2023\/04\/LH_FA1_Louis_Zeiger.jpg","link":"https:\/\/www.lang-und-heyne.de\/fr\/modelle\/frederic-auguste-ier\/lh_fa1_louis_zeiger-2\/","alt":"","author":"2","description":"","caption":"","name":"lh_fa1_louis_zeiger-2","status":"inherit","uploaded_to":8153,"date":"2023-05-02 08:02:15","modified":"2023-05-02 08:02:15","menu_order":0,"mime_type":"image\/jpeg","type":"image","subtype":"jpeg","icon":"https:\/\/www.lang-und-heyne.de\/wp-includes\/images\/media\/default.png","width":1500,"height":960,"sizes":{"thumbnail":"https:\/\/www.lang-und-heyne.de\/dateien\/2023\/04\/LH_FA1_Louis_Zeiger-150x150.jpg","thumbnail-width":150,"thumbnail-height":150,"medium":"https:\/\/www.lang-und-heyne.de\/dateien\/2023\/04\/LH_FA1_Louis_Zeiger-300x192.jpg","medium-width":300,"medium-height":192,"medium_large":"https:\/\/www.lang-und-heyne.de\/dateien\/2023\/04\/LH_FA1_Louis_Zeiger-768x492.jpg","medium_large-width":768,"medium_large-height":492,"large":"https:\/\/www.lang-und-heyne.de\/dateien\/2023\/04\/LH_FA1_Louis_Zeiger-1024x655.jpg","large-width":1024,"large-height":655,"1536x1536":"https:\/\/www.lang-und-heyne.de\/dateien\/2023\/04\/LH_FA1_Louis_Zeiger.jpg","1536x1536-width":1500,"1536x1536-height":960,"2048x2048":"https:\/\/www.lang-und-heyne.de\/dateien\/2023\/04\/LH_FA1_Louis_Zeiger.jpg","2048x2048-width":1500,"2048x2048-height":960,"post-thumbnail":"https:\/\/www.lang-und-heyne.de\/dateien\/2023\/04\/LH_FA1_Louis_Zeiger-150x150.jpg","post-thumbnail-width":150,"post-thumbnail-height":150,"wide":"https:\/\/www.lang-und-heyne.de\/dateien\/2023\/04\/LH_FA1_Louis_Zeiger-1400x896.jpg","wide-width":1400,"wide-height":896}},"beschreibung":"Aiguilles Louis XV cisel\u00e9es \u00e0 la main"},{"bild":{"ID":8156,"id":8156,"title":"LH_FA1_weisse_Emaille","filename":"LH_FA1_weisse_Emaille.jpg","filesize":246198,"url":"https:\/\/www.lang-und-heyne.de\/dateien\/2023\/04\/LH_FA1_weisse_Emaille.jpg","link":"https:\/\/www.lang-und-heyne.de\/fr\/modelle\/frederic-auguste-ier\/lh_fa1_weisse_emaille-2\/","alt":"","author":"2","description":"","caption":"","name":"lh_fa1_weisse_emaille-2","status":"inherit","uploaded_to":8153,"date":"2023-05-02 08:07:48","modified":"2023-05-02 08:07:48","menu_order":0,"mime_type":"image\/jpeg","type":"image","subtype":"jpeg","icon":"https:\/\/www.lang-und-heyne.de\/wp-includes\/images\/media\/default.png","width":1500,"height":960,"sizes":{"thumbnail":"https:\/\/www.lang-und-heyne.de\/dateien\/2023\/04\/LH_FA1_weisse_Emaille-150x150.jpg","thumbnail-width":150,"thumbnail-height":150,"medium":"https:\/\/www.lang-und-heyne.de\/dateien\/2023\/04\/LH_FA1_weisse_Emaille-300x192.jpg","medium-width":300,"medium-height":192,"medium_large":"https:\/\/www.lang-und-heyne.de\/dateien\/2023\/04\/LH_FA1_weisse_Emaille-768x492.jpg","medium_large-width":768,"medium_large-height":492,"large":"https:\/\/www.lang-und-heyne.de\/dateien\/2023\/04\/LH_FA1_weisse_Emaille-1024x655.jpg","large-width":1024,"large-height":655,"1536x1536":"https:\/\/www.lang-und-heyne.de\/dateien\/2023\/04\/LH_FA1_weisse_Emaille.jpg","1536x1536-width":1500,"1536x1536-height":960,"2048x2048":"https:\/\/www.lang-und-heyne.de\/dateien\/2023\/04\/LH_FA1_weisse_Emaille.jpg","2048x2048-width":1500,"2048x2048-height":960,"post-thumbnail":"https:\/\/www.lang-und-heyne.de\/dateien\/2023\/04\/LH_FA1_weisse_Emaille-150x150.jpg","post-thumbnail-width":150,"post-thumbnail-height":150,"wide":"https:\/\/www.lang-und-heyne.de\/dateien\/2023\/04\/LH_FA1_weisse_Emaille-1400x896.jpg","wide-width":1400,"wide-height":896}},"beschreibung":"Cadran \u00e9mail \"Grand feu\" en trois parties, aiguilles Louis XV sur \u00e9mail blanc"},{"bild":{"ID":8163,"id":8163,"title":"LH_FA1_Back","filename":"LH_FA1_Back.jpg","filesize":679607,"url":"https:\/\/www.lang-und-heyne.de\/dateien\/2023\/04\/LH_FA1_Back.jpg","link":"https:\/\/www.lang-und-heyne.de\/fr\/modelle\/frederic-auguste-ier\/lh_fa1_back-2\/","alt":"","author":"2","description":"","caption":"","name":"lh_fa1_back-2","status":"inherit","uploaded_to":8153,"date":"2023-05-10 09:40:17","modified":"2023-05-10 09:40:17","menu_order":0,"mime_type":"image\/jpeg","type":"image","subtype":"jpeg","icon":"https:\/\/www.lang-und-heyne.de\/wp-includes\/images\/media\/default.png","width":1500,"height":960,"sizes":{"thumbnail":"https:\/\/www.lang-und-heyne.de\/dateien\/2023\/04\/LH_FA1_Back-150x150.jpg","thumbnail-width":150,"thumbnail-height":150,"medium":"https:\/\/www.lang-und-heyne.de\/dateien\/2023\/04\/LH_FA1_Back-300x192.jpg","medium-width":300,"medium-height":192,"medium_large":"https:\/\/www.lang-und-heyne.de\/dateien\/2023\/04\/LH_FA1_Back-768x492.jpg","medium_large-width":768,"medium_large-height":492,"large":"https:\/\/www.lang-und-heyne.de\/dateien\/2023\/04\/LH_FA1_Back-1024x655.jpg","large-width":1024,"large-height":655,"1536x1536":"https:\/\/www.lang-und-heyne.de\/dateien\/2023\/04\/LH_FA1_Back.jpg","1536x1536-width":1500,"1536x1536-height":960,"2048x2048":"https:\/\/www.lang-und-heyne.de\/dateien\/2023\/04\/LH_FA1_Back.jpg","2048x2048-width":1500,"2048x2048-height":960,"post-thumbnail":"https:\/\/www.lang-und-heyne.de\/dateien\/2023\/04\/LH_FA1_Back-150x150.jpg","post-thumbnail-width":150,"post-thumbnail-height":150,"wide":"https:\/\/www.lang-und-heyne.de\/dateien\/2023\/04\/LH_FA1_Back-1400x896.jpg","wide-width":1400,"wide-height":896}},"beschreibung":"Le Calibre I avec platine trois quarts argent\u00e9e frott\u00e9e au dos"},{"bild":{"ID":8157,"id":8157,"title":"LH_FA1_rote_Minuterie","filename":"LH_FA1_rote_Minuterie.jpg","filesize":416513,"url":"https:\/\/www.lang-und-heyne.de\/dateien\/2023\/04\/LH_FA1_rote_Minuterie.jpg","link":"https:\/\/www.lang-und-heyne.de\/fr\/modelle\/frederic-auguste-ier\/lh_fa1_rote_minuterie-2\/","alt":"","author":"2","description":"","caption":"","name":"lh_fa1_rote_minuterie-2","status":"inherit","uploaded_to":8153,"date":"2023-05-02 08:23:53","modified":"2023-05-02 08:23:53","menu_order":0,"mime_type":"image\/jpeg","type":"image","subtype":"jpeg","icon":"https:\/\/www.lang-und-heyne.de\/wp-includes\/images\/media\/default.png","width":1500,"height":960,"sizes":{"thumbnail":"https:\/\/www.lang-und-heyne.de\/dateien\/2023\/04\/LH_FA1_rote_Minuterie-150x150.jpg","thumbnail-width":150,"thumbnail-height":150,"medium":"https:\/\/www.lang-und-heyne.de\/dateien\/2023\/04\/LH_FA1_rote_Minuterie-300x192.jpg","medium-width":300,"medium-height":192,"medium_large":"https:\/\/www.lang-und-heyne.de\/dateien\/2023\/04\/LH_FA1_rote_Minuterie-768x492.jpg","medium_large-width":768,"medium_large-height":492,"large":"https:\/\/www.lang-und-heyne.de\/dateien\/2023\/04\/LH_FA1_rote_Minuterie-1024x655.jpg","large-width":1024,"large-height":655,"1536x1536":"https:\/\/www.lang-und-heyne.de\/dateien\/2023\/04\/LH_FA1_rote_Minuterie.jpg","1536x1536-width":1500,"1536x1536-height":960,"2048x2048":"https:\/\/www.lang-und-heyne.de\/dateien\/2023\/04\/LH_FA1_rote_Minuterie.jpg","2048x2048-width":1500,"2048x2048-height":960,"post-thumbnail":"https:\/\/www.lang-und-heyne.de\/dateien\/2023\/04\/LH_FA1_rote_Minuterie-150x150.jpg","post-thumbnail-width":150,"post-thumbnail-height":150,"wide":"https:\/\/www.lang-und-heyne.de\/dateien\/2023\/04\/LH_FA1_rote_Minuterie-1400x896.jpg","wide-width":1400,"wide-height":896}},"beschreibung":"Minuterie rouge"}],"testimonial":{"":null,"bild_links":{"ID":8166,"id":8166,"title":"LH_Zitat_FriedrichAugust","filename":"LH_Zitat_FriedrichAugust.jpg","filesize":241200,"url":"https:\/\/www.lang-und-heyne.de\/dateien\/2023\/04\/LH_Zitat_FriedrichAugust.jpg","link":"https:\/\/www.lang-und-heyne.de\/fr\/modelle\/frederic-auguste-ier\/lh_zitat_friedrichaugust-2\/","alt":"","author":"5","description":"","caption":"","name":"lh_zitat_friedrichaugust-2","status":"inherit","uploaded_to":8153,"date":"2024-02-28 12:34:57","modified":"2024-02-28 12:34:57","menu_order":0,"mime_type":"image\/jpeg","type":"image","subtype":"jpeg","icon":"https:\/\/www.lang-und-heyne.de\/wp-includes\/images\/media\/default.png","width":860,"height":1000,"sizes":{"thumbnail":"https:\/\/www.lang-und-heyne.de\/dateien\/2023\/04\/LH_Zitat_FriedrichAugust-150x150.jpg","thumbnail-width":150,"thumbnail-height":150,"medium":"https:\/\/www.lang-und-heyne.de\/dateien\/2023\/04\/LH_Zitat_FriedrichAugust-258x300.jpg","medium-width":258,"medium-height":300,"medium_large":"https:\/\/www.lang-und-heyne.de\/dateien\/2023\/04\/LH_Zitat_FriedrichAugust-768x893.jpg","medium_large-width":768,"medium_large-height":893,"large":"https:\/\/www.lang-und-heyne.de\/dateien\/2023\/04\/LH_Zitat_FriedrichAugust.jpg","large-width":860,"large-height":1000,"1536x1536":"https:\/\/www.lang-und-heyne.de\/dateien\/2023\/04\/LH_Zitat_FriedrichAugust.jpg","1536x1536-width":860,"1536x1536-height":1000,"2048x2048":"https:\/\/www.lang-und-heyne.de\/dateien\/2023\/04\/LH_Zitat_FriedrichAugust.jpg","2048x2048-width":860,"2048x2048-height":1000,"post-thumbnail":"https:\/\/www.lang-und-heyne.de\/dateien\/2023\/04\/LH_Zitat_FriedrichAugust-150x150.jpg","post-thumbnail-width":150,"post-thumbnail-height":150,"wide":"https:\/\/www.lang-und-heyne.de\/dateien\/2023\/04\/LH_Zitat_FriedrichAugust.jpg","wide-width":860,"wide-height":1000}},"zitat":"La gravure est une forme d'art, <br \/>\nqui demande beaucoup d'habilet\u00e9 et de sensibilit\u00e9.","autor":"","seitenverkehrt":false,"smalltext":false,"bild_oder_animiertes_gif":true,"bild_rechts":{"ID":8167,"id":8167,"title":"LH_Zitatquer_Caliber1","filename":"LH_Zitatquer_Caliber1-1.jpg","filesize":476788,"url":"https:\/\/www.lang-und-heyne.de\/dateien\/2023\/04\/LH_Zitatquer_Caliber1-1.jpg","link":"https:\/\/www.lang-und-heyne.de\/fr\/modelle\/frederic-auguste-ier\/lh_zitatquer_caliber1-2\/","alt":"","author":"5","description":"","caption":"","name":"lh_zitatquer_caliber1-2","status":"inherit","uploaded_to":8153,"date":"2024-02-28 12:56:13","modified":"2024-02-28 12:56:13","menu_order":0,"mime_type":"image\/jpeg","type":"image","subtype":"jpeg","icon":"https:\/\/www.lang-und-heyne.de\/wp-includes\/images\/media\/default.png","width":1500,"height":960,"sizes":{"thumbnail":"https:\/\/www.lang-und-heyne.de\/dateien\/2023\/04\/LH_Zitatquer_Caliber1-1-150x150.jpg","thumbnail-width":150,"thumbnail-height":150,"medium":"https:\/\/www.lang-und-heyne.de\/dateien\/2023\/04\/LH_Zitatquer_Caliber1-1-300x192.jpg","medium-width":300,"medium-height":192,"medium_large":"https:\/\/www.lang-und-heyne.de\/dateien\/2023\/04\/LH_Zitatquer_Caliber1-1-768x492.jpg","medium_large-width":768,"medium_large-height":492,"large":"https:\/\/www.lang-und-heyne.de\/dateien\/2023\/04\/LH_Zitatquer_Caliber1-1-1024x655.jpg","large-width":1024,"large-height":655,"1536x1536":"https:\/\/www.lang-und-heyne.de\/dateien\/2023\/04\/LH_Zitatquer_Caliber1-1.jpg","1536x1536-width":1500,"1536x1536-height":960,"2048x2048":"https:\/\/www.lang-und-heyne.de\/dateien\/2023\/04\/LH_Zitatquer_Caliber1-1.jpg","2048x2048-width":1500,"2048x2048-height":960,"post-thumbnail":"https:\/\/www.lang-und-heyne.de\/dateien\/2023\/04\/LH_Zitatquer_Caliber1-1-150x150.jpg","post-thumbnail-width":150,"post-thumbnail-height":150,"wide":"https:\/\/www.lang-und-heyne.de\/dateien\/2023\/04\/LH_Zitatquer_Caliber1-1-1400x896.jpg","wide-width":1400,"wide-height":896}},"bild_rechts_gif":false,"extrabild":false,"detail":false,"additionalinfo":false,"zusatzinfo":{"text":"","link":"","linktext":""}},"longtext":"<p>Le design du bo\u00eetier, les aiguilles et le cadran marquent le caract\u00e8re de Fr\u00e9d\u00e9ric-Auguste Ier. Classique et noble, elle a le visage d&rsquo;une montre de poche raffin\u00e9e des ann\u00e9es 1900.<br \/>\nDes aiguilles Louis XV finement cisel\u00e9es, travaill\u00e9es et grav\u00e9es dans l&rsquo;or ou des aiguilles poires simples et \u00e9l\u00e9gantes d\u00e9ploient toute leur beaut\u00e9 sur le cadran \u00e9maill\u00e9 blanc en trois parties. Le mouvement est domin\u00e9 par une platine classique saxonne de \u00be. De gros rubis sertis dans des chatons en or forment un charmant contraste avec la platine gris\u00e9e argent\u00e9e.  <\/p>\n","text_variationen":"Les illustrations montrent une s\u00e9lection de variantes possibles"},"wpml_current_locale":"fr_FR","wpml_translations":{"en_US":{"locale":"en_US","id":3125,"slug":"friedrich-august-i","post_title":"Friedrich August I","href":"https:\/\/www.lang-und-heyne.de\/en\/modelle\/friedrich-august-i\/"},"de_DE":{"locale":"de_DE","id":1427,"slug":"friedrich-august-i","post_title":"Friedrich August I.","href":"https:\/\/www.lang-und-heyne.de\/modelle\/friedrich-august-i\/"},"es_ES":{"locale":"es_ES","id":8169,"slug":"federico-augusto-i","post_title":"Federico Augusto I.","href":"https:\/\/www.lang-und-heyne.de\/es\/modelle\/federico-augusto-i\/"},"ja":{"locale":"ja","id":3127,"slug":"friedrich-august-i","post_title":"\u30d5\u30ea\u30fc\u30c9\u30ea\u30c3\u30d2\u30fb \u30a2\u30a6\u30b0\u30b9\u30c8","href":"https:\/\/www.lang-und-heyne.de\/ja\/modelle\/friedrich-august-i\/"},"zh_CN":{"locale":"zh_CN","id":4249,"slug":"friedrich-august-i","post_title":"\u5f17\u91cc\u5fb7\u91cc\u5e0c\u2027\u5965\u53e4\u65af\u7279","href":"https:\/\/www.lang-und-heyne.de\/zh-hans\/modelle\/friedrich-august-i\/"}},"_links":{"self":[{"href":"https:\/\/www.lang-und-heyne.de\/fr\/wp-json\/wp\/v2\/uhren\/8153","targetHints":{"allow":["GET"]}}],"collection":[{"href":"https:\/\/www.lang-und-heyne.de\/fr\/wp-json\/wp\/v2\/uhren"}],"about":[{"href":"https:\/\/www.lang-und-heyne.de\/fr\/wp-json\/wp\/v2\/types\/uhren"}],"version-history":[{"count":1,"href":"https:\/\/www.lang-und-heyne.de\/fr\/wp-json\/wp\/v2\/uhren\/8153\/revisions"}],"predecessor-version":[{"id":8168,"href":"https:\/\/www.lang-und-heyne.de\/fr\/wp-json\/wp\/v2\/uhren\/8153\/revisions\/8168"}],"wp:attachment":[{"href":"https:\/\/www.lang-und-heyne.de\/fr\/wp-json\/wp\/v2\/media?parent=8153"}],"curies":[{"name":"wp","href":"https:\/\/api.w.org\/{rel}","templated":true}]}}