{"id":8617,"date":"2024-03-01T14:25:02","date_gmt":"2024-03-01T13:25:02","guid":{"rendered":"https:\/\/www.lang-und-heyne.de\/modelle\/special-georg-shh-edition-ii\/"},"modified":"2025-04-16T08:19:12","modified_gmt":"2025-04-16T06:19:12","slug":"special-georg-shh-edition-ii","status":"publish","type":"uhren","link":"https:\/\/www.lang-und-heyne.de\/fr\/modelle\/special-georg-shh-edition-ii\/","title":{"rendered":"Sp\u00e9cial Georg SHH Edition II"},"content":{"rendered":"\n<hr class=\"wp-block-separator has-alpha-channel-opacity\"\/>\n","protected":false},"featured_media":0,"parent":0,"menu_order":56,"template":"","class_list":["post-8617","uhren","type-uhren","status-publish","hentry"],"acf":{"soldier":{"ID":8619,"id":8619,"title":"LH_GeorgSHHII_Soldat","filename":"LH_GeorgSHHII_Soldat.png","filesize":950693,"url":"https:\/\/www.lang-und-heyne.de\/dateien\/2024\/03\/LH_GeorgSHHII_Soldat.png","link":"https:\/\/www.lang-und-heyne.de\/fr\/modelle\/special-georg-shh-edition-ii\/lh_georgshhii_soldat-2\/","alt":"","author":"5","description":"","caption":"","name":"lh_georgshhii_soldat-2","status":"inherit","uploaded_to":8617,"date":"2024-03-01 13:09:59","modified":"2024-03-01 13:09:59","menu_order":0,"mime_type":"image\/png","type":"image","subtype":"png","icon":"https:\/\/www.lang-und-heyne.de\/wp-includes\/images\/media\/default.png","width":850,"height":1400,"sizes":{"thumbnail":"https:\/\/www.lang-und-heyne.de\/dateien\/2024\/03\/LH_GeorgSHHII_Soldat-150x150.png","thumbnail-width":150,"thumbnail-height":150,"medium":"https:\/\/www.lang-und-heyne.de\/dateien\/2024\/03\/LH_GeorgSHHII_Soldat-182x300.png","medium-width":182,"medium-height":300,"medium_large":"https:\/\/www.lang-und-heyne.de\/dateien\/2024\/03\/LH_GeorgSHHII_Soldat-768x1265.png","medium_large-width":768,"medium_large-height":1265,"large":"https:\/\/www.lang-und-heyne.de\/dateien\/2024\/03\/LH_GeorgSHHII_Soldat-622x1024.png","large-width":622,"large-height":1024,"1536x1536":"https:\/\/www.lang-und-heyne.de\/dateien\/2024\/03\/LH_GeorgSHHII_Soldat.png","1536x1536-width":850,"1536x1536-height":1400,"2048x2048":"https:\/\/www.lang-und-heyne.de\/dateien\/2024\/03\/LH_GeorgSHHII_Soldat.png","2048x2048-width":850,"2048x2048-height":1400,"post-thumbnail":"https:\/\/www.lang-und-heyne.de\/dateien\/2024\/03\/LH_GeorgSHHII_Soldat-150x150.png","post-thumbnail-width":150,"post-thumbnail-height":150,"wide":"https:\/\/www.lang-und-heyne.de\/dateien\/2024\/03\/LH_GeorgSHHII_Soldat.png","wide-width":850,"wide-height":1400}},"slider":[{"bild":{"ID":8618,"id":8618,"title":"LH_Header_GeorgSHHII","filename":"LH_Header_GeorgSHHII.jpg","filesize":599221,"url":"https:\/\/www.lang-und-heyne.de\/dateien\/2024\/03\/LH_Header_GeorgSHHII.jpg","link":"https:\/\/www.lang-und-heyne.de\/fr\/modelle\/special-georg-shh-edition-ii\/lh_header_georgshhii-2\/","alt":"","author":"5","description":"","caption":"","name":"lh_header_georgshhii-2","status":"inherit","uploaded_to":8617,"date":"2024-03-01 12:54:10","modified":"2024-03-01 12:54:10","menu_order":0,"mime_type":"image\/jpeg","type":"image","subtype":"jpeg","icon":"https:\/\/www.lang-und-heyne.de\/wp-includes\/images\/media\/default.png","width":1920,"height":1080,"sizes":{"thumbnail":"https:\/\/www.lang-und-heyne.de\/dateien\/2024\/03\/LH_Header_GeorgSHHII-150x150.jpg","thumbnail-width":150,"thumbnail-height":150,"medium":"https:\/\/www.lang-und-heyne.de\/dateien\/2024\/03\/LH_Header_GeorgSHHII-300x169.jpg","medium-width":300,"medium-height":169,"medium_large":"https:\/\/www.lang-und-heyne.de\/dateien\/2024\/03\/LH_Header_GeorgSHHII-768x432.jpg","medium_large-width":768,"medium_large-height":432,"large":"https:\/\/www.lang-und-heyne.de\/dateien\/2024\/03\/LH_Header_GeorgSHHII-1024x576.jpg","large-width":1024,"large-height":576,"1536x1536":"https:\/\/www.lang-und-heyne.de\/dateien\/2024\/03\/LH_Header_GeorgSHHII-1536x864.jpg","1536x1536-width":1536,"1536x1536-height":864,"2048x2048":"https:\/\/www.lang-und-heyne.de\/dateien\/2024\/03\/LH_Header_GeorgSHHII.jpg","2048x2048-width":1920,"2048x2048-height":1080,"post-thumbnail":"https:\/\/www.lang-und-heyne.de\/dateien\/2024\/03\/LH_Header_GeorgSHHII-150x150.jpg","post-thumbnail-width":150,"post-thumbnail-height":150,"wide":"https:\/\/www.lang-und-heyne.de\/dateien\/2024\/03\/LH_Header_GeorgSHHII-1400x788.jpg","wide-width":1400,"wide-height":788}}}],"subtype":"special","shortdata":{"gehause":"40 x 32 mm<br \/>\nHauteur 9,4 mm","anzeige":"Heure, minute<br \/>\nseconde d\u00e9centr\u00e9e","werk":"Calibre VIII<br \/>\nMouvement manuel<br \/>\n55 heures d'autonomie<br \/>\nArr\u00eat seconde"},"caliber":{"ID":8609,"post_author":"5","post_date":"2022-12-08 15:19:29","post_date_gmt":"2022-12-08 14:19:29","post_content":"<!-- wp:separator -->\n<hr class=\"wp-block-separator has-alpha-channel-opacity\"\/>\n<!-- \/wp:separator -->","post_title":"Caliber VIII","post_excerpt":"","post_status":"publish","comment_status":"closed","ping_status":"closed","post_password":"","post_name":"caliber-viii-2","to_ping":"","pinged":"","post_modified":"2025-10-24 15:54:09","post_modified_gmt":"2025-10-24 13:54:09","post_content_filtered":"","post_parent":0,"guid":"https:\/\/www.lang-und-heyne.de\/caliber\/caliber-viii-2\/","menu_order":69,"post_type":"caliber","post_mime_type":"","comment_count":"0","filter":"raw"},"variationen":false,"technical":{"anzeige":"Affichage des heures & minutes<br \/>\nGrande seconde d\u00e9centr\u00e9e \u00d8 14,5 mm","zifferblatt":"Plaque de base rectangulaire galvanis\u00e9e en bordeaux avec finition Givree, deux disques en c\u00e9ramique<br \/>\nChiffres romains avec impression Berlac et accents rouges,<br \/>\nAiguilles lancettes","house":"Dimensions sans cornes<br \/>\nDiam\u00e8tre : 40 x 32 mm \u2013 Hauteur : 9,4 mm<br \/>\nVerre saphir et fond saphir<br \/>\n\u00c9tanch\u00e9it\u00e9 jusqu\u2019\u00e0 3 bar","armband":"Cuir d'alligator avec int\u00e9rieur en peau de requin<br \/>\nBoucle ardillon ou d\u00e9ployante"},"datenblatt":false,"galerie":[{"bild":{"ID":8622,"id":8622,"title":"LH_Bildergalerie_GeorgSHHII-2","filename":"LH_Bildergalerie_GeorgSHHII-2.jpg","filesize":390675,"url":"https:\/\/www.lang-und-heyne.de\/dateien\/2024\/03\/LH_Bildergalerie_GeorgSHHII-2.jpg","link":"https:\/\/www.lang-und-heyne.de\/fr\/modelle\/special-georg-shh-edition-ii\/lh_bildergalerie_georgshhii-2-2\/","alt":"","author":"5","description":"","caption":"","name":"lh_bildergalerie_georgshhii-2-2","status":"inherit","uploaded_to":8617,"date":"2024-03-01 13:21:08","modified":"2024-03-01 13:21:08","menu_order":0,"mime_type":"image\/jpeg","type":"image","subtype":"jpeg","icon":"https:\/\/www.lang-und-heyne.de\/wp-includes\/images\/media\/default.png","width":1500,"height":960,"sizes":{"thumbnail":"https:\/\/www.lang-und-heyne.de\/dateien\/2024\/03\/LH_Bildergalerie_GeorgSHHII-2-150x150.jpg","thumbnail-width":150,"thumbnail-height":150,"medium":"https:\/\/www.lang-und-heyne.de\/dateien\/2024\/03\/LH_Bildergalerie_GeorgSHHII-2-300x192.jpg","medium-width":300,"medium-height":192,"medium_large":"https:\/\/www.lang-und-heyne.de\/dateien\/2024\/03\/LH_Bildergalerie_GeorgSHHII-2-768x492.jpg","medium_large-width":768,"medium_large-height":492,"large":"https:\/\/www.lang-und-heyne.de\/dateien\/2024\/03\/LH_Bildergalerie_GeorgSHHII-2-1024x655.jpg","large-width":1024,"large-height":655,"1536x1536":"https:\/\/www.lang-und-heyne.de\/dateien\/2024\/03\/LH_Bildergalerie_GeorgSHHII-2.jpg","1536x1536-width":1500,"1536x1536-height":960,"2048x2048":"https:\/\/www.lang-und-heyne.de\/dateien\/2024\/03\/LH_Bildergalerie_GeorgSHHII-2.jpg","2048x2048-width":1500,"2048x2048-height":960,"post-thumbnail":"https:\/\/www.lang-und-heyne.de\/dateien\/2024\/03\/LH_Bildergalerie_GeorgSHHII-2-150x150.jpg","post-thumbnail-width":150,"post-thumbnail-height":150,"wide":"https:\/\/www.lang-und-heyne.de\/dateien\/2024\/03\/LH_Bildergalerie_GeorgSHHII-2-1400x896.jpg","wide-width":1400,"wide-height":896}},"beschreibung":"Caliber VIII avec la gravure manuelle \"One of 12"},{"bild":{"ID":8620,"id":8620,"title":"LH_Bildergalerie_GeorgSHHII-4","filename":"LH_Bildergalerie_GeorgSHHII-4.jpg","filesize":254361,"url":"https:\/\/www.lang-und-heyne.de\/dateien\/2024\/03\/LH_Bildergalerie_GeorgSHHII-4.jpg","link":"https:\/\/www.lang-und-heyne.de\/fr\/modelle\/special-georg-shh-edition-ii\/lh_bildergalerie_georgshhii-4-2\/","alt":"","author":"5","description":"","caption":"","name":"lh_bildergalerie_georgshhii-4-2","status":"inherit","uploaded_to":8617,"date":"2024-03-01 13:21:05","modified":"2024-03-01 13:21:05","menu_order":0,"mime_type":"image\/jpeg","type":"image","subtype":"jpeg","icon":"https:\/\/www.lang-und-heyne.de\/wp-includes\/images\/media\/default.png","width":1500,"height":960,"sizes":{"thumbnail":"https:\/\/www.lang-und-heyne.de\/dateien\/2024\/03\/LH_Bildergalerie_GeorgSHHII-4-150x150.jpg","thumbnail-width":150,"thumbnail-height":150,"medium":"https:\/\/www.lang-und-heyne.de\/dateien\/2024\/03\/LH_Bildergalerie_GeorgSHHII-4-300x192.jpg","medium-width":300,"medium-height":192,"medium_large":"https:\/\/www.lang-und-heyne.de\/dateien\/2024\/03\/LH_Bildergalerie_GeorgSHHII-4-768x492.jpg","medium_large-width":768,"medium_large-height":492,"large":"https:\/\/www.lang-und-heyne.de\/dateien\/2024\/03\/LH_Bildergalerie_GeorgSHHII-4-1024x655.jpg","large-width":1024,"large-height":655,"1536x1536":"https:\/\/www.lang-und-heyne.de\/dateien\/2024\/03\/LH_Bildergalerie_GeorgSHHII-4.jpg","1536x1536-width":1500,"1536x1536-height":960,"2048x2048":"https:\/\/www.lang-und-heyne.de\/dateien\/2024\/03\/LH_Bildergalerie_GeorgSHHII-4.jpg","2048x2048-width":1500,"2048x2048-height":960,"post-thumbnail":"https:\/\/www.lang-und-heyne.de\/dateien\/2024\/03\/LH_Bildergalerie_GeorgSHHII-4-150x150.jpg","post-thumbnail-width":150,"post-thumbnail-height":150,"wide":"https:\/\/www.lang-und-heyne.de\/dateien\/2024\/03\/LH_Bildergalerie_GeorgSHHII-4-1400x896.jpg","wide-width":1400,"wide-height":896}},"beschreibung":"Cadran avec deux disques en c\u00e9ramique de 0,4 mm d'\u00e9paisseur"},{"bild":{"ID":8621,"id":8621,"title":"LH_Bildergalerie_GeorgSHHII-3","filename":"LH_Bildergalerie_GeorgSHHII-3.jpg","filesize":261664,"url":"https:\/\/www.lang-und-heyne.de\/dateien\/2024\/03\/LH_Bildergalerie_GeorgSHHII-3.jpg","link":"https:\/\/www.lang-und-heyne.de\/fr\/modelle\/special-georg-shh-edition-ii\/lh_bildergalerie_georgshhii-3-2\/","alt":"","author":"5","description":"","caption":"","name":"lh_bildergalerie_georgshhii-3-2","status":"inherit","uploaded_to":8617,"date":"2024-03-01 13:21:06","modified":"2024-03-01 13:21:06","menu_order":0,"mime_type":"image\/jpeg","type":"image","subtype":"jpeg","icon":"https:\/\/www.lang-und-heyne.de\/wp-includes\/images\/media\/default.png","width":1500,"height":960,"sizes":{"thumbnail":"https:\/\/www.lang-und-heyne.de\/dateien\/2024\/03\/LH_Bildergalerie_GeorgSHHII-3-150x150.jpg","thumbnail-width":150,"thumbnail-height":150,"medium":"https:\/\/www.lang-und-heyne.de\/dateien\/2024\/03\/LH_Bildergalerie_GeorgSHHII-3-300x192.jpg","medium-width":300,"medium-height":192,"medium_large":"https:\/\/www.lang-und-heyne.de\/dateien\/2024\/03\/LH_Bildergalerie_GeorgSHHII-3-768x492.jpg","medium_large-width":768,"medium_large-height":492,"large":"https:\/\/www.lang-und-heyne.de\/dateien\/2024\/03\/LH_Bildergalerie_GeorgSHHII-3-1024x655.jpg","large-width":1024,"large-height":655,"1536x1536":"https:\/\/www.lang-und-heyne.de\/dateien\/2024\/03\/LH_Bildergalerie_GeorgSHHII-3.jpg","1536x1536-width":1500,"1536x1536-height":960,"2048x2048":"https:\/\/www.lang-und-heyne.de\/dateien\/2024\/03\/LH_Bildergalerie_GeorgSHHII-3.jpg","2048x2048-width":1500,"2048x2048-height":960,"post-thumbnail":"https:\/\/www.lang-und-heyne.de\/dateien\/2024\/03\/LH_Bildergalerie_GeorgSHHII-3-150x150.jpg","post-thumbnail-width":150,"post-thumbnail-height":150,"wide":"https:\/\/www.lang-und-heyne.de\/dateien\/2024\/03\/LH_Bildergalerie_GeorgSHHII-3-1400x896.jpg","wide-width":1400,"wide-height":896}},"beschreibung":"Cadran avec finition Givree en bordeaux"},{"bild":{"ID":8623,"id":8623,"title":"LH_Bildergalerie_GeorgSHHII-1","filename":"LH_Bildergalerie_GeorgSHHII-1.jpg","filesize":416967,"url":"https:\/\/www.lang-und-heyne.de\/dateien\/2024\/03\/LH_Bildergalerie_GeorgSHHII-1.jpg","link":"https:\/\/www.lang-und-heyne.de\/fr\/modelle\/special-georg-shh-edition-ii\/lh_bildergalerie_georgshhii-1-2\/","alt":"","author":"5","description":"","caption":"","name":"lh_bildergalerie_georgshhii-1-2","status":"inherit","uploaded_to":8617,"date":"2024-03-01 13:21:09","modified":"2024-03-01 13:21:09","menu_order":0,"mime_type":"image\/jpeg","type":"image","subtype":"jpeg","icon":"https:\/\/www.lang-und-heyne.de\/wp-includes\/images\/media\/default.png","width":1500,"height":960,"sizes":{"thumbnail":"https:\/\/www.lang-und-heyne.de\/dateien\/2024\/03\/LH_Bildergalerie_GeorgSHHII-1-150x150.jpg","thumbnail-width":150,"thumbnail-height":150,"medium":"https:\/\/www.lang-und-heyne.de\/dateien\/2024\/03\/LH_Bildergalerie_GeorgSHHII-1-300x192.jpg","medium-width":300,"medium-height":192,"medium_large":"https:\/\/www.lang-und-heyne.de\/dateien\/2024\/03\/LH_Bildergalerie_GeorgSHHII-1-768x492.jpg","medium_large-width":768,"medium_large-height":492,"large":"https:\/\/www.lang-und-heyne.de\/dateien\/2024\/03\/LH_Bildergalerie_GeorgSHHII-1-1024x655.jpg","large-width":1024,"large-height":655,"1536x1536":"https:\/\/www.lang-und-heyne.de\/dateien\/2024\/03\/LH_Bildergalerie_GeorgSHHII-1.jpg","1536x1536-width":1500,"1536x1536-height":960,"2048x2048":"https:\/\/www.lang-und-heyne.de\/dateien\/2024\/03\/LH_Bildergalerie_GeorgSHHII-1.jpg","2048x2048-width":1500,"2048x2048-height":960,"post-thumbnail":"https:\/\/www.lang-und-heyne.de\/dateien\/2024\/03\/LH_Bildergalerie_GeorgSHHII-1-150x150.jpg","post-thumbnail-width":150,"post-thumbnail-height":150,"wide":"https:\/\/www.lang-und-heyne.de\/dateien\/2024\/03\/LH_Bildergalerie_GeorgSHHII-1-1400x896.jpg","wide-width":1400,"wide-height":896}},"beschreibung":"Aper\u00e7u de l'usine"}],"testimonial":{"":null,"bild_links":false,"zitat":"","autor":"","seitenverkehrt":false,"smalltext":false,"bild_oder_animiertes_gif":true,"bild_rechts":false,"bild_rechts_gif":false,"extrabild":false,"detail":false,"additionalinfo":false,"zusatzinfo":{"text":"","link":null,"linktext":""}},"longtext":"<p>Bienvenue dans l&rsquo;\u00e9dition 2 de la montre exclusive Georg SHH de Lang &#038; Heyne &#8211; un hommage au design intemporel et \u00e0 la ma\u00eetrise de l&rsquo;artisanat. Cette \u00e9dition limit\u00e9e, dot\u00e9e d&rsquo;un fascinant cadran en c\u00e9ramique de couleur bordeaux, a \u00e9t\u00e9 cr\u00e9\u00e9e en \u00e9troite collaboration avec un groupe de d\u00e9taillants renomm\u00e9s d&rsquo;Asie du Sud-Est. Dans une s\u00e9rie tr\u00e8s limit\u00e9e de seulement 12 exemplaires, l&rsquo;Edition 2 allie une tradition horlog\u00e8re de premier ordre \u00e0 la beaut\u00e9 esth\u00e9tique de ses couleurs uniques. Plongez dans l&rsquo;univers fascinant de ce chef-d&rsquo;\u0153uvre qui enrichira votre collection de montres d&rsquo;un tr\u00e9sor particulier.   <\/p>\n"},"wpml_current_locale":"fr_FR","wpml_translations":{"en_US":{"locale":"en_US","id":5670,"slug":"special-georg-shh-edition-ii","post_title":"Special Georg SHH Edition II","href":"https:\/\/www.lang-und-heyne.de\/en\/modelle\/special-georg-shh-edition-ii\/"},"de_DE":{"locale":"de_DE","id":5644,"slug":"special-georg-shh-edition-ii","post_title":"Special Georg SHH Edition II","href":"https:\/\/www.lang-und-heyne.de\/modelle\/special-georg-shh-edition-ii\/"},"es_ES":{"locale":"es_ES","id":8675,"slug":"edicion-especial-georg-shh-ii","post_title":"Edici\u00f3n especial Georg SHH II","href":"https:\/\/www.lang-und-heyne.de\/es\/modelle\/edicion-especial-georg-shh-ii\/"},"ja":{"locale":"ja","id":5672,"slug":"special-georg-shh-edition-ii","post_title":"\u30b2\u30aa\u30eb\u30afSHHII\u30b9\u30da\u30b7\u30e3\u30eb\u30a8\u30c7\u30a3\u30b7\u30e7\u30f3","href":"https:\/\/www.lang-und-heyne.de\/ja\/modelle\/special-georg-shh-edition-ii\/"},"zh_CN":{"locale":"zh_CN","id":5674,"slug":"special-georg-shh-edition-ii","post_title":"\u30b2\u30aa\u30eb\u30afSHH-II\u30b9\u30da\u30b7\u30e3\u30eb\u30a8\u30c7\u30a3\u30b7\u30e7\u30f3","href":"https:\/\/www.lang-und-heyne.de\/zh-hans\/modelle\/special-georg-shh-edition-ii\/"}},"_links":{"self":[{"href":"https:\/\/www.lang-und-heyne.de\/fr\/wp-json\/wp\/v2\/uhren\/8617","targetHints":{"allow":["GET"]}}],"collection":[{"href":"https:\/\/www.lang-und-heyne.de\/fr\/wp-json\/wp\/v2\/uhren"}],"about":[{"href":"https:\/\/www.lang-und-heyne.de\/fr\/wp-json\/wp\/v2\/types\/uhren"}],"version-history":[{"count":1,"href":"https:\/\/www.lang-und-heyne.de\/fr\/wp-json\/wp\/v2\/uhren\/8617\/revisions"}],"predecessor-version":[{"id":8624,"href":"https:\/\/www.lang-und-heyne.de\/fr\/wp-json\/wp\/v2\/uhren\/8617\/revisions\/8624"}],"wp:attachment":[{"href":"https:\/\/www.lang-und-heyne.de\/fr\/wp-json\/wp\/v2\/media?parent=8617"}],"curies":[{"name":"wp","href":"https:\/\/api.w.org\/{rel}","templated":true}]}}