{"id":6548,"date":"2024-07-12T11:51:22","date_gmt":"2024-07-12T09:51:22","guid":{"rendered":"https:\/\/www.lang-und-heyne.de\/?post_type=landingpages&#038;p=6548"},"modified":"2024-11-13T08:13:12","modified_gmt":"2024-11-13T07:13:12","slug":"friedrich-iii-remontoir-sincere-platinum-jubilee-edition","status":"publish","type":"landingpages","link":"https:\/\/www.lang-und-heyne.de\/ja\/special\/friedrich-iii-remontoir-sincere-platinum-jubilee-edition\/","title":{"rendered":"\u30d5\u30ea\u30fc\u30c9\u30ea\u30d2 III \u30ec\u30e2\u30f3\u30c8\u30ef\u30fc\u30eb \u30b7\u30f3\u30b7\u30a2 \u30d7\u30e9\u30c1\u30ca \u30b8\u30e5\u30d3\u30ea\u30fc \u30a8\u30c7\u30a3\u30b7\u30e7\u30f3"},"content":{"rendered":"\n<hr class=\"wp-block-separator has-alpha-channel-opacity\"\/>\n","protected":false},"featured_media":6527,"parent":0,"menu_order":0,"template":"","class_list":["post-6548","landingpages","type-landingpages","status-publish","has-post-thumbnail","hentry"],"acf":{"info":{"bild":{"ID":6457,"id":6457,"title":"Soldat-FIII-Rem-SHH","filename":"Soldat-FIII-Rem-SHH.png","filesize":360968,"url":"https:\/\/www.lang-und-heyne.de\/dateien\/2024\/07\/Soldat-FIII-Rem-SHH.png","link":"https:\/\/www.lang-und-heyne.de\/ja\/special\/friedrich-iii-remontoir-sincere-platinum-jubilee-edition\/soldat-fiii-rem-shh-2\/","alt":"","author":"5","description":"","caption":"","name":"soldat-fiii-rem-shh-2","status":"inherit","uploaded_to":6548,"date":"2024-07-12 09:11:41","modified":"2024-07-29 11:18:17","menu_order":0,"mime_type":"image\/png","type":"image","subtype":"png","icon":"https:\/\/www.lang-und-heyne.de\/wp-includes\/images\/media\/default.png","width":850,"height":1400,"sizes":{"thumbnail":"https:\/\/www.lang-und-heyne.de\/dateien\/2024\/07\/Soldat-FIII-Rem-SHH-150x150.png","thumbnail-width":150,"thumbnail-height":150,"medium":"https:\/\/www.lang-und-heyne.de\/dateien\/2024\/07\/Soldat-FIII-Rem-SHH-182x300.png","medium-width":182,"medium-height":300,"medium_large":"https:\/\/www.lang-und-heyne.de\/dateien\/2024\/07\/Soldat-FIII-Rem-SHH-768x1265.png","medium_large-width":768,"medium_large-height":1265,"large":"https:\/\/www.lang-und-heyne.de\/dateien\/2024\/07\/Soldat-FIII-Rem-SHH-622x1024.png","large-width":622,"large-height":1024,"1536x1536":"https:\/\/www.lang-und-heyne.de\/dateien\/2024\/07\/Soldat-FIII-Rem-SHH.png","1536x1536-width":850,"1536x1536-height":1400,"2048x2048":"https:\/\/www.lang-und-heyne.de\/dateien\/2024\/07\/Soldat-FIII-Rem-SHH.png","2048x2048-width":850,"2048x2048-height":1400,"post-thumbnail":"https:\/\/www.lang-und-heyne.de\/dateien\/2024\/07\/Soldat-FIII-Rem-SHH-150x150.png","post-thumbnail-width":150,"post-thumbnail-height":150,"wide":"https:\/\/www.lang-und-heyne.de\/dateien\/2024\/07\/Soldat-FIII-Rem-SHH.png","wide-width":850,"wide-height":1400}},"infofeld":"<p>\u767d\u3044\u30bb\u30e9\u30df\u30c3\u30af\u306e\u6587\u5b57\u76e4\u3068\u30d6\u30eb\u30fc\u306e\u30b8\u30d6\u30ec\u4ed5\u4e0a\u3052\u30bb\u30f3\u30bf\u30fc\u30d7\u30ec\u30fc\u30c8<br \/>\n\u9ad8\u54c1\u8cea\u306a\u30d9\u30eb\u30e9\u30c3\u30af\u5370\u5237\u306e\u30ed\u30fc\u30de\u6570\u5b57<\/p>\n<p>\u6052\u529b\u88c5\u7f6e<br \/>\n\u79d2\u98db\u3073\u6a5f\u80fd<\/p>\n<p>\u9650\u5b9a7\u672c<\/p>\n<p><strong>\u304a\u554f\u3044\u5408\u308f\u305b\u306f\u76f4\u63a5\u30d1\u30fc\u30c8\u30ca\u30fc\u3092\u901a\u3058\u3066\u306e\u307f\u53d7\u3051\u4ed8\u3051\u3066\u304a\u308a\u307e\u3059\uff1a<br \/>\n<a href=\"https:\/\/sincerewatch.com\/70anniversary\/contact\/\" target=\"_blank\">\u4eca\u3059\u3050\u554f\u3044\u5408\u308f\u305b\u308b<\/a><\/strong><\/p>\n","hintergrund":{"ID":6461,"id":6461,"title":"Special-FIIIRem-SHH","filename":"Special-FIIIRem-SHH.jpg","filesize":309559,"url":"https:\/\/www.lang-und-heyne.de\/dateien\/2024\/07\/Special-FIIIRem-SHH.jpg","link":"https:\/\/www.lang-und-heyne.de\/ja\/special\/friedrich-iii-remontoir-sincere-platinum-jubilee-edition\/special-fiiirem-shh-2\/","alt":"","author":"5","description":"","caption":"","name":"special-fiiirem-shh-2","status":"inherit","uploaded_to":6548,"date":"2024-07-12 09:18:45","modified":"2024-07-29 11:18:17","menu_order":0,"mime_type":"image\/jpeg","type":"image","subtype":"jpeg","icon":"https:\/\/www.lang-und-heyne.de\/wp-includes\/images\/media\/default.png","width":1920,"height":1200,"sizes":{"thumbnail":"https:\/\/www.lang-und-heyne.de\/dateien\/2024\/07\/Special-FIIIRem-SHH-150x150.jpg","thumbnail-width":150,"thumbnail-height":150,"medium":"https:\/\/www.lang-und-heyne.de\/dateien\/2024\/07\/Special-FIIIRem-SHH-300x188.jpg","medium-width":300,"medium-height":188,"medium_large":"https:\/\/www.lang-und-heyne.de\/dateien\/2024\/07\/Special-FIIIRem-SHH-768x480.jpg","medium_large-width":768,"medium_large-height":480,"large":"https:\/\/www.lang-und-heyne.de\/dateien\/2024\/07\/Special-FIIIRem-SHH-1024x640.jpg","large-width":1024,"large-height":640,"1536x1536":"https:\/\/www.lang-und-heyne.de\/dateien\/2024\/07\/Special-FIIIRem-SHH-1536x960.jpg","1536x1536-width":1536,"1536x1536-height":960,"2048x2048":"https:\/\/www.lang-und-heyne.de\/dateien\/2024\/07\/Special-FIIIRem-SHH.jpg","2048x2048-width":1920,"2048x2048-height":1200,"post-thumbnail":"https:\/\/www.lang-und-heyne.de\/dateien\/2024\/07\/Special-FIIIRem-SHH-150x150.jpg","post-thumbnail-width":150,"post-thumbnail-height":150,"wide":"https:\/\/www.lang-und-heyne.de\/dateien\/2024\/07\/Special-FIIIRem-SHH-1400x875.jpg","wide-width":1400,"wide-height":875}}},"hero":[{"bild":{"ID":6449,"id":6449,"title":"Header-FIIIRem-SHH","filename":"Header-FIIIRem-SHH2.jpg","filesize":567867,"url":"https:\/\/www.lang-und-heyne.de\/dateien\/2024\/07\/Header-FIIIRem-SHH2.jpg","link":"https:\/\/www.lang-und-heyne.de\/ja\/special\/friedrich-iii-remontoir-sincere-platinum-jubilee-edition\/header-fiiirem-shh-2\/","alt":"","author":"5","description":"","caption":"","name":"header-fiiirem-shh-2","status":"inherit","uploaded_to":6548,"date":"2024-07-12 09:05:43","modified":"2024-07-29 11:18:17","menu_order":0,"mime_type":"image\/jpeg","type":"image","subtype":"jpeg","icon":"https:\/\/www.lang-und-heyne.de\/wp-includes\/images\/media\/default.png","width":1920,"height":1080,"sizes":{"thumbnail":"https:\/\/www.lang-und-heyne.de\/dateien\/2024\/07\/Header-FIIIRem-SHH-150x150.jpg","thumbnail-width":150,"thumbnail-height":150,"medium":"https:\/\/www.lang-und-heyne.de\/dateien\/2024\/07\/Header-FIIIRem-SHH-300x169.jpg","medium-width":300,"medium-height":169,"medium_large":"https:\/\/www.lang-und-heyne.de\/dateien\/2024\/07\/Header-FIIIRem-SHH-768x432.jpg","medium_large-width":768,"medium_large-height":432,"large":"https:\/\/www.lang-und-heyne.de\/dateien\/2024\/07\/Header-FIIIRem-SHH-1024x576.jpg","large-width":1024,"large-height":576,"1536x1536":"https:\/\/www.lang-und-heyne.de\/dateien\/2024\/07\/Header-FIIIRem-SHH-1536x864.jpg","1536x1536-width":1536,"1536x1536-height":864,"2048x2048":"https:\/\/www.lang-und-heyne.de\/dateien\/2024\/07\/Header-FIIIRem-SHH2.jpg","2048x2048-width":1920,"2048x2048-height":1080,"post-thumbnail":"https:\/\/www.lang-und-heyne.de\/dateien\/2024\/07\/Header-FIIIRem-SHH-150x150.jpg","post-thumbnail-width":150,"post-thumbnail-height":150,"wide":"https:\/\/www.lang-und-heyne.de\/dateien\/2024\/07\/Header-FIIIRem-SHH-1400x788.jpg","wide-width":1400,"wide-height":788}},"texte":{"kategorie":"\u30e2\u30c7\u30eb\u30ea\u30ea\u30fc\u30b9","titel":"\u30d5\u30ea\u30fc\u30c9\u30ea\u30d2 III \u30ec\u30e2\u30f3\u30c8\u30ef\u30fc\u30eb \u30b7\u30f3\u30b7\u30a2 \u30d7\u30e9\u30c1\u30ca \u30b8\u30e5\u30d3\u30ea\u30fc \u30a8\u30c7\u30a3\u30b7\u30e7\u30f3"}}],"block":[{"headerbild":{"ID":6535,"id":6535,"title":"LangHeyne-Subheader-FIIIRem-SHH-Dial2","filename":"LangHeyne-Subheader-FIIIRem-SHH-Dial2.jpg","filesize":526740,"url":"https:\/\/www.lang-und-heyne.de\/dateien\/2024\/07\/LangHeyne-Subheader-FIIIRem-SHH-Dial2.jpg","link":"https:\/\/www.lang-und-heyne.de\/ja\/special\/friedrich-iii-remontoir-sincere-platinum-jubilee-edition\/langheyne-subheader-fiiirem-shh-dial2-2\/","alt":"","author":"5","description":"","caption":"","name":"langheyne-subheader-fiiirem-shh-dial2-2","status":"inherit","uploaded_to":6548,"date":"2024-07-29 09:46:16","modified":"2024-07-29 11:18:17","menu_order":0,"mime_type":"image\/jpeg","type":"image","subtype":"jpeg","icon":"https:\/\/www.lang-und-heyne.de\/wp-includes\/images\/media\/default.png","width":1920,"height":800,"sizes":{"thumbnail":"https:\/\/www.lang-und-heyne.de\/dateien\/2024\/07\/LangHeyne-Subheader-FIIIRem-SHH-Dial2-150x150.jpg","thumbnail-width":150,"thumbnail-height":150,"medium":"https:\/\/www.lang-und-heyne.de\/dateien\/2024\/07\/LangHeyne-Subheader-FIIIRem-SHH-Dial2-300x125.jpg","medium-width":300,"medium-height":125,"medium_large":"https:\/\/www.lang-und-heyne.de\/dateien\/2024\/07\/LangHeyne-Subheader-FIIIRem-SHH-Dial2-768x320.jpg","medium_large-width":768,"medium_large-height":320,"large":"https:\/\/www.lang-und-heyne.de\/dateien\/2024\/07\/LangHeyne-Subheader-FIIIRem-SHH-Dial2-1024x427.jpg","large-width":1024,"large-height":427,"1536x1536":"https:\/\/www.lang-und-heyne.de\/dateien\/2024\/07\/LangHeyne-Subheader-FIIIRem-SHH-Dial2-1536x640.jpg","1536x1536-width":1536,"1536x1536-height":640,"2048x2048":"https:\/\/www.lang-und-heyne.de\/dateien\/2024\/07\/LangHeyne-Subheader-FIIIRem-SHH-Dial2.jpg","2048x2048-width":1920,"2048x2048-height":800,"post-thumbnail":"https:\/\/www.lang-und-heyne.de\/dateien\/2024\/07\/LangHeyne-Subheader-FIIIRem-SHH-Dial2-150x150.jpg","post-thumbnail-width":150,"post-thumbnail-height":150,"wide":"https:\/\/www.lang-und-heyne.de\/dateien\/2024\/07\/LangHeyne-Subheader-FIIIRem-SHH-Dial2-1400x583.jpg","wide-width":1400,"wide-height":583}},"video":false,"header":"\u30bb\u30e9\u30df\u30c3\u30af\u6587\u5b57\u76e4\uff1a\u7cbe\u5ea6\u306e\u5091\u4f5c","ausrichtung":true,"text":"<p>\u300c\u30d5\u30ea\u30fc\u30c9\u30ea\u30d2 III \u30ec\u30e2\u30f3\u30c8\u30ef\u30fc\u30eb \u30b7\u30f3\u30b7\u30a2 \u30d7\u30e9\u30c1\u30ca \u30b8\u30e5\u30d3\u30ea\u30fc \u30a8\u30c7\u30a3\u30b7\u30e7\u30f3\u300d\u306e\u30bb\u30e9\u30df\u30c3\u30af\u6587\u5b57\u76e4\u306f\u3001\u6700\u9ad8\u306e\u6642\u8a08\u88fd\u9020\u6280\u8853\u3068\u9769\u65b0\u306e\u5178\u578b\u3067\u3059\u3002\u5f93\u6765\u306e\u30bd\u30ea\u30c3\u30c9\u30b7\u30eb\u30d0\u30fc\u6587\u5b57\u76e4\u3068\u306f\u7570\u306a\u308a\u3001\u3053\u306e\u30a8\u30c7\u30a3\u30b7\u30e7\u30f3\u306f\u3001\u4e2d\u592e\u306b\u30b5\u30f3\u30c9\u30d6\u30e9\u30b9\u30c8\u51e6\u7406\u3055\u308c\u305f\u30ed\u30a4\u30e4\u30eb\u30d6\u30eb\u30fc\u306e\u30b8\u30d6\u30ec\u4ed5\u4e0a\u3052\u3092\u65bd\u3057\u305f\u30bb\u30e9\u30df\u30c3\u30af\u6587\u5b57\u76e4\u3092\u7279\u5fb4\u3068\u3057\u3066\u3044\u307e\u3059\u3002\u5404\u6587\u5b57\u76e4\u306f\u767d\u3044\u30bb\u30e9\u30df\u30c3\u30af\u304b\u3089\u4f5c\u3089\u308c\u3001\u30a8\u30ec\u30ac\u30f3\u30c8\u306a\u30d6\u30eb\u30fc\u306e\u30b8\u30d6\u30ec\u4ed5\u4e0a\u3052\u304c\u65bd\u3055\u308c\u3066\u3044\u307e\u3059\u3002\u30b5\u30d5\u30a1\u30a4\u30a2\u3068\u540c\u3058\u7d20\u6750\u3067\u4f5c\u3089\u308c\u305f\u7cbe\u5bc6\u306a\u30ec\u30fc\u30b6\u30fc\u5207\u65ad\u30bb\u30e9\u30df\u30c3\u30af\u30c7\u30a3\u30b9\u30af\u306f\u3001\u30c0\u30a4\u30e4\u30e2\u30f3\u30c9\u5de5\u5177\u306e\u307f\u3092\u4f7f\u7528\u3057\u3066\u52a0\u5de5\u3055\u308c\u307e\u3059\u3002\u7cbe\u5de7\u306b\u5f6b\u523b\u3055\u308c\u3001\u7814\u78e8\u3055\u308c\u305f\u30a8\u30c3\u30b8\u306f\u3001\u30c7\u30b6\u30a4\u30f3\u306e\u6df1\u3055\u3068\u8907\u96d1\u3055\u3092\u969b\u7acb\u305f\u305b\u308b\u4e09\u6b21\u5143\u306e\u5916\u89b3\u3092\u4f5c\u308a\u51fa\u3057\u307e\u3059\u3002\u624b\u5f6b\u308a\u306e\u8981\u7d20\u306b\u306f\u9ad8\u54c1\u8cea\u306a\u5370\u5237\u30a4\u30f3\u30af\u304c\u4f7f\u7528\u3055\u308c\u3001\u6700\u7d42\u7684\u306b\u9ad8\u5149\u6ca2\u306b\u4ed5\u4e0a\u3052\u3089\u308c\u307e\u3059\u3002\u6587\u5b57\u76e4\u306e\u4e2d\u5fc3\u306b\u306f\u3001\u30b5\u30f3\u30c9\u30d6\u30e9\u30b9\u30c8\u51e6\u7406\u3055\u308c\u305f\u30ed\u30a4\u30e4\u30eb\u30d6\u30eb\u30fc\u306e\u30e1\u30c3\u30ad\u771f\u936e\u30d7\u30ec\u30fc\u30c8\u304c\u53d6\u308a\u4ed8\u3051\u3089\u308c\u3001\u4e8c\u6210\u5206\u30a8\u30dd\u30ad\u30b7\u6a39\u8102\u63a5\u7740\u5264\u3067\u5b8c\u74a7\u306b\u56fa\u5b9a\u3055\u308c\u307e\u3059\u3002\u3053\u306e\u624b\u306e\u8fbc\u3093\u3060\u30d7\u30ed\u30bb\u30b9\u306b\u3088\u308a\u3001\u5353\u8d8a\u3057\u305f\u7f8e\u5b66\u3068\u8010\u4e45\u6027\u304c\u4fdd\u8a3c\u3055\u308c\u3001Lang &#038; Heyne\u306e\u6642\u8a08\u3092\u552f\u4e00\u7121\u4e8c\u306e\u3082\u306e\u306b\u3057\u3066\u3044\u307e\u3059\u3002<\/p>\n","bilder":[{"bild":{"ID":6481,"id":6481,"title":"LangHeyne-FIIIRem-SHH-DialClose","filename":"LangHeyne-FIIIRem-SHH-DialClose.jpg","filesize":199976,"url":"https:\/\/www.lang-und-heyne.de\/dateien\/2024\/07\/LangHeyne-FIIIRem-SHH-DialClose.jpg","link":"https:\/\/www.lang-und-heyne.de\/ja\/special\/friedrich-iii-remontoir-sincere-platinum-jubilee-edition\/langheyne-fiiirem-shh-dialclose-2\/","alt":"","author":"5","description":"","caption":"","name":"langheyne-fiiirem-shh-dialclose-2","status":"inherit","uploaded_to":6548,"date":"2024-07-12 09:47:54","modified":"2024-07-29 11:18:17","menu_order":0,"mime_type":"image\/jpeg","type":"image","subtype":"jpeg","icon":"https:\/\/www.lang-und-heyne.de\/wp-includes\/images\/media\/default.png","width":1000,"height":705,"sizes":{"thumbnail":"https:\/\/www.lang-und-heyne.de\/dateien\/2024\/07\/LangHeyne-FIIIRem-SHH-DialClose-150x150.jpg","thumbnail-width":150,"thumbnail-height":150,"medium":"https:\/\/www.lang-und-heyne.de\/dateien\/2024\/07\/LangHeyne-FIIIRem-SHH-DialClose-300x212.jpg","medium-width":300,"medium-height":212,"medium_large":"https:\/\/www.lang-und-heyne.de\/dateien\/2024\/07\/LangHeyne-FIIIRem-SHH-DialClose-768x541.jpg","medium_large-width":768,"medium_large-height":541,"large":"https:\/\/www.lang-und-heyne.de\/dateien\/2024\/07\/LangHeyne-FIIIRem-SHH-DialClose.jpg","large-width":1000,"large-height":705,"1536x1536":"https:\/\/www.lang-und-heyne.de\/dateien\/2024\/07\/LangHeyne-FIIIRem-SHH-DialClose.jpg","1536x1536-width":1000,"1536x1536-height":705,"2048x2048":"https:\/\/www.lang-und-heyne.de\/dateien\/2024\/07\/LangHeyne-FIIIRem-SHH-DialClose.jpg","2048x2048-width":1000,"2048x2048-height":705,"post-thumbnail":"https:\/\/www.lang-und-heyne.de\/dateien\/2024\/07\/LangHeyne-FIIIRem-SHH-DialClose-150x150.jpg","post-thumbnail-width":150,"post-thumbnail-height":150,"wide":"https:\/\/www.lang-und-heyne.de\/dateien\/2024\/07\/LangHeyne-FIIIRem-SHH-DialClose.jpg","wide-width":1000,"wide-height":705}},"subline":"\u767d\u3044\u30bb\u30e9\u30df\u30c3\u30af\u306e\u6587\u5b57\u76e4"}]},{"headerbild":{"ID":6531,"id":6531,"title":"LangHeyne-Subheader-FIIIRem-SHH-Werk2","filename":"LangHeyne-Subheader-FIIIRem-SHH-Werk2.jpg","filesize":766965,"url":"https:\/\/www.lang-und-heyne.de\/dateien\/2024\/07\/LangHeyne-Subheader-FIIIRem-SHH-Werk2.jpg","link":"https:\/\/www.lang-und-heyne.de\/ja\/special\/friedrich-iii-remontoir-sincere-platinum-jubilee-edition\/langheyne-subheader-fiiirem-shh-werk2-2\/","alt":"","author":"5","description":"","caption":"","name":"langheyne-subheader-fiiirem-shh-werk2-2","status":"inherit","uploaded_to":6548,"date":"2024-07-29 09:44:16","modified":"2024-07-29 11:18:17","menu_order":0,"mime_type":"image\/jpeg","type":"image","subtype":"jpeg","icon":"https:\/\/www.lang-und-heyne.de\/wp-includes\/images\/media\/default.png","width":1920,"height":800,"sizes":{"thumbnail":"https:\/\/www.lang-und-heyne.de\/dateien\/2024\/07\/LangHeyne-Subheader-FIIIRem-SHH-Werk2-150x150.jpg","thumbnail-width":150,"thumbnail-height":150,"medium":"https:\/\/www.lang-und-heyne.de\/dateien\/2024\/07\/LangHeyne-Subheader-FIIIRem-SHH-Werk2-300x125.jpg","medium-width":300,"medium-height":125,"medium_large":"https:\/\/www.lang-und-heyne.de\/dateien\/2024\/07\/LangHeyne-Subheader-FIIIRem-SHH-Werk2-768x320.jpg","medium_large-width":768,"medium_large-height":320,"large":"https:\/\/www.lang-und-heyne.de\/dateien\/2024\/07\/LangHeyne-Subheader-FIIIRem-SHH-Werk2-1024x427.jpg","large-width":1024,"large-height":427,"1536x1536":"https:\/\/www.lang-und-heyne.de\/dateien\/2024\/07\/LangHeyne-Subheader-FIIIRem-SHH-Werk2-1536x640.jpg","1536x1536-width":1536,"1536x1536-height":640,"2048x2048":"https:\/\/www.lang-und-heyne.de\/dateien\/2024\/07\/LangHeyne-Subheader-FIIIRem-SHH-Werk2.jpg","2048x2048-width":1920,"2048x2048-height":800,"post-thumbnail":"https:\/\/www.lang-und-heyne.de\/dateien\/2024\/07\/LangHeyne-Subheader-FIIIRem-SHH-Werk2-150x150.jpg","post-thumbnail-width":150,"post-thumbnail-height":150,"wide":"https:\/\/www.lang-und-heyne.de\/dateien\/2024\/07\/LangHeyne-Subheader-FIIIRem-SHH-Werk2-1400x583.jpg","wide-width":1400,"wide-height":583}},"video":false,"header":"\u6052\u529b\u88c5\u7f6e\uff1a\u5b8c\u74a7\u306a\u7cbe\u5ea6","ausrichtung":false,"text":"<p>\u300c\u30d5\u30ea\u30fc\u30c9\u30ea\u30d2 III \u30ea\u30e2\u30f3\u30c8\u30ef\u30fc\u30eb \u30b7\u30f3\u30b7\u30a2 \u30d7\u30e9\u30c1\u30ca \u30b8\u30e5\u30d3\u30ea\u30fc \u30a8\u30c7\u30a3\u30b7\u30e7\u30f3\u300d\u306e\u5fc3\u81d3\u90e8\u306f\u3001\u30ad\u30e3\u30ea\u30d0\u30fc VI-I \u3068\u3044\u3046\u6642\u8a08\u6280\u8853\u306e\u5091\u4f5c\u3067\u3059\u3002\u3053\u306e\u30ad\u30e3\u30ea\u30d0\u30fc\u306b\u306f\u3001\u30ea\u30e2\u30f3\u30c8\u30ef\u30fc\u30eb\u3001\u3044\u308f\u3086\u308b\u300c\u5b9a\u529b\u6a5f\u69cb\u300d\u304c\u642d\u8f09\u3055\u308c\u3066\u304a\u308a\u3001\u30bc\u30f3\u30de\u30a4\u306e\u6e1b\u5c11\u3059\u308b\u529b\u3092\u88dc\u6b63\u3057\u3001\u4e00\u65e5\u3092\u901a\u3057\u3066\u30c6\u30f3\u30d7\u306e\u632f\u5e45\u3092\u4e00\u5b9a\u306b\u4fdd\u3061\u307e\u3059\u3002\u3053\u306e\u6280\u8853\u306b\u3088\u308a\u3001\u8131\u9032\u6a5f\u306b\u5b89\u5b9a\u3057\u305f\u30a8\u30cd\u30eb\u30ae\u30fc\u304c\u4f9b\u7d66\u3055\u308c\u3001\u6642\u523b\u7cbe\u5ea6\u304c\u5411\u4e0a\u3057\u307e\u3059\u3002\u30ea\u30e2\u30f3\u30c8\u30ef\u30fc\u30eb\u306f\u8131\u9032\u6a5f\u306b\u76f4\u63a5\u4f4d\u7f6e\u3057\u3001\u7279\u5fb4\u7684\u306a\u30b8\u30e3\u30f3\u30d4\u30f3\u30b0\u30bb\u30b3\u30f3\u30c9\u3092\u751f\u307f\u51fa\u3057\u307e\u3059\u3002\u3053\u306e\u6280\u8853\u7684\u6d17\u7df4\u306f\u3001\u6642\u8a08\u306e\u6b63\u78ba\u3067\u4fe1\u983c\u6027\u306e\u9ad8\u3044\u52d5\u4f5c\u3092\u4fdd\u8a3c\u3059\u308b\u3060\u3051\u3067\u306a\u304f\u3001\u6280\u8853\u7684\u306a\u5353\u8d8a\u6027\u3068\u8077\u4eba\u6280\u306e\u8c61\u5fb4\u3068\u3057\u3066\u6642\u8a08\u3092\u969b\u7acb\u305f\u305b\u307e\u3059\u3002<\/p>\n<p>\u30ea\u30e2\u30f3\u30c8\u30ef\u30fc\u30eb\u306f\u3001\u8131\u9032\u6a5f\u306e\u4e0a\u306b\u5c0f\u3055\u306a\u30bc\u30f3\u30de\u30a4\u3092\u4e2d\u9593\u30a8\u30cd\u30eb\u30ae\u30fc\u306e\u84c4\u3048\u3068\u3057\u3066\u7d44\u307f\u8fbc\u307f\u3001\u3053\u308c\u304c\u8131\u9032\u6a5f\u3092\u5358\u72ec\u3067\u99c6\u52d5\u3059\u308b\u3053\u3068\u3067\u6a5f\u80fd\u3057\u307e\u3059\u3002\u4ed6\u306e\u6b6f\u8eca\u7cfb\u306f\u30ed\u30c3\u30af\u30ec\u30d0\u30fc\u306b\u3088\u3063\u3066\u505c\u6b62\u3057\u3066\u3044\u308b\u9593\u306b\u3001\u8131\u9032\u6a5f\u304c\u52d5\u304d\u3001\u30c6\u30f3\u30d7\u306b\u4e00\u5b9a\u306e\u30a8\u30cd\u30eb\u30ae\u30fc\u3092\u4f9b\u7d66\u3057\u307e\u3059\u3002\u5b9a\u671f\u7684\u306a\u9593\u9694\u3067\u30ed\u30c3\u30af\u304c\u89e3\u9664\u3055\u308c\u3001\u6b6f\u8eca\u7cfb\u304c\u30bc\u30f3\u30de\u30a4\u306e\u529b\u306b\u3088\u3063\u3066\u77ed\u6642\u9593\u99c6\u52d5\u3057\u3001\u5c0f\u3055\u306a\u30bc\u30f3\u30de\u30a4\u3092\u5dfb\u304d\u623b\u3057\u307e\u3059\u3002\u3053\u306e\u30d7\u30ed\u30bb\u30b9\u306b\u3088\u308a\u3001\u30bc\u30f3\u30de\u30a4\u304c\u5341\u5206\u306a\u5f35\u529b\u3092\u7dad\u6301\u3057\u3066\u3044\u308b\u9650\u308a\u3001\u30c6\u30f3\u30d7\u304c\u4e00\u8cab\u3057\u305f\u632f\u52d5\u3092\u4fdd\u3061\u3001\u8131\u9032\u6a5f\u306b\u5b89\u5b9a\u3057\u305f\u30a8\u30cd\u30eb\u30ae\u30fc\u304c\u4f9b\u7d66\u3055\u308c\u308b\u3088\u3046\u306b\u306a\u308a\u307e\u3059\u3002<\/p>\n<p>\u3053\u306e\u6a5f\u69cb\u306f\u3001\u6b63\u78ba\u306a\u6642\u523b\u7cbe\u5ea6\u3092\u5b9f\u73fe\u3059\u308b\u3060\u3051\u3067\u306a\u304f\u3001\u6587\u5b57\u76e4\u306b\u30b8\u30e3\u30f3\u30d4\u30f3\u30b0\u30bb\u30b3\u30f3\u30c9\u91dd\u3068\u3044\u3046\u8996\u899a\u7684\u306a\u9b45\u529b\u3082\u3082\u305f\u3089\u3057\u307e\u3059\u3002<\/p>\n","bilder":[{"bild":{"ID":6527,"id":6527,"title":"LangHeyne-FIIIRem-SHH-Werk-Close2","filename":"LangHeyne-FIIIRem-SHH-Werk-Close2.jpg","filesize":449145,"url":"https:\/\/www.lang-und-heyne.de\/dateien\/2024\/07\/LangHeyne-FIIIRem-SHH-Werk-Close2.jpg","link":"https:\/\/www.lang-und-heyne.de\/ja\/special\/friedrich-iii-remontoir-sincere-platinum-jubilee-edition\/langheyne-fiiirem-shh-werk-close2-2\/","alt":"","author":"5","description":"","caption":"","name":"langheyne-fiiirem-shh-werk-close2-2","status":"inherit","uploaded_to":6548,"date":"2024-07-29 09:41:18","modified":"2024-07-29 11:18:17","menu_order":0,"mime_type":"image\/jpeg","type":"image","subtype":"jpeg","icon":"https:\/\/www.lang-und-heyne.de\/wp-includes\/images\/media\/default.png","width":1000,"height":705,"sizes":{"thumbnail":"https:\/\/www.lang-und-heyne.de\/dateien\/2024\/07\/LangHeyne-FIIIRem-SHH-Werk-Close2-150x150.jpg","thumbnail-width":150,"thumbnail-height":150,"medium":"https:\/\/www.lang-und-heyne.de\/dateien\/2024\/07\/LangHeyne-FIIIRem-SHH-Werk-Close2-300x212.jpg","medium-width":300,"medium-height":212,"medium_large":"https:\/\/www.lang-und-heyne.de\/dateien\/2024\/07\/LangHeyne-FIIIRem-SHH-Werk-Close2-768x541.jpg","medium_large-width":768,"medium_large-height":541,"large":"https:\/\/www.lang-und-heyne.de\/dateien\/2024\/07\/LangHeyne-FIIIRem-SHH-Werk-Close2.jpg","large-width":1000,"large-height":705,"1536x1536":"https:\/\/www.lang-und-heyne.de\/dateien\/2024\/07\/LangHeyne-FIIIRem-SHH-Werk-Close2.jpg","1536x1536-width":1000,"1536x1536-height":705,"2048x2048":"https:\/\/www.lang-und-heyne.de\/dateien\/2024\/07\/LangHeyne-FIIIRem-SHH-Werk-Close2.jpg","2048x2048-width":1000,"2048x2048-height":705,"post-thumbnail":"https:\/\/www.lang-und-heyne.de\/dateien\/2024\/07\/LangHeyne-FIIIRem-SHH-Werk-Close2-150x150.jpg","post-thumbnail-width":150,"post-thumbnail-height":150,"wide":"https:\/\/www.lang-und-heyne.de\/dateien\/2024\/07\/LangHeyne-FIIIRem-SHH-Werk-Close2.jpg","wide-width":1000,"wide-height":705}},"subline":"\u6052\u529b\u88c5\u7f6e"},{"bild":{"ID":4098,"id":4098,"title":"LH_FIIRem_DrawingJensSchneider","filename":"LH_FIIRem_DrawingJensSchneider.png","filesize":354761,"url":"https:\/\/www.lang-und-heyne.de\/dateien\/2023\/06\/LH_FIIRem_DrawingJensSchneider.png","link":"https:\/\/www.lang-und-heyne.de\/ja\/special\/friedrich-ii-remontoir\/lh_fiirem_drawingjensschneider-2\/","alt":"","author":"2","description":"","caption":"","name":"lh_fiirem_drawingjensschneider-2","status":"inherit","uploaded_to":5963,"date":"2023-06-27 14:26:07","modified":"2024-03-13 12:03:50","menu_order":0,"mime_type":"image\/png","type":"image","subtype":"png","icon":"https:\/\/www.lang-und-heyne.de\/wp-includes\/images\/media\/default.png","width":1000,"height":742,"sizes":{"thumbnail":"https:\/\/www.lang-und-heyne.de\/dateien\/2023\/06\/LH_FIIRem_DrawingJensSchneider-150x150.png","thumbnail-width":150,"thumbnail-height":150,"medium":"https:\/\/www.lang-und-heyne.de\/dateien\/2023\/06\/LH_FIIRem_DrawingJensSchneider-300x223.png","medium-width":300,"medium-height":223,"medium_large":"https:\/\/www.lang-und-heyne.de\/dateien\/2023\/06\/LH_FIIRem_DrawingJensSchneider-768x570.png","medium_large-width":768,"medium_large-height":570,"large":"https:\/\/www.lang-und-heyne.de\/dateien\/2023\/06\/LH_FIIRem_DrawingJensSchneider.png","large-width":1000,"large-height":742,"1536x1536":"https:\/\/www.lang-und-heyne.de\/dateien\/2023\/06\/LH_FIIRem_DrawingJensSchneider.png","1536x1536-width":1000,"1536x1536-height":742,"2048x2048":"https:\/\/www.lang-und-heyne.de\/dateien\/2023\/06\/LH_FIIRem_DrawingJensSchneider.png","2048x2048-width":1000,"2048x2048-height":742,"post-thumbnail":"https:\/\/www.lang-und-heyne.de\/dateien\/2023\/06\/LH_FIIRem_DrawingJensSchneider-150x150.png","post-thumbnail-width":150,"post-thumbnail-height":150,"wide":"https:\/\/www.lang-und-heyne.de\/dateien\/2023\/06\/LH_FIIRem_DrawingJensSchneider.png","wide-width":1000,"wide-height":742}},"subline":"\u30a4\u30a7\u30f3\u30b9\u30fb\u30b7\u30e5\u30ca\u30a4\u30c0\u30fc\u306b\u3088\u308b\u6052\u529b\u88c5\u7f6e\u306e\u8a2d\u8a08\u56f3"}]},{"headerbild":false,"video":{"ID":6543,"id":6543,"title":"WWW-Subheader-FIII-SHH+Logo","filename":"WWW-Subheader-FIII-SHHLogo.mp4","filesize":7734567,"url":"https:\/\/www.lang-und-heyne.de\/dateien\/2024\/07\/WWW-Subheader-FIII-SHHLogo.mp4","link":"https:\/\/www.lang-und-heyne.de\/ja\/special\/friedrich-iii-remontoir-sincere-platinum-jubilee-edition\/www-subheader-fiii-shhlogo-2\/","alt":"","author":"5","description":"","caption":"","name":"www-subheader-fiii-shhlogo-2","status":"inherit","uploaded_to":6548,"date":"2024-07-29 10:39:57","modified":"2024-07-29 11:18:17","menu_order":0,"mime_type":"video\/mp4","type":"video","subtype":"mp4","icon":"https:\/\/www.lang-und-heyne.de\/wp-includes\/images\/media\/video.png","width":1280,"height":532},"header":"Sincere Fine Watches: \u5353\u8d8a\u306e\u907a\u7523","ausrichtung":true,"text":"<p>Sincere Fine Watches\u306f\u30011954\u5e74\u306b\u8a2d\u7acb\u3055\u308c\u3066\u4ee5\u6765\u3001\u5e0c\u5c11\u3067\u6d17\u7df4\u3055\u308c\u305f\u6642\u8a08\u3067\u77e5\u3089\u308c\u3001\u6642\u8a08\u611b\u597d\u5bb6\u3084\u30b3\u30ec\u30af\u30bf\u30fc\u306e\u53b3\u3057\u3044\u8da3\u5473\u306b\u5fdc\u3048\u3066\u3044\u307e\u3059\u3002\u30a2\u30b8\u30a2\u5168\u57df\u306b20\u306e\u30d6\u30c6\u30a3\u30c3\u30af\u3092\u5c55\u958b\u3057\u3066\u304a\u308a\u3001\u305d\u306e\u4e2d\u306b\u306f\u30bf\u30a4\u306e\u6709\u540d\u306aPendulum Ltd.\u3082\u542b\u307e\u308c\u3001\u5730\u57df\u306e\u9ad8\u7d1a\u6642\u8a08\u5e02\u5834\u306b\u591a\u5927\u306a\u5f71\u97ff\u3092\u4e0e\u3048\u3066\u304d\u307e\u3057\u305f\u30022021\u5e743\u670816\u65e5\u306eCortina Holdings\u306b\u3088\u308b\u8cb7\u53ce\u306b\u3088\u308a\u3001\u3053\u306e\u6226\u7565\u7684\u30d1\u30fc\u30c8\u30ca\u30fc\u30b7\u30c3\u30d7\u306f\u5f37\u5316\u3055\u308c\u3001\u529b\u5f37\u3055\u3001\u5f3e\u529b\u6027\u3001\u5b89\u5b9a\u6027\u306e\u65b0\u3057\u3044\u6642\u4ee3\u304c\u5e55\u3092\u958b\u3051\u307e\u3057\u305f\u3002\u3053\u306e\u6226\u7565\u7684\u30d1\u30fc\u30c8\u30ca\u30fc\u30b7\u30c3\u30d7\u306b\u3088\u308a\u3001Sincere Fine Watches\u306f\u305d\u306e\u5353\u8d8a\u6027\u3068\u9769\u65b0\u306e\u907a\u7523\u3092\u7d99\u7d9a\u3057\u3001\u5f15\u304d\u7d9a\u304d\u9ad8\u7d1a\u6642\u8a08\u696d\u754c\u3067\u57fa\u6e96\u3092\u8a2d\u5b9a\u3059\u308b\u305f\u3081\u306e\u512a\u308c\u305f\u30dd\u30b8\u30b7\u30e7\u30f3\u3092\u78ba\u4fdd\u3057\u307e\u3057\u305f\u3002Sincere Fine Watches\u306e\u8a2d\u7acb70\u5468\u5e74\u3092\u795d\u3046\u305f\u3081\u306bLang &#038; Heyne\u3068\u306e\u5354\u529b\u306f\u3001\u540c\u793e\u304c\u6700\u3082\u7cbe\u5de7\u3067\u6392\u4ed6\u7684\u306a\u6642\u8a08\u306e\u307f\u3092\u63d0\u4f9b\u3059\u308b\u3068\u3044\u3046\u30b3\u30df\u30c3\u30c8\u30e1\u30f3\u30c8\u306e\u3055\u3089\u306a\u308b\u8a3c\u3067\u3059\u3002<\/p>\n<p><strong>\u30d1\u30fc\u30c8\u30ca\u30fc\u306e\u30a6\u30a7\u30d6\u30b5\u30a4\u30c8<br \/>\n<a href=\"https:\/\/sincerewatch.com\/70anniversary\/products\/lang-heyne\/\" target=\"_blank\">Sincere Fine Watches<\/a><\/strong><\/p>\n","bilder":[{"bild":{"ID":6473,"id":6473,"title":"LangHeyne-FIIIRem-SHH-LaserGravur","filename":"LangHeyne-FIIIRem-SHH-LaserGravur.jpg","filesize":298507,"url":"https:\/\/www.lang-und-heyne.de\/dateien\/2024\/07\/LangHeyne-FIIIRem-SHH-LaserGravur.jpg","link":"https:\/\/www.lang-und-heyne.de\/ja\/special\/friedrich-iii-remontoir-sincere-platinum-jubilee-edition\/langheyne-fiiirem-shh-lasergravur-2\/","alt":"","author":"5","description":"","caption":"","name":"langheyne-fiiirem-shh-lasergravur-2","status":"inherit","uploaded_to":6548,"date":"2024-07-12 09:38:11","modified":"2024-07-29 11:18:17","menu_order":0,"mime_type":"image\/jpeg","type":"image","subtype":"jpeg","icon":"https:\/\/www.lang-und-heyne.de\/wp-includes\/images\/media\/default.png","width":1000,"height":705,"sizes":{"thumbnail":"https:\/\/www.lang-und-heyne.de\/dateien\/2024\/07\/LangHeyne-FIIIRem-SHH-LaserGravur-150x150.jpg","thumbnail-width":150,"thumbnail-height":150,"medium":"https:\/\/www.lang-und-heyne.de\/dateien\/2024\/07\/LangHeyne-FIIIRem-SHH-LaserGravur-300x212.jpg","medium-width":300,"medium-height":212,"medium_large":"https:\/\/www.lang-und-heyne.de\/dateien\/2024\/07\/LangHeyne-FIIIRem-SHH-LaserGravur-768x541.jpg","medium_large-width":768,"medium_large-height":541,"large":"https:\/\/www.lang-und-heyne.de\/dateien\/2024\/07\/LangHeyne-FIIIRem-SHH-LaserGravur.jpg","large-width":1000,"large-height":705,"1536x1536":"https:\/\/www.lang-und-heyne.de\/dateien\/2024\/07\/LangHeyne-FIIIRem-SHH-LaserGravur.jpg","1536x1536-width":1000,"1536x1536-height":705,"2048x2048":"https:\/\/www.lang-und-heyne.de\/dateien\/2024\/07\/LangHeyne-FIIIRem-SHH-LaserGravur.jpg","2048x2048-width":1000,"2048x2048-height":705,"post-thumbnail":"https:\/\/www.lang-und-heyne.de\/dateien\/2024\/07\/LangHeyne-FIIIRem-SHH-LaserGravur-150x150.jpg","post-thumbnail-width":150,"post-thumbnail-height":150,"wide":"https:\/\/www.lang-und-heyne.de\/dateien\/2024\/07\/LangHeyne-FIIIRem-SHH-LaserGravur.jpg","wide-width":1000,"wide-height":705}},"subline":"\u5e95\u84cb\u30ac\u30e9\u30b9\u306b\u30ec\u30fc\u30b6\u30fc\u5f6b\u523b"}]}],"contact":[{"region":"\u9023\u7d61\u5148","shop":[{"name":"LANG & HEYNE","adresse":"Ullersdorfer M\u00fchle 2<br \/>\r\n01454 Radeberg<br \/>\r\n\u30c9\u30a4\u30c4","web":"https:\/\/www.lang-und-heyne.de","human":"","telefon":"+49 351 212936-60","email":"vip@langheyne.de","logo":{"ID":3919,"id":3919,"title":"Logo-LuH","filename":"Logo-LuH.png","filesize":30266,"url":"https:\/\/www.lang-und-heyne.de\/dateien\/2023\/06\/Logo-LuH.png","link":"https:\/\/www.lang-und-heyne.de\/ja\/special\/friedrich-iii-orient\/logo-luh-2\/","alt":"","author":"2","description":"","caption":"","name":"logo-luh-2","status":"inherit","uploaded_to":5973,"date":"2023-06-26 12:01:06","modified":"2025-01-16 07:54:40","menu_order":0,"mime_type":"image\/png","type":"image","subtype":"png","icon":"https:\/\/www.lang-und-heyne.de\/wp-includes\/images\/media\/default.png","width":1800,"height":423,"sizes":{"thumbnail":"https:\/\/www.lang-und-heyne.de\/dateien\/2023\/06\/Logo-LuH-150x150.png","thumbnail-width":150,"thumbnail-height":150,"medium":"https:\/\/www.lang-und-heyne.de\/dateien\/2023\/06\/Logo-LuH-300x71.png","medium-width":300,"medium-height":71,"medium_large":"https:\/\/www.lang-und-heyne.de\/dateien\/2023\/06\/Logo-LuH-768x180.png","medium_large-width":768,"medium_large-height":180,"large":"https:\/\/www.lang-und-heyne.de\/dateien\/2023\/06\/Logo-LuH-1024x241.png","large-width":1024,"large-height":241,"1536x1536":"https:\/\/www.lang-und-heyne.de\/dateien\/2023\/06\/Logo-LuH-1536x361.png","1536x1536-width":1536,"1536x1536-height":361,"2048x2048":"https:\/\/www.lang-und-heyne.de\/dateien\/2023\/06\/Logo-LuH.png","2048x2048-width":1800,"2048x2048-height":423,"post-thumbnail":"https:\/\/www.lang-und-heyne.de\/dateien\/2023\/06\/Logo-LuH-150x150.png","post-thumbnail-width":150,"post-thumbnail-height":150,"wide":"https:\/\/www.lang-und-heyne.de\/dateien\/2023\/06\/Logo-LuH-1400x329.png","wide-width":1400,"wide-height":329}}},{"name":"Sincere Fine Watches","adresse":"","web":"https:\/\/sincerewatch.com\/70anniversary\/","human":"\u30b8\u30e7\u30b9\u30ea\u30f3\u30fb\u30af\u30f3\u3001\u30de\u30fc\u30b1\u30c6\u30a3\u30f3\u30b0\u30de\u30cd\u30fc\u30b8\u30e3\u30fc","telefon":"+65 9029 3081","email":"jocelyn.kung@sincere.com.sg","logo":{"ID":2771,"id":2771,"title":"logo_SHH_2","filename":"logo_SHH_2.jpg","filesize":9204,"url":"https:\/\/www.lang-und-heyne.de\/dateien\/2023\/05\/logo_SHH_2.jpg","link":"https:\/\/www.lang-und-heyne.de\/ja\/dealers\/logo_shh_2-2\/","alt":"","author":"2","description":"","caption":"","name":"logo_shh_2-2","status":"inherit","uploaded_to":3071,"date":"2023-05-25 10:16:23","modified":"2023-06-09 08:28:14","menu_order":0,"mime_type":"image\/jpeg","type":"image","subtype":"jpeg","icon":"https:\/\/www.lang-und-heyne.de\/wp-includes\/images\/media\/default.png","width":150,"height":65,"sizes":{"thumbnail":"https:\/\/www.lang-und-heyne.de\/dateien\/2023\/05\/logo_SHH_2.jpg","thumbnail-width":150,"thumbnail-height":65,"medium":"https:\/\/www.lang-und-heyne.de\/dateien\/2023\/05\/logo_SHH_2.jpg","medium-width":150,"medium-height":65,"medium_large":"https:\/\/www.lang-und-heyne.de\/dateien\/2023\/05\/logo_SHH_2.jpg","medium_large-width":150,"medium_large-height":65,"large":"https:\/\/www.lang-und-heyne.de\/dateien\/2023\/05\/logo_SHH_2.jpg","large-width":150,"large-height":65,"1536x1536":"https:\/\/www.lang-und-heyne.de\/dateien\/2023\/05\/logo_SHH_2.jpg","1536x1536-width":150,"1536x1536-height":65,"2048x2048":"https:\/\/www.lang-und-heyne.de\/dateien\/2023\/05\/logo_SHH_2.jpg","2048x2048-width":150,"2048x2048-height":65,"post-thumbnail":"https:\/\/www.lang-und-heyne.de\/dateien\/2023\/05\/logo_SHH_2.jpg","post-thumbnail-width":150,"post-thumbnail-height":65,"wide":"https:\/\/www.lang-und-heyne.de\/dateien\/2023\/05\/logo_SHH_2.jpg","wide-width":150,"wide-height":65}}},{"name":"Sincere Fine Watches","adresse":"","web":"https:\/\/sincerewatch.com\/70anniversary\/","human":"\u30bf\u30f3\u30fb\u30a6\u30a7\u30a4\u30fb\u30b7\u30a2\u30f3\u3001\u30de\u30fc\u30b1\u30c6\u30a3\u30f3\u30b0\uff06\u30b3\u30df\u30e5\u30cb\u30b1\u30fc\u30b7\u30e7\u30f3\u30a8\u30b0\u30bc\u30af\u30c6\u30a3\u30d6","telefon":"+65 9758 0646","email":"weixiang.tan@sincere.com.sg","logo":{"ID":2771,"id":2771,"title":"logo_SHH_2","filename":"logo_SHH_2.jpg","filesize":9204,"url":"https:\/\/www.lang-und-heyne.de\/dateien\/2023\/05\/logo_SHH_2.jpg","link":"https:\/\/www.lang-und-heyne.de\/ja\/dealers\/logo_shh_2-2\/","alt":"","author":"2","description":"","caption":"","name":"logo_shh_2-2","status":"inherit","uploaded_to":3071,"date":"2023-05-25 10:16:23","modified":"2023-06-09 08:28:14","menu_order":0,"mime_type":"image\/jpeg","type":"image","subtype":"jpeg","icon":"https:\/\/www.lang-und-heyne.de\/wp-includes\/images\/media\/default.png","width":150,"height":65,"sizes":{"thumbnail":"https:\/\/www.lang-und-heyne.de\/dateien\/2023\/05\/logo_SHH_2.jpg","thumbnail-width":150,"thumbnail-height":65,"medium":"https:\/\/www.lang-und-heyne.de\/dateien\/2023\/05\/logo_SHH_2.jpg","medium-width":150,"medium-height":65,"medium_large":"https:\/\/www.lang-und-heyne.de\/dateien\/2023\/05\/logo_SHH_2.jpg","medium_large-width":150,"medium_large-height":65,"large":"https:\/\/www.lang-und-heyne.de\/dateien\/2023\/05\/logo_SHH_2.jpg","large-width":150,"large-height":65,"1536x1536":"https:\/\/www.lang-und-heyne.de\/dateien\/2023\/05\/logo_SHH_2.jpg","1536x1536-width":150,"1536x1536-height":65,"2048x2048":"https:\/\/www.lang-und-heyne.de\/dateien\/2023\/05\/logo_SHH_2.jpg","2048x2048-width":150,"2048x2048-height":65,"post-thumbnail":"https:\/\/www.lang-und-heyne.de\/dateien\/2023\/05\/logo_SHH_2.jpg","post-thumbnail-width":150,"post-thumbnail-height":65,"wide":"https:\/\/www.lang-und-heyne.de\/dateien\/2023\/05\/logo_SHH_2.jpg","wide-width":150,"wide-height":65}}},{"name":"Sincere Fine Watches","adresse":"","web":"","human":"\u30d3\u30af\u30bf\u30fc\u30fb\u30a2\u30f3\u3001\u30a2\u30af\u30bb\u30b9\u30b3\u30df\u30e5\u30cb\u30b1\u30fc\u30b7\u30e7\u30f3","telefon":"+65 9837 4046","email":"victor.ang@accesscoms.com.sg","logo":{"ID":2771,"id":2771,"title":"logo_SHH_2","filename":"logo_SHH_2.jpg","filesize":9204,"url":"https:\/\/www.lang-und-heyne.de\/dateien\/2023\/05\/logo_SHH_2.jpg","link":"https:\/\/www.lang-und-heyne.de\/ja\/dealers\/logo_shh_2-2\/","alt":"","author":"2","description":"","caption":"","name":"logo_shh_2-2","status":"inherit","uploaded_to":3071,"date":"2023-05-25 10:16:23","modified":"2023-06-09 08:28:14","menu_order":0,"mime_type":"image\/jpeg","type":"image","subtype":"jpeg","icon":"https:\/\/www.lang-und-heyne.de\/wp-includes\/images\/media\/default.png","width":150,"height":65,"sizes":{"thumbnail":"https:\/\/www.lang-und-heyne.de\/dateien\/2023\/05\/logo_SHH_2.jpg","thumbnail-width":150,"thumbnail-height":65,"medium":"https:\/\/www.lang-und-heyne.de\/dateien\/2023\/05\/logo_SHH_2.jpg","medium-width":150,"medium-height":65,"medium_large":"https:\/\/www.lang-und-heyne.de\/dateien\/2023\/05\/logo_SHH_2.jpg","medium_large-width":150,"medium_large-height":65,"large":"https:\/\/www.lang-und-heyne.de\/dateien\/2023\/05\/logo_SHH_2.jpg","large-width":150,"large-height":65,"1536x1536":"https:\/\/www.lang-und-heyne.de\/dateien\/2023\/05\/logo_SHH_2.jpg","1536x1536-width":150,"1536x1536-height":65,"2048x2048":"https:\/\/www.lang-und-heyne.de\/dateien\/2023\/05\/logo_SHH_2.jpg","2048x2048-width":150,"2048x2048-height":65,"post-thumbnail":"https:\/\/www.lang-und-heyne.de\/dateien\/2023\/05\/logo_SHH_2.jpg","post-thumbnail-width":150,"post-thumbnail-height":65,"wide":"https:\/\/www.lang-und-heyne.de\/dateien\/2023\/05\/logo_SHH_2.jpg","wide-width":150,"wide-height":65}}},{"name":"Sincere Fine Watches","adresse":"","web":"","human":"\u30c6\u30c3\u30b5\u30fb\u30a6\u30a3\u30fc\u3001\u30de\u30fc\u30b1\u30c6\u30a3\u30f3\u30b0\uff06\u30b3\u30df\u30e5\u30cb\u30b1\u30fc\u30b7\u30e7\u30f3\u30a8\u30b0\u30bc\u30af\u30c6\u30a3\u30d6","telefon":"+65 9776 3421","email":"tessa.wee@sincere.com.sg","logo":{"ID":2771,"id":2771,"title":"logo_SHH_2","filename":"logo_SHH_2.jpg","filesize":9204,"url":"https:\/\/www.lang-und-heyne.de\/dateien\/2023\/05\/logo_SHH_2.jpg","link":"https:\/\/www.lang-und-heyne.de\/ja\/dealers\/logo_shh_2-2\/","alt":"","author":"2","description":"","caption":"","name":"logo_shh_2-2","status":"inherit","uploaded_to":3071,"date":"2023-05-25 10:16:23","modified":"2023-06-09 08:28:14","menu_order":0,"mime_type":"image\/jpeg","type":"image","subtype":"jpeg","icon":"https:\/\/www.lang-und-heyne.de\/wp-includes\/images\/media\/default.png","width":150,"height":65,"sizes":{"thumbnail":"https:\/\/www.lang-und-heyne.de\/dateien\/2023\/05\/logo_SHH_2.jpg","thumbnail-width":150,"thumbnail-height":65,"medium":"https:\/\/www.lang-und-heyne.de\/dateien\/2023\/05\/logo_SHH_2.jpg","medium-width":150,"medium-height":65,"medium_large":"https:\/\/www.lang-und-heyne.de\/dateien\/2023\/05\/logo_SHH_2.jpg","medium_large-width":150,"medium_large-height":65,"large":"https:\/\/www.lang-und-heyne.de\/dateien\/2023\/05\/logo_SHH_2.jpg","large-width":150,"large-height":65,"1536x1536":"https:\/\/www.lang-und-heyne.de\/dateien\/2023\/05\/logo_SHH_2.jpg","1536x1536-width":150,"1536x1536-height":65,"2048x2048":"https:\/\/www.lang-und-heyne.de\/dateien\/2023\/05\/logo_SHH_2.jpg","2048x2048-width":150,"2048x2048-height":65,"post-thumbnail":"https:\/\/www.lang-und-heyne.de\/dateien\/2023\/05\/logo_SHH_2.jpg","post-thumbnail-width":150,"post-thumbnail-height":65,"wide":"https:\/\/www.lang-und-heyne.de\/dateien\/2023\/05\/logo_SHH_2.jpg","wide-width":150,"wide-height":65}}}]}],"extra":{"bild":{"ID":6465,"id":6465,"title":"LangHeyne_Werk_CalVI-I","filename":"LangHeyne_Werk_CalVI-I.jpg","filesize":346417,"url":"https:\/\/www.lang-und-heyne.de\/dateien\/2024\/07\/LangHeyne_Werk_CalVI-I.jpg","link":"https:\/\/www.lang-und-heyne.de\/ja\/special\/friedrich-iii-remontoir-sincere-platinum-jubilee-edition\/langheyne_werk_calvi-i-2\/","alt":"","author":"5","description":"","caption":"","name":"langheyne_werk_calvi-i-2","status":"inherit","uploaded_to":6548,"date":"2024-07-12 09:25:27","modified":"2024-07-29 11:18:17","menu_order":0,"mime_type":"image\/jpeg","type":"image","subtype":"jpeg","icon":"https:\/\/www.lang-und-heyne.de\/wp-includes\/images\/media\/default.png","width":1050,"height":900,"sizes":{"thumbnail":"https:\/\/www.lang-und-heyne.de\/dateien\/2024\/07\/LangHeyne_Werk_CalVI-I-150x150.jpg","thumbnail-width":150,"thumbnail-height":150,"medium":"https:\/\/www.lang-und-heyne.de\/dateien\/2024\/07\/LangHeyne_Werk_CalVI-I-300x257.jpg","medium-width":300,"medium-height":257,"medium_large":"https:\/\/www.lang-und-heyne.de\/dateien\/2024\/07\/LangHeyne_Werk_CalVI-I-768x658.jpg","medium_large-width":768,"medium_large-height":658,"large":"https:\/\/www.lang-und-heyne.de\/dateien\/2024\/07\/LangHeyne_Werk_CalVI-I-1024x878.jpg","large-width":1024,"large-height":878,"1536x1536":"https:\/\/www.lang-und-heyne.de\/dateien\/2024\/07\/LangHeyne_Werk_CalVI-I.jpg","1536x1536-width":1050,"1536x1536-height":900,"2048x2048":"https:\/\/www.lang-und-heyne.de\/dateien\/2024\/07\/LangHeyne_Werk_CalVI-I.jpg","2048x2048-width":1050,"2048x2048-height":900,"post-thumbnail":"https:\/\/www.lang-und-heyne.de\/dateien\/2024\/07\/LangHeyne_Werk_CalVI-I-150x150.jpg","post-thumbnail-width":150,"post-thumbnail-height":150,"wide":"https:\/\/www.lang-und-heyne.de\/dateien\/2024\/07\/LangHeyne_Werk_CalVI-I.jpg","wide-width":1050,"wide-height":900}},"header":"LH \u53e3\u5f84 VI-I","text":"\u6052\u529b\u88c5\u7f6e\u3001\u5225\u540d\u300c\u6052\u529b\u30e1\u30ab\u30cb\u30ba\u30e0\u300d<br \/>\r\n<br \/>\r\n\u78e8\u304d\u3068\u9752\u713c\u304d\u3055\u308c\u305f\u30cd\u30b8\u3001\u6700\u9ad8\u306e\u7f8e\u5b66\u306e\u305f\u3081\u306b<br \/>\r\n<br \/>\r\n\u5f6b\u523b\u300cOne of 7\u300d<br \/>\r\n<br \/>\r\n24\/42\u6642\u9593\u306e\u30d1\u30ef\u30fc\u30ea\u30b6\u30fc\u30d6\u3001\u4fe1\u983c\u6027\u306e\u9ad8\u3044\u7cbe\u5ea6\u3092\u4fdd\u8a3c"},"introicon":{"ID":6453,"id":6453,"title":"SHH-sincere-watch-logo-gold","filename":"SHH-sincere-watch-logo-gold.png","filesize":138080,"url":"https:\/\/www.lang-und-heyne.de\/dateien\/2024\/07\/SHH-sincere-watch-logo-gold.png","link":"https:\/\/www.lang-und-heyne.de\/ja\/special\/friedrich-iii-remontoir-sincere-platinum-jubilee-edition\/shh-sincere-watch-logo-gold-2\/","alt":"","author":"5","description":"","caption":"","name":"shh-sincere-watch-logo-gold-2","status":"inherit","uploaded_to":6548,"date":"2024-07-12 09:06:18","modified":"2024-07-29 11:18:17","menu_order":0,"mime_type":"image\/png","type":"image","subtype":"png","icon":"https:\/\/www.lang-und-heyne.de\/wp-includes\/images\/media\/default.png","width":866,"height":650,"sizes":{"thumbnail":"https:\/\/www.lang-und-heyne.de\/dateien\/2024\/07\/SHH-sincere-watch-logo-gold-150x150.png","thumbnail-width":150,"thumbnail-height":150,"medium":"https:\/\/www.lang-und-heyne.de\/dateien\/2024\/07\/SHH-sincere-watch-logo-gold-300x225.png","medium-width":300,"medium-height":225,"medium_large":"https:\/\/www.lang-und-heyne.de\/dateien\/2024\/07\/SHH-sincere-watch-logo-gold-768x576.png","medium_large-width":768,"medium_large-height":576,"large":"https:\/\/www.lang-und-heyne.de\/dateien\/2024\/07\/SHH-sincere-watch-logo-gold.png","large-width":866,"large-height":650,"1536x1536":"https:\/\/www.lang-und-heyne.de\/dateien\/2024\/07\/SHH-sincere-watch-logo-gold.png","1536x1536-width":866,"1536x1536-height":650,"2048x2048":"https:\/\/www.lang-und-heyne.de\/dateien\/2024\/07\/SHH-sincere-watch-logo-gold.png","2048x2048-width":866,"2048x2048-height":650,"post-thumbnail":"https:\/\/www.lang-und-heyne.de\/dateien\/2024\/07\/SHH-sincere-watch-logo-gold-150x150.png","post-thumbnail-width":150,"post-thumbnail-height":150,"wide":"https:\/\/www.lang-und-heyne.de\/dateien\/2024\/07\/SHH-sincere-watch-logo-gold.png","wide-width":866,"wide-height":650}},"morelink":false,"intro":"\u9650\u5b9a\u7248\u306e\u300c\u30d5\u30ea\u30fc\u30c9\u30ea\u30d2 III \u30ec\u30e2\u30f3\u30c8\u30ef\u30fc\u30eb \u30b7\u30f3\u30b7\u30a2 \u30d7\u30e9\u30c1\u30ca \u30b8\u30e5\u30d3\u30ea\u30fc \u30a8\u30c7\u30a3\u30b7\u30e7\u30f3\u300d\u3092\u3054\u89a7\u304f\u3060\u3055\u3044\u3002\u3053\u308c\u306f\u3001Lang & Heyne \u304c Sincere Fine Watches \u3068\u5354\u529b\u3057\u3066\u5236\u4f5c\u3057\u305f\u9650\u5b9a\u30b3\u30ec\u30af\u30b7\u30e7\u30f3\u3067\u3059\u3002\u3053\u308c\u3089\u306e\u6642\u8a08\u88fd\u9020\u306e\u5091\u4f5c\u306f\u3001Sincere Fine Watches \u306e70\u5468\u5e74\u3092\u8a18\u5ff5\u3057\u3066\u7279\u5225\u306b\u4f5c\u3089\u308c\u307e\u3057\u305f\u3002\u6700\u9ad8\u306e\u7cbe\u5ea6\u3068\u8077\u4eba\u6280\u3092\u305c\u3072\u3054\u4f53\u9a13\u304f\u3060\u3055\u3044\u3002"},"wpml_current_locale":"ja","wpml_translations":{"en_US":{"locale":"en_US","id":6544,"slug":"friedrich-iii-remontoir-sincere-platinum-jubilee-edition","post_title":"Friedrich III Remontoir Sincere Platinum Jubilee Edition","href":"https:\/\/www.lang-und-heyne.de\/en\/special\/friedrich-iii-remontoir-sincere-platinum-jubilee-edition\/"},"de_DE":{"locale":"de_DE","id":6444,"slug":"friedrich-iii-remontoir-sincere-platinum-jubilee-edition","post_title":"Friedrich III. Remontoir Sincere Platinum Jubilee Edition","href":"https:\/\/www.lang-und-heyne.de\/special\/friedrich-iii-remontoir-sincere-platinum-jubilee-edition\/"},"fr_FR":{"locale":"fr_FR","id":7504,"slug":"frederic-iii-remontoir-sincere-platinum-jubilee-edition","post_title":"Fr\u00e9d\u00e9ric III Remontoir Sinc\u00e8re Platinum Jubilee Edition","href":"https:\/\/www.lang-und-heyne.de\/fr\/special\/frederic-iii-remontoir-sincere-platinum-jubilee-edition\/"},"es_ES":{"locale":"es_ES","id":7519,"slug":"federico-iii-remontoir-sincere-edicion-jubileo-de-platino","post_title":"Federico III Remontoir Sincere Edici\u00f3n Jubileo de Platino","href":"https:\/\/www.lang-und-heyne.de\/es\/special\/federico-iii-remontoir-sincere-edicion-jubileo-de-platino\/"},"zh_CN":{"locale":"zh_CN","id":6546,"slug":"friedrich-iii-remontoir-sincere-platinum-jubilee-edition","post_title":"\u5f17\u91cc\u5fb7\u91cc\u5e0c\u4e09\u4e16 Remontoir Sincere \u767d\u91d1\u7eaa\u5ff5\u7248","href":"https:\/\/www.lang-und-heyne.de\/zh-hans\/special\/friedrich-iii-remontoir-sincere-platinum-jubilee-edition\/"}},"_links":{"self":[{"href":"https:\/\/www.lang-und-heyne.de\/ja\/wp-json\/wp\/v2\/landingpages\/6548","targetHints":{"allow":["GET"]}}],"collection":[{"href":"https:\/\/www.lang-und-heyne.de\/ja\/wp-json\/wp\/v2\/landingpages"}],"about":[{"href":"https:\/\/www.lang-und-heyne.de\/ja\/wp-json\/wp\/v2\/types\/landingpages"}],"version-history":[{"count":1,"href":"https:\/\/www.lang-und-heyne.de\/ja\/wp-json\/wp\/v2\/landingpages\/6548\/revisions"}],"predecessor-version":[{"id":6549,"href":"https:\/\/www.lang-und-heyne.de\/ja\/wp-json\/wp\/v2\/landingpages\/6548\/revisions\/6549"}],"wp:featuredmedia":[{"embeddable":true,"href":"https:\/\/www.lang-und-heyne.de\/ja\/wp-json\/wp\/v2\/media\/6527"}],"wp:attachment":[{"href":"https:\/\/www.lang-und-heyne.de\/ja\/wp-json\/wp\/v2\/media?parent=6548"}],"curies":[{"name":"wp","href":"https:\/\/api.w.org\/{rel}","templated":true}]}}